{"id":15266,"date":"2025-06-17T12:35:33","date_gmt":"2025-06-17T12:35:33","guid":{"rendered":"https:\/\/www.galerijamaticesrpske.rs\/?post_type=mec-events&#038;p=15266"},"modified":"2025-06-19T11:51:20","modified_gmt":"2025-06-19T11:51:20","slug":"leto-pocinje-na-trgu-galerija284","status":"publish","type":"mec-events","link":"https:\/\/www.galerijamaticesrpske.rs\/lat\/events\/leto-pocinje-na-trgu-galerija284\/","title":{"rendered":"Leto po\u010dinje na Trgu galerija \u2013 uz note, boje i malo \u010darolija"},"content":{"rendered":"<p>Dragi mali i veliki posetioci, pozivamo vas da nam se prvog dana leta pridru\u017eite u obele\u017eavanju Me\u0111unarodnog dana muzike u\u010de\u0161\u0107em u raznolikom programu, kojim ujedno zavr\u0161avamo ovogodi\u0161nji edukativni program za decu i mlade.<\/p>\n<p><strong>*U pojedinim terminima je broj publike ograni\u010den i prijave su obavezne popunjavanjem onlajn upitnika koji se nalaze ispod opisa doga\u0111aja.<\/strong><\/p>\n<p style=\"text-align: center;\"><strong>PROGRAM<\/strong><\/p>\n<p><strong>10.30<\/strong> \u2013 Pri\u010de o slici <strong>malih kustoskinja<\/strong><\/p>\n<p>Celodnevni program otvori\u0107e na\u0161e najmla\u0111e kustoskinje <strong>Nika i Numi<\/strong> svojim tuma\u010denjem jedne slike iz de\u010djeg ugla.<\/p>\n<p><strong>11.00<\/strong> i <strong>12.00<\/strong> \u2013 Koncerti za decu <strong><em>Dobro drvo<\/em><\/strong><\/p>\n<p>Deca <strong>od<\/strong> <strong>5 do 10 godina<\/strong> i njihove porodice ima\u0107e priliku da slu\u0161aju koncert klasi\u010dne muzike u izvedbi <strong>Tajj kvarteta<\/strong>, pra\u0107enog gluma\u010dkom interpretacijom pri\u010de za decu <strong><em>Dobro drvo<\/em><\/strong> u izvedbi glumca <strong>Milovana Filipovi\u0107a<\/strong>.<\/p>\n<p><strong>*Broj dece je ograni\u010den, prijave su obavezne putem onlajn upitnika:<\/strong><\/p>\n<p>Link za prijavu za koncert u <strong>11.00<\/strong> sati: <a href=\"https:\/\/forms.gle\/f78e1kRNkChwscKz9\">https:\/\/forms.gle\/f78e1kRNkChwscKz9<\/a><\/p>\n<p>Link za prijavu za koncert u <strong>12.00<\/strong> sati: <a href=\"https:\/\/forms.gle\/GpwhL8QXM2FN78KG6\">https:\/\/forms.gle\/GpwhL8QXM2FN78KG6<\/a><\/p>\n<p><strong>13.00<\/strong> \u2013 Pri\u010de o slikama <strong>mladih kustoskinja<\/strong><\/p>\n<p>Na\u0161e mlade kustoskinje <strong>Tisa i Isidora<\/strong> tuma\u010di\u0107e umetni\u010dka dela iz ugla tinejd\u017eera za sve zainteresovane posetioce.<\/p>\n<p><strong>14.00<\/strong> \u2013 Predstava za decu <strong><em>\u010cika Jova prosu slova<\/em><\/strong><\/p>\n<p>Za decu <strong>od<\/strong> <strong>7<\/strong> <strong>do<\/strong> <strong>10 godina<\/strong>, dramski pedagog <strong>Tamara Despotovi\u0107 \u0106ur\u010di\u0107<\/strong> i glumica <strong>Olga Simi\u0107<\/strong>, priredi\u0107e predstavu i kratku radionicu koja otkriva pri\u010de o \u017eivotu i stvarala\u0161tvu najpoznatijeg de\u010djeg pesnika ispri\u010dane iz pozicije \u017eena u njegovom \u017eivotu.<\/p>\n<p><strong>*Broj dece je ograni\u010den, prijave su obavezne putem onlajn upitnika:<\/strong><\/p>\n<p>Link za prijavu:<a href=\"https:\/\/forms.gle\/DPWQ23Zzh8NBii746\"> https:\/\/forms.gle\/DPWQ23Zzh8NBii746<\/a><\/p>\n<p><strong>16.00<\/strong> \u2013 Igranje dru\u0161tvene igre <strong><em>k.ART.e<\/em><\/strong><\/p>\n<p>Ako ima\u0161 <strong>od 11 do 15 godina<\/strong>, pozovi svoje drugare i drugarice i do\u0111ite da zajedno otkrivamo umetni\u010dke pri\u010de dok igramo dru\u0161tvenu igru.<\/p>\n<p>Od <strong>10.00<\/strong> do <strong>18.00<\/strong> \u2013 <strong>Izlo\u017eba u nastajanju&#8230;<\/strong><\/p>\n<p>Na platou ispred Galerije bi\u0107e dostupni materijali za crtanje, a radovi koji nastanu tokom dana mogu se tu i oka\u010diti. Umetnici, ne zaboravite potpis!<\/p>\n<p>Za vi\u0161e informacija o programu i prijavama mo\u017eete pozvati broj telefona <strong>0214899017<\/strong> ili poslati mejl na adresu <strong><a href=\"mailto:decjiprogrami@galerijamaticesrpske.rs\">decjiprogrami@galerijamaticesrpske.rs<\/a>.<\/strong><\/p>\n","protected":false},"excerpt":{"rendered":"<p>Dragi mali i veliki posetioci, pozivamo vas da nam se prvog dana leta pridru\u017eite u obele\u017eavanju Me\u0111unarodnog dana muzike u\u010de\u0161\u0107em u raznolikom programu, kojim ujedno zavr\u0161avamo ovogodi\u0161nji edukativni program za decu i mlade. *U pojedinim terminima je broj publike ograni\u010den i prijave su obavezne popunjavanjem onlajn upitnika koji se nalaze ispod opisa doga\u0111aja. PROGRAM 10.30<\/p>\n","protected":false},"author":2,"featured_media":15256,"comment_status":"closed","ping_status":"closed","template":"","tags":[],"mec_category":[105],"class_list":["post-15266","mec-events","type-mec-events","status-publish","has-post-thumbnail","hentry","mec_category-manifestacije"],"acf":[],"yoast_head":"<!-- This site is optimized with the Yoast SEO plugin v27.3 - https:\/\/yoast.com\/product\/yoast-seo-wordpress\/ -->\n<title>Leto po\u010dinje na Trgu galerija \u2013 uz note, boje i malo \u010darolija | Galerija Matice srpske<\/title>\n<meta name=\"description\" content=\"Dragi mali i veliki posetioci, pozivamo vas da nam se prvog dana leta pridru\u017eite u obele\u017eavanju Me\u0111unarodnog dana muzike u\u010de\u0161\u0107em u raznolikom programu, kojim ujedno zavr\u0161avamo ovogodi\u0161nji edukativni program za decu i mlade.\" \/>\n<meta name=\"robots\" content=\"index, follow, max-snippet:-1, max-image-preview:large, max-video-preview:-1\" \/>\n<link rel=\"canonical\" href=\"https:\/\/www.galerijamaticesrpske.rs\/lat\/events\/leto-pocinje-na-trgu-galerija284\/\" \/>\n<meta property=\"og:locale\" content=\"en_US\" \/>\n<meta property=\"og:type\" content=\"article\" \/>\n<meta property=\"og:title\" content=\"Leto po\u010dinje na Trgu galerija \u2013 uz note, boje i malo \u010darolija | Galerija Matice srpske\" \/>\n<meta property=\"og:description\" content=\"Dragi mali i veliki posetioci, pozivamo vas da nam se prvog dana leta pridru\u017eite u obele\u017eavanju Me\u0111unarodnog dana muzike u\u010de\u0161\u0107em u raznolikom programu, kojim ujedno zavr\u0161avamo ovogodi\u0161nji edukativni program za decu i mlade.\" \/>\n<meta property=\"og:url\" content=\"https:\/\/www.galerijamaticesrpske.rs\/lat\/events\/leto-pocinje-na-trgu-galerija284\/\" \/>\n<meta property=\"og:site_name\" content=\"Galerija Matice srpske\" \/>\n<meta property=\"article:modified_time\" content=\"2025-06-19T11:51:20+00:00\" \/>\n<meta property=\"og:image\" content=\"https:\/\/www.galerijamaticesrpske.rs\/wp-content\/uploads\/2025\/06\/sajt.jpg\" \/>\n\t<meta property=\"og:image:width\" content=\"1920\" \/>\n\t<meta property=\"og:image:height\" content=\"1080\" \/>\n\t<meta property=\"og:image:type\" content=\"image\/jpeg\" \/>\n<meta name=\"twitter:card\" content=\"summary_large_image\" \/>\n<meta name=\"twitter:label1\" content=\"Est. reading time\" \/>\n\t<meta name=\"twitter:data1\" content=\"2 minutes\" \/>\n<script type=\"application\/ld+json\" class=\"yoast-schema-graph\">{\"@context\":\"https:\\\/\\\/schema.org\",\"@graph\":[{\"@type\":\"WebPage\",\"@id\":\"https:\\\/\\\/www.galerijamaticesrpske.rs\\\/lat\\\/events\\\/leto-pocinje-na-trgu-galerija284\\\/\",\"url\":\"https:\\\/\\\/www.galerijamaticesrpske.rs\\\/lat\\\/events\\\/leto-pocinje-na-trgu-galerija284\\\/\",\"name\":\"Leto po\u010dinje na Trgu galerija \u2013 uz note, boje i malo \u010darolija | Galerija Matice srpske\",\"isPartOf\":{\"@id\":\"https:\\\/\\\/www.galerijamaticesrpske.rs\\\/#website\"},\"primaryImageOfPage\":{\"@id\":\"https:\\\/\\\/www.galerijamaticesrpske.rs\\\/lat\\\/events\\\/leto-pocinje-na-trgu-galerija284\\\/#primaryimage\"},\"image\":{\"@id\":\"https:\\\/\\\/www.galerijamaticesrpske.rs\\\/lat\\\/events\\\/leto-pocinje-na-trgu-galerija284\\\/#primaryimage\"},\"thumbnailUrl\":\"https:\\\/\\\/www.galerijamaticesrpske.rs\\\/wp-content\\\/uploads\\\/2025\\\/06\\\/sajt.jpg\",\"datePublished\":\"2025-06-17T12:35:33+00:00\",\"dateModified\":\"2025-06-19T11:51:20+00:00\",\"description\":\"Dragi mali i veliki posetioci, pozivamo vas da nam se prvog dana leta pridru\u017eite u obele\u017eavanju Me\u0111unarodnog dana muzike u\u010de\u0161\u0107em u raznolikom programu, kojim ujedno zavr\u0161avamo ovogodi\u0161nji edukativni program za decu i mlade.\",\"breadcrumb\":{\"@id\":\"https:\\\/\\\/www.galerijamaticesrpske.rs\\\/lat\\\/events\\\/leto-pocinje-na-trgu-galerija284\\\/#breadcrumb\"},\"inLanguage\":\"sr-LAT\",\"potentialAction\":[{\"@type\":\"ReadAction\",\"target\":[\"https:\\\/\\\/www.galerijamaticesrpske.rs\\\/lat\\\/events\\\/leto-pocinje-na-trgu-galerija284\\\/\"]}]},{\"@type\":\"ImageObject\",\"inLanguage\":\"sr-LAT\",\"@id\":\"https:\\\/\\\/www.galerijamaticesrpske.rs\\\/lat\\\/events\\\/leto-pocinje-na-trgu-galerija284\\\/#primaryimage\",\"url\":\"https:\\\/\\\/www.galerijamaticesrpske.rs\\\/wp-content\\\/uploads\\\/2025\\\/06\\\/sajt.jpg\",\"contentUrl\":\"https:\\\/\\\/www.galerijamaticesrpske.rs\\\/wp-content\\\/uploads\\\/2025\\\/06\\\/sajt.jpg\",\"width\":1920,\"height\":1080},{\"@type\":\"BreadcrumbList\",\"@id\":\"https:\\\/\\\/www.galerijamaticesrpske.rs\\\/lat\\\/events\\\/leto-pocinje-na-trgu-galerija284\\\/#breadcrumb\",\"itemListElement\":[{\"@type\":\"ListItem\",\"position\":1,\"name\":\"\u041f\u043e\u0447\u0435\u0442\u043d\u0430\",\"item\":\"http:\\\/\\\/www.galerijamaticesrpske.rs\\\/lat\\\/\"},{\"@type\":\"ListItem\",\"position\":2,\"name\":\"Events\",\"item\":\"http:\\\/\\\/www.galerijamaticesrpske.rs\\\/lat\\\/events\\\/\"},{\"@type\":\"ListItem\",\"position\":3,\"name\":\"Leto po\u010dinje na Trgu galerija \u2013 uz note, boje i malo \u010darolija\"}]},{\"@type\":\"WebSite\",\"@id\":\"https:\\\/\\\/www.galerijamaticesrpske.rs\\\/#website\",\"url\":\"https:\\\/\\\/www.galerijamaticesrpske.rs\\\/\",\"name\":\"Galerija Matice srpske\",\"description\":\"Muzej srpske nacionalne umetnosti u Novom Sadu\",\"publisher\":{\"@id\":\"https:\\\/\\\/www.galerijamaticesrpske.rs\\\/#organization\"},\"potentialAction\":[{\"@type\":\"SearchAction\",\"target\":{\"@type\":\"EntryPoint\",\"urlTemplate\":\"https:\\\/\\\/www.galerijamaticesrpske.rs\\\/?s={search_term_string}\"},\"query-input\":{\"@type\":\"PropertyValueSpecification\",\"valueRequired\":true,\"valueName\":\"search_term_string\"}}],\"inLanguage\":\"sr-LAT\"},{\"@type\":\"Organization\",\"@id\":\"https:\\\/\\\/www.galerijamaticesrpske.rs\\\/#organization\",\"name\":\"Galerija Matice srpske\",\"url\":\"https:\\\/\\\/www.galerijamaticesrpske.rs\\\/\",\"logo\":{\"@type\":\"ImageObject\",\"inLanguage\":\"sr-LAT\",\"@id\":\"https:\\\/\\\/www.galerijamaticesrpske.rs\\\/#\\\/schema\\\/logo\\\/image\\\/\",\"url\":\"https:\\\/\\\/www.galerijamaticesrpske.rs\\\/wp-content\\\/uploads\\\/2021\\\/01\\\/gms-logo-za-sajt.svg\",\"contentUrl\":\"https:\\\/\\\/www.galerijamaticesrpske.rs\\\/wp-content\\\/uploads\\\/2021\\\/01\\\/gms-logo-za-sajt.svg\",\"width\":1,\"height\":1,\"caption\":\"Galerija Matice srpske\"},\"image\":{\"@id\":\"https:\\\/\\\/www.galerijamaticesrpske.rs\\\/#\\\/schema\\\/logo\\\/image\\\/\"}}]}<\/script>\n<!-- \/ Yoast SEO plugin. -->","yoast_head_json":{"title":"Leto po\u010dinje na Trgu galerija \u2013 uz note, boje i malo \u010darolija | Galerija Matice srpske","description":"Dragi mali i veliki posetioci, pozivamo vas da nam se prvog dana leta pridru\u017eite u obele\u017eavanju Me\u0111unarodnog dana muzike u\u010de\u0161\u0107em u raznolikom programu, kojim ujedno zavr\u0161avamo ovogodi\u0161nji edukativni program za decu i mlade.","robots":{"index":"index","follow":"follow","max-snippet":"max-snippet:-1","max-image-preview":"max-image-preview:large","max-video-preview":"max-video-preview:-1"},"canonical":"https:\/\/www.galerijamaticesrpske.rs\/lat\/events\/leto-pocinje-na-trgu-galerija284\/","og_locale":"en_US","og_type":"article","og_title":"Leto po\u010dinje na Trgu galerija \u2013 uz note, boje i malo \u010darolija | Galerija Matice srpske","og_description":"Dragi mali i veliki posetioci, pozivamo vas da nam se prvog dana leta pridru\u017eite u obele\u017eavanju Me\u0111unarodnog dana muzike u\u010de\u0161\u0107em u raznolikom programu, kojim ujedno zavr\u0161avamo ovogodi\u0161nji edukativni program za decu i mlade.","og_url":"https:\/\/www.galerijamaticesrpske.rs\/lat\/events\/leto-pocinje-na-trgu-galerija284\/","og_site_name":"Galerija Matice srpske","article_modified_time":"2025-06-19T11:51:20+00:00","og_image":[{"width":1920,"height":1080,"url":"https:\/\/www.galerijamaticesrpske.rs\/wp-content\/uploads\/2025\/06\/sajt.jpg","type":"image\/jpeg"}],"twitter_card":"summary_large_image","twitter_misc":{"Est. reading time":"2 minutes"},"schema":{"@context":"https:\/\/schema.org","@graph":[{"@type":"WebPage","@id":"https:\/\/www.galerijamaticesrpske.rs\/lat\/events\/leto-pocinje-na-trgu-galerija284\/","url":"https:\/\/www.galerijamaticesrpske.rs\/lat\/events\/leto-pocinje-na-trgu-galerija284\/","name":"Leto po\u010dinje na Trgu galerija \u2013 uz note, boje i malo \u010darolija | Galerija Matice srpske","isPartOf":{"@id":"https:\/\/www.galerijamaticesrpske.rs\/#website"},"primaryImageOfPage":{"@id":"https:\/\/www.galerijamaticesrpske.rs\/lat\/events\/leto-pocinje-na-trgu-galerija284\/#primaryimage"},"image":{"@id":"https:\/\/www.galerijamaticesrpske.rs\/lat\/events\/leto-pocinje-na-trgu-galerija284\/#primaryimage"},"thumbnailUrl":"https:\/\/www.galerijamaticesrpske.rs\/wp-content\/uploads\/2025\/06\/sajt.jpg","datePublished":"2025-06-17T12:35:33+00:00","dateModified":"2025-06-19T11:51:20+00:00","description":"Dragi mali i veliki posetioci, pozivamo vas da nam se prvog dana leta pridru\u017eite u obele\u017eavanju Me\u0111unarodnog dana muzike u\u010de\u0161\u0107em u raznolikom programu, kojim ujedno zavr\u0161avamo ovogodi\u0161nji edukativni program za decu i mlade.","breadcrumb":{"@id":"https:\/\/www.galerijamaticesrpske.rs\/lat\/events\/leto-pocinje-na-trgu-galerija284\/#breadcrumb"},"inLanguage":"sr-LAT","potentialAction":[{"@type":"ReadAction","target":["https:\/\/www.galerijamaticesrpske.rs\/lat\/events\/leto-pocinje-na-trgu-galerija284\/"]}]},{"@type":"ImageObject","inLanguage":"sr-LAT","@id":"https:\/\/www.galerijamaticesrpske.rs\/lat\/events\/leto-pocinje-na-trgu-galerija284\/#primaryimage","url":"https:\/\/www.galerijamaticesrpske.rs\/wp-content\/uploads\/2025\/06\/sajt.jpg","contentUrl":"https:\/\/www.galerijamaticesrpske.rs\/wp-content\/uploads\/2025\/06\/sajt.jpg","width":1920,"height":1080},{"@type":"BreadcrumbList","@id":"https:\/\/www.galerijamaticesrpske.rs\/lat\/events\/leto-pocinje-na-trgu-galerija284\/#breadcrumb","itemListElement":[{"@type":"ListItem","position":1,"name":"\u041f\u043e\u0447\u0435\u0442\u043d\u0430","item":"http:\/\/www.galerijamaticesrpske.rs\/lat\/"},{"@type":"ListItem","position":2,"name":"Events","item":"http:\/\/www.galerijamaticesrpske.rs\/lat\/events\/"},{"@type":"ListItem","position":3,"name":"Leto po\u010dinje na Trgu galerija \u2013 uz note, boje i malo \u010darolija"}]},{"@type":"WebSite","@id":"https:\/\/www.galerijamaticesrpske.rs\/#website","url":"https:\/\/www.galerijamaticesrpske.rs\/","name":"Galerija Matice srpske","description":"Muzej srpske nacionalne umetnosti u Novom Sadu","publisher":{"@id":"https:\/\/www.galerijamaticesrpske.rs\/#organization"},"potentialAction":[{"@type":"SearchAction","target":{"@type":"EntryPoint","urlTemplate":"https:\/\/www.galerijamaticesrpske.rs\/?s={search_term_string}"},"query-input":{"@type":"PropertyValueSpecification","valueRequired":true,"valueName":"search_term_string"}}],"inLanguage":"sr-LAT"},{"@type":"Organization","@id":"https:\/\/www.galerijamaticesrpske.rs\/#organization","name":"Galerija Matice srpske","url":"https:\/\/www.galerijamaticesrpske.rs\/","logo":{"@type":"ImageObject","inLanguage":"sr-LAT","@id":"https:\/\/www.galerijamaticesrpske.rs\/#\/schema\/logo\/image\/","url":"https:\/\/www.galerijamaticesrpske.rs\/wp-content\/uploads\/2021\/01\/gms-logo-za-sajt.svg","contentUrl":"https:\/\/www.galerijamaticesrpske.rs\/wp-content\/uploads\/2021\/01\/gms-logo-za-sajt.svg","width":1,"height":1,"caption":"Galerija Matice srpske"},"image":{"@id":"https:\/\/www.galerijamaticesrpske.rs\/#\/schema\/logo\/image\/"}}]}},"_links":{"self":[{"href":"https:\/\/www.galerijamaticesrpske.rs\/lat\/wp-json\/wp\/v2\/mec-events\/15266","targetHints":{"allow":["GET"]}}],"collection":[{"href":"https:\/\/www.galerijamaticesrpske.rs\/lat\/wp-json\/wp\/v2\/mec-events"}],"about":[{"href":"https:\/\/www.galerijamaticesrpske.rs\/lat\/wp-json\/wp\/v2\/types\/mec-events"}],"author":[{"embeddable":true,"href":"https:\/\/www.galerijamaticesrpske.rs\/lat\/wp-json\/wp\/v2\/users\/2"}],"replies":[{"embeddable":true,"href":"https:\/\/www.galerijamaticesrpske.rs\/lat\/wp-json\/wp\/v2\/comments?post=15266"}],"wp:featuredmedia":[{"embeddable":true,"href":"https:\/\/www.galerijamaticesrpske.rs\/lat\/wp-json\/wp\/v2\/media\/15256"}],"wp:attachment":[{"href":"https:\/\/www.galerijamaticesrpske.rs\/lat\/wp-json\/wp\/v2\/media?parent=15266"}],"wp:term":[{"taxonomy":"post_tag","embeddable":true,"href":"https:\/\/www.galerijamaticesrpske.rs\/lat\/wp-json\/wp\/v2\/tags?post=15266"},{"taxonomy":"mec_category","embeddable":true,"href":"https:\/\/www.galerijamaticesrpske.rs\/lat\/wp-json\/wp\/v2\/mec_category?post=15266"}],"curies":[{"name":"wp","href":"https:\/\/api.w.org\/{rel}","templated":true}]}}