{"id":15305,"date":"2025-06-19T13:53:04","date_gmt":"2025-06-19T13:53:04","guid":{"rendered":"https:\/\/www.galerijamaticesrpske.rs\/?post_type=mec-events&#038;p=15305"},"modified":"2025-06-21T08:49:06","modified_gmt":"2025-06-21T08:49:06","slug":"otvorena-radionica-fotografije-u-tehnici-mokrog-kolodijuma","status":"publish","type":"mec-events","link":"https:\/\/www.galerijamaticesrpske.rs\/lat\/events\/otvorena-radionica-fotografije-u-tehnici-mokrog-kolodijuma\/","title":{"rendered":"Otvorena radionica fotografije u tehnici mokrog kolodijuma"},"content":{"rendered":"<p><span style=\"font-size: 100%;\">Fotografisanje nije oduvek bilo dostupno na jedan klik, a prate\u0107i program izlo\u017ebe <em><strong>Ateljei umetnika<\/strong><\/em> donosi mogu\u0107nost da budete fotografisani na jedan nesvakida\u0161nji na\u010din. U <strong>subotu, 21. juna<\/strong> od <strong>10.00<\/strong> do <strong>13.00<\/strong> <strong>\u010dasova<\/strong>, u dvori\u0161tu Galerije Matice srpske, bi\u0107e odr\u017eana <em><strong>Otvorena radionica fotografije u tehnici mokrog kolodijuma<\/strong><\/em>. Radionicu \u0107e odr\u017eati profesori <strong>Predrag Uzelac i Milan Vla\u0161ki<\/strong>.<\/span><\/p>\n","protected":false},"excerpt":{"rendered":"<p>Fotografisanje nije oduvek bilo dostupno na jedan klik, a prate\u0107i program izlo\u017ebe Ateljei umetnika donosi mogu\u0107nost da budete fotografisani na jedan nesvakida\u0161nji na\u010din. U subotu, 21. juna od 10.00 do 13.00 \u010dasova, u dvori\u0161tu Galerije Matice srpske, bi\u0107e odr\u017eana Otvorena radionica fotografije u tehnici mokrog kolodijuma. Radionicu \u0107e odr\u017eati profesori Predrag Uzelac i Milan Vla\u0161ki.<\/p>\n","protected":false},"author":2,"featured_media":15002,"comment_status":"closed","ping_status":"closed","template":"","tags":[],"mec_category":[110],"class_list":["post-15305","mec-events","type-mec-events","status-publish","has-post-thumbnail","hentry","mec_category-radionice"],"acf":[],"yoast_head":"<!-- This site is optimized with the Yoast SEO plugin v27.3 - https:\/\/yoast.com\/product\/yoast-seo-wordpress\/ -->\n<title>Otvorena radionica fotografije u tehnici mokrog kolodijuma | Galerija Matice srpske<\/title>\n<meta name=\"description\" content=\"Prate\u0107i program izlo\u017ebe Ateljei umetnika donosi mogu\u0107nost da budete fotografisani na jedan nesvakida\u0161nji na\u010din, u tehnici mokrog kolodijuma.\" \/>\n<meta name=\"robots\" content=\"index, follow, max-snippet:-1, max-image-preview:large, max-video-preview:-1\" \/>\n<link rel=\"canonical\" href=\"http:\/\/www.galerijamaticesrpske.rs\/lat\/events\/otvorena-radionica-fotografije-u-tehnici-mokrog-kolodijuma\/\" \/>\n<meta property=\"og:locale\" content=\"en_US\" \/>\n<meta property=\"og:type\" content=\"article\" \/>\n<meta property=\"og:title\" content=\"Otvorena radionica fotografije u tehnici mokrog kolodijuma | Galerija Matice srpske\" \/>\n<meta property=\"og:description\" content=\"Prate\u0107i program izlo\u017ebe Ateljei umetnika donosi mogu\u0107nost da budete fotografisani na jedan nesvakida\u0161nji na\u010din, u tehnici mokrog kolodijuma.\" \/>\n<meta property=\"og:url\" content=\"http:\/\/www.galerijamaticesrpske.rs\/lat\/events\/otvorena-radionica-fotografije-u-tehnici-mokrog-kolodijuma\/\" \/>\n<meta property=\"og:site_name\" content=\"Galerija Matice srpske\" \/>\n<meta property=\"article:modified_time\" content=\"2025-06-21T08:49:06+00:00\" \/>\n<meta property=\"og:image\" content=\"http:\/\/www.galerijamaticesrpske.rs\/wp-content\/uploads\/2025\/06\/vizual.jpg\" \/>\n\t<meta property=\"og:image:width\" content=\"1920\" \/>\n\t<meta property=\"og:image:height\" content=\"1080\" \/>\n\t<meta property=\"og:image:type\" content=\"image\/jpeg\" \/>\n<meta name=\"twitter:card\" content=\"summary_large_image\" \/>\n<script type=\"application\/ld+json\" class=\"yoast-schema-graph\">{\"@context\":\"https:\\\/\\\/schema.org\",\"@graph\":[{\"@type\":\"WebPage\",\"@id\":\"http:\\\/\\\/www.galerijamaticesrpske.rs\\\/lat\\\/events\\\/otvorena-radionica-fotografije-u-tehnici-mokrog-kolodijuma\\\/\",\"url\":\"http:\\\/\\\/www.galerijamaticesrpske.rs\\\/lat\\\/events\\\/otvorena-radionica-fotografije-u-tehnici-mokrog-kolodijuma\\\/\",\"name\":\"Otvorena radionica fotografije u tehnici mokrog kolodijuma | Galerija Matice srpske\",\"isPartOf\":{\"@id\":\"https:\\\/\\\/www.galerijamaticesrpske.rs\\\/#website\"},\"primaryImageOfPage\":{\"@id\":\"http:\\\/\\\/www.galerijamaticesrpske.rs\\\/lat\\\/events\\\/otvorena-radionica-fotografije-u-tehnici-mokrog-kolodijuma\\\/#primaryimage\"},\"image\":{\"@id\":\"http:\\\/\\\/www.galerijamaticesrpske.rs\\\/lat\\\/events\\\/otvorena-radionica-fotografije-u-tehnici-mokrog-kolodijuma\\\/#primaryimage\"},\"thumbnailUrl\":\"https:\\\/\\\/www.galerijamaticesrpske.rs\\\/wp-content\\\/uploads\\\/2025\\\/06\\\/vizual.jpg\",\"datePublished\":\"2025-06-19T13:53:04+00:00\",\"dateModified\":\"2025-06-21T08:49:06+00:00\",\"description\":\"Prate\u0107i program izlo\u017ebe Ateljei umetnika donosi mogu\u0107nost da budete fotografisani na jedan nesvakida\u0161nji na\u010din, u tehnici mokrog kolodijuma.\",\"breadcrumb\":{\"@id\":\"http:\\\/\\\/www.galerijamaticesrpske.rs\\\/lat\\\/events\\\/otvorena-radionica-fotografije-u-tehnici-mokrog-kolodijuma\\\/#breadcrumb\"},\"inLanguage\":\"sr-LAT\",\"potentialAction\":[{\"@type\":\"ReadAction\",\"target\":[\"http:\\\/\\\/www.galerijamaticesrpske.rs\\\/lat\\\/events\\\/otvorena-radionica-fotografije-u-tehnici-mokrog-kolodijuma\\\/\"]}]},{\"@type\":\"ImageObject\",\"inLanguage\":\"sr-LAT\",\"@id\":\"http:\\\/\\\/www.galerijamaticesrpske.rs\\\/lat\\\/events\\\/otvorena-radionica-fotografije-u-tehnici-mokrog-kolodijuma\\\/#primaryimage\",\"url\":\"https:\\\/\\\/www.galerijamaticesrpske.rs\\\/wp-content\\\/uploads\\\/2025\\\/06\\\/vizual.jpg\",\"contentUrl\":\"https:\\\/\\\/www.galerijamaticesrpske.rs\\\/wp-content\\\/uploads\\\/2025\\\/06\\\/vizual.jpg\",\"width\":1920,\"height\":1080},{\"@type\":\"BreadcrumbList\",\"@id\":\"http:\\\/\\\/www.galerijamaticesrpske.rs\\\/lat\\\/events\\\/otvorena-radionica-fotografije-u-tehnici-mokrog-kolodijuma\\\/#breadcrumb\",\"itemListElement\":[{\"@type\":\"ListItem\",\"position\":1,\"name\":\"\u041f\u043e\u0447\u0435\u0442\u043d\u0430\",\"item\":\"http:\\\/\\\/www.galerijamaticesrpske.rs\\\/lat\\\/\"},{\"@type\":\"ListItem\",\"position\":2,\"name\":\"Events\",\"item\":\"http:\\\/\\\/www.galerijamaticesrpske.rs\\\/lat\\\/events\\\/\"},{\"@type\":\"ListItem\",\"position\":3,\"name\":\"Otvorena radionica fotografije u tehnici mokrog kolodijuma\"}]},{\"@type\":\"WebSite\",\"@id\":\"https:\\\/\\\/www.galerijamaticesrpske.rs\\\/#website\",\"url\":\"https:\\\/\\\/www.galerijamaticesrpske.rs\\\/\",\"name\":\"Galerija Matice srpske\",\"description\":\"Muzej srpske nacionalne umetnosti u Novom Sadu\",\"publisher\":{\"@id\":\"https:\\\/\\\/www.galerijamaticesrpske.rs\\\/#organization\"},\"potentialAction\":[{\"@type\":\"SearchAction\",\"target\":{\"@type\":\"EntryPoint\",\"urlTemplate\":\"https:\\\/\\\/www.galerijamaticesrpske.rs\\\/?s={search_term_string}\"},\"query-input\":{\"@type\":\"PropertyValueSpecification\",\"valueRequired\":true,\"valueName\":\"search_term_string\"}}],\"inLanguage\":\"sr-LAT\"},{\"@type\":\"Organization\",\"@id\":\"https:\\\/\\\/www.galerijamaticesrpske.rs\\\/#organization\",\"name\":\"Galerija Matice srpske\",\"url\":\"https:\\\/\\\/www.galerijamaticesrpske.rs\\\/\",\"logo\":{\"@type\":\"ImageObject\",\"inLanguage\":\"sr-LAT\",\"@id\":\"https:\\\/\\\/www.galerijamaticesrpske.rs\\\/#\\\/schema\\\/logo\\\/image\\\/\",\"url\":\"https:\\\/\\\/www.galerijamaticesrpske.rs\\\/wp-content\\\/uploads\\\/2021\\\/01\\\/gms-logo-za-sajt.svg\",\"contentUrl\":\"https:\\\/\\\/www.galerijamaticesrpske.rs\\\/wp-content\\\/uploads\\\/2021\\\/01\\\/gms-logo-za-sajt.svg\",\"width\":1,\"height\":1,\"caption\":\"Galerija Matice srpske\"},\"image\":{\"@id\":\"https:\\\/\\\/www.galerijamaticesrpske.rs\\\/#\\\/schema\\\/logo\\\/image\\\/\"}}]}<\/script>\n<!-- \/ Yoast SEO plugin. -->","yoast_head_json":{"title":"Otvorena radionica fotografije u tehnici mokrog kolodijuma | Galerija Matice srpske","description":"Prate\u0107i program izlo\u017ebe Ateljei umetnika donosi mogu\u0107nost da budete fotografisani na jedan nesvakida\u0161nji na\u010din, u tehnici mokrog kolodijuma.","robots":{"index":"index","follow":"follow","max-snippet":"max-snippet:-1","max-image-preview":"max-image-preview:large","max-video-preview":"max-video-preview:-1"},"canonical":"http:\/\/www.galerijamaticesrpske.rs\/lat\/events\/otvorena-radionica-fotografije-u-tehnici-mokrog-kolodijuma\/","og_locale":"en_US","og_type":"article","og_title":"Otvorena radionica fotografije u tehnici mokrog kolodijuma | Galerija Matice srpske","og_description":"Prate\u0107i program izlo\u017ebe Ateljei umetnika donosi mogu\u0107nost da budete fotografisani na jedan nesvakida\u0161nji na\u010din, u tehnici mokrog kolodijuma.","og_url":"http:\/\/www.galerijamaticesrpske.rs\/lat\/events\/otvorena-radionica-fotografije-u-tehnici-mokrog-kolodijuma\/","og_site_name":"Galerija Matice srpske","article_modified_time":"2025-06-21T08:49:06+00:00","og_image":[{"width":1920,"height":1080,"url":"http:\/\/www.galerijamaticesrpske.rs\/wp-content\/uploads\/2025\/06\/vizual.jpg","type":"image\/jpeg"}],"twitter_card":"summary_large_image","schema":{"@context":"https:\/\/schema.org","@graph":[{"@type":"WebPage","@id":"http:\/\/www.galerijamaticesrpske.rs\/lat\/events\/otvorena-radionica-fotografije-u-tehnici-mokrog-kolodijuma\/","url":"http:\/\/www.galerijamaticesrpske.rs\/lat\/events\/otvorena-radionica-fotografije-u-tehnici-mokrog-kolodijuma\/","name":"Otvorena radionica fotografije u tehnici mokrog kolodijuma | Galerija Matice srpske","isPartOf":{"@id":"https:\/\/www.galerijamaticesrpske.rs\/#website"},"primaryImageOfPage":{"@id":"http:\/\/www.galerijamaticesrpske.rs\/lat\/events\/otvorena-radionica-fotografije-u-tehnici-mokrog-kolodijuma\/#primaryimage"},"image":{"@id":"http:\/\/www.galerijamaticesrpske.rs\/lat\/events\/otvorena-radionica-fotografije-u-tehnici-mokrog-kolodijuma\/#primaryimage"},"thumbnailUrl":"https:\/\/www.galerijamaticesrpske.rs\/wp-content\/uploads\/2025\/06\/vizual.jpg","datePublished":"2025-06-19T13:53:04+00:00","dateModified":"2025-06-21T08:49:06+00:00","description":"Prate\u0107i program izlo\u017ebe Ateljei umetnika donosi mogu\u0107nost da budete fotografisani na jedan nesvakida\u0161nji na\u010din, u tehnici mokrog kolodijuma.","breadcrumb":{"@id":"http:\/\/www.galerijamaticesrpske.rs\/lat\/events\/otvorena-radionica-fotografije-u-tehnici-mokrog-kolodijuma\/#breadcrumb"},"inLanguage":"sr-LAT","potentialAction":[{"@type":"ReadAction","target":["http:\/\/www.galerijamaticesrpske.rs\/lat\/events\/otvorena-radionica-fotografije-u-tehnici-mokrog-kolodijuma\/"]}]},{"@type":"ImageObject","inLanguage":"sr-LAT","@id":"http:\/\/www.galerijamaticesrpske.rs\/lat\/events\/otvorena-radionica-fotografije-u-tehnici-mokrog-kolodijuma\/#primaryimage","url":"https:\/\/www.galerijamaticesrpske.rs\/wp-content\/uploads\/2025\/06\/vizual.jpg","contentUrl":"https:\/\/www.galerijamaticesrpske.rs\/wp-content\/uploads\/2025\/06\/vizual.jpg","width":1920,"height":1080},{"@type":"BreadcrumbList","@id":"http:\/\/www.galerijamaticesrpske.rs\/lat\/events\/otvorena-radionica-fotografije-u-tehnici-mokrog-kolodijuma\/#breadcrumb","itemListElement":[{"@type":"ListItem","position":1,"name":"\u041f\u043e\u0447\u0435\u0442\u043d\u0430","item":"http:\/\/www.galerijamaticesrpske.rs\/lat\/"},{"@type":"ListItem","position":2,"name":"Events","item":"http:\/\/www.galerijamaticesrpske.rs\/lat\/events\/"},{"@type":"ListItem","position":3,"name":"Otvorena radionica fotografije u tehnici mokrog kolodijuma"}]},{"@type":"WebSite","@id":"https:\/\/www.galerijamaticesrpske.rs\/#website","url":"https:\/\/www.galerijamaticesrpske.rs\/","name":"Galerija Matice srpske","description":"Muzej srpske nacionalne umetnosti u Novom Sadu","publisher":{"@id":"https:\/\/www.galerijamaticesrpske.rs\/#organization"},"potentialAction":[{"@type":"SearchAction","target":{"@type":"EntryPoint","urlTemplate":"https:\/\/www.galerijamaticesrpske.rs\/?s={search_term_string}"},"query-input":{"@type":"PropertyValueSpecification","valueRequired":true,"valueName":"search_term_string"}}],"inLanguage":"sr-LAT"},{"@type":"Organization","@id":"https:\/\/www.galerijamaticesrpske.rs\/#organization","name":"Galerija Matice srpske","url":"https:\/\/www.galerijamaticesrpske.rs\/","logo":{"@type":"ImageObject","inLanguage":"sr-LAT","@id":"https:\/\/www.galerijamaticesrpske.rs\/#\/schema\/logo\/image\/","url":"https:\/\/www.galerijamaticesrpske.rs\/wp-content\/uploads\/2021\/01\/gms-logo-za-sajt.svg","contentUrl":"https:\/\/www.galerijamaticesrpske.rs\/wp-content\/uploads\/2021\/01\/gms-logo-za-sajt.svg","width":1,"height":1,"caption":"Galerija Matice srpske"},"image":{"@id":"https:\/\/www.galerijamaticesrpske.rs\/#\/schema\/logo\/image\/"}}]}},"_links":{"self":[{"href":"https:\/\/www.galerijamaticesrpske.rs\/lat\/wp-json\/wp\/v2\/mec-events\/15305","targetHints":{"allow":["GET"]}}],"collection":[{"href":"https:\/\/www.galerijamaticesrpske.rs\/lat\/wp-json\/wp\/v2\/mec-events"}],"about":[{"href":"https:\/\/www.galerijamaticesrpske.rs\/lat\/wp-json\/wp\/v2\/types\/mec-events"}],"author":[{"embeddable":true,"href":"https:\/\/www.galerijamaticesrpske.rs\/lat\/wp-json\/wp\/v2\/users\/2"}],"replies":[{"embeddable":true,"href":"https:\/\/www.galerijamaticesrpske.rs\/lat\/wp-json\/wp\/v2\/comments?post=15305"}],"wp:featuredmedia":[{"embeddable":true,"href":"https:\/\/www.galerijamaticesrpske.rs\/lat\/wp-json\/wp\/v2\/media\/15002"}],"wp:attachment":[{"href":"https:\/\/www.galerijamaticesrpske.rs\/lat\/wp-json\/wp\/v2\/media?parent=15305"}],"wp:term":[{"taxonomy":"post_tag","embeddable":true,"href":"https:\/\/www.galerijamaticesrpske.rs\/lat\/wp-json\/wp\/v2\/tags?post=15305"},{"taxonomy":"mec_category","embeddable":true,"href":"https:\/\/www.galerijamaticesrpske.rs\/lat\/wp-json\/wp\/v2\/mec_category?post=15305"}],"curies":[{"name":"wp","href":"https:\/\/api.w.org\/{rel}","templated":true}]}}