{"id":15341,"date":"2025-07-01T07:27:50","date_gmt":"2025-07-01T07:27:50","guid":{"rendered":"https:\/\/www.galerijamaticesrpske.rs\/?post_type=mec-events&#038;p=15341"},"modified":"2025-07-03T12:59:28","modified_gmt":"2025-07-03T12:59:28","slug":"kustoska-vodjenja-kroz-izlozbu-ateljei-umetnika","status":"publish","type":"mec-events","link":"https:\/\/www.galerijamaticesrpske.rs\/lat\/events\/kustoska-vodjenja-kroz-izlozbu-ateljei-umetnika\/","title":{"rendered":"Kustoska vo\u0111enja kroz izlo\u017ebu &#8220;Ateljei umetnika&#8221;"},"content":{"rendered":"<p>Prate\u0107i program izlo\u017ebe\u00a0<a href=\"https:\/\/www.galerijamaticesrpske.rs\/lat\/events\/ateljei-umetnika\/\"><em><strong>Ateljei umetnika. Pogled iz fotografske arhive Instituta za kulturno nasle\u0111e \u0160panije<\/strong><\/em><\/a><\/p>\n<p>Delovi umetnikove li\u010dnosti utkani su u njegovo stvarala\u0161tvo, a ostatak \u010duvaju zidovi njegovog ateljea. Ali \u0161ta su sve krile ove tvr\u0111ave umetnika? Kako je izgledao za\u010darani krug uticaja umetnika na prostor, prostora na umetnika i njegova dela? Zahvaljuju\u0107i mediju koji verodostojno zapisuje momente i likove u ve\u010dnost \u2013 fotografiji, kao i arhivi Instituta za kulturno nasle\u0111e \u0160panije, publika \u0107e mo\u0107i da zaviri u intimne prostore ateljea \u0161panskih umetnika.<\/p>\n<p>Posmatraju\u0107i izlo\u017eene fotografije, publika \u0107e u\u0107i u svet umetnika na jedan diskretan, ali sna\u017ean na\u010din. Prikazane su prostorije razli\u010ditih dimenzija i ambijenata \u2013 od skromnih, improvizovanih radionica do svetlih studija prepunih boja, slika i li\u010dnih predmeta. Fotografije otkrivaju i kulturne razlike, ali i univerzalnost umetni\u010dkog poziva \u2013 posve\u0107enost, traganje i neprestano eksperimentisanje.<\/p>\n<p>Saznajte vi\u0161e o ateljeima i umetnicima koji su prikazani na fotografijama na kustoskim vo\u0111enjima u subotu i nedelju u 13.00 i 17.00 sati.<\/p>\n<p>Vode: <strong>Ivana Janji\u0107<\/strong>, kustoskinja<\/p>\n","protected":false},"excerpt":{"rendered":"<p>Prate\u0107i program izlo\u017ebe\u00a0Ateljei umetnika. Pogled iz fotografske arhive Instituta za kulturno nasle\u0111e \u0160panije Delovi umetnikove li\u010dnosti utkani su u njegovo stvarala\u0161tvo, a ostatak \u010duvaju zidovi njegovog ateljea. Ali \u0161ta su sve krile ove tvr\u0111ave umetnika? Kako je izgledao za\u010darani krug uticaja umetnika na prostor, prostora na umetnika i njegova dela? Zahvaljuju\u0107i mediju koji verodostojno zapisuje<\/p>\n","protected":false},"author":2,"featured_media":15002,"comment_status":"closed","ping_status":"closed","template":"","tags":[],"mec_category":[100],"class_list":["post-15341","mec-events","type-mec-events","status-publish","has-post-thumbnail","hentry","mec_category-vodjenja-kroz-aktuelne-izlozbe"],"acf":[],"yoast_head":"<!-- This site is optimized with the Yoast SEO plugin v27.3 - https:\/\/yoast.com\/product\/yoast-seo-wordpress\/ -->\n<title>Kustoska vo\u0111enja kroz izlo\u017ebu &quot;Ateljei umetnika&quot; | Galerija Matice srpske<\/title>\n<meta name=\"description\" content=\"Saznajte vi\u0161e o ateljeima i umetnicima koji su prikazani na fotografijama na kustoskim vo\u0111enjima u subotu i nedelju u 13.00 i 17.00 sati.\" \/>\n<meta name=\"robots\" content=\"index, follow, max-snippet:-1, max-image-preview:large, max-video-preview:-1\" \/>\n<link rel=\"canonical\" href=\"http:\/\/www.galerijamaticesrpske.rs\/lat\/events\/kustoska-vodjenja-kroz-izlozbu-ateljei-umetnika\/\" \/>\n<meta property=\"og:locale\" content=\"en_US\" \/>\n<meta property=\"og:type\" content=\"article\" \/>\n<meta property=\"og:title\" content=\"Kustoska vo\u0111enja kroz izlo\u017ebu &quot;Ateljei umetnika&quot; | Galerija Matice srpske\" \/>\n<meta property=\"og:description\" content=\"Saznajte vi\u0161e o ateljeima i umetnicima koji su prikazani na fotografijama na kustoskim vo\u0111enjima u subotu i nedelju u 13.00 i 17.00 sati.\" \/>\n<meta property=\"og:url\" content=\"http:\/\/www.galerijamaticesrpske.rs\/lat\/events\/kustoska-vodjenja-kroz-izlozbu-ateljei-umetnika\/\" \/>\n<meta property=\"og:site_name\" content=\"Galerija Matice srpske\" \/>\n<meta property=\"article:modified_time\" content=\"2025-07-03T12:59:28+00:00\" \/>\n<meta property=\"og:image\" content=\"http:\/\/www.galerijamaticesrpske.rs\/wp-content\/uploads\/2025\/06\/vizual.jpg\" \/>\n\t<meta property=\"og:image:width\" content=\"1920\" \/>\n\t<meta property=\"og:image:height\" content=\"1080\" \/>\n\t<meta property=\"og:image:type\" content=\"image\/jpeg\" \/>\n<meta name=\"twitter:card\" content=\"summary_large_image\" \/>\n<meta name=\"twitter:label1\" content=\"Est. reading time\" \/>\n\t<meta name=\"twitter:data1\" content=\"1 minute\" \/>\n<script type=\"application\/ld+json\" class=\"yoast-schema-graph\">{\"@context\":\"https:\\\/\\\/schema.org\",\"@graph\":[{\"@type\":\"WebPage\",\"@id\":\"http:\\\/\\\/www.galerijamaticesrpske.rs\\\/lat\\\/events\\\/kustoska-vodjenja-kroz-izlozbu-ateljei-umetnika\\\/\",\"url\":\"http:\\\/\\\/www.galerijamaticesrpske.rs\\\/lat\\\/events\\\/kustoska-vodjenja-kroz-izlozbu-ateljei-umetnika\\\/\",\"name\":\"Kustoska vo\u0111enja kroz izlo\u017ebu \\\"Ateljei umetnika\\\" | Galerija Matice srpske\",\"isPartOf\":{\"@id\":\"https:\\\/\\\/www.galerijamaticesrpske.rs\\\/#website\"},\"primaryImageOfPage\":{\"@id\":\"http:\\\/\\\/www.galerijamaticesrpske.rs\\\/lat\\\/events\\\/kustoska-vodjenja-kroz-izlozbu-ateljei-umetnika\\\/#primaryimage\"},\"image\":{\"@id\":\"http:\\\/\\\/www.galerijamaticesrpske.rs\\\/lat\\\/events\\\/kustoska-vodjenja-kroz-izlozbu-ateljei-umetnika\\\/#primaryimage\"},\"thumbnailUrl\":\"https:\\\/\\\/www.galerijamaticesrpske.rs\\\/wp-content\\\/uploads\\\/2025\\\/06\\\/vizual.jpg\",\"datePublished\":\"2025-07-01T07:27:50+00:00\",\"dateModified\":\"2025-07-03T12:59:28+00:00\",\"description\":\"Saznajte vi\u0161e o ateljeima i umetnicima koji su prikazani na fotografijama na kustoskim vo\u0111enjima u subotu i nedelju u 13.00 i 17.00 sati.\",\"breadcrumb\":{\"@id\":\"http:\\\/\\\/www.galerijamaticesrpske.rs\\\/lat\\\/events\\\/kustoska-vodjenja-kroz-izlozbu-ateljei-umetnika\\\/#breadcrumb\"},\"inLanguage\":\"sr-LAT\",\"potentialAction\":[{\"@type\":\"ReadAction\",\"target\":[\"http:\\\/\\\/www.galerijamaticesrpske.rs\\\/lat\\\/events\\\/kustoska-vodjenja-kroz-izlozbu-ateljei-umetnika\\\/\"]}]},{\"@type\":\"ImageObject\",\"inLanguage\":\"sr-LAT\",\"@id\":\"http:\\\/\\\/www.galerijamaticesrpske.rs\\\/lat\\\/events\\\/kustoska-vodjenja-kroz-izlozbu-ateljei-umetnika\\\/#primaryimage\",\"url\":\"https:\\\/\\\/www.galerijamaticesrpske.rs\\\/wp-content\\\/uploads\\\/2025\\\/06\\\/vizual.jpg\",\"contentUrl\":\"https:\\\/\\\/www.galerijamaticesrpske.rs\\\/wp-content\\\/uploads\\\/2025\\\/06\\\/vizual.jpg\",\"width\":1920,\"height\":1080},{\"@type\":\"BreadcrumbList\",\"@id\":\"http:\\\/\\\/www.galerijamaticesrpske.rs\\\/lat\\\/events\\\/kustoska-vodjenja-kroz-izlozbu-ateljei-umetnika\\\/#breadcrumb\",\"itemListElement\":[{\"@type\":\"ListItem\",\"position\":1,\"name\":\"\u041f\u043e\u0447\u0435\u0442\u043d\u0430\",\"item\":\"http:\\\/\\\/www.galerijamaticesrpske.rs\\\/lat\\\/\"},{\"@type\":\"ListItem\",\"position\":2,\"name\":\"Events\",\"item\":\"http:\\\/\\\/www.galerijamaticesrpske.rs\\\/lat\\\/events\\\/\"},{\"@type\":\"ListItem\",\"position\":3,\"name\":\"Kustoska vo\u0111enja kroz izlo\u017ebu &#8220;Ateljei umetnika&#8221;\"}]},{\"@type\":\"WebSite\",\"@id\":\"https:\\\/\\\/www.galerijamaticesrpske.rs\\\/#website\",\"url\":\"https:\\\/\\\/www.galerijamaticesrpske.rs\\\/\",\"name\":\"Galerija Matice srpske\",\"description\":\"Muzej srpske nacionalne umetnosti u Novom Sadu\",\"publisher\":{\"@id\":\"https:\\\/\\\/www.galerijamaticesrpske.rs\\\/#organization\"},\"potentialAction\":[{\"@type\":\"SearchAction\",\"target\":{\"@type\":\"EntryPoint\",\"urlTemplate\":\"https:\\\/\\\/www.galerijamaticesrpske.rs\\\/?s={search_term_string}\"},\"query-input\":{\"@type\":\"PropertyValueSpecification\",\"valueRequired\":true,\"valueName\":\"search_term_string\"}}],\"inLanguage\":\"sr-LAT\"},{\"@type\":\"Organization\",\"@id\":\"https:\\\/\\\/www.galerijamaticesrpske.rs\\\/#organization\",\"name\":\"Galerija Matice srpske\",\"url\":\"https:\\\/\\\/www.galerijamaticesrpske.rs\\\/\",\"logo\":{\"@type\":\"ImageObject\",\"inLanguage\":\"sr-LAT\",\"@id\":\"https:\\\/\\\/www.galerijamaticesrpske.rs\\\/#\\\/schema\\\/logo\\\/image\\\/\",\"url\":\"https:\\\/\\\/www.galerijamaticesrpske.rs\\\/wp-content\\\/uploads\\\/2021\\\/01\\\/gms-logo-za-sajt.svg\",\"contentUrl\":\"https:\\\/\\\/www.galerijamaticesrpske.rs\\\/wp-content\\\/uploads\\\/2021\\\/01\\\/gms-logo-za-sajt.svg\",\"width\":1,\"height\":1,\"caption\":\"Galerija Matice srpske\"},\"image\":{\"@id\":\"https:\\\/\\\/www.galerijamaticesrpske.rs\\\/#\\\/schema\\\/logo\\\/image\\\/\"}}]}<\/script>\n<!-- \/ Yoast SEO plugin. -->","yoast_head_json":{"title":"Kustoska vo\u0111enja kroz izlo\u017ebu \"Ateljei umetnika\" | Galerija Matice srpske","description":"Saznajte vi\u0161e o ateljeima i umetnicima koji su prikazani na fotografijama na kustoskim vo\u0111enjima u subotu i nedelju u 13.00 i 17.00 sati.","robots":{"index":"index","follow":"follow","max-snippet":"max-snippet:-1","max-image-preview":"max-image-preview:large","max-video-preview":"max-video-preview:-1"},"canonical":"http:\/\/www.galerijamaticesrpske.rs\/lat\/events\/kustoska-vodjenja-kroz-izlozbu-ateljei-umetnika\/","og_locale":"en_US","og_type":"article","og_title":"Kustoska vo\u0111enja kroz izlo\u017ebu \"Ateljei umetnika\" | Galerija Matice srpske","og_description":"Saznajte vi\u0161e o ateljeima i umetnicima koji su prikazani na fotografijama na kustoskim vo\u0111enjima u subotu i nedelju u 13.00 i 17.00 sati.","og_url":"http:\/\/www.galerijamaticesrpske.rs\/lat\/events\/kustoska-vodjenja-kroz-izlozbu-ateljei-umetnika\/","og_site_name":"Galerija Matice srpske","article_modified_time":"2025-07-03T12:59:28+00:00","og_image":[{"width":1920,"height":1080,"url":"http:\/\/www.galerijamaticesrpske.rs\/wp-content\/uploads\/2025\/06\/vizual.jpg","type":"image\/jpeg"}],"twitter_card":"summary_large_image","twitter_misc":{"Est. reading time":"1 minute"},"schema":{"@context":"https:\/\/schema.org","@graph":[{"@type":"WebPage","@id":"http:\/\/www.galerijamaticesrpske.rs\/lat\/events\/kustoska-vodjenja-kroz-izlozbu-ateljei-umetnika\/","url":"http:\/\/www.galerijamaticesrpske.rs\/lat\/events\/kustoska-vodjenja-kroz-izlozbu-ateljei-umetnika\/","name":"Kustoska vo\u0111enja kroz izlo\u017ebu \"Ateljei umetnika\" | Galerija Matice srpske","isPartOf":{"@id":"https:\/\/www.galerijamaticesrpske.rs\/#website"},"primaryImageOfPage":{"@id":"http:\/\/www.galerijamaticesrpske.rs\/lat\/events\/kustoska-vodjenja-kroz-izlozbu-ateljei-umetnika\/#primaryimage"},"image":{"@id":"http:\/\/www.galerijamaticesrpske.rs\/lat\/events\/kustoska-vodjenja-kroz-izlozbu-ateljei-umetnika\/#primaryimage"},"thumbnailUrl":"https:\/\/www.galerijamaticesrpske.rs\/wp-content\/uploads\/2025\/06\/vizual.jpg","datePublished":"2025-07-01T07:27:50+00:00","dateModified":"2025-07-03T12:59:28+00:00","description":"Saznajte vi\u0161e o ateljeima i umetnicima koji su prikazani na fotografijama na kustoskim vo\u0111enjima u subotu i nedelju u 13.00 i 17.00 sati.","breadcrumb":{"@id":"http:\/\/www.galerijamaticesrpske.rs\/lat\/events\/kustoska-vodjenja-kroz-izlozbu-ateljei-umetnika\/#breadcrumb"},"inLanguage":"sr-LAT","potentialAction":[{"@type":"ReadAction","target":["http:\/\/www.galerijamaticesrpske.rs\/lat\/events\/kustoska-vodjenja-kroz-izlozbu-ateljei-umetnika\/"]}]},{"@type":"ImageObject","inLanguage":"sr-LAT","@id":"http:\/\/www.galerijamaticesrpske.rs\/lat\/events\/kustoska-vodjenja-kroz-izlozbu-ateljei-umetnika\/#primaryimage","url":"https:\/\/www.galerijamaticesrpske.rs\/wp-content\/uploads\/2025\/06\/vizual.jpg","contentUrl":"https:\/\/www.galerijamaticesrpske.rs\/wp-content\/uploads\/2025\/06\/vizual.jpg","width":1920,"height":1080},{"@type":"BreadcrumbList","@id":"http:\/\/www.galerijamaticesrpske.rs\/lat\/events\/kustoska-vodjenja-kroz-izlozbu-ateljei-umetnika\/#breadcrumb","itemListElement":[{"@type":"ListItem","position":1,"name":"\u041f\u043e\u0447\u0435\u0442\u043d\u0430","item":"http:\/\/www.galerijamaticesrpske.rs\/lat\/"},{"@type":"ListItem","position":2,"name":"Events","item":"http:\/\/www.galerijamaticesrpske.rs\/lat\/events\/"},{"@type":"ListItem","position":3,"name":"Kustoska vo\u0111enja kroz izlo\u017ebu &#8220;Ateljei umetnika&#8221;"}]},{"@type":"WebSite","@id":"https:\/\/www.galerijamaticesrpske.rs\/#website","url":"https:\/\/www.galerijamaticesrpske.rs\/","name":"Galerija Matice srpske","description":"Muzej srpske nacionalne umetnosti u Novom Sadu","publisher":{"@id":"https:\/\/www.galerijamaticesrpske.rs\/#organization"},"potentialAction":[{"@type":"SearchAction","target":{"@type":"EntryPoint","urlTemplate":"https:\/\/www.galerijamaticesrpske.rs\/?s={search_term_string}"},"query-input":{"@type":"PropertyValueSpecification","valueRequired":true,"valueName":"search_term_string"}}],"inLanguage":"sr-LAT"},{"@type":"Organization","@id":"https:\/\/www.galerijamaticesrpske.rs\/#organization","name":"Galerija Matice srpske","url":"https:\/\/www.galerijamaticesrpske.rs\/","logo":{"@type":"ImageObject","inLanguage":"sr-LAT","@id":"https:\/\/www.galerijamaticesrpske.rs\/#\/schema\/logo\/image\/","url":"https:\/\/www.galerijamaticesrpske.rs\/wp-content\/uploads\/2021\/01\/gms-logo-za-sajt.svg","contentUrl":"https:\/\/www.galerijamaticesrpske.rs\/wp-content\/uploads\/2021\/01\/gms-logo-za-sajt.svg","width":1,"height":1,"caption":"Galerija Matice srpske"},"image":{"@id":"https:\/\/www.galerijamaticesrpske.rs\/#\/schema\/logo\/image\/"}}]}},"_links":{"self":[{"href":"https:\/\/www.galerijamaticesrpske.rs\/lat\/wp-json\/wp\/v2\/mec-events\/15341","targetHints":{"allow":["GET"]}}],"collection":[{"href":"https:\/\/www.galerijamaticesrpske.rs\/lat\/wp-json\/wp\/v2\/mec-events"}],"about":[{"href":"https:\/\/www.galerijamaticesrpske.rs\/lat\/wp-json\/wp\/v2\/types\/mec-events"}],"author":[{"embeddable":true,"href":"https:\/\/www.galerijamaticesrpske.rs\/lat\/wp-json\/wp\/v2\/users\/2"}],"replies":[{"embeddable":true,"href":"https:\/\/www.galerijamaticesrpske.rs\/lat\/wp-json\/wp\/v2\/comments?post=15341"}],"wp:featuredmedia":[{"embeddable":true,"href":"https:\/\/www.galerijamaticesrpske.rs\/lat\/wp-json\/wp\/v2\/media\/15002"}],"wp:attachment":[{"href":"https:\/\/www.galerijamaticesrpske.rs\/lat\/wp-json\/wp\/v2\/media?parent=15341"}],"wp:term":[{"taxonomy":"post_tag","embeddable":true,"href":"https:\/\/www.galerijamaticesrpske.rs\/lat\/wp-json\/wp\/v2\/tags?post=15341"},{"taxonomy":"mec_category","embeddable":true,"href":"https:\/\/www.galerijamaticesrpske.rs\/lat\/wp-json\/wp\/v2\/mec_category?post=15341"}],"curies":[{"name":"wp","href":"https:\/\/api.w.org\/{rel}","templated":true}]}}