{"id":15545,"date":"2025-09-08T10:00:20","date_gmt":"2025-09-08T10:00:20","guid":{"rendered":"https:\/\/www.galerijamaticesrpske.rs\/?post_type=mec-events&#038;p=15545"},"modified":"2026-01-12T14:13:01","modified_gmt":"2026-01-12T14:13:01","slug":"lazar-vozarevic-galerija-u-gostima","status":"publish","type":"mec-events","link":"https:\/\/www.galerijamaticesrpske.rs\/lat\/events\/lazar-vozarevic-galerija-u-gostima\/","title":{"rendered":"Lazar Vozarevi\u0107. Galerija u gostima"},"content":{"rendered":"<p>U okviru obele\u017eavanja jubileja, sto godina od ro\u0111enja Lazara Vozarevi\u0107a (1925\u20131968), jednog od najzna\u010dajnijih predstavnika srpskog i jugoslovenskog modernog slikarstva, Galerija Matice srpske u saradnji sa Galerijom \u201eLazar Vozarevi\u0107\u201c iz Sremske Mitrovice prire\u0111uje monografsku izlo\u017ebu <strong><em>Lazar Vozarevi\u0107. Galerija u gostima<\/em><\/strong>.<\/p>\n<p>Izlo\u017eba \u0107e biti sve\u010dano otvorena u petak, <strong>12. septembra u 20.00 sati<\/strong> <strong>u Galeriji Matice srpske<\/strong>. Prisutnima \u0107e se ovom prilikom obratiti <strong>dr Tijana Palkovljevi\u0107 Bugarski<\/strong>, upravnica GMS, <strong>Marija Vuruna<\/strong>, direktorka Galerije \u201eLazar Vozarevi\u0107\u201c, <strong>Simon \u0160onbrot<\/strong>, direktor Francuskog instituta u Novom Sadu i <strong>Amos Rajhman<\/strong>, direktor Francuskog instituta u Srbiji. Sve\u010dano otvaranje izlo\u017ebe upotpuni\u0107e <strong>muzi\u010dki nastup kvarteta \u201eMaestre\u201c<\/strong> iz Sremske Mitrovice u sastavu: Milda Kuzminac, klavir, mr Du\u0161anka Gavrilovi\u0107, klavir, Zorica Opa\u010di\u0107, tambura i Jovana Dragi\u0107, violina.<\/p>\n<p>Veliki jubilej bio je povod da dela Lazara Vozarevi\u0107eva iz mati\u010dne galerije u Sremskoj Mitrovici krenu na put ka gradovima i galerijama koje su zauzimale va\u017eno mesto u umetnikovom \u017eivotu. Nakon Zrenjanina i Beograda, gde je kroz pa\u017eljiv odabir publici predstavljeno njegovo stvarala\u0161tvo, Galerija Matice srpske ugosti\u0107e u celosti najvredniji deo kolekcije Galerije \u201eLazar Vozarevi\u0107\u201c. Pored celokupnog legata, 79 dela iz kolekcije Galerije \u201eLazar Vozarevi\u0107\u201c na izlo\u017ebi \u0107e biti predstavljena i dela iz kolekcije Galerije Matice srpske, kao i pet ilustracija Pabla Pikasa iz Narodnog muzeja Srbije i jedno Pikasovo delo iz Ambasade Republike Francuske u Beogradu. Izlo\u017ebu prate tri video-animacije, koje putem savremenih tehnologija pribli\u017eavaju publici Vozarevi\u0107eve uzore i inspiracije za slike<em> Oplakivanje Hrista<\/em>, <em>Kvadrati<\/em> i <em>Porodica<\/em>, kao i tri filma posve\u0107ena \u017eivotu i delu umetnika. Posetioci \u0107e biti u prilici da u Novom Sadu upoznaju dela koja \u010dine najpotpuniji pregled svih Vozarevi\u0107evih stvarala\u010dkih faza od pojavljivanja na umetni\u010dkoj sceni ranih pedesetih godina 20. veka, do poslednjih radova iz 1968. godine.<\/p>\n<p>Lazar Vozarevi\u0107 je likovni izraz gradio u \u017eivoj i dinami\u010dnoj kulturnoj sceni pedesetih godina reaguju\u0107i na dru\u0161tveno-politi\u010dke i umetni\u010dke okolnosti. Bio je \u010dlan istaknutih umetni\u010dkih grupa \u201eJedanaestorica\u201c i \u201eDecembarska grupa\u201c. U prvom, figurativnom periodu dela odlikuju geometrijska konstrukcija, lomljenje oblika i sna\u017ena egzistencijalna dimenzija. U potrazi za savremenim likovnim jezikom, umetnik se oslanjao na dva klju\u010dna izvora inspiracije \u2013 delo Pabla Pikasa i bogatstvo vizantijske umetnosti. Zatim je usledila kratkotrajna faza enformela, u kojoj je Vozarevi\u0107 kroz neslikarske materijale istra\u017eivao mogu\u0107nosti novog izraza. Poslednju, postenformel fazu karakteri\u0161u slike-reljefi geometrizovanih kompozicija sna\u017enog kolorita i duboke duhovne simbolike. Autenti\u010dna promi\u0161ljanja o savremenoj slici i odnos prema srednjovekovnom nasle\u0111u \u010dine opus Lazara Vozarevi\u0107a jednim od najzna\u010dajnijih i najprepoznatljivijih ostvarenja srpskog modernizma.<\/p>\n<p>Autorke izlo\u017ebe su Marija Vuruna, direktorka Galerije \u201eLazar Vozarevi\u0107\u201c, Ivana Rastovi\u0107 i Ivana Janji\u0107, kustoskinje Galerije Matice srpske.<\/p>\n<p>Izlo\u017ebu \u0107e obogatiti raznovrstan prate\u0107i program: tematska predavanja o \u017eivotu i delu umetnika petkom u 19.00 sati, kustoska vo\u0111enja vikendom u 13.00 i 17.00 sati, kao i novi edukativni program za decu <em>Bio jednom jedan slikar\u2026 Lazar Vozarevi\u0107,<\/em> kako bi publici razli\u010ditog uzrasta i interesovanja pribli\u017eili kompleksnost Vozarevi\u0107evog stvarala\u0161tva.<\/p>\n<p>Izlo\u017eba \u0107e mo\u0107i da se poseti do 1. februara 2026. godine.<\/p>\n<p>Realizaciju projekta omogu\u0107ili su Ministarstvo kulture Republike Srbije, Pokrajinski sekretarijat za kulturu i odnose sa verskim zajednicama i Grad Novi Sad, a pokrovitelj izlo\u017ebe je DDOR osiguranje Novi Sad.<br \/>\n<iframe loading=\"lazy\" src=\"https:\/\/lazarvozarevic.360.rs\/\" width=\"100%\" height=\"700px\" frameborder=\"0\" marginwidth=\"0\" marginheight=\"0\" scrolling=\"no\" allowfullscreen=\"allowfullscreen\"><br \/>\n<\/iframe><\/p>\n","protected":false},"excerpt":{"rendered":"<p>U okviru obele\u017eavanja jubileja, sto godina od ro\u0111enja Lazara Vozarevi\u0107a (1925\u20131968), jednog od najzna\u010dajnijih predstavnika srpskog i jugoslovenskog modernog slikarstva, Galerija Matice srpske u saradnji sa Galerijom \u201eLazar Vozarevi\u0107\u201c iz Sremske Mitrovice prire\u0111uje monografsku izlo\u017ebu Lazar Vozarevi\u0107. Galerija u gostima. Izlo\u017eba \u0107e biti sve\u010dano otvorena u petak, 12. septembra u 20.00 sati u Galeriji Matice<\/p>\n","protected":false},"author":2,"featured_media":15544,"comment_status":"closed","ping_status":"closed","template":"","tags":[],"mec_category":[97],"class_list":["post-15545","mec-events","type-mec-events","status-publish","has-post-thumbnail","hentry","mec_category-izlozbe"],"acf":[],"yoast_head":"<!-- This site is optimized with the Yoast SEO plugin v27.3 - https:\/\/yoast.com\/product\/yoast-seo-wordpress\/ -->\n<title>Lazar Vozarevi\u0107. Galerija u gostima | Galerija Matice srpske<\/title>\n<meta name=\"description\" content=\"U okviru obele\u017eavanja jubileja, sto godina od ro\u0111enja Lazara Vozarevi\u0107a (1925\u20131968), jednog od najzna\u010dajnijih predstavnika srpskog i jugoslovenskog modernog slikarstva, Galerija Matice srpske u saradnji sa Galerijom \u201eLazar Vozarevi\u0107\u201c iz Sremske Mitrovice prire\u0111uje monografsku izlo\u017ebu Lazar Vozarevi\u0107. Galerija u gostima.\" \/>\n<meta name=\"robots\" content=\"index, follow, max-snippet:-1, max-image-preview:large, max-video-preview:-1\" \/>\n<link rel=\"canonical\" href=\"https:\/\/www.galerijamaticesrpske.rs\/lat\/events\/lazar-vozarevic-galerija-u-gostima\/\" \/>\n<meta property=\"og:locale\" content=\"en_US\" \/>\n<meta property=\"og:type\" content=\"article\" \/>\n<meta property=\"og:title\" content=\"Lazar Vozarevi\u0107. Galerija u gostima | Galerija Matice srpske\" \/>\n<meta property=\"og:description\" content=\"U okviru obele\u017eavanja jubileja, sto godina od ro\u0111enja Lazara Vozarevi\u0107a (1925\u20131968), jednog od najzna\u010dajnijih predstavnika srpskog i jugoslovenskog modernog slikarstva, Galerija Matice srpske u saradnji sa Galerijom \u201eLazar Vozarevi\u0107\u201c iz Sremske Mitrovice prire\u0111uje monografsku izlo\u017ebu Lazar Vozarevi\u0107. Galerija u gostima.\" \/>\n<meta property=\"og:url\" content=\"https:\/\/www.galerijamaticesrpske.rs\/lat\/events\/lazar-vozarevic-galerija-u-gostima\/\" \/>\n<meta property=\"og:site_name\" content=\"Galerija Matice srpske\" \/>\n<meta property=\"article:modified_time\" content=\"2026-01-12T14:13:01+00:00\" \/>\n<meta property=\"og:image\" content=\"https:\/\/www.galerijamaticesrpske.rs\/wp-content\/uploads\/2025\/09\/1920x1080_srp.jpg\" \/>\n\t<meta property=\"og:image:width\" content=\"1920\" \/>\n\t<meta property=\"og:image:height\" content=\"1080\" \/>\n\t<meta property=\"og:image:type\" content=\"image\/jpeg\" \/>\n<meta name=\"twitter:card\" content=\"summary_large_image\" \/>\n<meta name=\"twitter:label1\" content=\"Est. reading time\" \/>\n\t<meta name=\"twitter:data1\" content=\"3 minutes\" \/>\n<script type=\"application\/ld+json\" class=\"yoast-schema-graph\">{\"@context\":\"https:\\\/\\\/schema.org\",\"@graph\":[{\"@type\":\"WebPage\",\"@id\":\"https:\\\/\\\/www.galerijamaticesrpske.rs\\\/lat\\\/events\\\/lazar-vozarevic-galerija-u-gostima\\\/\",\"url\":\"https:\\\/\\\/www.galerijamaticesrpske.rs\\\/lat\\\/events\\\/lazar-vozarevic-galerija-u-gostima\\\/\",\"name\":\"Lazar Vozarevi\u0107. Galerija u gostima | Galerija Matice srpske\",\"isPartOf\":{\"@id\":\"https:\\\/\\\/www.galerijamaticesrpske.rs\\\/#website\"},\"primaryImageOfPage\":{\"@id\":\"https:\\\/\\\/www.galerijamaticesrpske.rs\\\/lat\\\/events\\\/lazar-vozarevic-galerija-u-gostima\\\/#primaryimage\"},\"image\":{\"@id\":\"https:\\\/\\\/www.galerijamaticesrpske.rs\\\/lat\\\/events\\\/lazar-vozarevic-galerija-u-gostima\\\/#primaryimage\"},\"thumbnailUrl\":\"https:\\\/\\\/www.galerijamaticesrpske.rs\\\/wp-content\\\/uploads\\\/2025\\\/09\\\/1920x1080_srp.jpg\",\"datePublished\":\"2025-09-08T10:00:20+00:00\",\"dateModified\":\"2026-01-12T14:13:01+00:00\",\"description\":\"U okviru obele\u017eavanja jubileja, sto godina od ro\u0111enja Lazara Vozarevi\u0107a (1925\u20131968), jednog od najzna\u010dajnijih predstavnika srpskog i jugoslovenskog modernog slikarstva, Galerija Matice srpske u saradnji sa Galerijom \u201eLazar Vozarevi\u0107\u201c iz Sremske Mitrovice prire\u0111uje monografsku izlo\u017ebu Lazar Vozarevi\u0107. Galerija u gostima.\",\"breadcrumb\":{\"@id\":\"https:\\\/\\\/www.galerijamaticesrpske.rs\\\/lat\\\/events\\\/lazar-vozarevic-galerija-u-gostima\\\/#breadcrumb\"},\"inLanguage\":\"sr-LAT\",\"potentialAction\":[{\"@type\":\"ReadAction\",\"target\":[\"https:\\\/\\\/www.galerijamaticesrpske.rs\\\/lat\\\/events\\\/lazar-vozarevic-galerija-u-gostima\\\/\"]}]},{\"@type\":\"ImageObject\",\"inLanguage\":\"sr-LAT\",\"@id\":\"https:\\\/\\\/www.galerijamaticesrpske.rs\\\/lat\\\/events\\\/lazar-vozarevic-galerija-u-gostima\\\/#primaryimage\",\"url\":\"https:\\\/\\\/www.galerijamaticesrpske.rs\\\/wp-content\\\/uploads\\\/2025\\\/09\\\/1920x1080_srp.jpg\",\"contentUrl\":\"https:\\\/\\\/www.galerijamaticesrpske.rs\\\/wp-content\\\/uploads\\\/2025\\\/09\\\/1920x1080_srp.jpg\",\"width\":1920,\"height\":1080},{\"@type\":\"BreadcrumbList\",\"@id\":\"https:\\\/\\\/www.galerijamaticesrpske.rs\\\/lat\\\/events\\\/lazar-vozarevic-galerija-u-gostima\\\/#breadcrumb\",\"itemListElement\":[{\"@type\":\"ListItem\",\"position\":1,\"name\":\"\u041f\u043e\u0447\u0435\u0442\u043d\u0430\",\"item\":\"http:\\\/\\\/www.galerijamaticesrpske.rs\\\/lat\\\/\"},{\"@type\":\"ListItem\",\"position\":2,\"name\":\"Events\",\"item\":\"http:\\\/\\\/www.galerijamaticesrpske.rs\\\/lat\\\/events\\\/\"},{\"@type\":\"ListItem\",\"position\":3,\"name\":\"Lazar Vozarevi\u0107. Galerija u gostima\"}]},{\"@type\":\"WebSite\",\"@id\":\"https:\\\/\\\/www.galerijamaticesrpske.rs\\\/#website\",\"url\":\"https:\\\/\\\/www.galerijamaticesrpske.rs\\\/\",\"name\":\"Galerija Matice srpske\",\"description\":\"Muzej srpske nacionalne umetnosti u Novom Sadu\",\"publisher\":{\"@id\":\"https:\\\/\\\/www.galerijamaticesrpske.rs\\\/#organization\"},\"potentialAction\":[{\"@type\":\"SearchAction\",\"target\":{\"@type\":\"EntryPoint\",\"urlTemplate\":\"https:\\\/\\\/www.galerijamaticesrpske.rs\\\/?s={search_term_string}\"},\"query-input\":{\"@type\":\"PropertyValueSpecification\",\"valueRequired\":true,\"valueName\":\"search_term_string\"}}],\"inLanguage\":\"sr-LAT\"},{\"@type\":\"Organization\",\"@id\":\"https:\\\/\\\/www.galerijamaticesrpske.rs\\\/#organization\",\"name\":\"Galerija Matice srpske\",\"url\":\"https:\\\/\\\/www.galerijamaticesrpske.rs\\\/\",\"logo\":{\"@type\":\"ImageObject\",\"inLanguage\":\"sr-LAT\",\"@id\":\"https:\\\/\\\/www.galerijamaticesrpske.rs\\\/#\\\/schema\\\/logo\\\/image\\\/\",\"url\":\"https:\\\/\\\/www.galerijamaticesrpske.rs\\\/wp-content\\\/uploads\\\/2021\\\/01\\\/gms-logo-za-sajt.svg\",\"contentUrl\":\"https:\\\/\\\/www.galerijamaticesrpske.rs\\\/wp-content\\\/uploads\\\/2021\\\/01\\\/gms-logo-za-sajt.svg\",\"width\":1,\"height\":1,\"caption\":\"Galerija Matice srpske\"},\"image\":{\"@id\":\"https:\\\/\\\/www.galerijamaticesrpske.rs\\\/#\\\/schema\\\/logo\\\/image\\\/\"}}]}<\/script>\n<!-- \/ Yoast SEO plugin. -->","yoast_head_json":{"title":"Lazar Vozarevi\u0107. Galerija u gostima | Galerija Matice srpske","description":"U okviru obele\u017eavanja jubileja, sto godina od ro\u0111enja Lazara Vozarevi\u0107a (1925\u20131968), jednog od najzna\u010dajnijih predstavnika srpskog i jugoslovenskog modernog slikarstva, Galerija Matice srpske u saradnji sa Galerijom \u201eLazar Vozarevi\u0107\u201c iz Sremske Mitrovice prire\u0111uje monografsku izlo\u017ebu Lazar Vozarevi\u0107. Galerija u gostima.","robots":{"index":"index","follow":"follow","max-snippet":"max-snippet:-1","max-image-preview":"max-image-preview:large","max-video-preview":"max-video-preview:-1"},"canonical":"https:\/\/www.galerijamaticesrpske.rs\/lat\/events\/lazar-vozarevic-galerija-u-gostima\/","og_locale":"en_US","og_type":"article","og_title":"Lazar Vozarevi\u0107. Galerija u gostima | Galerija Matice srpske","og_description":"U okviru obele\u017eavanja jubileja, sto godina od ro\u0111enja Lazara Vozarevi\u0107a (1925\u20131968), jednog od najzna\u010dajnijih predstavnika srpskog i jugoslovenskog modernog slikarstva, Galerija Matice srpske u saradnji sa Galerijom \u201eLazar Vozarevi\u0107\u201c iz Sremske Mitrovice prire\u0111uje monografsku izlo\u017ebu Lazar Vozarevi\u0107. Galerija u gostima.","og_url":"https:\/\/www.galerijamaticesrpske.rs\/lat\/events\/lazar-vozarevic-galerija-u-gostima\/","og_site_name":"Galerija Matice srpske","article_modified_time":"2026-01-12T14:13:01+00:00","og_image":[{"width":1920,"height":1080,"url":"https:\/\/www.galerijamaticesrpske.rs\/wp-content\/uploads\/2025\/09\/1920x1080_srp.jpg","type":"image\/jpeg"}],"twitter_card":"summary_large_image","twitter_misc":{"Est. reading time":"3 minutes"},"schema":{"@context":"https:\/\/schema.org","@graph":[{"@type":"WebPage","@id":"https:\/\/www.galerijamaticesrpske.rs\/lat\/events\/lazar-vozarevic-galerija-u-gostima\/","url":"https:\/\/www.galerijamaticesrpske.rs\/lat\/events\/lazar-vozarevic-galerija-u-gostima\/","name":"Lazar Vozarevi\u0107. Galerija u gostima | Galerija Matice srpske","isPartOf":{"@id":"https:\/\/www.galerijamaticesrpske.rs\/#website"},"primaryImageOfPage":{"@id":"https:\/\/www.galerijamaticesrpske.rs\/lat\/events\/lazar-vozarevic-galerija-u-gostima\/#primaryimage"},"image":{"@id":"https:\/\/www.galerijamaticesrpske.rs\/lat\/events\/lazar-vozarevic-galerija-u-gostima\/#primaryimage"},"thumbnailUrl":"https:\/\/www.galerijamaticesrpske.rs\/wp-content\/uploads\/2025\/09\/1920x1080_srp.jpg","datePublished":"2025-09-08T10:00:20+00:00","dateModified":"2026-01-12T14:13:01+00:00","description":"U okviru obele\u017eavanja jubileja, sto godina od ro\u0111enja Lazara Vozarevi\u0107a (1925\u20131968), jednog od najzna\u010dajnijih predstavnika srpskog i jugoslovenskog modernog slikarstva, Galerija Matice srpske u saradnji sa Galerijom \u201eLazar Vozarevi\u0107\u201c iz Sremske Mitrovice prire\u0111uje monografsku izlo\u017ebu Lazar Vozarevi\u0107. Galerija u gostima.","breadcrumb":{"@id":"https:\/\/www.galerijamaticesrpske.rs\/lat\/events\/lazar-vozarevic-galerija-u-gostima\/#breadcrumb"},"inLanguage":"sr-LAT","potentialAction":[{"@type":"ReadAction","target":["https:\/\/www.galerijamaticesrpske.rs\/lat\/events\/lazar-vozarevic-galerija-u-gostima\/"]}]},{"@type":"ImageObject","inLanguage":"sr-LAT","@id":"https:\/\/www.galerijamaticesrpske.rs\/lat\/events\/lazar-vozarevic-galerija-u-gostima\/#primaryimage","url":"https:\/\/www.galerijamaticesrpske.rs\/wp-content\/uploads\/2025\/09\/1920x1080_srp.jpg","contentUrl":"https:\/\/www.galerijamaticesrpske.rs\/wp-content\/uploads\/2025\/09\/1920x1080_srp.jpg","width":1920,"height":1080},{"@type":"BreadcrumbList","@id":"https:\/\/www.galerijamaticesrpske.rs\/lat\/events\/lazar-vozarevic-galerija-u-gostima\/#breadcrumb","itemListElement":[{"@type":"ListItem","position":1,"name":"\u041f\u043e\u0447\u0435\u0442\u043d\u0430","item":"http:\/\/www.galerijamaticesrpske.rs\/lat\/"},{"@type":"ListItem","position":2,"name":"Events","item":"http:\/\/www.galerijamaticesrpske.rs\/lat\/events\/"},{"@type":"ListItem","position":3,"name":"Lazar Vozarevi\u0107. Galerija u gostima"}]},{"@type":"WebSite","@id":"https:\/\/www.galerijamaticesrpske.rs\/#website","url":"https:\/\/www.galerijamaticesrpske.rs\/","name":"Galerija Matice srpske","description":"Muzej srpske nacionalne umetnosti u Novom Sadu","publisher":{"@id":"https:\/\/www.galerijamaticesrpske.rs\/#organization"},"potentialAction":[{"@type":"SearchAction","target":{"@type":"EntryPoint","urlTemplate":"https:\/\/www.galerijamaticesrpske.rs\/?s={search_term_string}"},"query-input":{"@type":"PropertyValueSpecification","valueRequired":true,"valueName":"search_term_string"}}],"inLanguage":"sr-LAT"},{"@type":"Organization","@id":"https:\/\/www.galerijamaticesrpske.rs\/#organization","name":"Galerija Matice srpske","url":"https:\/\/www.galerijamaticesrpske.rs\/","logo":{"@type":"ImageObject","inLanguage":"sr-LAT","@id":"https:\/\/www.galerijamaticesrpske.rs\/#\/schema\/logo\/image\/","url":"https:\/\/www.galerijamaticesrpske.rs\/wp-content\/uploads\/2021\/01\/gms-logo-za-sajt.svg","contentUrl":"https:\/\/www.galerijamaticesrpske.rs\/wp-content\/uploads\/2021\/01\/gms-logo-za-sajt.svg","width":1,"height":1,"caption":"Galerija Matice srpske"},"image":{"@id":"https:\/\/www.galerijamaticesrpske.rs\/#\/schema\/logo\/image\/"}}]}},"_links":{"self":[{"href":"https:\/\/www.galerijamaticesrpske.rs\/lat\/wp-json\/wp\/v2\/mec-events\/15545","targetHints":{"allow":["GET"]}}],"collection":[{"href":"https:\/\/www.galerijamaticesrpske.rs\/lat\/wp-json\/wp\/v2\/mec-events"}],"about":[{"href":"https:\/\/www.galerijamaticesrpske.rs\/lat\/wp-json\/wp\/v2\/types\/mec-events"}],"author":[{"embeddable":true,"href":"https:\/\/www.galerijamaticesrpske.rs\/lat\/wp-json\/wp\/v2\/users\/2"}],"replies":[{"embeddable":true,"href":"https:\/\/www.galerijamaticesrpske.rs\/lat\/wp-json\/wp\/v2\/comments?post=15545"}],"wp:featuredmedia":[{"embeddable":true,"href":"https:\/\/www.galerijamaticesrpske.rs\/lat\/wp-json\/wp\/v2\/media\/15544"}],"wp:attachment":[{"href":"https:\/\/www.galerijamaticesrpske.rs\/lat\/wp-json\/wp\/v2\/media?parent=15545"}],"wp:term":[{"taxonomy":"post_tag","embeddable":true,"href":"https:\/\/www.galerijamaticesrpske.rs\/lat\/wp-json\/wp\/v2\/tags?post=15545"},{"taxonomy":"mec_category","embeddable":true,"href":"https:\/\/www.galerijamaticesrpske.rs\/lat\/wp-json\/wp\/v2\/mec_category?post=15545"}],"curies":[{"name":"wp","href":"https:\/\/api.w.org\/{rel}","templated":true}]}}