{"id":15694,"date":"2025-10-03T10:24:19","date_gmt":"2025-10-03T10:24:19","guid":{"rendered":"https:\/\/www.galerijamaticesrpske.rs\/?post_type=mec-events&#038;p=15694"},"modified":"2025-10-03T10:24:19","modified_gmt":"2025-10-03T10:24:19","slug":"kreativna-radionica-za-tinejdzere-zaronimo-dublje","status":"publish","type":"mec-events","link":"https:\/\/www.galerijamaticesrpske.rs\/lat\/events\/kreativna-radionica-za-tinejdzere-zaronimo-dublje\/","title":{"rendered":"Kreativna radionica za tinejd\u017eere \u2013 Zaronimo dublje"},"content":{"rendered":"<div>Na na\u0161im narednim vi\u0111enjima u okviru izlo\u017ebe <em>Lazar Vozarevi\u0107. Galerija u gostima<\/em> zaroni\u0107emo dublje u njegovo stvarala\u0161tvo kako bismo ga detaljno istra\u017eili. Ove subote, pod istra\u017eiva\u010dku lupu stavi\u0107emo najstarije delo sa izlo\u017ebe \u2013 <em>Ribe<\/em> i otkriti kako je Laza ribicama sa slike dao masu i telesnost.\u00a0 Istra\u017euju\u0107i razlike u slikarskom pristupu, deca i tinejd\u017eeri \u0107e se tokom ove subotnje radionice pod nazivom <em>Zaronimo dublje<\/em>, upoznati sa razli\u010ditim tehnikama koje je Lazar koristio, dok \u0107e u kreativnom delu radionice nau\u010diti da slikaju koriste\u0107i pastuozne nanose boja i stvaraju\u0107i raznolike teksture.<\/div>\n<div><\/div>\n<div>Radionice se organizuju za <strong>maksimalno 15 dece uzrasta od 11 do 14 godina<\/strong>. U\u010de\u0161\u0107e deteta na radionici potrebno je prijaviti popunjavanjem elektronskog upitnika. Cena radionice iznosi 200 dinara po detetu.<\/div>\n","protected":false},"excerpt":{"rendered":"<p>Na na\u0161im narednim vi\u0111enjima u okviru izlo\u017ebe Lazar Vozarevi\u0107. Galerija u gostima zaroni\u0107emo dublje u njegovo stvarala\u0161tvo kako bismo ga detaljno istra\u017eili. Ove subote, pod istra\u017eiva\u010dku lupu stavi\u0107emo najstarije delo sa izlo\u017ebe \u2013 Ribe i otkriti kako je Laza ribicama sa slike dao masu i telesnost.\u00a0 Istra\u017euju\u0107i razlike u slikarskom pristupu, deca i tinejd\u017eeri \u0107e<\/p>\n","protected":false},"author":2,"featured_media":15544,"comment_status":"closed","ping_status":"closed","template":"","tags":[],"mec_category":[104],"class_list":["post-15694","mec-events","type-mec-events","status-publish","has-post-thumbnail","hentry","mec_category-kreativne-radionice-za-decu-subotom"],"acf":[],"yoast_head":"<!-- This site is optimized with the Yoast SEO plugin v27.3 - https:\/\/yoast.com\/product\/yoast-seo-wordpress\/ -->\n<title>Kreativna radionica za tinejd\u017eere \u2013 Zaronimo dublje | Galerija Matice srpske<\/title>\n<meta name=\"description\" content=\"Na na\u0161im narednim vi\u0111enjima u okviru izlo\u017ebe Lazar Vozarevi\u0107. Galerija u gostima zaroni\u0107emo dublje u njegovo stvarala\u0161tvo kako bismo ga detaljno istra\u017eili.\" \/>\n<meta name=\"robots\" content=\"index, follow, max-snippet:-1, max-image-preview:large, max-video-preview:-1\" \/>\n<link rel=\"canonical\" href=\"http:\/\/www.galerijamaticesrpske.rs\/lat\/events\/kreativna-radionica-za-tinejdzere-zaronimo-dublje\/\" \/>\n<meta property=\"og:locale\" content=\"en_US\" \/>\n<meta property=\"og:type\" content=\"article\" \/>\n<meta property=\"og:title\" content=\"Kreativna radionica za tinejd\u017eere \u2013 Zaronimo dublje | Galerija Matice srpske\" \/>\n<meta property=\"og:description\" content=\"Na na\u0161im narednim vi\u0111enjima u okviru izlo\u017ebe Lazar Vozarevi\u0107. Galerija u gostima zaroni\u0107emo dublje u njegovo stvarala\u0161tvo kako bismo ga detaljno istra\u017eili.\" \/>\n<meta property=\"og:url\" content=\"http:\/\/www.galerijamaticesrpske.rs\/lat\/events\/kreativna-radionica-za-tinejdzere-zaronimo-dublje\/\" \/>\n<meta property=\"og:site_name\" content=\"Galerija Matice srpske\" \/>\n<meta property=\"og:image\" content=\"http:\/\/www.galerijamaticesrpske.rs\/wp-content\/uploads\/2025\/09\/1920x1080_srp.jpg\" \/>\n\t<meta property=\"og:image:width\" content=\"1920\" \/>\n\t<meta property=\"og:image:height\" content=\"1080\" \/>\n\t<meta property=\"og:image:type\" content=\"image\/jpeg\" \/>\n<meta name=\"twitter:card\" content=\"summary_large_image\" \/>\n<meta name=\"twitter:label1\" content=\"Est. reading time\" \/>\n\t<meta name=\"twitter:data1\" content=\"1 minute\" \/>\n<script type=\"application\/ld+json\" class=\"yoast-schema-graph\">{\"@context\":\"https:\\\/\\\/schema.org\",\"@graph\":[{\"@type\":\"WebPage\",\"@id\":\"http:\\\/\\\/www.galerijamaticesrpske.rs\\\/lat\\\/events\\\/kreativna-radionica-za-tinejdzere-zaronimo-dublje\\\/\",\"url\":\"http:\\\/\\\/www.galerijamaticesrpske.rs\\\/lat\\\/events\\\/kreativna-radionica-za-tinejdzere-zaronimo-dublje\\\/\",\"name\":\"Kreativna radionica za tinejd\u017eere \u2013 Zaronimo dublje | Galerija Matice srpske\",\"isPartOf\":{\"@id\":\"https:\\\/\\\/www.galerijamaticesrpske.rs\\\/#website\"},\"primaryImageOfPage\":{\"@id\":\"http:\\\/\\\/www.galerijamaticesrpske.rs\\\/lat\\\/events\\\/kreativna-radionica-za-tinejdzere-zaronimo-dublje\\\/#primaryimage\"},\"image\":{\"@id\":\"http:\\\/\\\/www.galerijamaticesrpske.rs\\\/lat\\\/events\\\/kreativna-radionica-za-tinejdzere-zaronimo-dublje\\\/#primaryimage\"},\"thumbnailUrl\":\"https:\\\/\\\/www.galerijamaticesrpske.rs\\\/wp-content\\\/uploads\\\/2025\\\/09\\\/1920x1080_srp.jpg\",\"datePublished\":\"2025-10-03T10:24:19+00:00\",\"description\":\"Na na\u0161im narednim vi\u0111enjima u okviru izlo\u017ebe Lazar Vozarevi\u0107. Galerija u gostima zaroni\u0107emo dublje u njegovo stvarala\u0161tvo kako bismo ga detaljno istra\u017eili.\",\"breadcrumb\":{\"@id\":\"http:\\\/\\\/www.galerijamaticesrpske.rs\\\/lat\\\/events\\\/kreativna-radionica-za-tinejdzere-zaronimo-dublje\\\/#breadcrumb\"},\"inLanguage\":\"sr-LAT\",\"potentialAction\":[{\"@type\":\"ReadAction\",\"target\":[\"http:\\\/\\\/www.galerijamaticesrpske.rs\\\/lat\\\/events\\\/kreativna-radionica-za-tinejdzere-zaronimo-dublje\\\/\"]}]},{\"@type\":\"ImageObject\",\"inLanguage\":\"sr-LAT\",\"@id\":\"http:\\\/\\\/www.galerijamaticesrpske.rs\\\/lat\\\/events\\\/kreativna-radionica-za-tinejdzere-zaronimo-dublje\\\/#primaryimage\",\"url\":\"https:\\\/\\\/www.galerijamaticesrpske.rs\\\/wp-content\\\/uploads\\\/2025\\\/09\\\/1920x1080_srp.jpg\",\"contentUrl\":\"https:\\\/\\\/www.galerijamaticesrpske.rs\\\/wp-content\\\/uploads\\\/2025\\\/09\\\/1920x1080_srp.jpg\",\"width\":1920,\"height\":1080},{\"@type\":\"BreadcrumbList\",\"@id\":\"http:\\\/\\\/www.galerijamaticesrpske.rs\\\/lat\\\/events\\\/kreativna-radionica-za-tinejdzere-zaronimo-dublje\\\/#breadcrumb\",\"itemListElement\":[{\"@type\":\"ListItem\",\"position\":1,\"name\":\"\u041f\u043e\u0447\u0435\u0442\u043d\u0430\",\"item\":\"http:\\\/\\\/www.galerijamaticesrpske.rs\\\/lat\\\/\"},{\"@type\":\"ListItem\",\"position\":2,\"name\":\"Events\",\"item\":\"http:\\\/\\\/www.galerijamaticesrpske.rs\\\/lat\\\/events\\\/\"},{\"@type\":\"ListItem\",\"position\":3,\"name\":\"Kreativna radionica za tinejd\u017eere \u2013 Zaronimo dublje\"}]},{\"@type\":\"WebSite\",\"@id\":\"https:\\\/\\\/www.galerijamaticesrpske.rs\\\/#website\",\"url\":\"https:\\\/\\\/www.galerijamaticesrpske.rs\\\/\",\"name\":\"Galerija Matice srpske\",\"description\":\"Muzej srpske nacionalne umetnosti u Novom Sadu\",\"publisher\":{\"@id\":\"https:\\\/\\\/www.galerijamaticesrpske.rs\\\/#organization\"},\"potentialAction\":[{\"@type\":\"SearchAction\",\"target\":{\"@type\":\"EntryPoint\",\"urlTemplate\":\"https:\\\/\\\/www.galerijamaticesrpske.rs\\\/?s={search_term_string}\"},\"query-input\":{\"@type\":\"PropertyValueSpecification\",\"valueRequired\":true,\"valueName\":\"search_term_string\"}}],\"inLanguage\":\"sr-LAT\"},{\"@type\":\"Organization\",\"@id\":\"https:\\\/\\\/www.galerijamaticesrpske.rs\\\/#organization\",\"name\":\"Galerija Matice srpske\",\"url\":\"https:\\\/\\\/www.galerijamaticesrpske.rs\\\/\",\"logo\":{\"@type\":\"ImageObject\",\"inLanguage\":\"sr-LAT\",\"@id\":\"https:\\\/\\\/www.galerijamaticesrpske.rs\\\/#\\\/schema\\\/logo\\\/image\\\/\",\"url\":\"https:\\\/\\\/www.galerijamaticesrpske.rs\\\/wp-content\\\/uploads\\\/2021\\\/01\\\/gms-logo-za-sajt.svg\",\"contentUrl\":\"https:\\\/\\\/www.galerijamaticesrpske.rs\\\/wp-content\\\/uploads\\\/2021\\\/01\\\/gms-logo-za-sajt.svg\",\"width\":1,\"height\":1,\"caption\":\"Galerija Matice srpske\"},\"image\":{\"@id\":\"https:\\\/\\\/www.galerijamaticesrpske.rs\\\/#\\\/schema\\\/logo\\\/image\\\/\"}}]}<\/script>\n<!-- \/ Yoast SEO plugin. -->","yoast_head_json":{"title":"Kreativna radionica za tinejd\u017eere \u2013 Zaronimo dublje | Galerija Matice srpske","description":"Na na\u0161im narednim vi\u0111enjima u okviru izlo\u017ebe Lazar Vozarevi\u0107. Galerija u gostima zaroni\u0107emo dublje u njegovo stvarala\u0161tvo kako bismo ga detaljno istra\u017eili.","robots":{"index":"index","follow":"follow","max-snippet":"max-snippet:-1","max-image-preview":"max-image-preview:large","max-video-preview":"max-video-preview:-1"},"canonical":"http:\/\/www.galerijamaticesrpske.rs\/lat\/events\/kreativna-radionica-za-tinejdzere-zaronimo-dublje\/","og_locale":"en_US","og_type":"article","og_title":"Kreativna radionica za tinejd\u017eere \u2013 Zaronimo dublje | Galerija Matice srpske","og_description":"Na na\u0161im narednim vi\u0111enjima u okviru izlo\u017ebe Lazar Vozarevi\u0107. Galerija u gostima zaroni\u0107emo dublje u njegovo stvarala\u0161tvo kako bismo ga detaljno istra\u017eili.","og_url":"http:\/\/www.galerijamaticesrpske.rs\/lat\/events\/kreativna-radionica-za-tinejdzere-zaronimo-dublje\/","og_site_name":"Galerija Matice srpske","og_image":[{"width":1920,"height":1080,"url":"http:\/\/www.galerijamaticesrpske.rs\/wp-content\/uploads\/2025\/09\/1920x1080_srp.jpg","type":"image\/jpeg"}],"twitter_card":"summary_large_image","twitter_misc":{"Est. reading time":"1 minute"},"schema":{"@context":"https:\/\/schema.org","@graph":[{"@type":"WebPage","@id":"http:\/\/www.galerijamaticesrpske.rs\/lat\/events\/kreativna-radionica-za-tinejdzere-zaronimo-dublje\/","url":"http:\/\/www.galerijamaticesrpske.rs\/lat\/events\/kreativna-radionica-za-tinejdzere-zaronimo-dublje\/","name":"Kreativna radionica za tinejd\u017eere \u2013 Zaronimo dublje | Galerija Matice srpske","isPartOf":{"@id":"https:\/\/www.galerijamaticesrpske.rs\/#website"},"primaryImageOfPage":{"@id":"http:\/\/www.galerijamaticesrpske.rs\/lat\/events\/kreativna-radionica-za-tinejdzere-zaronimo-dublje\/#primaryimage"},"image":{"@id":"http:\/\/www.galerijamaticesrpske.rs\/lat\/events\/kreativna-radionica-za-tinejdzere-zaronimo-dublje\/#primaryimage"},"thumbnailUrl":"https:\/\/www.galerijamaticesrpske.rs\/wp-content\/uploads\/2025\/09\/1920x1080_srp.jpg","datePublished":"2025-10-03T10:24:19+00:00","description":"Na na\u0161im narednim vi\u0111enjima u okviru izlo\u017ebe Lazar Vozarevi\u0107. Galerija u gostima zaroni\u0107emo dublje u njegovo stvarala\u0161tvo kako bismo ga detaljno istra\u017eili.","breadcrumb":{"@id":"http:\/\/www.galerijamaticesrpske.rs\/lat\/events\/kreativna-radionica-za-tinejdzere-zaronimo-dublje\/#breadcrumb"},"inLanguage":"sr-LAT","potentialAction":[{"@type":"ReadAction","target":["http:\/\/www.galerijamaticesrpske.rs\/lat\/events\/kreativna-radionica-za-tinejdzere-zaronimo-dublje\/"]}]},{"@type":"ImageObject","inLanguage":"sr-LAT","@id":"http:\/\/www.galerijamaticesrpske.rs\/lat\/events\/kreativna-radionica-za-tinejdzere-zaronimo-dublje\/#primaryimage","url":"https:\/\/www.galerijamaticesrpske.rs\/wp-content\/uploads\/2025\/09\/1920x1080_srp.jpg","contentUrl":"https:\/\/www.galerijamaticesrpske.rs\/wp-content\/uploads\/2025\/09\/1920x1080_srp.jpg","width":1920,"height":1080},{"@type":"BreadcrumbList","@id":"http:\/\/www.galerijamaticesrpske.rs\/lat\/events\/kreativna-radionica-za-tinejdzere-zaronimo-dublje\/#breadcrumb","itemListElement":[{"@type":"ListItem","position":1,"name":"\u041f\u043e\u0447\u0435\u0442\u043d\u0430","item":"http:\/\/www.galerijamaticesrpske.rs\/lat\/"},{"@type":"ListItem","position":2,"name":"Events","item":"http:\/\/www.galerijamaticesrpske.rs\/lat\/events\/"},{"@type":"ListItem","position":3,"name":"Kreativna radionica za tinejd\u017eere \u2013 Zaronimo dublje"}]},{"@type":"WebSite","@id":"https:\/\/www.galerijamaticesrpske.rs\/#website","url":"https:\/\/www.galerijamaticesrpske.rs\/","name":"Galerija Matice srpske","description":"Muzej srpske nacionalne umetnosti u Novom Sadu","publisher":{"@id":"https:\/\/www.galerijamaticesrpske.rs\/#organization"},"potentialAction":[{"@type":"SearchAction","target":{"@type":"EntryPoint","urlTemplate":"https:\/\/www.galerijamaticesrpske.rs\/?s={search_term_string}"},"query-input":{"@type":"PropertyValueSpecification","valueRequired":true,"valueName":"search_term_string"}}],"inLanguage":"sr-LAT"},{"@type":"Organization","@id":"https:\/\/www.galerijamaticesrpske.rs\/#organization","name":"Galerija Matice srpske","url":"https:\/\/www.galerijamaticesrpske.rs\/","logo":{"@type":"ImageObject","inLanguage":"sr-LAT","@id":"https:\/\/www.galerijamaticesrpske.rs\/#\/schema\/logo\/image\/","url":"https:\/\/www.galerijamaticesrpske.rs\/wp-content\/uploads\/2021\/01\/gms-logo-za-sajt.svg","contentUrl":"https:\/\/www.galerijamaticesrpske.rs\/wp-content\/uploads\/2021\/01\/gms-logo-za-sajt.svg","width":1,"height":1,"caption":"Galerija Matice srpske"},"image":{"@id":"https:\/\/www.galerijamaticesrpske.rs\/#\/schema\/logo\/image\/"}}]}},"_links":{"self":[{"href":"https:\/\/www.galerijamaticesrpske.rs\/lat\/wp-json\/wp\/v2\/mec-events\/15694","targetHints":{"allow":["GET"]}}],"collection":[{"href":"https:\/\/www.galerijamaticesrpske.rs\/lat\/wp-json\/wp\/v2\/mec-events"}],"about":[{"href":"https:\/\/www.galerijamaticesrpske.rs\/lat\/wp-json\/wp\/v2\/types\/mec-events"}],"author":[{"embeddable":true,"href":"https:\/\/www.galerijamaticesrpske.rs\/lat\/wp-json\/wp\/v2\/users\/2"}],"replies":[{"embeddable":true,"href":"https:\/\/www.galerijamaticesrpske.rs\/lat\/wp-json\/wp\/v2\/comments?post=15694"}],"wp:featuredmedia":[{"embeddable":true,"href":"https:\/\/www.galerijamaticesrpske.rs\/lat\/wp-json\/wp\/v2\/media\/15544"}],"wp:attachment":[{"href":"https:\/\/www.galerijamaticesrpske.rs\/lat\/wp-json\/wp\/v2\/media?parent=15694"}],"wp:term":[{"taxonomy":"post_tag","embeddable":true,"href":"https:\/\/www.galerijamaticesrpske.rs\/lat\/wp-json\/wp\/v2\/tags?post=15694"},{"taxonomy":"mec_category","embeddable":true,"href":"https:\/\/www.galerijamaticesrpske.rs\/lat\/wp-json\/wp\/v2\/mec_category?post=15694"}],"curies":[{"name":"wp","href":"https:\/\/api.w.org\/{rel}","templated":true}]}}