{"id":15702,"date":"2025-10-07T13:56:26","date_gmt":"2025-10-07T13:56:26","guid":{"rendered":"https:\/\/www.galerijamaticesrpske.rs\/?post_type=mec-events&#038;p=15702"},"modified":"2025-10-07T13:56:26","modified_gmt":"2025-10-07T13:56:26","slug":"kreativna-radionica-za-decu-skockana-porodica","status":"publish","type":"mec-events","link":"https:\/\/www.galerijamaticesrpske.rs\/lat\/events\/kreativna-radionica-za-decu-skockana-porodica\/","title":{"rendered":"Kreativna radionica za decu \u2013 Skockana porodica"},"content":{"rendered":"<p>Nastavljamo da produbljujemo poznavanje stvarala\u0161tva Lazara Vozarevi\u0107a na izlo\u017ebi <em>Lazar Vozarevi\u0107. Galerija u gostima<\/em>. Tokom radionice <em>Skockana porodica<\/em>, deca \u0107e se otkriti magi\u010dne mo\u0107i geometrijskih oblika i boja \u2013 likovnih elemenata koji mogu da ispri\u010daju mnoge pri\u010de, a koje je Lazar Vozarevi\u0107 najvi\u0161e voleo da koristi u jednom periodu stvala\u0161tva. Koriste\u0107i njihove mo\u0107i, bavio se raznim va\u017enim temama, a jedan od njih je porodica. U kreativnom delu radionice, deca \u0107e tehnikom crte\u017ea i kola\u017ea slo\u017eiti svoju \u201eskockanu\u201c porodicu.<\/p>\n<p>Molimo decu i tinejd\u017eere koji se prijave na radionicu da ponesu jednu fotografiju svoje porodice, kako bismo mogli da je uporedimo sa Lazarevom slikom <em>Porodica<\/em>.<\/p>\n<p>Radionice se organizuju za <strong>maksimalno 15 dece uzrasta od 5 do 10 godina<\/strong>. U\u010de\u0161\u0107e deteta na radionici potrebno je prijaviti popunjavanjem elektronskog upitnika. Cena radionice iznosi 200 dinara po detetu.<\/p>\n","protected":false},"excerpt":{"rendered":"<p>Nastavljamo da produbljujemo poznavanje stvarala\u0161tva Lazara Vozarevi\u0107a na izlo\u017ebi Lazar Vozarevi\u0107. Galerija u gostima. Tokom radionice Skockana porodica, deca \u0107e se otkriti magi\u010dne mo\u0107i geometrijskih oblika i boja \u2013 likovnih elemenata koji mogu da ispri\u010daju mnoge pri\u010de, a koje je Lazar Vozarevi\u0107 najvi\u0161e voleo da koristi u jednom periodu stvala\u0161tva. Koriste\u0107i njihove mo\u0107i, bavio se<\/p>\n","protected":false},"author":2,"featured_media":15544,"comment_status":"closed","ping_status":"closed","template":"","tags":[],"mec_category":[104],"class_list":["post-15702","mec-events","type-mec-events","status-publish","has-post-thumbnail","hentry","mec_category-kreativne-radionice-za-decu-subotom"],"acf":[],"yoast_head":"<!-- This site is optimized with the Yoast SEO plugin v27.3 - https:\/\/yoast.com\/product\/yoast-seo-wordpress\/ -->\n<title>Kreativna radionica za decu \u2013 Skockana porodica | Galerija Matice srpske<\/title>\n<meta name=\"description\" content=\"Nastavljamo da produbljujemo poznavanje stvarala\u0161tva Lazara Vozarevi\u0107a na izlo\u017ebi Lazar Vozarevi\u0107. Galerija u gostima.\" \/>\n<meta name=\"robots\" content=\"index, follow, max-snippet:-1, max-image-preview:large, max-video-preview:-1\" \/>\n<link rel=\"canonical\" href=\"http:\/\/www.galerijamaticesrpske.rs\/lat\/events\/kreativna-radionica-za-decu-skockana-porodica\/\" \/>\n<meta property=\"og:locale\" content=\"en_US\" \/>\n<meta property=\"og:type\" content=\"article\" \/>\n<meta property=\"og:title\" content=\"Kreativna radionica za decu \u2013 Skockana porodica | Galerija Matice srpske\" \/>\n<meta property=\"og:description\" content=\"Nastavljamo da produbljujemo poznavanje stvarala\u0161tva Lazara Vozarevi\u0107a na izlo\u017ebi Lazar Vozarevi\u0107. Galerija u gostima.\" \/>\n<meta property=\"og:url\" content=\"http:\/\/www.galerijamaticesrpske.rs\/lat\/events\/kreativna-radionica-za-decu-skockana-porodica\/\" \/>\n<meta property=\"og:site_name\" content=\"Galerija Matice srpske\" \/>\n<meta property=\"og:image\" content=\"http:\/\/www.galerijamaticesrpske.rs\/wp-content\/uploads\/2025\/09\/1920x1080_srp.jpg\" \/>\n\t<meta property=\"og:image:width\" content=\"1920\" \/>\n\t<meta property=\"og:image:height\" content=\"1080\" \/>\n\t<meta property=\"og:image:type\" content=\"image\/jpeg\" \/>\n<meta name=\"twitter:card\" content=\"summary_large_image\" \/>\n<meta name=\"twitter:label1\" content=\"Est. reading time\" \/>\n\t<meta name=\"twitter:data1\" content=\"1 minute\" \/>\n<script type=\"application\/ld+json\" class=\"yoast-schema-graph\">{\"@context\":\"https:\\\/\\\/schema.org\",\"@graph\":[{\"@type\":\"WebPage\",\"@id\":\"http:\\\/\\\/www.galerijamaticesrpske.rs\\\/lat\\\/events\\\/kreativna-radionica-za-decu-skockana-porodica\\\/\",\"url\":\"http:\\\/\\\/www.galerijamaticesrpske.rs\\\/lat\\\/events\\\/kreativna-radionica-za-decu-skockana-porodica\\\/\",\"name\":\"Kreativna radionica za decu \u2013 Skockana porodica | Galerija Matice srpske\",\"isPartOf\":{\"@id\":\"https:\\\/\\\/www.galerijamaticesrpske.rs\\\/#website\"},\"primaryImageOfPage\":{\"@id\":\"http:\\\/\\\/www.galerijamaticesrpske.rs\\\/lat\\\/events\\\/kreativna-radionica-za-decu-skockana-porodica\\\/#primaryimage\"},\"image\":{\"@id\":\"http:\\\/\\\/www.galerijamaticesrpske.rs\\\/lat\\\/events\\\/kreativna-radionica-za-decu-skockana-porodica\\\/#primaryimage\"},\"thumbnailUrl\":\"https:\\\/\\\/www.galerijamaticesrpske.rs\\\/wp-content\\\/uploads\\\/2025\\\/09\\\/1920x1080_srp.jpg\",\"datePublished\":\"2025-10-07T13:56:26+00:00\",\"description\":\"Nastavljamo da produbljujemo poznavanje stvarala\u0161tva Lazara Vozarevi\u0107a na izlo\u017ebi Lazar Vozarevi\u0107. Galerija u gostima.\",\"breadcrumb\":{\"@id\":\"http:\\\/\\\/www.galerijamaticesrpske.rs\\\/lat\\\/events\\\/kreativna-radionica-za-decu-skockana-porodica\\\/#breadcrumb\"},\"inLanguage\":\"sr-LAT\",\"potentialAction\":[{\"@type\":\"ReadAction\",\"target\":[\"http:\\\/\\\/www.galerijamaticesrpske.rs\\\/lat\\\/events\\\/kreativna-radionica-za-decu-skockana-porodica\\\/\"]}]},{\"@type\":\"ImageObject\",\"inLanguage\":\"sr-LAT\",\"@id\":\"http:\\\/\\\/www.galerijamaticesrpske.rs\\\/lat\\\/events\\\/kreativna-radionica-za-decu-skockana-porodica\\\/#primaryimage\",\"url\":\"https:\\\/\\\/www.galerijamaticesrpske.rs\\\/wp-content\\\/uploads\\\/2025\\\/09\\\/1920x1080_srp.jpg\",\"contentUrl\":\"https:\\\/\\\/www.galerijamaticesrpske.rs\\\/wp-content\\\/uploads\\\/2025\\\/09\\\/1920x1080_srp.jpg\",\"width\":1920,\"height\":1080},{\"@type\":\"BreadcrumbList\",\"@id\":\"http:\\\/\\\/www.galerijamaticesrpske.rs\\\/lat\\\/events\\\/kreativna-radionica-za-decu-skockana-porodica\\\/#breadcrumb\",\"itemListElement\":[{\"@type\":\"ListItem\",\"position\":1,\"name\":\"\u041f\u043e\u0447\u0435\u0442\u043d\u0430\",\"item\":\"http:\\\/\\\/www.galerijamaticesrpske.rs\\\/lat\\\/\"},{\"@type\":\"ListItem\",\"position\":2,\"name\":\"Events\",\"item\":\"http:\\\/\\\/www.galerijamaticesrpske.rs\\\/lat\\\/events\\\/\"},{\"@type\":\"ListItem\",\"position\":3,\"name\":\"Kreativna radionica za decu \u2013 Skockana porodica\"}]},{\"@type\":\"WebSite\",\"@id\":\"https:\\\/\\\/www.galerijamaticesrpske.rs\\\/#website\",\"url\":\"https:\\\/\\\/www.galerijamaticesrpske.rs\\\/\",\"name\":\"Galerija Matice srpske\",\"description\":\"Muzej srpske nacionalne umetnosti u Novom Sadu\",\"publisher\":{\"@id\":\"https:\\\/\\\/www.galerijamaticesrpske.rs\\\/#organization\"},\"potentialAction\":[{\"@type\":\"SearchAction\",\"target\":{\"@type\":\"EntryPoint\",\"urlTemplate\":\"https:\\\/\\\/www.galerijamaticesrpske.rs\\\/?s={search_term_string}\"},\"query-input\":{\"@type\":\"PropertyValueSpecification\",\"valueRequired\":true,\"valueName\":\"search_term_string\"}}],\"inLanguage\":\"sr-LAT\"},{\"@type\":\"Organization\",\"@id\":\"https:\\\/\\\/www.galerijamaticesrpske.rs\\\/#organization\",\"name\":\"Galerija Matice srpske\",\"url\":\"https:\\\/\\\/www.galerijamaticesrpske.rs\\\/\",\"logo\":{\"@type\":\"ImageObject\",\"inLanguage\":\"sr-LAT\",\"@id\":\"https:\\\/\\\/www.galerijamaticesrpske.rs\\\/#\\\/schema\\\/logo\\\/image\\\/\",\"url\":\"https:\\\/\\\/www.galerijamaticesrpske.rs\\\/wp-content\\\/uploads\\\/2021\\\/01\\\/gms-logo-za-sajt.svg\",\"contentUrl\":\"https:\\\/\\\/www.galerijamaticesrpske.rs\\\/wp-content\\\/uploads\\\/2021\\\/01\\\/gms-logo-za-sajt.svg\",\"width\":1,\"height\":1,\"caption\":\"Galerija Matice srpske\"},\"image\":{\"@id\":\"https:\\\/\\\/www.galerijamaticesrpske.rs\\\/#\\\/schema\\\/logo\\\/image\\\/\"}}]}<\/script>\n<!-- \/ Yoast SEO plugin. -->","yoast_head_json":{"title":"Kreativna radionica za decu \u2013 Skockana porodica | Galerija Matice srpske","description":"Nastavljamo da produbljujemo poznavanje stvarala\u0161tva Lazara Vozarevi\u0107a na izlo\u017ebi Lazar Vozarevi\u0107. Galerija u gostima.","robots":{"index":"index","follow":"follow","max-snippet":"max-snippet:-1","max-image-preview":"max-image-preview:large","max-video-preview":"max-video-preview:-1"},"canonical":"http:\/\/www.galerijamaticesrpske.rs\/lat\/events\/kreativna-radionica-za-decu-skockana-porodica\/","og_locale":"en_US","og_type":"article","og_title":"Kreativna radionica za decu \u2013 Skockana porodica | Galerija Matice srpske","og_description":"Nastavljamo da produbljujemo poznavanje stvarala\u0161tva Lazara Vozarevi\u0107a na izlo\u017ebi Lazar Vozarevi\u0107. Galerija u gostima.","og_url":"http:\/\/www.galerijamaticesrpske.rs\/lat\/events\/kreativna-radionica-za-decu-skockana-porodica\/","og_site_name":"Galerija Matice srpske","og_image":[{"width":1920,"height":1080,"url":"http:\/\/www.galerijamaticesrpske.rs\/wp-content\/uploads\/2025\/09\/1920x1080_srp.jpg","type":"image\/jpeg"}],"twitter_card":"summary_large_image","twitter_misc":{"Est. reading time":"1 minute"},"schema":{"@context":"https:\/\/schema.org","@graph":[{"@type":"WebPage","@id":"http:\/\/www.galerijamaticesrpske.rs\/lat\/events\/kreativna-radionica-za-decu-skockana-porodica\/","url":"http:\/\/www.galerijamaticesrpske.rs\/lat\/events\/kreativna-radionica-za-decu-skockana-porodica\/","name":"Kreativna radionica za decu \u2013 Skockana porodica | Galerija Matice srpske","isPartOf":{"@id":"https:\/\/www.galerijamaticesrpske.rs\/#website"},"primaryImageOfPage":{"@id":"http:\/\/www.galerijamaticesrpske.rs\/lat\/events\/kreativna-radionica-za-decu-skockana-porodica\/#primaryimage"},"image":{"@id":"http:\/\/www.galerijamaticesrpske.rs\/lat\/events\/kreativna-radionica-za-decu-skockana-porodica\/#primaryimage"},"thumbnailUrl":"https:\/\/www.galerijamaticesrpske.rs\/wp-content\/uploads\/2025\/09\/1920x1080_srp.jpg","datePublished":"2025-10-07T13:56:26+00:00","description":"Nastavljamo da produbljujemo poznavanje stvarala\u0161tva Lazara Vozarevi\u0107a na izlo\u017ebi Lazar Vozarevi\u0107. Galerija u gostima.","breadcrumb":{"@id":"http:\/\/www.galerijamaticesrpske.rs\/lat\/events\/kreativna-radionica-za-decu-skockana-porodica\/#breadcrumb"},"inLanguage":"sr-LAT","potentialAction":[{"@type":"ReadAction","target":["http:\/\/www.galerijamaticesrpske.rs\/lat\/events\/kreativna-radionica-za-decu-skockana-porodica\/"]}]},{"@type":"ImageObject","inLanguage":"sr-LAT","@id":"http:\/\/www.galerijamaticesrpske.rs\/lat\/events\/kreativna-radionica-za-decu-skockana-porodica\/#primaryimage","url":"https:\/\/www.galerijamaticesrpske.rs\/wp-content\/uploads\/2025\/09\/1920x1080_srp.jpg","contentUrl":"https:\/\/www.galerijamaticesrpske.rs\/wp-content\/uploads\/2025\/09\/1920x1080_srp.jpg","width":1920,"height":1080},{"@type":"BreadcrumbList","@id":"http:\/\/www.galerijamaticesrpske.rs\/lat\/events\/kreativna-radionica-za-decu-skockana-porodica\/#breadcrumb","itemListElement":[{"@type":"ListItem","position":1,"name":"\u041f\u043e\u0447\u0435\u0442\u043d\u0430","item":"http:\/\/www.galerijamaticesrpske.rs\/lat\/"},{"@type":"ListItem","position":2,"name":"Events","item":"http:\/\/www.galerijamaticesrpske.rs\/lat\/events\/"},{"@type":"ListItem","position":3,"name":"Kreativna radionica za decu \u2013 Skockana porodica"}]},{"@type":"WebSite","@id":"https:\/\/www.galerijamaticesrpske.rs\/#website","url":"https:\/\/www.galerijamaticesrpske.rs\/","name":"Galerija Matice srpske","description":"Muzej srpske nacionalne umetnosti u Novom Sadu","publisher":{"@id":"https:\/\/www.galerijamaticesrpske.rs\/#organization"},"potentialAction":[{"@type":"SearchAction","target":{"@type":"EntryPoint","urlTemplate":"https:\/\/www.galerijamaticesrpske.rs\/?s={search_term_string}"},"query-input":{"@type":"PropertyValueSpecification","valueRequired":true,"valueName":"search_term_string"}}],"inLanguage":"sr-LAT"},{"@type":"Organization","@id":"https:\/\/www.galerijamaticesrpske.rs\/#organization","name":"Galerija Matice srpske","url":"https:\/\/www.galerijamaticesrpske.rs\/","logo":{"@type":"ImageObject","inLanguage":"sr-LAT","@id":"https:\/\/www.galerijamaticesrpske.rs\/#\/schema\/logo\/image\/","url":"https:\/\/www.galerijamaticesrpske.rs\/wp-content\/uploads\/2021\/01\/gms-logo-za-sajt.svg","contentUrl":"https:\/\/www.galerijamaticesrpske.rs\/wp-content\/uploads\/2021\/01\/gms-logo-za-sajt.svg","width":1,"height":1,"caption":"Galerija Matice srpske"},"image":{"@id":"https:\/\/www.galerijamaticesrpske.rs\/#\/schema\/logo\/image\/"}}]}},"_links":{"self":[{"href":"https:\/\/www.galerijamaticesrpske.rs\/lat\/wp-json\/wp\/v2\/mec-events\/15702","targetHints":{"allow":["GET"]}}],"collection":[{"href":"https:\/\/www.galerijamaticesrpske.rs\/lat\/wp-json\/wp\/v2\/mec-events"}],"about":[{"href":"https:\/\/www.galerijamaticesrpske.rs\/lat\/wp-json\/wp\/v2\/types\/mec-events"}],"author":[{"embeddable":true,"href":"https:\/\/www.galerijamaticesrpske.rs\/lat\/wp-json\/wp\/v2\/users\/2"}],"replies":[{"embeddable":true,"href":"https:\/\/www.galerijamaticesrpske.rs\/lat\/wp-json\/wp\/v2\/comments?post=15702"}],"wp:featuredmedia":[{"embeddable":true,"href":"https:\/\/www.galerijamaticesrpske.rs\/lat\/wp-json\/wp\/v2\/media\/15544"}],"wp:attachment":[{"href":"https:\/\/www.galerijamaticesrpske.rs\/lat\/wp-json\/wp\/v2\/media?parent=15702"}],"wp:term":[{"taxonomy":"post_tag","embeddable":true,"href":"https:\/\/www.galerijamaticesrpske.rs\/lat\/wp-json\/wp\/v2\/tags?post=15702"},{"taxonomy":"mec_category","embeddable":true,"href":"https:\/\/www.galerijamaticesrpske.rs\/lat\/wp-json\/wp\/v2\/mec_category?post=15702"}],"curies":[{"name":"wp","href":"https:\/\/api.w.org\/{rel}","templated":true}]}}