{"id":15718,"date":"2025-10-07T14:05:14","date_gmt":"2025-10-07T14:05:14","guid":{"rendered":"https:\/\/www.galerijamaticesrpske.rs\/?post_type=mec-events&#038;p=15718"},"modified":"2025-10-07T14:05:14","modified_gmt":"2025-10-07T14:05:14","slug":"koncert-za-decu-dobro-drvo","status":"publish","type":"mec-events","link":"https:\/\/www.galerijamaticesrpske.rs\/lat\/events\/koncert-za-decu-dobro-drvo\/","title":{"rendered":"Koncert za decu \u201eDobro drvo\u201c"},"content":{"rendered":"<p>Draga deco,<\/p>\n<p>Pozivamo da 25. oktobra povedete svoje roditelje u Galeriju Matice srpske kako biste zajedno u\u017eivali u kratkom muzi\u010dko-scenskom spektaklu namenjenom porodicama sa decom uzrasta od 3 do 10 godina.<\/p>\n<p>Program se sastoji od koncerta pa\u017eljivo odabranih kompozicija klasi\u010dne muzike za decu, koje \u0107e svirati guda\u010dki kvartet Tajj. Koncert prati gluma\u010dka interpretacija pri\u010de za decu \u201eDobro drvo\u201c u izvedbi glumca Milovana Filipovi\u0107a. Muzi\u010dko-scenski program upotpunjavaju ilustracije prikazane na ekranu.<\/p>\n<p>Pri\u010da je pou\u010dna kako za decu, tako i za roditelje.<\/p>\n<p>&nbsp;<\/p>\n<p>Popunite upitnik na linku kako biste se prijavili za koncert.<\/p>\n<p>Link za prijavu za koncert u 11.00 sati: https:\/\/forms.gle\/DGiHzgZeUK79q3NH6<\/p>\n<p>Link za prijavu za koncert u 12.00 sati: https:\/\/forms.gle\/3nRP2QYzaZQX9bv17<\/p>\n<p>Za vi\u0161e informacija o programu i prijavama mo\u017eete pozvati broj telefona 0214899017\/18 ili poslati mejl na adresu decjiprogrami@galerijamaticesrpske.rs.<\/p>\n","protected":false},"excerpt":{"rendered":"<p>Draga deco, Pozivamo da 25. oktobra povedete svoje roditelje u Galeriju Matice srpske kako biste zajedno u\u017eivali u kratkom muzi\u010dko-scenskom spektaklu namenjenom porodicama sa decom uzrasta od 3 do 10 godina. Program se sastoji od koncerta pa\u017eljivo odabranih kompozicija klasi\u010dne muzike za decu, koje \u0107e svirati guda\u010dki kvartet Tajj. Koncert prati gluma\u010dka interpretacija pri\u010de za<\/p>\n","protected":false},"author":2,"featured_media":15717,"comment_status":"closed","ping_status":"closed","template":"","tags":[],"mec_category":[103],"class_list":["post-15718","mec-events","type-mec-events","status-publish","has-post-thumbnail","hentry","mec_category-koncerti"],"acf":[],"yoast_head":"<!-- This site is optimized with the Yoast SEO plugin v27.3 - https:\/\/yoast.com\/product\/yoast-seo-wordpress\/ -->\n<title>Koncert za decu \u201eDobro drvo\u201c | Galerija Matice srpske<\/title>\n<meta name=\"description\" content=\"Pozivamo da 25. oktobra povedete svoje roditelje u Galeriju Matice srpske kako biste zajedno u\u017eivali u kratkom muzi\u010dko-scenskom spektaklu namenjenom porodicama sa decom uzrasta od 3 do 10 godina.\" \/>\n<meta name=\"robots\" content=\"index, follow, max-snippet:-1, max-image-preview:large, max-video-preview:-1\" \/>\n<link rel=\"canonical\" href=\"https:\/\/www.galerijamaticesrpske.rs\/lat\/events\/koncert-za-decu-dobro-drvo\/\" \/>\n<meta property=\"og:locale\" content=\"en_US\" \/>\n<meta property=\"og:type\" content=\"article\" \/>\n<meta property=\"og:title\" content=\"Koncert za decu \u201eDobro drvo\u201c | Galerija Matice srpske\" \/>\n<meta property=\"og:description\" content=\"Pozivamo da 25. oktobra povedete svoje roditelje u Galeriju Matice srpske kako biste zajedno u\u017eivali u kratkom muzi\u010dko-scenskom spektaklu namenjenom porodicama sa decom uzrasta od 3 do 10 godina.\" \/>\n<meta property=\"og:url\" content=\"https:\/\/www.galerijamaticesrpske.rs\/lat\/events\/koncert-za-decu-dobro-drvo\/\" \/>\n<meta property=\"og:site_name\" content=\"Galerija Matice srpske\" \/>\n<meta property=\"og:image\" content=\"https:\/\/www.galerijamaticesrpske.rs\/wp-content\/uploads\/2025\/10\/baner-oktobar-1.jpg\" \/>\n\t<meta property=\"og:image:width\" content=\"2500\" \/>\n\t<meta property=\"og:image:height\" content=\"951\" \/>\n\t<meta property=\"og:image:type\" content=\"image\/jpeg\" \/>\n<meta name=\"twitter:card\" content=\"summary_large_image\" \/>\n<meta name=\"twitter:label1\" content=\"Est. reading time\" \/>\n\t<meta name=\"twitter:data1\" content=\"1 minute\" \/>\n<script type=\"application\/ld+json\" class=\"yoast-schema-graph\">{\"@context\":\"https:\\\/\\\/schema.org\",\"@graph\":[{\"@type\":\"WebPage\",\"@id\":\"https:\\\/\\\/www.galerijamaticesrpske.rs\\\/lat\\\/events\\\/koncert-za-decu-dobro-drvo\\\/\",\"url\":\"https:\\\/\\\/www.galerijamaticesrpske.rs\\\/lat\\\/events\\\/koncert-za-decu-dobro-drvo\\\/\",\"name\":\"Koncert za decu \u201eDobro drvo\u201c | Galerija Matice srpske\",\"isPartOf\":{\"@id\":\"https:\\\/\\\/www.galerijamaticesrpske.rs\\\/#website\"},\"primaryImageOfPage\":{\"@id\":\"https:\\\/\\\/www.galerijamaticesrpske.rs\\\/lat\\\/events\\\/koncert-za-decu-dobro-drvo\\\/#primaryimage\"},\"image\":{\"@id\":\"https:\\\/\\\/www.galerijamaticesrpske.rs\\\/lat\\\/events\\\/koncert-za-decu-dobro-drvo\\\/#primaryimage\"},\"thumbnailUrl\":\"https:\\\/\\\/www.galerijamaticesrpske.rs\\\/wp-content\\\/uploads\\\/2025\\\/10\\\/baner-oktobar-1.jpg\",\"datePublished\":\"2025-10-07T14:05:14+00:00\",\"description\":\"Pozivamo da 25. oktobra povedete svoje roditelje u Galeriju Matice srpske kako biste zajedno u\u017eivali u kratkom muzi\u010dko-scenskom spektaklu namenjenom porodicama sa decom uzrasta od 3 do 10 godina.\",\"breadcrumb\":{\"@id\":\"https:\\\/\\\/www.galerijamaticesrpske.rs\\\/lat\\\/events\\\/koncert-za-decu-dobro-drvo\\\/#breadcrumb\"},\"inLanguage\":\"sr-LAT\",\"potentialAction\":[{\"@type\":\"ReadAction\",\"target\":[\"https:\\\/\\\/www.galerijamaticesrpske.rs\\\/lat\\\/events\\\/koncert-za-decu-dobro-drvo\\\/\"]}]},{\"@type\":\"ImageObject\",\"inLanguage\":\"sr-LAT\",\"@id\":\"https:\\\/\\\/www.galerijamaticesrpske.rs\\\/lat\\\/events\\\/koncert-za-decu-dobro-drvo\\\/#primaryimage\",\"url\":\"https:\\\/\\\/www.galerijamaticesrpske.rs\\\/wp-content\\\/uploads\\\/2025\\\/10\\\/baner-oktobar-1.jpg\",\"contentUrl\":\"https:\\\/\\\/www.galerijamaticesrpske.rs\\\/wp-content\\\/uploads\\\/2025\\\/10\\\/baner-oktobar-1.jpg\",\"width\":2500,\"height\":951},{\"@type\":\"BreadcrumbList\",\"@id\":\"https:\\\/\\\/www.galerijamaticesrpske.rs\\\/lat\\\/events\\\/koncert-za-decu-dobro-drvo\\\/#breadcrumb\",\"itemListElement\":[{\"@type\":\"ListItem\",\"position\":1,\"name\":\"\u041f\u043e\u0447\u0435\u0442\u043d\u0430\",\"item\":\"http:\\\/\\\/www.galerijamaticesrpske.rs\\\/lat\\\/\"},{\"@type\":\"ListItem\",\"position\":2,\"name\":\"Events\",\"item\":\"http:\\\/\\\/www.galerijamaticesrpske.rs\\\/lat\\\/events\\\/\"},{\"@type\":\"ListItem\",\"position\":3,\"name\":\"Koncert za decu \u201eDobro drvo\u201c\"}]},{\"@type\":\"WebSite\",\"@id\":\"https:\\\/\\\/www.galerijamaticesrpske.rs\\\/#website\",\"url\":\"https:\\\/\\\/www.galerijamaticesrpske.rs\\\/\",\"name\":\"Galerija Matice srpske\",\"description\":\"Muzej srpske nacionalne umetnosti u Novom Sadu\",\"publisher\":{\"@id\":\"https:\\\/\\\/www.galerijamaticesrpske.rs\\\/#organization\"},\"potentialAction\":[{\"@type\":\"SearchAction\",\"target\":{\"@type\":\"EntryPoint\",\"urlTemplate\":\"https:\\\/\\\/www.galerijamaticesrpske.rs\\\/?s={search_term_string}\"},\"query-input\":{\"@type\":\"PropertyValueSpecification\",\"valueRequired\":true,\"valueName\":\"search_term_string\"}}],\"inLanguage\":\"sr-LAT\"},{\"@type\":\"Organization\",\"@id\":\"https:\\\/\\\/www.galerijamaticesrpske.rs\\\/#organization\",\"name\":\"Galerija Matice srpske\",\"url\":\"https:\\\/\\\/www.galerijamaticesrpske.rs\\\/\",\"logo\":{\"@type\":\"ImageObject\",\"inLanguage\":\"sr-LAT\",\"@id\":\"https:\\\/\\\/www.galerijamaticesrpske.rs\\\/#\\\/schema\\\/logo\\\/image\\\/\",\"url\":\"https:\\\/\\\/www.galerijamaticesrpske.rs\\\/wp-content\\\/uploads\\\/2021\\\/01\\\/gms-logo-za-sajt.svg\",\"contentUrl\":\"https:\\\/\\\/www.galerijamaticesrpske.rs\\\/wp-content\\\/uploads\\\/2021\\\/01\\\/gms-logo-za-sajt.svg\",\"width\":1,\"height\":1,\"caption\":\"Galerija Matice srpske\"},\"image\":{\"@id\":\"https:\\\/\\\/www.galerijamaticesrpske.rs\\\/#\\\/schema\\\/logo\\\/image\\\/\"}}]}<\/script>\n<!-- \/ Yoast SEO plugin. -->","yoast_head_json":{"title":"Koncert za decu \u201eDobro drvo\u201c | Galerija Matice srpske","description":"Pozivamo da 25. oktobra povedete svoje roditelje u Galeriju Matice srpske kako biste zajedno u\u017eivali u kratkom muzi\u010dko-scenskom spektaklu namenjenom porodicama sa decom uzrasta od 3 do 10 godina.","robots":{"index":"index","follow":"follow","max-snippet":"max-snippet:-1","max-image-preview":"max-image-preview:large","max-video-preview":"max-video-preview:-1"},"canonical":"https:\/\/www.galerijamaticesrpske.rs\/lat\/events\/koncert-za-decu-dobro-drvo\/","og_locale":"en_US","og_type":"article","og_title":"Koncert za decu \u201eDobro drvo\u201c | Galerija Matice srpske","og_description":"Pozivamo da 25. oktobra povedete svoje roditelje u Galeriju Matice srpske kako biste zajedno u\u017eivali u kratkom muzi\u010dko-scenskom spektaklu namenjenom porodicama sa decom uzrasta od 3 do 10 godina.","og_url":"https:\/\/www.galerijamaticesrpske.rs\/lat\/events\/koncert-za-decu-dobro-drvo\/","og_site_name":"Galerija Matice srpske","og_image":[{"width":2500,"height":951,"url":"https:\/\/www.galerijamaticesrpske.rs\/wp-content\/uploads\/2025\/10\/baner-oktobar-1.jpg","type":"image\/jpeg"}],"twitter_card":"summary_large_image","twitter_misc":{"Est. reading time":"1 minute"},"schema":{"@context":"https:\/\/schema.org","@graph":[{"@type":"WebPage","@id":"https:\/\/www.galerijamaticesrpske.rs\/lat\/events\/koncert-za-decu-dobro-drvo\/","url":"https:\/\/www.galerijamaticesrpske.rs\/lat\/events\/koncert-za-decu-dobro-drvo\/","name":"Koncert za decu \u201eDobro drvo\u201c | Galerija Matice srpske","isPartOf":{"@id":"https:\/\/www.galerijamaticesrpske.rs\/#website"},"primaryImageOfPage":{"@id":"https:\/\/www.galerijamaticesrpske.rs\/lat\/events\/koncert-za-decu-dobro-drvo\/#primaryimage"},"image":{"@id":"https:\/\/www.galerijamaticesrpske.rs\/lat\/events\/koncert-za-decu-dobro-drvo\/#primaryimage"},"thumbnailUrl":"https:\/\/www.galerijamaticesrpske.rs\/wp-content\/uploads\/2025\/10\/baner-oktobar-1.jpg","datePublished":"2025-10-07T14:05:14+00:00","description":"Pozivamo da 25. oktobra povedete svoje roditelje u Galeriju Matice srpske kako biste zajedno u\u017eivali u kratkom muzi\u010dko-scenskom spektaklu namenjenom porodicama sa decom uzrasta od 3 do 10 godina.","breadcrumb":{"@id":"https:\/\/www.galerijamaticesrpske.rs\/lat\/events\/koncert-za-decu-dobro-drvo\/#breadcrumb"},"inLanguage":"sr-LAT","potentialAction":[{"@type":"ReadAction","target":["https:\/\/www.galerijamaticesrpske.rs\/lat\/events\/koncert-za-decu-dobro-drvo\/"]}]},{"@type":"ImageObject","inLanguage":"sr-LAT","@id":"https:\/\/www.galerijamaticesrpske.rs\/lat\/events\/koncert-za-decu-dobro-drvo\/#primaryimage","url":"https:\/\/www.galerijamaticesrpske.rs\/wp-content\/uploads\/2025\/10\/baner-oktobar-1.jpg","contentUrl":"https:\/\/www.galerijamaticesrpske.rs\/wp-content\/uploads\/2025\/10\/baner-oktobar-1.jpg","width":2500,"height":951},{"@type":"BreadcrumbList","@id":"https:\/\/www.galerijamaticesrpske.rs\/lat\/events\/koncert-za-decu-dobro-drvo\/#breadcrumb","itemListElement":[{"@type":"ListItem","position":1,"name":"\u041f\u043e\u0447\u0435\u0442\u043d\u0430","item":"http:\/\/www.galerijamaticesrpske.rs\/lat\/"},{"@type":"ListItem","position":2,"name":"Events","item":"http:\/\/www.galerijamaticesrpske.rs\/lat\/events\/"},{"@type":"ListItem","position":3,"name":"Koncert za decu \u201eDobro drvo\u201c"}]},{"@type":"WebSite","@id":"https:\/\/www.galerijamaticesrpske.rs\/#website","url":"https:\/\/www.galerijamaticesrpske.rs\/","name":"Galerija Matice srpske","description":"Muzej srpske nacionalne umetnosti u Novom Sadu","publisher":{"@id":"https:\/\/www.galerijamaticesrpske.rs\/#organization"},"potentialAction":[{"@type":"SearchAction","target":{"@type":"EntryPoint","urlTemplate":"https:\/\/www.galerijamaticesrpske.rs\/?s={search_term_string}"},"query-input":{"@type":"PropertyValueSpecification","valueRequired":true,"valueName":"search_term_string"}}],"inLanguage":"sr-LAT"},{"@type":"Organization","@id":"https:\/\/www.galerijamaticesrpske.rs\/#organization","name":"Galerija Matice srpske","url":"https:\/\/www.galerijamaticesrpske.rs\/","logo":{"@type":"ImageObject","inLanguage":"sr-LAT","@id":"https:\/\/www.galerijamaticesrpske.rs\/#\/schema\/logo\/image\/","url":"https:\/\/www.galerijamaticesrpske.rs\/wp-content\/uploads\/2021\/01\/gms-logo-za-sajt.svg","contentUrl":"https:\/\/www.galerijamaticesrpske.rs\/wp-content\/uploads\/2021\/01\/gms-logo-za-sajt.svg","width":1,"height":1,"caption":"Galerija Matice srpske"},"image":{"@id":"https:\/\/www.galerijamaticesrpske.rs\/#\/schema\/logo\/image\/"}}]}},"_links":{"self":[{"href":"https:\/\/www.galerijamaticesrpske.rs\/lat\/wp-json\/wp\/v2\/mec-events\/15718","targetHints":{"allow":["GET"]}}],"collection":[{"href":"https:\/\/www.galerijamaticesrpske.rs\/lat\/wp-json\/wp\/v2\/mec-events"}],"about":[{"href":"https:\/\/www.galerijamaticesrpske.rs\/lat\/wp-json\/wp\/v2\/types\/mec-events"}],"author":[{"embeddable":true,"href":"https:\/\/www.galerijamaticesrpske.rs\/lat\/wp-json\/wp\/v2\/users\/2"}],"replies":[{"embeddable":true,"href":"https:\/\/www.galerijamaticesrpske.rs\/lat\/wp-json\/wp\/v2\/comments?post=15718"}],"wp:featuredmedia":[{"embeddable":true,"href":"https:\/\/www.galerijamaticesrpske.rs\/lat\/wp-json\/wp\/v2\/media\/15717"}],"wp:attachment":[{"href":"https:\/\/www.galerijamaticesrpske.rs\/lat\/wp-json\/wp\/v2\/media?parent=15718"}],"wp:term":[{"taxonomy":"post_tag","embeddable":true,"href":"https:\/\/www.galerijamaticesrpske.rs\/lat\/wp-json\/wp\/v2\/tags?post=15718"},{"taxonomy":"mec_category","embeddable":true,"href":"https:\/\/www.galerijamaticesrpske.rs\/lat\/wp-json\/wp\/v2\/mec_category?post=15718"}],"curies":[{"name":"wp","href":"https:\/\/api.w.org\/{rel}","templated":true}]}}