{"id":15739,"date":"2025-10-15T09:40:55","date_gmt":"2025-10-15T09:40:55","guid":{"rendered":"https:\/\/www.galerijamaticesrpske.rs\/?post_type=mec-events&#038;p=15739"},"modified":"2025-10-15T09:40:55","modified_gmt":"2025-10-15T09:40:55","slug":"kreativna-radionica-za-tinejdzere-izlomljena-freska","status":"publish","type":"mec-events","link":"https:\/\/www.galerijamaticesrpske.rs\/lat\/events\/kreativna-radionica-za-tinejdzere-izlomljena-freska\/","title":{"rendered":"Kreativna radionica za tinejd\u017eere \u2013 Izlomljena freska"},"content":{"rendered":"<p>Ove subote, na radionicama za tinejd\u017eere u okviru izlo\u017ebe <em>Lazar Vozarevi\u0107. Galerija u gostima<\/em>, tinejd\u017eeri \u0107e imati priliku da se upoznaju sa pojmom <strong>freske<\/strong>. Koriste\u0107i virtuelnu turu obi\u0107i \u0107emo jedan od vizantijskih manastira koji je najvi\u0161e inspirisao Lazara Vozarevi\u0107a da slika na sebi svojstven na\u010din \u2013 manastir Svetog Pantelejmona u Gornjim Nerzima u Severnoj Makedoniji. Nakon obilaska, krenu\u0107emo na izlo\u017ebu u potragu za slikom koja je nastala po uzoru na fresku iz manastira. Kada prona\u0111emo sliku, sazna\u0107emo kako je Lazar \u201eizlomio fresku\u201c i time je u\u010dinio modernom. U likovnom delu radionice, deca \u0107e tako\u0111e \u201eizlomiti\u201c fresku, koriste\u0107i tehniku crtanja lenjirima i geometrijskim oblicima.<\/p>\n<p>Radionice se organizuju za <strong>maksimalno 15 dece uzrasta od 11 do 14 godina<\/strong>. U\u010de\u0161\u0107e deteta na radionici potrebno je prijaviti popunjavanjem elektronskog upitnika. Cena radionice iznosi 200 dinara po detetu.<\/p>\n","protected":false},"excerpt":{"rendered":"<p>Ove subote, na radionicama za tinejd\u017eere u okviru izlo\u017ebe Lazar Vozarevi\u0107. Galerija u gostima, tinejd\u017eeri \u0107e imati priliku da se upoznaju sa pojmom freske. Koriste\u0107i virtuelnu turu obi\u0107i \u0107emo jedan od vizantijskih manastira koji je najvi\u0161e inspirisao Lazara Vozarevi\u0107a da slika na sebi svojstven na\u010din \u2013 manastir Svetog Pantelejmona u Gornjim Nerzima u Severnoj Makedoniji.<\/p>\n","protected":false},"author":2,"featured_media":15544,"comment_status":"closed","ping_status":"closed","template":"","tags":[],"mec_category":[104],"class_list":["post-15739","mec-events","type-mec-events","status-publish","has-post-thumbnail","hentry","mec_category-kreativne-radionice-za-decu-subotom"],"acf":[],"yoast_head":"<!-- This site is optimized with the Yoast SEO plugin v27.3 - https:\/\/yoast.com\/product\/yoast-seo-wordpress\/ -->\n<title>Kreativna radionica za tinejd\u017eere \u2013 Izlomljena freska | Galerija Matice srpske<\/title>\n<meta name=\"description\" content=\"Ove subote, na radionicama za tinejd\u017eere u okviru izlo\u017ebe Lazar Vozarevi\u0107. Galerija u gostima, tinejd\u017eeri \u0107e imati priliku da se upoznaju sa pojmom freske.\" \/>\n<meta name=\"robots\" content=\"index, follow, max-snippet:-1, max-image-preview:large, max-video-preview:-1\" \/>\n<link rel=\"canonical\" href=\"http:\/\/www.galerijamaticesrpske.rs\/lat\/events\/kreativna-radionica-za-tinejdzere-izlomljena-freska\/\" \/>\n<meta property=\"og:locale\" content=\"en_US\" \/>\n<meta property=\"og:type\" content=\"article\" \/>\n<meta property=\"og:title\" content=\"Kreativna radionica za tinejd\u017eere \u2013 Izlomljena freska | Galerija Matice srpske\" \/>\n<meta property=\"og:description\" content=\"Ove subote, na radionicama za tinejd\u017eere u okviru izlo\u017ebe Lazar Vozarevi\u0107. Galerija u gostima, tinejd\u017eeri \u0107e imati priliku da se upoznaju sa pojmom freske.\" \/>\n<meta property=\"og:url\" content=\"http:\/\/www.galerijamaticesrpske.rs\/lat\/events\/kreativna-radionica-za-tinejdzere-izlomljena-freska\/\" \/>\n<meta property=\"og:site_name\" content=\"Galerija Matice srpske\" \/>\n<meta property=\"og:image\" content=\"http:\/\/www.galerijamaticesrpske.rs\/wp-content\/uploads\/2025\/09\/1920x1080_srp.jpg\" \/>\n\t<meta property=\"og:image:width\" content=\"1920\" \/>\n\t<meta property=\"og:image:height\" content=\"1080\" \/>\n\t<meta property=\"og:image:type\" content=\"image\/jpeg\" \/>\n<meta name=\"twitter:card\" content=\"summary_large_image\" \/>\n<meta name=\"twitter:label1\" content=\"Est. reading time\" \/>\n\t<meta name=\"twitter:data1\" content=\"1 minute\" \/>\n<script type=\"application\/ld+json\" class=\"yoast-schema-graph\">{\"@context\":\"https:\\\/\\\/schema.org\",\"@graph\":[{\"@type\":\"WebPage\",\"@id\":\"http:\\\/\\\/www.galerijamaticesrpske.rs\\\/lat\\\/events\\\/kreativna-radionica-za-tinejdzere-izlomljena-freska\\\/\",\"url\":\"http:\\\/\\\/www.galerijamaticesrpske.rs\\\/lat\\\/events\\\/kreativna-radionica-za-tinejdzere-izlomljena-freska\\\/\",\"name\":\"Kreativna radionica za tinejd\u017eere \u2013 Izlomljena freska | Galerija Matice srpske\",\"isPartOf\":{\"@id\":\"https:\\\/\\\/www.galerijamaticesrpske.rs\\\/#website\"},\"primaryImageOfPage\":{\"@id\":\"http:\\\/\\\/www.galerijamaticesrpske.rs\\\/lat\\\/events\\\/kreativna-radionica-za-tinejdzere-izlomljena-freska\\\/#primaryimage\"},\"image\":{\"@id\":\"http:\\\/\\\/www.galerijamaticesrpske.rs\\\/lat\\\/events\\\/kreativna-radionica-za-tinejdzere-izlomljena-freska\\\/#primaryimage\"},\"thumbnailUrl\":\"https:\\\/\\\/www.galerijamaticesrpske.rs\\\/wp-content\\\/uploads\\\/2025\\\/09\\\/1920x1080_srp.jpg\",\"datePublished\":\"2025-10-15T09:40:55+00:00\",\"description\":\"Ove subote, na radionicama za tinejd\u017eere u okviru izlo\u017ebe Lazar Vozarevi\u0107. Galerija u gostima, tinejd\u017eeri \u0107e imati priliku da se upoznaju sa pojmom freske.\",\"breadcrumb\":{\"@id\":\"http:\\\/\\\/www.galerijamaticesrpske.rs\\\/lat\\\/events\\\/kreativna-radionica-za-tinejdzere-izlomljena-freska\\\/#breadcrumb\"},\"inLanguage\":\"sr-LAT\",\"potentialAction\":[{\"@type\":\"ReadAction\",\"target\":[\"http:\\\/\\\/www.galerijamaticesrpske.rs\\\/lat\\\/events\\\/kreativna-radionica-za-tinejdzere-izlomljena-freska\\\/\"]}]},{\"@type\":\"ImageObject\",\"inLanguage\":\"sr-LAT\",\"@id\":\"http:\\\/\\\/www.galerijamaticesrpske.rs\\\/lat\\\/events\\\/kreativna-radionica-za-tinejdzere-izlomljena-freska\\\/#primaryimage\",\"url\":\"https:\\\/\\\/www.galerijamaticesrpske.rs\\\/wp-content\\\/uploads\\\/2025\\\/09\\\/1920x1080_srp.jpg\",\"contentUrl\":\"https:\\\/\\\/www.galerijamaticesrpske.rs\\\/wp-content\\\/uploads\\\/2025\\\/09\\\/1920x1080_srp.jpg\",\"width\":1920,\"height\":1080},{\"@type\":\"BreadcrumbList\",\"@id\":\"http:\\\/\\\/www.galerijamaticesrpske.rs\\\/lat\\\/events\\\/kreativna-radionica-za-tinejdzere-izlomljena-freska\\\/#breadcrumb\",\"itemListElement\":[{\"@type\":\"ListItem\",\"position\":1,\"name\":\"\u041f\u043e\u0447\u0435\u0442\u043d\u0430\",\"item\":\"http:\\\/\\\/www.galerijamaticesrpske.rs\\\/lat\\\/\"},{\"@type\":\"ListItem\",\"position\":2,\"name\":\"Events\",\"item\":\"http:\\\/\\\/www.galerijamaticesrpske.rs\\\/lat\\\/events\\\/\"},{\"@type\":\"ListItem\",\"position\":3,\"name\":\"Kreativna radionica za tinejd\u017eere \u2013 Izlomljena freska\"}]},{\"@type\":\"WebSite\",\"@id\":\"https:\\\/\\\/www.galerijamaticesrpske.rs\\\/#website\",\"url\":\"https:\\\/\\\/www.galerijamaticesrpske.rs\\\/\",\"name\":\"Galerija Matice srpske\",\"description\":\"Muzej srpske nacionalne umetnosti u Novom Sadu\",\"publisher\":{\"@id\":\"https:\\\/\\\/www.galerijamaticesrpske.rs\\\/#organization\"},\"potentialAction\":[{\"@type\":\"SearchAction\",\"target\":{\"@type\":\"EntryPoint\",\"urlTemplate\":\"https:\\\/\\\/www.galerijamaticesrpske.rs\\\/?s={search_term_string}\"},\"query-input\":{\"@type\":\"PropertyValueSpecification\",\"valueRequired\":true,\"valueName\":\"search_term_string\"}}],\"inLanguage\":\"sr-LAT\"},{\"@type\":\"Organization\",\"@id\":\"https:\\\/\\\/www.galerijamaticesrpske.rs\\\/#organization\",\"name\":\"Galerija Matice srpske\",\"url\":\"https:\\\/\\\/www.galerijamaticesrpske.rs\\\/\",\"logo\":{\"@type\":\"ImageObject\",\"inLanguage\":\"sr-LAT\",\"@id\":\"https:\\\/\\\/www.galerijamaticesrpske.rs\\\/#\\\/schema\\\/logo\\\/image\\\/\",\"url\":\"https:\\\/\\\/www.galerijamaticesrpske.rs\\\/wp-content\\\/uploads\\\/2021\\\/01\\\/gms-logo-za-sajt.svg\",\"contentUrl\":\"https:\\\/\\\/www.galerijamaticesrpske.rs\\\/wp-content\\\/uploads\\\/2021\\\/01\\\/gms-logo-za-sajt.svg\",\"width\":1,\"height\":1,\"caption\":\"Galerija Matice srpske\"},\"image\":{\"@id\":\"https:\\\/\\\/www.galerijamaticesrpske.rs\\\/#\\\/schema\\\/logo\\\/image\\\/\"}}]}<\/script>\n<!-- \/ Yoast SEO plugin. -->","yoast_head_json":{"title":"Kreativna radionica za tinejd\u017eere \u2013 Izlomljena freska | Galerija Matice srpske","description":"Ove subote, na radionicama za tinejd\u017eere u okviru izlo\u017ebe Lazar Vozarevi\u0107. Galerija u gostima, tinejd\u017eeri \u0107e imati priliku da se upoznaju sa pojmom freske.","robots":{"index":"index","follow":"follow","max-snippet":"max-snippet:-1","max-image-preview":"max-image-preview:large","max-video-preview":"max-video-preview:-1"},"canonical":"http:\/\/www.galerijamaticesrpske.rs\/lat\/events\/kreativna-radionica-za-tinejdzere-izlomljena-freska\/","og_locale":"en_US","og_type":"article","og_title":"Kreativna radionica za tinejd\u017eere \u2013 Izlomljena freska | Galerija Matice srpske","og_description":"Ove subote, na radionicama za tinejd\u017eere u okviru izlo\u017ebe Lazar Vozarevi\u0107. Galerija u gostima, tinejd\u017eeri \u0107e imati priliku da se upoznaju sa pojmom freske.","og_url":"http:\/\/www.galerijamaticesrpske.rs\/lat\/events\/kreativna-radionica-za-tinejdzere-izlomljena-freska\/","og_site_name":"Galerija Matice srpske","og_image":[{"width":1920,"height":1080,"url":"http:\/\/www.galerijamaticesrpske.rs\/wp-content\/uploads\/2025\/09\/1920x1080_srp.jpg","type":"image\/jpeg"}],"twitter_card":"summary_large_image","twitter_misc":{"Est. reading time":"1 minute"},"schema":{"@context":"https:\/\/schema.org","@graph":[{"@type":"WebPage","@id":"http:\/\/www.galerijamaticesrpske.rs\/lat\/events\/kreativna-radionica-za-tinejdzere-izlomljena-freska\/","url":"http:\/\/www.galerijamaticesrpske.rs\/lat\/events\/kreativna-radionica-za-tinejdzere-izlomljena-freska\/","name":"Kreativna radionica za tinejd\u017eere \u2013 Izlomljena freska | Galerija Matice srpske","isPartOf":{"@id":"https:\/\/www.galerijamaticesrpske.rs\/#website"},"primaryImageOfPage":{"@id":"http:\/\/www.galerijamaticesrpske.rs\/lat\/events\/kreativna-radionica-za-tinejdzere-izlomljena-freska\/#primaryimage"},"image":{"@id":"http:\/\/www.galerijamaticesrpske.rs\/lat\/events\/kreativna-radionica-za-tinejdzere-izlomljena-freska\/#primaryimage"},"thumbnailUrl":"https:\/\/www.galerijamaticesrpske.rs\/wp-content\/uploads\/2025\/09\/1920x1080_srp.jpg","datePublished":"2025-10-15T09:40:55+00:00","description":"Ove subote, na radionicama za tinejd\u017eere u okviru izlo\u017ebe Lazar Vozarevi\u0107. Galerija u gostima, tinejd\u017eeri \u0107e imati priliku da se upoznaju sa pojmom freske.","breadcrumb":{"@id":"http:\/\/www.galerijamaticesrpske.rs\/lat\/events\/kreativna-radionica-za-tinejdzere-izlomljena-freska\/#breadcrumb"},"inLanguage":"sr-LAT","potentialAction":[{"@type":"ReadAction","target":["http:\/\/www.galerijamaticesrpske.rs\/lat\/events\/kreativna-radionica-za-tinejdzere-izlomljena-freska\/"]}]},{"@type":"ImageObject","inLanguage":"sr-LAT","@id":"http:\/\/www.galerijamaticesrpske.rs\/lat\/events\/kreativna-radionica-za-tinejdzere-izlomljena-freska\/#primaryimage","url":"https:\/\/www.galerijamaticesrpske.rs\/wp-content\/uploads\/2025\/09\/1920x1080_srp.jpg","contentUrl":"https:\/\/www.galerijamaticesrpske.rs\/wp-content\/uploads\/2025\/09\/1920x1080_srp.jpg","width":1920,"height":1080},{"@type":"BreadcrumbList","@id":"http:\/\/www.galerijamaticesrpske.rs\/lat\/events\/kreativna-radionica-za-tinejdzere-izlomljena-freska\/#breadcrumb","itemListElement":[{"@type":"ListItem","position":1,"name":"\u041f\u043e\u0447\u0435\u0442\u043d\u0430","item":"http:\/\/www.galerijamaticesrpske.rs\/lat\/"},{"@type":"ListItem","position":2,"name":"Events","item":"http:\/\/www.galerijamaticesrpske.rs\/lat\/events\/"},{"@type":"ListItem","position":3,"name":"Kreativna radionica za tinejd\u017eere \u2013 Izlomljena freska"}]},{"@type":"WebSite","@id":"https:\/\/www.galerijamaticesrpske.rs\/#website","url":"https:\/\/www.galerijamaticesrpske.rs\/","name":"Galerija Matice srpske","description":"Muzej srpske nacionalne umetnosti u Novom Sadu","publisher":{"@id":"https:\/\/www.galerijamaticesrpske.rs\/#organization"},"potentialAction":[{"@type":"SearchAction","target":{"@type":"EntryPoint","urlTemplate":"https:\/\/www.galerijamaticesrpske.rs\/?s={search_term_string}"},"query-input":{"@type":"PropertyValueSpecification","valueRequired":true,"valueName":"search_term_string"}}],"inLanguage":"sr-LAT"},{"@type":"Organization","@id":"https:\/\/www.galerijamaticesrpske.rs\/#organization","name":"Galerija Matice srpske","url":"https:\/\/www.galerijamaticesrpske.rs\/","logo":{"@type":"ImageObject","inLanguage":"sr-LAT","@id":"https:\/\/www.galerijamaticesrpske.rs\/#\/schema\/logo\/image\/","url":"https:\/\/www.galerijamaticesrpske.rs\/wp-content\/uploads\/2021\/01\/gms-logo-za-sajt.svg","contentUrl":"https:\/\/www.galerijamaticesrpske.rs\/wp-content\/uploads\/2021\/01\/gms-logo-za-sajt.svg","width":1,"height":1,"caption":"Galerija Matice srpske"},"image":{"@id":"https:\/\/www.galerijamaticesrpske.rs\/#\/schema\/logo\/image\/"}}]}},"_links":{"self":[{"href":"https:\/\/www.galerijamaticesrpske.rs\/lat\/wp-json\/wp\/v2\/mec-events\/15739","targetHints":{"allow":["GET"]}}],"collection":[{"href":"https:\/\/www.galerijamaticesrpske.rs\/lat\/wp-json\/wp\/v2\/mec-events"}],"about":[{"href":"https:\/\/www.galerijamaticesrpske.rs\/lat\/wp-json\/wp\/v2\/types\/mec-events"}],"author":[{"embeddable":true,"href":"https:\/\/www.galerijamaticesrpske.rs\/lat\/wp-json\/wp\/v2\/users\/2"}],"replies":[{"embeddable":true,"href":"https:\/\/www.galerijamaticesrpske.rs\/lat\/wp-json\/wp\/v2\/comments?post=15739"}],"wp:featuredmedia":[{"embeddable":true,"href":"https:\/\/www.galerijamaticesrpske.rs\/lat\/wp-json\/wp\/v2\/media\/15544"}],"wp:attachment":[{"href":"https:\/\/www.galerijamaticesrpske.rs\/lat\/wp-json\/wp\/v2\/media?parent=15739"}],"wp:term":[{"taxonomy":"post_tag","embeddable":true,"href":"https:\/\/www.galerijamaticesrpske.rs\/lat\/wp-json\/wp\/v2\/tags?post=15739"},{"taxonomy":"mec_category","embeddable":true,"href":"https:\/\/www.galerijamaticesrpske.rs\/lat\/wp-json\/wp\/v2\/mec_category?post=15739"}],"curies":[{"name":"wp","href":"https:\/\/api.w.org\/{rel}","templated":true}]}}