{"id":15797,"date":"2025-11-03T13:02:12","date_gmt":"2025-11-03T13:02:12","guid":{"rendered":"https:\/\/www.galerijamaticesrpske.rs\/?post_type=mec-events&#038;p=15797"},"modified":"2025-11-03T13:02:12","modified_gmt":"2025-11-03T13:02:12","slug":"kustoska-vodjenja-kroz-izlozbu-14","status":"publish","type":"mec-events","link":"https:\/\/www.galerijamaticesrpske.rs\/lat\/events\/kustoska-vodjenja-kroz-izlozbu-14\/","title":{"rendered":"Kustoska vo\u0111enja kroz izlo\u017ebu"},"content":{"rendered":"<p>Prate\u0107i program izlo\u017ebe\u00a0<a href=\"https:\/\/www.galerijamaticesrpske.rs\/lat\/events\/lazar-vozarevic-galerija-u-gostima\/\"><em><strong>Lazar Vozarevi\u0107. Galerija u gostima<\/strong><\/em><\/a><\/p>\n<p>U okviru izlo\u017ebe koja obele\u017eava veliki jubilej i predstavlja najpotpuniji pregled stvarala\u0161tva Lazara Vozarevi\u0107a, bi\u0107e organizovana kustoska vo\u0111enja. Publika \u0107e imati priliku da, uz stru\u010dno vo\u0111enje kustosa, upozna razli\u010dite faze umetnikovog opusa \u2013 od ranih figurativnih radova, preko enformela, do postenformel slika-reljefa, kao i njegove dijaloge sa delom Pabla Pikasa i nasle\u0111em vizantijske umetnosti.<\/p>\n<p>Kroz vo\u0111enja \u0107e posetioci otkriti okolnosti u kojima je Vozarevi\u0107 stvarao, ali i klju\u010dne inspiracije koje su oblikovale njegov autenti\u010dan umetni\u010dki izraz i u\u010dinile ga jednim od najzna\u010dajnijih predstavnika srpskog modernizma.<\/p>\n<p>Kustoska vo\u0111enja odr\u017ea\u0107e se u subotu i nedelju u 13.00 i 17.00 sati.<\/p>\n<p>Vodi:\u00a0<strong>Ivana Rastovi\u0107<\/strong>, kustoskinja<\/p>\n","protected":false},"excerpt":{"rendered":"<p>Prate\u0107i program izlo\u017ebe\u00a0Lazar Vozarevi\u0107. Galerija u gostima U okviru izlo\u017ebe koja obele\u017eava veliki jubilej i predstavlja najpotpuniji pregled stvarala\u0161tva Lazara Vozarevi\u0107a, bi\u0107e organizovana kustoska vo\u0111enja. Publika \u0107e imati priliku da, uz stru\u010dno vo\u0111enje kustosa, upozna razli\u010dite faze umetnikovog opusa \u2013 od ranih figurativnih radova, preko enformela, do postenformel slika-reljefa, kao i njegove dijaloge sa delom<\/p>\n","protected":false},"author":2,"featured_media":15544,"comment_status":"closed","ping_status":"closed","template":"","tags":[],"mec_category":[100],"class_list":["post-15797","mec-events","type-mec-events","status-publish","has-post-thumbnail","hentry","mec_category-vodjenja-kroz-aktuelne-izlozbe"],"acf":[],"yoast_head":"<!-- This site is optimized with the Yoast SEO plugin v27.3 - https:\/\/yoast.com\/product\/yoast-seo-wordpress\/ -->\n<title>Kustoska vo\u0111enja kroz izlo\u017ebu | Galerija Matice srpske<\/title>\n<meta name=\"description\" content=\"U okviru izlo\u017ebe koja obele\u017eava veliki jubilej i predstavlja najpotpuniji pregled stvarala\u0161tva Lazara Vozarevi\u0107a, bi\u0107e organizovana kustoska vo\u0111enja.\" \/>\n<meta name=\"robots\" content=\"index, follow, max-snippet:-1, max-image-preview:large, max-video-preview:-1\" \/>\n<link rel=\"canonical\" href=\"http:\/\/www.galerijamaticesrpske.rs\/lat\/events\/kustoska-vodjenja-kroz-izlozbu-14\/\" \/>\n<meta property=\"og:locale\" content=\"en_US\" \/>\n<meta property=\"og:type\" content=\"article\" \/>\n<meta property=\"og:title\" content=\"Kustoska vo\u0111enja kroz izlo\u017ebu | Galerija Matice srpske\" \/>\n<meta property=\"og:description\" content=\"U okviru izlo\u017ebe koja obele\u017eava veliki jubilej i predstavlja najpotpuniji pregled stvarala\u0161tva Lazara Vozarevi\u0107a, bi\u0107e organizovana kustoska vo\u0111enja.\" \/>\n<meta property=\"og:url\" content=\"http:\/\/www.galerijamaticesrpske.rs\/lat\/events\/kustoska-vodjenja-kroz-izlozbu-14\/\" \/>\n<meta property=\"og:site_name\" content=\"Galerija Matice srpske\" \/>\n<meta property=\"og:image\" content=\"http:\/\/www.galerijamaticesrpske.rs\/wp-content\/uploads\/2025\/09\/1920x1080_srp.jpg\" \/>\n\t<meta property=\"og:image:width\" content=\"1920\" \/>\n\t<meta property=\"og:image:height\" content=\"1080\" \/>\n\t<meta property=\"og:image:type\" content=\"image\/jpeg\" \/>\n<meta name=\"twitter:card\" content=\"summary_large_image\" \/>\n<meta name=\"twitter:label1\" content=\"Est. reading time\" \/>\n\t<meta name=\"twitter:data1\" content=\"1 minute\" \/>\n<script type=\"application\/ld+json\" class=\"yoast-schema-graph\">{\"@context\":\"https:\\\/\\\/schema.org\",\"@graph\":[{\"@type\":\"WebPage\",\"@id\":\"http:\\\/\\\/www.galerijamaticesrpske.rs\\\/lat\\\/events\\\/kustoska-vodjenja-kroz-izlozbu-14\\\/\",\"url\":\"http:\\\/\\\/www.galerijamaticesrpske.rs\\\/lat\\\/events\\\/kustoska-vodjenja-kroz-izlozbu-14\\\/\",\"name\":\"Kustoska vo\u0111enja kroz izlo\u017ebu | Galerija Matice srpske\",\"isPartOf\":{\"@id\":\"https:\\\/\\\/www.galerijamaticesrpske.rs\\\/#website\"},\"primaryImageOfPage\":{\"@id\":\"http:\\\/\\\/www.galerijamaticesrpske.rs\\\/lat\\\/events\\\/kustoska-vodjenja-kroz-izlozbu-14\\\/#primaryimage\"},\"image\":{\"@id\":\"http:\\\/\\\/www.galerijamaticesrpske.rs\\\/lat\\\/events\\\/kustoska-vodjenja-kroz-izlozbu-14\\\/#primaryimage\"},\"thumbnailUrl\":\"https:\\\/\\\/www.galerijamaticesrpske.rs\\\/wp-content\\\/uploads\\\/2025\\\/09\\\/1920x1080_srp.jpg\",\"datePublished\":\"2025-11-03T13:02:12+00:00\",\"description\":\"U okviru izlo\u017ebe koja obele\u017eava veliki jubilej i predstavlja najpotpuniji pregled stvarala\u0161tva Lazara Vozarevi\u0107a, bi\u0107e organizovana kustoska vo\u0111enja.\",\"breadcrumb\":{\"@id\":\"http:\\\/\\\/www.galerijamaticesrpske.rs\\\/lat\\\/events\\\/kustoska-vodjenja-kroz-izlozbu-14\\\/#breadcrumb\"},\"inLanguage\":\"sr-LAT\",\"potentialAction\":[{\"@type\":\"ReadAction\",\"target\":[\"http:\\\/\\\/www.galerijamaticesrpske.rs\\\/lat\\\/events\\\/kustoska-vodjenja-kroz-izlozbu-14\\\/\"]}]},{\"@type\":\"ImageObject\",\"inLanguage\":\"sr-LAT\",\"@id\":\"http:\\\/\\\/www.galerijamaticesrpske.rs\\\/lat\\\/events\\\/kustoska-vodjenja-kroz-izlozbu-14\\\/#primaryimage\",\"url\":\"https:\\\/\\\/www.galerijamaticesrpske.rs\\\/wp-content\\\/uploads\\\/2025\\\/09\\\/1920x1080_srp.jpg\",\"contentUrl\":\"https:\\\/\\\/www.galerijamaticesrpske.rs\\\/wp-content\\\/uploads\\\/2025\\\/09\\\/1920x1080_srp.jpg\",\"width\":1920,\"height\":1080},{\"@type\":\"BreadcrumbList\",\"@id\":\"http:\\\/\\\/www.galerijamaticesrpske.rs\\\/lat\\\/events\\\/kustoska-vodjenja-kroz-izlozbu-14\\\/#breadcrumb\",\"itemListElement\":[{\"@type\":\"ListItem\",\"position\":1,\"name\":\"\u041f\u043e\u0447\u0435\u0442\u043d\u0430\",\"item\":\"http:\\\/\\\/www.galerijamaticesrpske.rs\\\/lat\\\/\"},{\"@type\":\"ListItem\",\"position\":2,\"name\":\"Events\",\"item\":\"http:\\\/\\\/www.galerijamaticesrpske.rs\\\/lat\\\/events\\\/\"},{\"@type\":\"ListItem\",\"position\":3,\"name\":\"Kustoska vo\u0111enja kroz izlo\u017ebu\"}]},{\"@type\":\"WebSite\",\"@id\":\"https:\\\/\\\/www.galerijamaticesrpske.rs\\\/#website\",\"url\":\"https:\\\/\\\/www.galerijamaticesrpske.rs\\\/\",\"name\":\"Galerija Matice srpske\",\"description\":\"Muzej srpske nacionalne umetnosti u Novom Sadu\",\"publisher\":{\"@id\":\"https:\\\/\\\/www.galerijamaticesrpske.rs\\\/#organization\"},\"potentialAction\":[{\"@type\":\"SearchAction\",\"target\":{\"@type\":\"EntryPoint\",\"urlTemplate\":\"https:\\\/\\\/www.galerijamaticesrpske.rs\\\/?s={search_term_string}\"},\"query-input\":{\"@type\":\"PropertyValueSpecification\",\"valueRequired\":true,\"valueName\":\"search_term_string\"}}],\"inLanguage\":\"sr-LAT\"},{\"@type\":\"Organization\",\"@id\":\"https:\\\/\\\/www.galerijamaticesrpske.rs\\\/#organization\",\"name\":\"Galerija Matice srpske\",\"url\":\"https:\\\/\\\/www.galerijamaticesrpske.rs\\\/\",\"logo\":{\"@type\":\"ImageObject\",\"inLanguage\":\"sr-LAT\",\"@id\":\"https:\\\/\\\/www.galerijamaticesrpske.rs\\\/#\\\/schema\\\/logo\\\/image\\\/\",\"url\":\"https:\\\/\\\/www.galerijamaticesrpske.rs\\\/wp-content\\\/uploads\\\/2021\\\/01\\\/gms-logo-za-sajt.svg\",\"contentUrl\":\"https:\\\/\\\/www.galerijamaticesrpske.rs\\\/wp-content\\\/uploads\\\/2021\\\/01\\\/gms-logo-za-sajt.svg\",\"width\":1,\"height\":1,\"caption\":\"Galerija Matice srpske\"},\"image\":{\"@id\":\"https:\\\/\\\/www.galerijamaticesrpske.rs\\\/#\\\/schema\\\/logo\\\/image\\\/\"}}]}<\/script>\n<!-- \/ Yoast SEO plugin. -->","yoast_head_json":{"title":"Kustoska vo\u0111enja kroz izlo\u017ebu | Galerija Matice srpske","description":"U okviru izlo\u017ebe koja obele\u017eava veliki jubilej i predstavlja najpotpuniji pregled stvarala\u0161tva Lazara Vozarevi\u0107a, bi\u0107e organizovana kustoska vo\u0111enja.","robots":{"index":"index","follow":"follow","max-snippet":"max-snippet:-1","max-image-preview":"max-image-preview:large","max-video-preview":"max-video-preview:-1"},"canonical":"http:\/\/www.galerijamaticesrpske.rs\/lat\/events\/kustoska-vodjenja-kroz-izlozbu-14\/","og_locale":"en_US","og_type":"article","og_title":"Kustoska vo\u0111enja kroz izlo\u017ebu | Galerija Matice srpske","og_description":"U okviru izlo\u017ebe koja obele\u017eava veliki jubilej i predstavlja najpotpuniji pregled stvarala\u0161tva Lazara Vozarevi\u0107a, bi\u0107e organizovana kustoska vo\u0111enja.","og_url":"http:\/\/www.galerijamaticesrpske.rs\/lat\/events\/kustoska-vodjenja-kroz-izlozbu-14\/","og_site_name":"Galerija Matice srpske","og_image":[{"width":1920,"height":1080,"url":"http:\/\/www.galerijamaticesrpske.rs\/wp-content\/uploads\/2025\/09\/1920x1080_srp.jpg","type":"image\/jpeg"}],"twitter_card":"summary_large_image","twitter_misc":{"Est. reading time":"1 minute"},"schema":{"@context":"https:\/\/schema.org","@graph":[{"@type":"WebPage","@id":"http:\/\/www.galerijamaticesrpske.rs\/lat\/events\/kustoska-vodjenja-kroz-izlozbu-14\/","url":"http:\/\/www.galerijamaticesrpske.rs\/lat\/events\/kustoska-vodjenja-kroz-izlozbu-14\/","name":"Kustoska vo\u0111enja kroz izlo\u017ebu | Galerija Matice srpske","isPartOf":{"@id":"https:\/\/www.galerijamaticesrpske.rs\/#website"},"primaryImageOfPage":{"@id":"http:\/\/www.galerijamaticesrpske.rs\/lat\/events\/kustoska-vodjenja-kroz-izlozbu-14\/#primaryimage"},"image":{"@id":"http:\/\/www.galerijamaticesrpske.rs\/lat\/events\/kustoska-vodjenja-kroz-izlozbu-14\/#primaryimage"},"thumbnailUrl":"https:\/\/www.galerijamaticesrpske.rs\/wp-content\/uploads\/2025\/09\/1920x1080_srp.jpg","datePublished":"2025-11-03T13:02:12+00:00","description":"U okviru izlo\u017ebe koja obele\u017eava veliki jubilej i predstavlja najpotpuniji pregled stvarala\u0161tva Lazara Vozarevi\u0107a, bi\u0107e organizovana kustoska vo\u0111enja.","breadcrumb":{"@id":"http:\/\/www.galerijamaticesrpske.rs\/lat\/events\/kustoska-vodjenja-kroz-izlozbu-14\/#breadcrumb"},"inLanguage":"sr-LAT","potentialAction":[{"@type":"ReadAction","target":["http:\/\/www.galerijamaticesrpske.rs\/lat\/events\/kustoska-vodjenja-kroz-izlozbu-14\/"]}]},{"@type":"ImageObject","inLanguage":"sr-LAT","@id":"http:\/\/www.galerijamaticesrpske.rs\/lat\/events\/kustoska-vodjenja-kroz-izlozbu-14\/#primaryimage","url":"https:\/\/www.galerijamaticesrpske.rs\/wp-content\/uploads\/2025\/09\/1920x1080_srp.jpg","contentUrl":"https:\/\/www.galerijamaticesrpske.rs\/wp-content\/uploads\/2025\/09\/1920x1080_srp.jpg","width":1920,"height":1080},{"@type":"BreadcrumbList","@id":"http:\/\/www.galerijamaticesrpske.rs\/lat\/events\/kustoska-vodjenja-kroz-izlozbu-14\/#breadcrumb","itemListElement":[{"@type":"ListItem","position":1,"name":"\u041f\u043e\u0447\u0435\u0442\u043d\u0430","item":"http:\/\/www.galerijamaticesrpske.rs\/lat\/"},{"@type":"ListItem","position":2,"name":"Events","item":"http:\/\/www.galerijamaticesrpske.rs\/lat\/events\/"},{"@type":"ListItem","position":3,"name":"Kustoska vo\u0111enja kroz izlo\u017ebu"}]},{"@type":"WebSite","@id":"https:\/\/www.galerijamaticesrpske.rs\/#website","url":"https:\/\/www.galerijamaticesrpske.rs\/","name":"Galerija Matice srpske","description":"Muzej srpske nacionalne umetnosti u Novom Sadu","publisher":{"@id":"https:\/\/www.galerijamaticesrpske.rs\/#organization"},"potentialAction":[{"@type":"SearchAction","target":{"@type":"EntryPoint","urlTemplate":"https:\/\/www.galerijamaticesrpske.rs\/?s={search_term_string}"},"query-input":{"@type":"PropertyValueSpecification","valueRequired":true,"valueName":"search_term_string"}}],"inLanguage":"sr-LAT"},{"@type":"Organization","@id":"https:\/\/www.galerijamaticesrpske.rs\/#organization","name":"Galerija Matice srpske","url":"https:\/\/www.galerijamaticesrpske.rs\/","logo":{"@type":"ImageObject","inLanguage":"sr-LAT","@id":"https:\/\/www.galerijamaticesrpske.rs\/#\/schema\/logo\/image\/","url":"https:\/\/www.galerijamaticesrpske.rs\/wp-content\/uploads\/2021\/01\/gms-logo-za-sajt.svg","contentUrl":"https:\/\/www.galerijamaticesrpske.rs\/wp-content\/uploads\/2021\/01\/gms-logo-za-sajt.svg","width":1,"height":1,"caption":"Galerija Matice srpske"},"image":{"@id":"https:\/\/www.galerijamaticesrpske.rs\/#\/schema\/logo\/image\/"}}]}},"_links":{"self":[{"href":"https:\/\/www.galerijamaticesrpske.rs\/lat\/wp-json\/wp\/v2\/mec-events\/15797","targetHints":{"allow":["GET"]}}],"collection":[{"href":"https:\/\/www.galerijamaticesrpske.rs\/lat\/wp-json\/wp\/v2\/mec-events"}],"about":[{"href":"https:\/\/www.galerijamaticesrpske.rs\/lat\/wp-json\/wp\/v2\/types\/mec-events"}],"author":[{"embeddable":true,"href":"https:\/\/www.galerijamaticesrpske.rs\/lat\/wp-json\/wp\/v2\/users\/2"}],"replies":[{"embeddable":true,"href":"https:\/\/www.galerijamaticesrpske.rs\/lat\/wp-json\/wp\/v2\/comments?post=15797"}],"wp:featuredmedia":[{"embeddable":true,"href":"https:\/\/www.galerijamaticesrpske.rs\/lat\/wp-json\/wp\/v2\/media\/15544"}],"wp:attachment":[{"href":"https:\/\/www.galerijamaticesrpske.rs\/lat\/wp-json\/wp\/v2\/media?parent=15797"}],"wp:term":[{"taxonomy":"post_tag","embeddable":true,"href":"https:\/\/www.galerijamaticesrpske.rs\/lat\/wp-json\/wp\/v2\/tags?post=15797"},{"taxonomy":"mec_category","embeddable":true,"href":"https:\/\/www.galerijamaticesrpske.rs\/lat\/wp-json\/wp\/v2\/mec_category?post=15797"}],"curies":[{"name":"wp","href":"https:\/\/api.w.org\/{rel}","templated":true}]}}