{"id":15840,"date":"2025-11-17T12:38:37","date_gmt":"2025-11-17T12:38:37","guid":{"rendered":"https:\/\/www.galerijamaticesrpske.rs\/?post_type=mec-events&#038;p=15840"},"modified":"2025-11-17T12:38:37","modified_gmt":"2025-11-17T12:38:37","slug":"medjunarodni-dan-deteta","status":"publish","type":"mec-events","link":"https:\/\/www.galerijamaticesrpske.rs\/lat\/events\/medjunarodni-dan-deteta\/","title":{"rendered":"Me\u0111unarodni dan deteta"},"content":{"rendered":"<p>Prate\u0107i program izlo\u017ebe\u00a0<a href=\"https:\/\/www.galerijamaticesrpske.rs\/lat\/events\/lazar-vozarevic-galerija-u-gostima\/\"><em><strong>Lazar Vozarevi\u0107. Galerija u gostima<\/strong><\/em><\/a><\/p>\n<p>U \u010detvrtak, 20. novembra, u okviru obele\u017eavanja Me\u0111unarodnog dana deteta, porodice sa decom ima\u0107e priliku da do\u017eive zajedni\u010dko, interaktivno i zabavno iskustvo u muzeju. U 17.00 i 19.00 sati, muzejska edukatorka Vanja Ostoji\u0107 odr\u017ea\u0107e dve porodi\u010dne avanture kroz izlo\u017ebu<em> Lazar Vozarevi\u0107. Galerija u gostima<\/em>. Tokom avanture, roditelji i deca \u0107e zajedno re\u0161avati zadatke, analizirati umetni\u010dka dela i otkrivati pri\u010de o zagonetnoj umetnosti Lazara Vozarevi\u0107a.<\/p>\n<p>U jednom terminu mogu u\u010destvovati maksimalno dve porodice, te su prijave obavezne pozivom na broj telefona 021 4899 017.<\/p>\n<p>U na\u0161oj Muzejskoj prodavnici mo\u017eete preuzeti besplatni primerak porodi\u010dnog vodi\u010da kroz izlo\u017ebu i zajedno sa decom re\u0161avati zadatke u njemu, a nakon posete izlo\u017ebi mo\u017eete izabrati suvenir iz de\u010dje edicije suvenira koji prate izlo\u017ebu radova Lazara Vozarevi\u0107a.<\/p>\n","protected":false},"excerpt":{"rendered":"<p>Prate\u0107i program izlo\u017ebe\u00a0Lazar Vozarevi\u0107. Galerija u gostima U \u010detvrtak, 20. novembra, u okviru obele\u017eavanja Me\u0111unarodnog dana deteta, porodice sa decom ima\u0107e priliku da do\u017eive zajedni\u010dko, interaktivno i zabavno iskustvo u muzeju. U 17.00 i 19.00 sati, muzejska edukatorka Vanja Ostoji\u0107 odr\u017ea\u0107e dve porodi\u010dne avanture kroz izlo\u017ebu Lazar Vozarevi\u0107. Galerija u gostima. Tokom avanture, roditelji i<\/p>\n","protected":false},"author":2,"featured_media":15806,"comment_status":"closed","ping_status":"closed","template":"","tags":[],"mec_category":[105],"class_list":["post-15840","mec-events","type-mec-events","status-publish","has-post-thumbnail","hentry","mec_category-manifestacije"],"acf":[],"yoast_head":"<!-- This site is optimized with the Yoast SEO plugin v27.3 - https:\/\/yoast.com\/product\/yoast-seo-wordpress\/ -->\n<title>Me\u0111unarodni dan deteta | Galerija Matice srpske<\/title>\n<meta name=\"description\" content=\"U \u010detvrtak, 20. novembra, u okviru obele\u017eavanja Me\u0111unarodnog dana deteta, porodice sa decom ima\u0107e priliku da do\u017eive zajedni\u010dko, interaktivno i zabavno iskustvo u muzeju.\" \/>\n<meta name=\"robots\" content=\"index, follow, max-snippet:-1, max-image-preview:large, max-video-preview:-1\" \/>\n<link rel=\"canonical\" href=\"https:\/\/www.galerijamaticesrpske.rs\/lat\/events\/medjunarodni-dan-deteta\/\" \/>\n<meta property=\"og:locale\" content=\"en_US\" \/>\n<meta property=\"og:type\" content=\"article\" \/>\n<meta property=\"og:title\" content=\"Me\u0111unarodni dan deteta | Galerija Matice srpske\" \/>\n<meta property=\"og:description\" content=\"U \u010detvrtak, 20. novembra, u okviru obele\u017eavanja Me\u0111unarodnog dana deteta, porodice sa decom ima\u0107e priliku da do\u017eive zajedni\u010dko, interaktivno i zabavno iskustvo u muzeju.\" \/>\n<meta property=\"og:url\" content=\"https:\/\/www.galerijamaticesrpske.rs\/lat\/events\/medjunarodni-dan-deteta\/\" \/>\n<meta property=\"og:site_name\" content=\"Galerija Matice srpske\" \/>\n<meta property=\"og:image\" content=\"https:\/\/www.galerijamaticesrpske.rs\/wp-content\/uploads\/2025\/11\/picture1.jpg\" \/>\n\t<meta property=\"og:image:width\" content=\"1431\" \/>\n\t<meta property=\"og:image:height\" content=\"733\" \/>\n\t<meta property=\"og:image:type\" content=\"image\/jpeg\" \/>\n<meta name=\"twitter:card\" content=\"summary_large_image\" \/>\n<meta name=\"twitter:label1\" content=\"Est. reading time\" \/>\n\t<meta name=\"twitter:data1\" content=\"1 minute\" \/>\n<script type=\"application\/ld+json\" class=\"yoast-schema-graph\">{\"@context\":\"https:\\\/\\\/schema.org\",\"@graph\":[{\"@type\":\"WebPage\",\"@id\":\"https:\\\/\\\/www.galerijamaticesrpske.rs\\\/lat\\\/events\\\/medjunarodni-dan-deteta\\\/\",\"url\":\"https:\\\/\\\/www.galerijamaticesrpske.rs\\\/lat\\\/events\\\/medjunarodni-dan-deteta\\\/\",\"name\":\"Me\u0111unarodni dan deteta | Galerija Matice srpske\",\"isPartOf\":{\"@id\":\"https:\\\/\\\/www.galerijamaticesrpske.rs\\\/#website\"},\"primaryImageOfPage\":{\"@id\":\"https:\\\/\\\/www.galerijamaticesrpske.rs\\\/lat\\\/events\\\/medjunarodni-dan-deteta\\\/#primaryimage\"},\"image\":{\"@id\":\"https:\\\/\\\/www.galerijamaticesrpske.rs\\\/lat\\\/events\\\/medjunarodni-dan-deteta\\\/#primaryimage\"},\"thumbnailUrl\":\"https:\\\/\\\/www.galerijamaticesrpske.rs\\\/wp-content\\\/uploads\\\/2025\\\/11\\\/picture1.jpg\",\"datePublished\":\"2025-11-17T12:38:37+00:00\",\"description\":\"U \u010detvrtak, 20. novembra, u okviru obele\u017eavanja Me\u0111unarodnog dana deteta, porodice sa decom ima\u0107e priliku da do\u017eive zajedni\u010dko, interaktivno i zabavno iskustvo u muzeju.\",\"breadcrumb\":{\"@id\":\"https:\\\/\\\/www.galerijamaticesrpske.rs\\\/lat\\\/events\\\/medjunarodni-dan-deteta\\\/#breadcrumb\"},\"inLanguage\":\"sr-LAT\",\"potentialAction\":[{\"@type\":\"ReadAction\",\"target\":[\"https:\\\/\\\/www.galerijamaticesrpske.rs\\\/lat\\\/events\\\/medjunarodni-dan-deteta\\\/\"]}]},{\"@type\":\"ImageObject\",\"inLanguage\":\"sr-LAT\",\"@id\":\"https:\\\/\\\/www.galerijamaticesrpske.rs\\\/lat\\\/events\\\/medjunarodni-dan-deteta\\\/#primaryimage\",\"url\":\"https:\\\/\\\/www.galerijamaticesrpske.rs\\\/wp-content\\\/uploads\\\/2025\\\/11\\\/picture1.jpg\",\"contentUrl\":\"https:\\\/\\\/www.galerijamaticesrpske.rs\\\/wp-content\\\/uploads\\\/2025\\\/11\\\/picture1.jpg\",\"width\":1431,\"height\":733},{\"@type\":\"BreadcrumbList\",\"@id\":\"https:\\\/\\\/www.galerijamaticesrpske.rs\\\/lat\\\/events\\\/medjunarodni-dan-deteta\\\/#breadcrumb\",\"itemListElement\":[{\"@type\":\"ListItem\",\"position\":1,\"name\":\"\u041f\u043e\u0447\u0435\u0442\u043d\u0430\",\"item\":\"http:\\\/\\\/www.galerijamaticesrpske.rs\\\/lat\\\/\"},{\"@type\":\"ListItem\",\"position\":2,\"name\":\"Events\",\"item\":\"http:\\\/\\\/www.galerijamaticesrpske.rs\\\/lat\\\/events\\\/\"},{\"@type\":\"ListItem\",\"position\":3,\"name\":\"Me\u0111unarodni dan deteta\"}]},{\"@type\":\"WebSite\",\"@id\":\"https:\\\/\\\/www.galerijamaticesrpske.rs\\\/#website\",\"url\":\"https:\\\/\\\/www.galerijamaticesrpske.rs\\\/\",\"name\":\"Galerija Matice srpske\",\"description\":\"Muzej srpske nacionalne umetnosti u Novom Sadu\",\"publisher\":{\"@id\":\"https:\\\/\\\/www.galerijamaticesrpske.rs\\\/#organization\"},\"potentialAction\":[{\"@type\":\"SearchAction\",\"target\":{\"@type\":\"EntryPoint\",\"urlTemplate\":\"https:\\\/\\\/www.galerijamaticesrpske.rs\\\/?s={search_term_string}\"},\"query-input\":{\"@type\":\"PropertyValueSpecification\",\"valueRequired\":true,\"valueName\":\"search_term_string\"}}],\"inLanguage\":\"sr-LAT\"},{\"@type\":\"Organization\",\"@id\":\"https:\\\/\\\/www.galerijamaticesrpske.rs\\\/#organization\",\"name\":\"Galerija Matice srpske\",\"url\":\"https:\\\/\\\/www.galerijamaticesrpske.rs\\\/\",\"logo\":{\"@type\":\"ImageObject\",\"inLanguage\":\"sr-LAT\",\"@id\":\"https:\\\/\\\/www.galerijamaticesrpske.rs\\\/#\\\/schema\\\/logo\\\/image\\\/\",\"url\":\"https:\\\/\\\/www.galerijamaticesrpske.rs\\\/wp-content\\\/uploads\\\/2021\\\/01\\\/gms-logo-za-sajt.svg\",\"contentUrl\":\"https:\\\/\\\/www.galerijamaticesrpske.rs\\\/wp-content\\\/uploads\\\/2021\\\/01\\\/gms-logo-za-sajt.svg\",\"width\":1,\"height\":1,\"caption\":\"Galerija Matice srpske\"},\"image\":{\"@id\":\"https:\\\/\\\/www.galerijamaticesrpske.rs\\\/#\\\/schema\\\/logo\\\/image\\\/\"}}]}<\/script>\n<!-- \/ Yoast SEO plugin. -->","yoast_head_json":{"title":"Me\u0111unarodni dan deteta | Galerija Matice srpske","description":"U \u010detvrtak, 20. novembra, u okviru obele\u017eavanja Me\u0111unarodnog dana deteta, porodice sa decom ima\u0107e priliku da do\u017eive zajedni\u010dko, interaktivno i zabavno iskustvo u muzeju.","robots":{"index":"index","follow":"follow","max-snippet":"max-snippet:-1","max-image-preview":"max-image-preview:large","max-video-preview":"max-video-preview:-1"},"canonical":"https:\/\/www.galerijamaticesrpske.rs\/lat\/events\/medjunarodni-dan-deteta\/","og_locale":"en_US","og_type":"article","og_title":"Me\u0111unarodni dan deteta | Galerija Matice srpske","og_description":"U \u010detvrtak, 20. novembra, u okviru obele\u017eavanja Me\u0111unarodnog dana deteta, porodice sa decom ima\u0107e priliku da do\u017eive zajedni\u010dko, interaktivno i zabavno iskustvo u muzeju.","og_url":"https:\/\/www.galerijamaticesrpske.rs\/lat\/events\/medjunarodni-dan-deteta\/","og_site_name":"Galerija Matice srpske","og_image":[{"width":1431,"height":733,"url":"https:\/\/www.galerijamaticesrpske.rs\/wp-content\/uploads\/2025\/11\/picture1.jpg","type":"image\/jpeg"}],"twitter_card":"summary_large_image","twitter_misc":{"Est. reading time":"1 minute"},"schema":{"@context":"https:\/\/schema.org","@graph":[{"@type":"WebPage","@id":"https:\/\/www.galerijamaticesrpske.rs\/lat\/events\/medjunarodni-dan-deteta\/","url":"https:\/\/www.galerijamaticesrpske.rs\/lat\/events\/medjunarodni-dan-deteta\/","name":"Me\u0111unarodni dan deteta | Galerija Matice srpske","isPartOf":{"@id":"https:\/\/www.galerijamaticesrpske.rs\/#website"},"primaryImageOfPage":{"@id":"https:\/\/www.galerijamaticesrpske.rs\/lat\/events\/medjunarodni-dan-deteta\/#primaryimage"},"image":{"@id":"https:\/\/www.galerijamaticesrpske.rs\/lat\/events\/medjunarodni-dan-deteta\/#primaryimage"},"thumbnailUrl":"https:\/\/www.galerijamaticesrpske.rs\/wp-content\/uploads\/2025\/11\/picture1.jpg","datePublished":"2025-11-17T12:38:37+00:00","description":"U \u010detvrtak, 20. novembra, u okviru obele\u017eavanja Me\u0111unarodnog dana deteta, porodice sa decom ima\u0107e priliku da do\u017eive zajedni\u010dko, interaktivno i zabavno iskustvo u muzeju.","breadcrumb":{"@id":"https:\/\/www.galerijamaticesrpske.rs\/lat\/events\/medjunarodni-dan-deteta\/#breadcrumb"},"inLanguage":"sr-LAT","potentialAction":[{"@type":"ReadAction","target":["https:\/\/www.galerijamaticesrpske.rs\/lat\/events\/medjunarodni-dan-deteta\/"]}]},{"@type":"ImageObject","inLanguage":"sr-LAT","@id":"https:\/\/www.galerijamaticesrpske.rs\/lat\/events\/medjunarodni-dan-deteta\/#primaryimage","url":"https:\/\/www.galerijamaticesrpske.rs\/wp-content\/uploads\/2025\/11\/picture1.jpg","contentUrl":"https:\/\/www.galerijamaticesrpske.rs\/wp-content\/uploads\/2025\/11\/picture1.jpg","width":1431,"height":733},{"@type":"BreadcrumbList","@id":"https:\/\/www.galerijamaticesrpske.rs\/lat\/events\/medjunarodni-dan-deteta\/#breadcrumb","itemListElement":[{"@type":"ListItem","position":1,"name":"\u041f\u043e\u0447\u0435\u0442\u043d\u0430","item":"http:\/\/www.galerijamaticesrpske.rs\/lat\/"},{"@type":"ListItem","position":2,"name":"Events","item":"http:\/\/www.galerijamaticesrpske.rs\/lat\/events\/"},{"@type":"ListItem","position":3,"name":"Me\u0111unarodni dan deteta"}]},{"@type":"WebSite","@id":"https:\/\/www.galerijamaticesrpske.rs\/#website","url":"https:\/\/www.galerijamaticesrpske.rs\/","name":"Galerija Matice srpske","description":"Muzej srpske nacionalne umetnosti u Novom Sadu","publisher":{"@id":"https:\/\/www.galerijamaticesrpske.rs\/#organization"},"potentialAction":[{"@type":"SearchAction","target":{"@type":"EntryPoint","urlTemplate":"https:\/\/www.galerijamaticesrpske.rs\/?s={search_term_string}"},"query-input":{"@type":"PropertyValueSpecification","valueRequired":true,"valueName":"search_term_string"}}],"inLanguage":"sr-LAT"},{"@type":"Organization","@id":"https:\/\/www.galerijamaticesrpske.rs\/#organization","name":"Galerija Matice srpske","url":"https:\/\/www.galerijamaticesrpske.rs\/","logo":{"@type":"ImageObject","inLanguage":"sr-LAT","@id":"https:\/\/www.galerijamaticesrpske.rs\/#\/schema\/logo\/image\/","url":"https:\/\/www.galerijamaticesrpske.rs\/wp-content\/uploads\/2021\/01\/gms-logo-za-sajt.svg","contentUrl":"https:\/\/www.galerijamaticesrpske.rs\/wp-content\/uploads\/2021\/01\/gms-logo-za-sajt.svg","width":1,"height":1,"caption":"Galerija Matice srpske"},"image":{"@id":"https:\/\/www.galerijamaticesrpske.rs\/#\/schema\/logo\/image\/"}}]}},"_links":{"self":[{"href":"https:\/\/www.galerijamaticesrpske.rs\/lat\/wp-json\/wp\/v2\/mec-events\/15840","targetHints":{"allow":["GET"]}}],"collection":[{"href":"https:\/\/www.galerijamaticesrpske.rs\/lat\/wp-json\/wp\/v2\/mec-events"}],"about":[{"href":"https:\/\/www.galerijamaticesrpske.rs\/lat\/wp-json\/wp\/v2\/types\/mec-events"}],"author":[{"embeddable":true,"href":"https:\/\/www.galerijamaticesrpske.rs\/lat\/wp-json\/wp\/v2\/users\/2"}],"replies":[{"embeddable":true,"href":"https:\/\/www.galerijamaticesrpske.rs\/lat\/wp-json\/wp\/v2\/comments?post=15840"}],"wp:featuredmedia":[{"embeddable":true,"href":"https:\/\/www.galerijamaticesrpske.rs\/lat\/wp-json\/wp\/v2\/media\/15806"}],"wp:attachment":[{"href":"https:\/\/www.galerijamaticesrpske.rs\/lat\/wp-json\/wp\/v2\/media?parent=15840"}],"wp:term":[{"taxonomy":"post_tag","embeddable":true,"href":"https:\/\/www.galerijamaticesrpske.rs\/lat\/wp-json\/wp\/v2\/tags?post=15840"},{"taxonomy":"mec_category","embeddable":true,"href":"https:\/\/www.galerijamaticesrpske.rs\/lat\/wp-json\/wp\/v2\/mec_category?post=15840"}],"curies":[{"name":"wp","href":"https:\/\/api.w.org\/{rel}","templated":true}]}}