{"id":15850,"date":"2025-11-18T09:49:06","date_gmt":"2025-11-18T09:49:06","guid":{"rendered":"https:\/\/www.galerijamaticesrpske.rs\/?post_type=mec-events&#038;p=15850"},"modified":"2025-11-18T09:49:06","modified_gmt":"2025-11-18T09:49:06","slug":"johan-straus-i-njegove-savremenice","status":"publish","type":"mec-events","link":"https:\/\/www.galerijamaticesrpske.rs\/lat\/events\/johan-straus-i-njegove-savremenice\/","title":{"rendered":"Johan \u0160traus i njegove savremenice"},"content":{"rendered":"<p>Povodom 200 godina od ro\u0111enja \u201ekralja valcera\u201c, austrijskog kompozitora i dirigenta Johana \u0160trausa, u Galeriji Matice srpske bi\u0107e odr\u017ean<strong> koncert <em>Johan \u0160traus i njegove savremenice<\/em><\/strong> u subotu, <strong>29. novembra u 20.00 sati<\/strong>.<\/p>\n<p>Na prelazu iz 19. u 20. vek Be\u010d je bio grad \u017eeljan plesa i zabave. Pored orkestara koje su predvodili \u010dlanovi porodice \u0160traus, \u010dije je carstvo muzike bilo nezaobilazno, mnoge \u017eenske orkestarske trupe zabavljale su publiku svojim kompozicijama, donose\u0107i osve\u017eavaju\u0107e novitete na muzi\u010dku scenu.<\/p>\n<p>Irena Suhi predstavlja Ensemble F, sastav u kojem nastupaju violon\u010delistkinja Ursula Erhart-\u0160vertman, pijanista Jan Satler i tri \u010dlana Simfonijskog orkestra Be\u010dkog radija ORF. Publika \u0107e u\u017eivati u valcerima, polkama, salonskim delima, kao i u potpuno novoj plesnoj muzici velikih austrijskih savremenika.<\/p>\n<p>Irena \u0107e biti i moderatorka na najavljenom doga\u0111aju.<\/p>\n<p>Projekat realizuje Institut za umetni\u010dko istra\u017eivanje Maezenatentum.at u saradnji sa Galerijom Matice srpske, Austrijskim kulturnim forumom i Muzi\u010dkom omladinom Novog Sada.<\/p>\n<p>Ulaz je slobodan.<\/p>\n<p>Irena Suhi je ro\u0111ena u Be\u010du 1960. godine. Austrijska je muzikolo\u0161kiinja, radi kao slobodna novinarka, organizatorka izlo\u017ebi, urednica i voditeljka. Od 1990. radila je kao muzi\u010dka urednica za radio stanicu \u00d61, dizajnerka i voditeljka programa o muzici. Kao univerzitetska profesorka i nastavnica radi\/radila je na Univerzitetu u Be\u010du, Univerzitetu primenjenih nauka u Sankt Peltenu, KFU Grac, Univerzitetu \u201eMozarteum\u201c u Salcburgu i Institutu za istra\u017eivanje roda pri Univerzitetu umetnosti u Gracu.<\/p>\n","protected":false},"excerpt":{"rendered":"<p>Povodom 200 godina od ro\u0111enja \u201ekralja valcera\u201c, austrijskog kompozitora i dirigenta Johana \u0160trausa, u Galeriji Matice srpske bi\u0107e odr\u017ean koncert Johan \u0160traus i njegove savremenice u subotu, 29. novembra u 20.00 sati. Na prelazu iz 19. u 20. vek Be\u010d je bio grad \u017eeljan plesa i zabave. Pored orkestara koje su predvodili \u010dlanovi porodice \u0160traus,<\/p>\n","protected":false},"author":2,"featured_media":15849,"comment_status":"closed","ping_status":"closed","template":"","tags":[],"mec_category":[103],"class_list":["post-15850","mec-events","type-mec-events","status-publish","has-post-thumbnail","hentry","mec_category-koncerti"],"acf":[],"yoast_head":"<!-- This site is optimized with the Yoast SEO plugin v27.3 - https:\/\/yoast.com\/product\/yoast-seo-wordpress\/ -->\n<title>Johan \u0160traus i njegove savremenice | Galerija Matice srpske<\/title>\n<meta name=\"description\" content=\"Povodom 200 godina od ro\u0111enja \u201ekralja valcera\u201c, austrijskog kompozitora i dirigenta Johana \u0160trausa, u Galeriji Matice srpske bi\u0107e odr\u017ean koncert Johan \u0160traus i njegove savremenice u subotu, 29. novembra u 20.00 sati.\" \/>\n<meta name=\"robots\" content=\"index, follow, max-snippet:-1, max-image-preview:large, max-video-preview:-1\" \/>\n<link rel=\"canonical\" href=\"https:\/\/www.galerijamaticesrpske.rs\/lat\/events\/johan-straus-i-njegove-savremenice\/\" \/>\n<meta property=\"og:locale\" content=\"en_US\" \/>\n<meta property=\"og:type\" content=\"article\" \/>\n<meta property=\"og:title\" content=\"Johan \u0160traus i njegove savremenice | Galerija Matice srpske\" \/>\n<meta property=\"og:description\" content=\"Povodom 200 godina od ro\u0111enja \u201ekralja valcera\u201c, austrijskog kompozitora i dirigenta Johana \u0160trausa, u Galeriji Matice srpske bi\u0107e odr\u017ean koncert Johan \u0160traus i njegove savremenice u subotu, 29. novembra u 20.00 sati.\" \/>\n<meta property=\"og:url\" content=\"https:\/\/www.galerijamaticesrpske.rs\/lat\/events\/johan-straus-i-njegove-savremenice\/\" \/>\n<meta property=\"og:site_name\" content=\"Galerija Matice srpske\" \/>\n<meta property=\"og:image\" content=\"https:\/\/www.galerijamaticesrpske.rs\/wp-content\/uploads\/2025\/11\/2025-web-e.jpg\" \/>\n\t<meta property=\"og:image:width\" content=\"1900\" \/>\n\t<meta property=\"og:image:height\" content=\"770\" \/>\n\t<meta property=\"og:image:type\" content=\"image\/jpeg\" \/>\n<meta name=\"twitter:card\" content=\"summary_large_image\" \/>\n<meta name=\"twitter:label1\" content=\"Est. reading time\" \/>\n\t<meta name=\"twitter:data1\" content=\"1 minute\" \/>\n<script type=\"application\/ld+json\" class=\"yoast-schema-graph\">{\"@context\":\"https:\\\/\\\/schema.org\",\"@graph\":[{\"@type\":\"WebPage\",\"@id\":\"https:\\\/\\\/www.galerijamaticesrpske.rs\\\/lat\\\/events\\\/johan-straus-i-njegove-savremenice\\\/\",\"url\":\"https:\\\/\\\/www.galerijamaticesrpske.rs\\\/lat\\\/events\\\/johan-straus-i-njegove-savremenice\\\/\",\"name\":\"Johan \u0160traus i njegove savremenice | Galerija Matice srpske\",\"isPartOf\":{\"@id\":\"https:\\\/\\\/www.galerijamaticesrpske.rs\\\/#website\"},\"primaryImageOfPage\":{\"@id\":\"https:\\\/\\\/www.galerijamaticesrpske.rs\\\/lat\\\/events\\\/johan-straus-i-njegove-savremenice\\\/#primaryimage\"},\"image\":{\"@id\":\"https:\\\/\\\/www.galerijamaticesrpske.rs\\\/lat\\\/events\\\/johan-straus-i-njegove-savremenice\\\/#primaryimage\"},\"thumbnailUrl\":\"https:\\\/\\\/www.galerijamaticesrpske.rs\\\/wp-content\\\/uploads\\\/2025\\\/11\\\/2025-web-e.jpg\",\"datePublished\":\"2025-11-18T09:49:06+00:00\",\"description\":\"Povodom 200 godina od ro\u0111enja \u201ekralja valcera\u201c, austrijskog kompozitora i dirigenta Johana \u0160trausa, u Galeriji Matice srpske bi\u0107e odr\u017ean koncert Johan \u0160traus i njegove savremenice u subotu, 29. novembra u 20.00 sati.\",\"breadcrumb\":{\"@id\":\"https:\\\/\\\/www.galerijamaticesrpske.rs\\\/lat\\\/events\\\/johan-straus-i-njegove-savremenice\\\/#breadcrumb\"},\"inLanguage\":\"sr-LAT\",\"potentialAction\":[{\"@type\":\"ReadAction\",\"target\":[\"https:\\\/\\\/www.galerijamaticesrpske.rs\\\/lat\\\/events\\\/johan-straus-i-njegove-savremenice\\\/\"]}]},{\"@type\":\"ImageObject\",\"inLanguage\":\"sr-LAT\",\"@id\":\"https:\\\/\\\/www.galerijamaticesrpske.rs\\\/lat\\\/events\\\/johan-straus-i-njegove-savremenice\\\/#primaryimage\",\"url\":\"https:\\\/\\\/www.galerijamaticesrpske.rs\\\/wp-content\\\/uploads\\\/2025\\\/11\\\/2025-web-e.jpg\",\"contentUrl\":\"https:\\\/\\\/www.galerijamaticesrpske.rs\\\/wp-content\\\/uploads\\\/2025\\\/11\\\/2025-web-e.jpg\",\"width\":1900,\"height\":770},{\"@type\":\"BreadcrumbList\",\"@id\":\"https:\\\/\\\/www.galerijamaticesrpske.rs\\\/lat\\\/events\\\/johan-straus-i-njegove-savremenice\\\/#breadcrumb\",\"itemListElement\":[{\"@type\":\"ListItem\",\"position\":1,\"name\":\"\u041f\u043e\u0447\u0435\u0442\u043d\u0430\",\"item\":\"http:\\\/\\\/www.galerijamaticesrpske.rs\\\/lat\\\/\"},{\"@type\":\"ListItem\",\"position\":2,\"name\":\"Events\",\"item\":\"http:\\\/\\\/www.galerijamaticesrpske.rs\\\/lat\\\/events\\\/\"},{\"@type\":\"ListItem\",\"position\":3,\"name\":\"Johan \u0160traus i njegove savremenice\"}]},{\"@type\":\"WebSite\",\"@id\":\"https:\\\/\\\/www.galerijamaticesrpske.rs\\\/#website\",\"url\":\"https:\\\/\\\/www.galerijamaticesrpske.rs\\\/\",\"name\":\"Galerija Matice srpske\",\"description\":\"Muzej srpske nacionalne umetnosti u Novom Sadu\",\"publisher\":{\"@id\":\"https:\\\/\\\/www.galerijamaticesrpske.rs\\\/#organization\"},\"potentialAction\":[{\"@type\":\"SearchAction\",\"target\":{\"@type\":\"EntryPoint\",\"urlTemplate\":\"https:\\\/\\\/www.galerijamaticesrpske.rs\\\/?s={search_term_string}\"},\"query-input\":{\"@type\":\"PropertyValueSpecification\",\"valueRequired\":true,\"valueName\":\"search_term_string\"}}],\"inLanguage\":\"sr-LAT\"},{\"@type\":\"Organization\",\"@id\":\"https:\\\/\\\/www.galerijamaticesrpske.rs\\\/#organization\",\"name\":\"Galerija Matice srpske\",\"url\":\"https:\\\/\\\/www.galerijamaticesrpske.rs\\\/\",\"logo\":{\"@type\":\"ImageObject\",\"inLanguage\":\"sr-LAT\",\"@id\":\"https:\\\/\\\/www.galerijamaticesrpske.rs\\\/#\\\/schema\\\/logo\\\/image\\\/\",\"url\":\"https:\\\/\\\/www.galerijamaticesrpske.rs\\\/wp-content\\\/uploads\\\/2021\\\/01\\\/gms-logo-za-sajt.svg\",\"contentUrl\":\"https:\\\/\\\/www.galerijamaticesrpske.rs\\\/wp-content\\\/uploads\\\/2021\\\/01\\\/gms-logo-za-sajt.svg\",\"width\":1,\"height\":1,\"caption\":\"Galerija Matice srpske\"},\"image\":{\"@id\":\"https:\\\/\\\/www.galerijamaticesrpske.rs\\\/#\\\/schema\\\/logo\\\/image\\\/\"}}]}<\/script>\n<!-- \/ Yoast SEO plugin. -->","yoast_head_json":{"title":"Johan \u0160traus i njegove savremenice | Galerija Matice srpske","description":"Povodom 200 godina od ro\u0111enja \u201ekralja valcera\u201c, austrijskog kompozitora i dirigenta Johana \u0160trausa, u Galeriji Matice srpske bi\u0107e odr\u017ean koncert Johan \u0160traus i njegove savremenice u subotu, 29. novembra u 20.00 sati.","robots":{"index":"index","follow":"follow","max-snippet":"max-snippet:-1","max-image-preview":"max-image-preview:large","max-video-preview":"max-video-preview:-1"},"canonical":"https:\/\/www.galerijamaticesrpske.rs\/lat\/events\/johan-straus-i-njegove-savremenice\/","og_locale":"en_US","og_type":"article","og_title":"Johan \u0160traus i njegove savremenice | Galerija Matice srpske","og_description":"Povodom 200 godina od ro\u0111enja \u201ekralja valcera\u201c, austrijskog kompozitora i dirigenta Johana \u0160trausa, u Galeriji Matice srpske bi\u0107e odr\u017ean koncert Johan \u0160traus i njegove savremenice u subotu, 29. novembra u 20.00 sati.","og_url":"https:\/\/www.galerijamaticesrpske.rs\/lat\/events\/johan-straus-i-njegove-savremenice\/","og_site_name":"Galerija Matice srpske","og_image":[{"width":1900,"height":770,"url":"https:\/\/www.galerijamaticesrpske.rs\/wp-content\/uploads\/2025\/11\/2025-web-e.jpg","type":"image\/jpeg"}],"twitter_card":"summary_large_image","twitter_misc":{"Est. reading time":"1 minute"},"schema":{"@context":"https:\/\/schema.org","@graph":[{"@type":"WebPage","@id":"https:\/\/www.galerijamaticesrpske.rs\/lat\/events\/johan-straus-i-njegove-savremenice\/","url":"https:\/\/www.galerijamaticesrpske.rs\/lat\/events\/johan-straus-i-njegove-savremenice\/","name":"Johan \u0160traus i njegove savremenice | Galerija Matice srpske","isPartOf":{"@id":"https:\/\/www.galerijamaticesrpske.rs\/#website"},"primaryImageOfPage":{"@id":"https:\/\/www.galerijamaticesrpske.rs\/lat\/events\/johan-straus-i-njegove-savremenice\/#primaryimage"},"image":{"@id":"https:\/\/www.galerijamaticesrpske.rs\/lat\/events\/johan-straus-i-njegove-savremenice\/#primaryimage"},"thumbnailUrl":"https:\/\/www.galerijamaticesrpske.rs\/wp-content\/uploads\/2025\/11\/2025-web-e.jpg","datePublished":"2025-11-18T09:49:06+00:00","description":"Povodom 200 godina od ro\u0111enja \u201ekralja valcera\u201c, austrijskog kompozitora i dirigenta Johana \u0160trausa, u Galeriji Matice srpske bi\u0107e odr\u017ean koncert Johan \u0160traus i njegove savremenice u subotu, 29. novembra u 20.00 sati.","breadcrumb":{"@id":"https:\/\/www.galerijamaticesrpske.rs\/lat\/events\/johan-straus-i-njegove-savremenice\/#breadcrumb"},"inLanguage":"sr-LAT","potentialAction":[{"@type":"ReadAction","target":["https:\/\/www.galerijamaticesrpske.rs\/lat\/events\/johan-straus-i-njegove-savremenice\/"]}]},{"@type":"ImageObject","inLanguage":"sr-LAT","@id":"https:\/\/www.galerijamaticesrpske.rs\/lat\/events\/johan-straus-i-njegove-savremenice\/#primaryimage","url":"https:\/\/www.galerijamaticesrpske.rs\/wp-content\/uploads\/2025\/11\/2025-web-e.jpg","contentUrl":"https:\/\/www.galerijamaticesrpske.rs\/wp-content\/uploads\/2025\/11\/2025-web-e.jpg","width":1900,"height":770},{"@type":"BreadcrumbList","@id":"https:\/\/www.galerijamaticesrpske.rs\/lat\/events\/johan-straus-i-njegove-savremenice\/#breadcrumb","itemListElement":[{"@type":"ListItem","position":1,"name":"\u041f\u043e\u0447\u0435\u0442\u043d\u0430","item":"http:\/\/www.galerijamaticesrpske.rs\/lat\/"},{"@type":"ListItem","position":2,"name":"Events","item":"http:\/\/www.galerijamaticesrpske.rs\/lat\/events\/"},{"@type":"ListItem","position":3,"name":"Johan \u0160traus i njegove savremenice"}]},{"@type":"WebSite","@id":"https:\/\/www.galerijamaticesrpske.rs\/#website","url":"https:\/\/www.galerijamaticesrpske.rs\/","name":"Galerija Matice srpske","description":"Muzej srpske nacionalne umetnosti u Novom Sadu","publisher":{"@id":"https:\/\/www.galerijamaticesrpske.rs\/#organization"},"potentialAction":[{"@type":"SearchAction","target":{"@type":"EntryPoint","urlTemplate":"https:\/\/www.galerijamaticesrpske.rs\/?s={search_term_string}"},"query-input":{"@type":"PropertyValueSpecification","valueRequired":true,"valueName":"search_term_string"}}],"inLanguage":"sr-LAT"},{"@type":"Organization","@id":"https:\/\/www.galerijamaticesrpske.rs\/#organization","name":"Galerija Matice srpske","url":"https:\/\/www.galerijamaticesrpske.rs\/","logo":{"@type":"ImageObject","inLanguage":"sr-LAT","@id":"https:\/\/www.galerijamaticesrpske.rs\/#\/schema\/logo\/image\/","url":"https:\/\/www.galerijamaticesrpske.rs\/wp-content\/uploads\/2021\/01\/gms-logo-za-sajt.svg","contentUrl":"https:\/\/www.galerijamaticesrpske.rs\/wp-content\/uploads\/2021\/01\/gms-logo-za-sajt.svg","width":1,"height":1,"caption":"Galerija Matice srpske"},"image":{"@id":"https:\/\/www.galerijamaticesrpske.rs\/#\/schema\/logo\/image\/"}}]}},"_links":{"self":[{"href":"https:\/\/www.galerijamaticesrpske.rs\/lat\/wp-json\/wp\/v2\/mec-events\/15850","targetHints":{"allow":["GET"]}}],"collection":[{"href":"https:\/\/www.galerijamaticesrpske.rs\/lat\/wp-json\/wp\/v2\/mec-events"}],"about":[{"href":"https:\/\/www.galerijamaticesrpske.rs\/lat\/wp-json\/wp\/v2\/types\/mec-events"}],"author":[{"embeddable":true,"href":"https:\/\/www.galerijamaticesrpske.rs\/lat\/wp-json\/wp\/v2\/users\/2"}],"replies":[{"embeddable":true,"href":"https:\/\/www.galerijamaticesrpske.rs\/lat\/wp-json\/wp\/v2\/comments?post=15850"}],"wp:featuredmedia":[{"embeddable":true,"href":"https:\/\/www.galerijamaticesrpske.rs\/lat\/wp-json\/wp\/v2\/media\/15849"}],"wp:attachment":[{"href":"https:\/\/www.galerijamaticesrpske.rs\/lat\/wp-json\/wp\/v2\/media?parent=15850"}],"wp:term":[{"taxonomy":"post_tag","embeddable":true,"href":"https:\/\/www.galerijamaticesrpske.rs\/lat\/wp-json\/wp\/v2\/tags?post=15850"},{"taxonomy":"mec_category","embeddable":true,"href":"https:\/\/www.galerijamaticesrpske.rs\/lat\/wp-json\/wp\/v2\/mec_category?post=15850"}],"curies":[{"name":"wp","href":"https:\/\/api.w.org\/{rel}","templated":true}]}}