{"id":16218,"date":"2026-01-29T08:41:47","date_gmt":"2026-01-29T08:41:47","guid":{"rendered":"https:\/\/www.galerijamaticesrpske.rs\/?post_type=mec-events&#038;p=16218"},"modified":"2026-01-29T08:41:47","modified_gmt":"2026-01-29T08:41:47","slug":"otvaranje-izlozbe-mladih-ko-je-telo","status":"publish","type":"mec-events","link":"https:\/\/www.galerijamaticesrpske.rs\/lat\/events\/otvaranje-izlozbe-mladih-ko-je-telo\/","title":{"rendered":"Otvaranje izlo\u017ebe mladih KO\/JE TELO?"},"content":{"rendered":"<p>Galerija Matice srpske u petak, <strong>6. februara u 20.00 sati<\/strong> <strong>otvara jedinstvenu izlo\u017ebu<\/strong> koja je nastala iz pitanja <em><strong>Ko\/Je Telo?<\/strong><\/em> i hrabrosti da se na njega odgovori.<\/p>\n<p>\u0160ta je telo? Da li je ono \u0161to vidimo u ogledalu, na dru\u0161tvenim mre\u017eama, u medijima, u tu\u0111im pogledima? Ili je telo mnogo vi\u0161e \u2013 prostor ose\u0107aja, identiteta, ranjivosti, snage, otpora i slobode?<strong> Izlo\u017eba <em>Ko\/Je Telo?<\/em><\/strong> pru\u017ea mogu\u0107e odgovore na ova pitanja koja su dali mladi novosadski srednjo\u0161kolci. Ona je rezultat vi\u0161emese\u010dnog umetni\u010dkog i istra\u017eiva\u010dkog procesa u kojem su mladi bili autori, istra\u017eiva\u010di i pokreta\u010di tema koje ih se ti\u010du.<\/p>\n<p>Projekat <em>Ko\/Je Telo?<\/em> koji je realizovan u Galeriji Matice srpske od oktobra do decembra 2025. godine okupio je u\u010denike srednjih \u0161kola u Novom Sadu. Polazna ideja bila je jednostavna, ali sna\u017ena: stvoriti prostor u kom mladi mogu da govore o telu \u2013 bez pritiska, bez \u0161ablona, bez nametnutih odgovora. Cilj projekta bio je da mladi kriti\u010dki preispituju standarde lepote i dru\u0161tvene norme, razumeju kako mediji, popularna kultura i istorijski obrasci oblikuju sliku tela, pove\u017eu li\u010dna iskustva sa \u0161irim dru\u0161tvenim i kulturnim kontekstom, razvijaju sopstveni stav, jezik i vizuelni izraz, osete da su vidljivi i da njihov glas ima mesto u ustanovi kulture.<\/p>\n<p>Proces je bio participativan i interdisciplinaran \u2013 mladi nisu bili publika, ve\u0107 aktivni u\u010desnici. Teorijski razgovori, analize i diskusije preplitali su se sa prakti\u010dnim umetni\u010dkim radom u medijima fotografije, videa, crte\u017ea, performansa, poezije, slikarstva i instalacije.<\/p>\n<p>Izlo\u017eeni radovi u\u010desnika projekta govore o lepoti i ru\u017eno\u0107i, identitetu i razli\u010ditosti, pritiscima i o\u010dekivanjima, pokretu, sportu, modi i medijima, nesigurnosti, snazi i potrebi za prihvatanjem.<\/p>\n<p>U\u010desnici projekta su u\u010denici \u0160kole za dizajn \u201eBogdan \u0160uput\u201c Jovana Raili\u0107, Anastasija Marija Bo\u017eovi\u0107, Aleksandra Bojani\u0107, Dragana \u0110or\u0111evi\u0107, Olgica Lovri\u0107, Luka Aleksi\u0107, Valerija Ilievska, Nikolina Plav\u0161i\u0107 i u\u010denici Gimnazije \u201eSvetozar Markovi\u0107\u201c Una Le\u010di\u0107, Lea Vujkov i Sofija Safijanova.<\/p>\n<p>Otvaranje izlo\u017ebe \u0107e upotpuniti muzi\u010dki nastup di-d\u017eeja <a href=\"https:\/\/www.instagram.com\/zharulja_\/\">Zharulja<\/a>.<\/p>\n<p>Izlo\u017eba \u0107e mo\u0107i da se pogleda na drugom spratu stalne postavke<em> ReVIZIJA kolekcije Galerije Matice srpske<\/em> u Sobi za prepu\u0161tanje umetnosti do 31. marta 2026. godine.<\/p>\n","protected":false},"excerpt":{"rendered":"<p>Galerija Matice srpske u petak, 6. februara u 20.00 sati otvara jedinstvenu izlo\u017ebu koja je nastala iz pitanja Ko\/Je Telo? i hrabrosti da se na njega odgovori. \u0160ta je telo? Da li je ono \u0161to vidimo u ogledalu, na dru\u0161tvenim mre\u017eama, u medijima, u tu\u0111im pogledima? Ili je telo mnogo vi\u0161e \u2013 prostor ose\u0107aja, identiteta,<\/p>\n","protected":false},"author":2,"featured_media":16217,"comment_status":"closed","ping_status":"closed","template":"","tags":[],"mec_category":[97],"class_list":["post-16218","mec-events","type-mec-events","status-publish","has-post-thumbnail","hentry","mec_category-izlozbe"],"acf":[],"yoast_head":"<!-- This site is optimized with the Yoast SEO plugin v27.3 - https:\/\/yoast.com\/product\/yoast-seo-wordpress\/ -->\n<title>Otvaranje izlo\u017ebe mladih KO\/JE TELO? | Galerija Matice srpske<\/title>\n<meta name=\"description\" content=\"Galerija Matice srpske u petak, 6. februara u 20.00 sati otvara jedinstvenu izlo\u017ebu koja je nastala iz pitanja Ko\/Je Telo? i hrabrosti da se na njega odgovori.\" \/>\n<meta name=\"robots\" content=\"index, follow, max-snippet:-1, max-image-preview:large, max-video-preview:-1\" \/>\n<link rel=\"canonical\" href=\"https:\/\/www.galerijamaticesrpske.rs\/lat\/events\/otvaranje-izlozbe-mladih-ko-je-telo\/\" \/>\n<meta property=\"og:locale\" content=\"en_US\" \/>\n<meta property=\"og:type\" content=\"article\" \/>\n<meta property=\"og:title\" content=\"Otvaranje izlo\u017ebe mladih KO\/JE TELO? | Galerija Matice srpske\" \/>\n<meta property=\"og:description\" content=\"Galerija Matice srpske u petak, 6. februara u 20.00 sati otvara jedinstvenu izlo\u017ebu koja je nastala iz pitanja Ko\/Je Telo? i hrabrosti da se na njega odgovori.\" \/>\n<meta property=\"og:url\" content=\"https:\/\/www.galerijamaticesrpske.rs\/lat\/events\/otvaranje-izlozbe-mladih-ko-je-telo\/\" \/>\n<meta property=\"og:site_name\" content=\"Galerija Matice srpske\" \/>\n<meta property=\"og:image\" content=\"https:\/\/www.galerijamaticesrpske.rs\/wp-content\/uploads\/2026\/01\/vizual_baner-sajt.jpg\" \/>\n\t<meta property=\"og:image:width\" content=\"1920\" \/>\n\t<meta property=\"og:image:height\" content=\"1087\" \/>\n\t<meta property=\"og:image:type\" content=\"image\/jpeg\" \/>\n<meta name=\"twitter:card\" content=\"summary_large_image\" \/>\n<meta name=\"twitter:label1\" content=\"Est. reading time\" \/>\n\t<meta name=\"twitter:data1\" content=\"2 minutes\" \/>\n<script type=\"application\/ld+json\" class=\"yoast-schema-graph\">{\"@context\":\"https:\\\/\\\/schema.org\",\"@graph\":[{\"@type\":\"WebPage\",\"@id\":\"https:\\\/\\\/www.galerijamaticesrpske.rs\\\/lat\\\/events\\\/otvaranje-izlozbe-mladih-ko-je-telo\\\/\",\"url\":\"https:\\\/\\\/www.galerijamaticesrpske.rs\\\/lat\\\/events\\\/otvaranje-izlozbe-mladih-ko-je-telo\\\/\",\"name\":\"Otvaranje izlo\u017ebe mladih KO\\\/JE TELO? | Galerija Matice srpske\",\"isPartOf\":{\"@id\":\"https:\\\/\\\/www.galerijamaticesrpske.rs\\\/#website\"},\"primaryImageOfPage\":{\"@id\":\"https:\\\/\\\/www.galerijamaticesrpske.rs\\\/lat\\\/events\\\/otvaranje-izlozbe-mladih-ko-je-telo\\\/#primaryimage\"},\"image\":{\"@id\":\"https:\\\/\\\/www.galerijamaticesrpske.rs\\\/lat\\\/events\\\/otvaranje-izlozbe-mladih-ko-je-telo\\\/#primaryimage\"},\"thumbnailUrl\":\"https:\\\/\\\/www.galerijamaticesrpske.rs\\\/wp-content\\\/uploads\\\/2026\\\/01\\\/vizual_baner-sajt.jpg\",\"datePublished\":\"2026-01-29T08:41:47+00:00\",\"description\":\"Galerija Matice srpske u petak, 6. februara u 20.00 sati otvara jedinstvenu izlo\u017ebu koja je nastala iz pitanja Ko\\\/Je Telo? i hrabrosti da se na njega odgovori.\",\"breadcrumb\":{\"@id\":\"https:\\\/\\\/www.galerijamaticesrpske.rs\\\/lat\\\/events\\\/otvaranje-izlozbe-mladih-ko-je-telo\\\/#breadcrumb\"},\"inLanguage\":\"sr-LAT\",\"potentialAction\":[{\"@type\":\"ReadAction\",\"target\":[\"https:\\\/\\\/www.galerijamaticesrpske.rs\\\/lat\\\/events\\\/otvaranje-izlozbe-mladih-ko-je-telo\\\/\"]}]},{\"@type\":\"ImageObject\",\"inLanguage\":\"sr-LAT\",\"@id\":\"https:\\\/\\\/www.galerijamaticesrpske.rs\\\/lat\\\/events\\\/otvaranje-izlozbe-mladih-ko-je-telo\\\/#primaryimage\",\"url\":\"https:\\\/\\\/www.galerijamaticesrpske.rs\\\/wp-content\\\/uploads\\\/2026\\\/01\\\/vizual_baner-sajt.jpg\",\"contentUrl\":\"https:\\\/\\\/www.galerijamaticesrpske.rs\\\/wp-content\\\/uploads\\\/2026\\\/01\\\/vizual_baner-sajt.jpg\",\"width\":1920,\"height\":1087},{\"@type\":\"BreadcrumbList\",\"@id\":\"https:\\\/\\\/www.galerijamaticesrpske.rs\\\/lat\\\/events\\\/otvaranje-izlozbe-mladih-ko-je-telo\\\/#breadcrumb\",\"itemListElement\":[{\"@type\":\"ListItem\",\"position\":1,\"name\":\"\u041f\u043e\u0447\u0435\u0442\u043d\u0430\",\"item\":\"http:\\\/\\\/www.galerijamaticesrpske.rs\\\/lat\\\/\"},{\"@type\":\"ListItem\",\"position\":2,\"name\":\"Events\",\"item\":\"http:\\\/\\\/www.galerijamaticesrpske.rs\\\/lat\\\/events\\\/\"},{\"@type\":\"ListItem\",\"position\":3,\"name\":\"Otvaranje izlo\u017ebe mladih KO\\\/JE TELO?\"}]},{\"@type\":\"WebSite\",\"@id\":\"https:\\\/\\\/www.galerijamaticesrpske.rs\\\/#website\",\"url\":\"https:\\\/\\\/www.galerijamaticesrpske.rs\\\/\",\"name\":\"Galerija Matice srpske\",\"description\":\"Muzej srpske nacionalne umetnosti u Novom Sadu\",\"publisher\":{\"@id\":\"https:\\\/\\\/www.galerijamaticesrpske.rs\\\/#organization\"},\"potentialAction\":[{\"@type\":\"SearchAction\",\"target\":{\"@type\":\"EntryPoint\",\"urlTemplate\":\"https:\\\/\\\/www.galerijamaticesrpske.rs\\\/?s={search_term_string}\"},\"query-input\":{\"@type\":\"PropertyValueSpecification\",\"valueRequired\":true,\"valueName\":\"search_term_string\"}}],\"inLanguage\":\"sr-LAT\"},{\"@type\":\"Organization\",\"@id\":\"https:\\\/\\\/www.galerijamaticesrpske.rs\\\/#organization\",\"name\":\"Galerija Matice srpske\",\"url\":\"https:\\\/\\\/www.galerijamaticesrpske.rs\\\/\",\"logo\":{\"@type\":\"ImageObject\",\"inLanguage\":\"sr-LAT\",\"@id\":\"https:\\\/\\\/www.galerijamaticesrpske.rs\\\/#\\\/schema\\\/logo\\\/image\\\/\",\"url\":\"https:\\\/\\\/www.galerijamaticesrpske.rs\\\/wp-content\\\/uploads\\\/2021\\\/01\\\/gms-logo-za-sajt.svg\",\"contentUrl\":\"https:\\\/\\\/www.galerijamaticesrpske.rs\\\/wp-content\\\/uploads\\\/2021\\\/01\\\/gms-logo-za-sajt.svg\",\"width\":1,\"height\":1,\"caption\":\"Galerija Matice srpske\"},\"image\":{\"@id\":\"https:\\\/\\\/www.galerijamaticesrpske.rs\\\/#\\\/schema\\\/logo\\\/image\\\/\"}}]}<\/script>\n<!-- \/ Yoast SEO plugin. -->","yoast_head_json":{"title":"Otvaranje izlo\u017ebe mladih KO\/JE TELO? | Galerija Matice srpske","description":"Galerija Matice srpske u petak, 6. februara u 20.00 sati otvara jedinstvenu izlo\u017ebu koja je nastala iz pitanja Ko\/Je Telo? i hrabrosti da se na njega odgovori.","robots":{"index":"index","follow":"follow","max-snippet":"max-snippet:-1","max-image-preview":"max-image-preview:large","max-video-preview":"max-video-preview:-1"},"canonical":"https:\/\/www.galerijamaticesrpske.rs\/lat\/events\/otvaranje-izlozbe-mladih-ko-je-telo\/","og_locale":"en_US","og_type":"article","og_title":"Otvaranje izlo\u017ebe mladih KO\/JE TELO? | Galerija Matice srpske","og_description":"Galerija Matice srpske u petak, 6. februara u 20.00 sati otvara jedinstvenu izlo\u017ebu koja je nastala iz pitanja Ko\/Je Telo? i hrabrosti da se na njega odgovori.","og_url":"https:\/\/www.galerijamaticesrpske.rs\/lat\/events\/otvaranje-izlozbe-mladih-ko-je-telo\/","og_site_name":"Galerija Matice srpske","og_image":[{"width":1920,"height":1087,"url":"https:\/\/www.galerijamaticesrpske.rs\/wp-content\/uploads\/2026\/01\/vizual_baner-sajt.jpg","type":"image\/jpeg"}],"twitter_card":"summary_large_image","twitter_misc":{"Est. reading time":"2 minutes"},"schema":{"@context":"https:\/\/schema.org","@graph":[{"@type":"WebPage","@id":"https:\/\/www.galerijamaticesrpske.rs\/lat\/events\/otvaranje-izlozbe-mladih-ko-je-telo\/","url":"https:\/\/www.galerijamaticesrpske.rs\/lat\/events\/otvaranje-izlozbe-mladih-ko-je-telo\/","name":"Otvaranje izlo\u017ebe mladih KO\/JE TELO? | Galerija Matice srpske","isPartOf":{"@id":"https:\/\/www.galerijamaticesrpske.rs\/#website"},"primaryImageOfPage":{"@id":"https:\/\/www.galerijamaticesrpske.rs\/lat\/events\/otvaranje-izlozbe-mladih-ko-je-telo\/#primaryimage"},"image":{"@id":"https:\/\/www.galerijamaticesrpske.rs\/lat\/events\/otvaranje-izlozbe-mladih-ko-je-telo\/#primaryimage"},"thumbnailUrl":"https:\/\/www.galerijamaticesrpske.rs\/wp-content\/uploads\/2026\/01\/vizual_baner-sajt.jpg","datePublished":"2026-01-29T08:41:47+00:00","description":"Galerija Matice srpske u petak, 6. februara u 20.00 sati otvara jedinstvenu izlo\u017ebu koja je nastala iz pitanja Ko\/Je Telo? i hrabrosti da se na njega odgovori.","breadcrumb":{"@id":"https:\/\/www.galerijamaticesrpske.rs\/lat\/events\/otvaranje-izlozbe-mladih-ko-je-telo\/#breadcrumb"},"inLanguage":"sr-LAT","potentialAction":[{"@type":"ReadAction","target":["https:\/\/www.galerijamaticesrpske.rs\/lat\/events\/otvaranje-izlozbe-mladih-ko-je-telo\/"]}]},{"@type":"ImageObject","inLanguage":"sr-LAT","@id":"https:\/\/www.galerijamaticesrpske.rs\/lat\/events\/otvaranje-izlozbe-mladih-ko-je-telo\/#primaryimage","url":"https:\/\/www.galerijamaticesrpske.rs\/wp-content\/uploads\/2026\/01\/vizual_baner-sajt.jpg","contentUrl":"https:\/\/www.galerijamaticesrpske.rs\/wp-content\/uploads\/2026\/01\/vizual_baner-sajt.jpg","width":1920,"height":1087},{"@type":"BreadcrumbList","@id":"https:\/\/www.galerijamaticesrpske.rs\/lat\/events\/otvaranje-izlozbe-mladih-ko-je-telo\/#breadcrumb","itemListElement":[{"@type":"ListItem","position":1,"name":"\u041f\u043e\u0447\u0435\u0442\u043d\u0430","item":"http:\/\/www.galerijamaticesrpske.rs\/lat\/"},{"@type":"ListItem","position":2,"name":"Events","item":"http:\/\/www.galerijamaticesrpske.rs\/lat\/events\/"},{"@type":"ListItem","position":3,"name":"Otvaranje izlo\u017ebe mladih KO\/JE TELO?"}]},{"@type":"WebSite","@id":"https:\/\/www.galerijamaticesrpske.rs\/#website","url":"https:\/\/www.galerijamaticesrpske.rs\/","name":"Galerija Matice srpske","description":"Muzej srpske nacionalne umetnosti u Novom Sadu","publisher":{"@id":"https:\/\/www.galerijamaticesrpske.rs\/#organization"},"potentialAction":[{"@type":"SearchAction","target":{"@type":"EntryPoint","urlTemplate":"https:\/\/www.galerijamaticesrpske.rs\/?s={search_term_string}"},"query-input":{"@type":"PropertyValueSpecification","valueRequired":true,"valueName":"search_term_string"}}],"inLanguage":"sr-LAT"},{"@type":"Organization","@id":"https:\/\/www.galerijamaticesrpske.rs\/#organization","name":"Galerija Matice srpske","url":"https:\/\/www.galerijamaticesrpske.rs\/","logo":{"@type":"ImageObject","inLanguage":"sr-LAT","@id":"https:\/\/www.galerijamaticesrpske.rs\/#\/schema\/logo\/image\/","url":"https:\/\/www.galerijamaticesrpske.rs\/wp-content\/uploads\/2021\/01\/gms-logo-za-sajt.svg","contentUrl":"https:\/\/www.galerijamaticesrpske.rs\/wp-content\/uploads\/2021\/01\/gms-logo-za-sajt.svg","width":1,"height":1,"caption":"Galerija Matice srpske"},"image":{"@id":"https:\/\/www.galerijamaticesrpske.rs\/#\/schema\/logo\/image\/"}}]}},"_links":{"self":[{"href":"https:\/\/www.galerijamaticesrpske.rs\/lat\/wp-json\/wp\/v2\/mec-events\/16218","targetHints":{"allow":["GET"]}}],"collection":[{"href":"https:\/\/www.galerijamaticesrpske.rs\/lat\/wp-json\/wp\/v2\/mec-events"}],"about":[{"href":"https:\/\/www.galerijamaticesrpske.rs\/lat\/wp-json\/wp\/v2\/types\/mec-events"}],"author":[{"embeddable":true,"href":"https:\/\/www.galerijamaticesrpske.rs\/lat\/wp-json\/wp\/v2\/users\/2"}],"replies":[{"embeddable":true,"href":"https:\/\/www.galerijamaticesrpske.rs\/lat\/wp-json\/wp\/v2\/comments?post=16218"}],"wp:featuredmedia":[{"embeddable":true,"href":"https:\/\/www.galerijamaticesrpske.rs\/lat\/wp-json\/wp\/v2\/media\/16217"}],"wp:attachment":[{"href":"https:\/\/www.galerijamaticesrpske.rs\/lat\/wp-json\/wp\/v2\/media?parent=16218"}],"wp:term":[{"taxonomy":"post_tag","embeddable":true,"href":"https:\/\/www.galerijamaticesrpske.rs\/lat\/wp-json\/wp\/v2\/tags?post=16218"},{"taxonomy":"mec_category","embeddable":true,"href":"https:\/\/www.galerijamaticesrpske.rs\/lat\/wp-json\/wp\/v2\/mec_category?post=16218"}],"curies":[{"name":"wp","href":"https:\/\/api.w.org\/{rel}","templated":true}]}}