{"id":17093,"date":"2026-08-27T08:32:41","date_gmt":"2026-08-27T08:32:41","guid":{"rendered":"https:\/\/www.galerijamaticesrpske.rs\/?post_type=mec-events&#038;p=17093"},"modified":"2026-08-27T08:32:41","modified_gmt":"2026-08-27T08:32:41","slug":"50-godina-posle-ivan-karlavaris","status":"publish","type":"mec-events","link":"https:\/\/www.galerijamaticesrpske.rs\/lat\/events\/50-godina-posle-ivan-karlavaris\/","title":{"rendered":"50 godina posle \u2013 Ivan Karlavaris"},"content":{"rendered":"<p>Galerija Matice srpske sa velikim zadovoljstvom prire\u0111uje izlo\u017ebu fotografija <strong><em>50 godina posle<\/em> autora Ivana Karlavarisa<\/strong>, fotografa, dizajnera fotografije, pedagoga i darodavca Galerije Matice srpske. Sve\u010dano otvaranje izlo\u017ebe bi\u0107e odr\u017eano u \u010detvrtak, <strong>3. septembra u 20.00 sati<\/strong>. Na sve\u010danom otvaranju publici \u0107e se obratiti <strong>dr Tijana Palkovljevi\u0107 Bugarski<\/strong>, upravnica Galerije Matice srpske, <strong>prof. emeritus Branimir Karanovi\u0107<\/strong>, profesor fotografije, <strong>mr Ervin Dubrovi\u0107<\/strong>, istori\u010dar umetnosti i <strong>prof. emerita Irina Suboti\u0107<\/strong>, istori\u010darka umetnosti. Izlo\u017ebu \u0107e otvoriti<strong> Ivica Lukanovi\u0107<\/strong>, \u017eupan Primorsko-goranske \u017eupanije.<\/p>\n<p>Izlo\u017eba<strong> 50 godina posle<\/strong> predstavlja osvrt na pola veka stvarala\u0161tva i pedago\u0161kog rada Ivana Karlavarisa, \u010diji je profesionalni put neraskidivo povezan sa razvojem fotografije i fotografskog obrazovanja u Novom Sadu i \u0161irem regionu. Njegov rad obuhvata razli\u010dite oblasti fotografije, od umetni\u010dke i primenjene fotografije do dizajna i vizuelne komunikacije, a odlikuju ga estetska promi\u0161ljenost, tehni\u010dka preciznost i izrazita posve\u0107enost na\u010dinu na koji fotografska slika komunicira sa posmatra\u010dem.<\/p>\n<p>Posebno mesto u Karlavarisovom stvarala\u0161tvu zauzima pedago\u0161ki rad. Od 1974. godine bio je profesor fotografije u \u0160koli za dizajn \u201eBogdan \u0160uput\u201c u Novom Sadu, gde je generacijama mladih stvaralaca prenosio znanje i iskustvo, podsti\u010du\u0107i ih da fotografiju razumeju ne samo kao tehniku ve\u0107 i kao prostor li\u010dnog i umetni\u010dkog izraza. Od 1996. godine radi kao stru\u010dni saradnik na Akademiji umetnosti u Novom Sadu, a od 2002. godine u\u010destvuje u formiranju studijskog programa Fotografija, postavljaju\u0107i temelje visoko\u0161kolskog obrazovanja u ovoj oblasti. Od 2004. godine sara\u0111uje i sa Akademijom primenjenih umetnosti u Rijeci.<\/p>\n<p>Karlavaris je tokom svoje karijere priredio vi\u0161e samostalnih izlo\u017ebi u Kastavu, Novom Sadu, Opatiji, Futogu i Kalugi, dok od 1976. godine redovno u\u010destvuje na brojnim grupnim izlo\u017ebama. Za svoj rad dobio je niz nagrada i priznanja, me\u0111u kojima se izdvajaju prve nagrade na jugoslovenskim konkursima za spomeni\u010dku skulpturu i dizajn, Pokrajinska nagrada za pedago\u0161ki rad u likovnom stvarala\u0161tvu i Kristalna plaketa Svetskog bijenala studentske fotografije\/plakata.<\/p>\n<p>Ro\u0111en 1947. godine u Crvenki, Ivan Karlavaris je nakon \u0161kolovanja u Novom Sadu usavr\u0161avao utilitarnu fotografiju u Nema\u010dkoj. Tokom pet decenija rada izgradio je prepoznatljiv autorski pristup fotografiji, ali i zna\u010dajno uticao na razvoj generacija fotografa i dizajnera. NJegov rad svedo\u010di o fotografiji kao slo\u017eenom mediju koji istovremeno podrazumeva tehni\u010dko znanje, vizuelno promi\u0161ljanje i razumevanje \u0161ireg konteksta u kojem fotografska slika nastaje i komunicira.<\/p>\n<p>Izlo\u017eba <em>50 godina posle<\/em> zato nije samo retrospektivni pogled na dosada\u0161nji rad jednog autora. Ona je i svedo\u010danstvo o pedeset godina posve\u0107enosti fotografiji, obrazovanju i vizuelnoj kulturi, kao i o li\u010dnosti koja je svojim stvarala\u0161tvom i pedago\u0161kim radom ostavila dubok trag na kulturnoj sceni Novog Sada i \u0161ireg regiona.<\/p>\n<p>Izlo\u017eba \u0107e biti otvorena do 13. septembra 2026. godine u Sobi za prepu\u0161tanje umetnosti.<\/p>\n","protected":false},"excerpt":{"rendered":"<p>Galerija Matice srpske sa velikim zadovoljstvom prire\u0111uje izlo\u017ebu fotografija 50 godina posle autora Ivana Karlavarisa, fotografa, dizajnera fotografije, pedagoga i darodavca Galerije Matice srpske. Sve\u010dano otvaranje izlo\u017ebe bi\u0107e odr\u017eano u \u010detvrtak, 3. septembra u 20.00 sati. Na sve\u010danom otvaranju publici \u0107e se obratiti dr Tijana Palkovljevi\u0107 Bugarski, upravnica Galerije Matice srpske, prof. emeritus Branimir Karanovi\u0107,<\/p>\n","protected":false},"author":2,"featured_media":17092,"comment_status":"closed","ping_status":"closed","template":"","tags":[],"mec_category":[97],"class_list":["post-17093","mec-events","type-mec-events","status-publish","has-post-thumbnail","hentry","mec_category-izlozbe"],"acf":[],"yoast_head":"<!-- This site is optimized with the Yoast SEO plugin v27.3 - https:\/\/yoast.com\/product\/yoast-seo-wordpress\/ -->\n<title>50 godina posle \u2013 Ivan Karlavaris | Galerija Matice srpske<\/title>\n<meta name=\"description\" content=\"Galerija Matice srpske sa velikim zadovoljstvom prire\u0111uje izlo\u017ebu fotografija 50 godina posle autora Ivana Karlavarisa, fotografa, dizajnera fotografije, pedagoga i darodavca Galerije Matice srpske.\" \/>\n<meta name=\"robots\" content=\"index, follow, max-snippet:-1, max-image-preview:large, max-video-preview:-1\" \/>\n<link rel=\"canonical\" href=\"https:\/\/www.galerijamaticesrpske.rs\/lat\/events\/50-godina-posle-ivan-karlavaris\/\" \/>\n<meta property=\"og:locale\" content=\"en_US\" \/>\n<meta property=\"og:type\" content=\"article\" \/>\n<meta property=\"og:title\" content=\"50 godina posle \u2013 Ivan Karlavaris | Galerija Matice srpske\" \/>\n<meta property=\"og:description\" content=\"Galerija Matice srpske sa velikim zadovoljstvom prire\u0111uje izlo\u017ebu fotografija 50 godina posle autora Ivana Karlavarisa, fotografa, dizajnera fotografije, pedagoga i darodavca Galerije Matice srpske.\" \/>\n<meta property=\"og:url\" content=\"https:\/\/www.galerijamaticesrpske.rs\/lat\/events\/50-godina-posle-ivan-karlavaris\/\" \/>\n<meta property=\"og:site_name\" content=\"Galerija Matice srpske\" \/>\n<meta property=\"og:image\" content=\"http:\/\/www.galerijamaticesrpske.rs\/wp-content\/uploads\/2026\/08\/14_1200x1200mm_obrada_compressed.jpg\" \/>\n\t<meta property=\"og:image:width\" content=\"2500\" \/>\n\t<meta property=\"og:image:height\" content=\"1601\" \/>\n\t<meta property=\"og:image:type\" content=\"image\/jpeg\" \/>\n<meta name=\"twitter:card\" content=\"summary_large_image\" \/>\n<meta name=\"twitter:label1\" content=\"Est. reading time\" \/>\n\t<meta name=\"twitter:data1\" content=\"2 minutes\" \/>\n<script type=\"application\/ld+json\" class=\"yoast-schema-graph\">{\"@context\":\"https:\\\/\\\/schema.org\",\"@graph\":[{\"@type\":\"WebPage\",\"@id\":\"https:\\\/\\\/www.galerijamaticesrpske.rs\\\/lat\\\/events\\\/50-godina-posle-ivan-karlavaris\\\/\",\"url\":\"https:\\\/\\\/www.galerijamaticesrpske.rs\\\/lat\\\/events\\\/50-godina-posle-ivan-karlavaris\\\/\",\"name\":\"50 godina posle \u2013 Ivan Karlavaris | Galerija Matice srpske\",\"isPartOf\":{\"@id\":\"http:\\\/\\\/www.galerijamaticesrpske.rs\\\/#website\"},\"primaryImageOfPage\":{\"@id\":\"https:\\\/\\\/www.galerijamaticesrpske.rs\\\/lat\\\/events\\\/50-godina-posle-ivan-karlavaris\\\/#primaryimage\"},\"image\":{\"@id\":\"https:\\\/\\\/www.galerijamaticesrpske.rs\\\/lat\\\/events\\\/50-godina-posle-ivan-karlavaris\\\/#primaryimage\"},\"thumbnailUrl\":\"https:\\\/\\\/www.galerijamaticesrpske.rs\\\/wp-content\\\/uploads\\\/2026\\\/08\\\/14_1200x1200mm_obrada_compressed.jpg\",\"datePublished\":\"2026-08-27T08:32:41+00:00\",\"description\":\"Galerija Matice srpske sa velikim zadovoljstvom prire\u0111uje izlo\u017ebu fotografija 50 godina posle autora Ivana Karlavarisa, fotografa, dizajnera fotografije, pedagoga i darodavca Galerije Matice srpske.\",\"breadcrumb\":{\"@id\":\"https:\\\/\\\/www.galerijamaticesrpske.rs\\\/lat\\\/events\\\/50-godina-posle-ivan-karlavaris\\\/#breadcrumb\"},\"inLanguage\":\"sr-LAT\",\"potentialAction\":[{\"@type\":\"ReadAction\",\"target\":[\"https:\\\/\\\/www.galerijamaticesrpske.rs\\\/lat\\\/events\\\/50-godina-posle-ivan-karlavaris\\\/\"]}]},{\"@type\":\"ImageObject\",\"inLanguage\":\"sr-LAT\",\"@id\":\"https:\\\/\\\/www.galerijamaticesrpske.rs\\\/lat\\\/events\\\/50-godina-posle-ivan-karlavaris\\\/#primaryimage\",\"url\":\"https:\\\/\\\/www.galerijamaticesrpske.rs\\\/wp-content\\\/uploads\\\/2026\\\/08\\\/14_1200x1200mm_obrada_compressed.jpg\",\"contentUrl\":\"https:\\\/\\\/www.galerijamaticesrpske.rs\\\/wp-content\\\/uploads\\\/2026\\\/08\\\/14_1200x1200mm_obrada_compressed.jpg\",\"width\":2500,\"height\":1601},{\"@type\":\"BreadcrumbList\",\"@id\":\"https:\\\/\\\/www.galerijamaticesrpske.rs\\\/lat\\\/events\\\/50-godina-posle-ivan-karlavaris\\\/#breadcrumb\",\"itemListElement\":[{\"@type\":\"ListItem\",\"position\":1,\"name\":\"\u041f\u043e\u0447\u0435\u0442\u043d\u0430\",\"item\":\"https:\\\/\\\/www.galerijamaticesrpske.rs\\\/lat\\\/\"},{\"@type\":\"ListItem\",\"position\":2,\"name\":\"Events\",\"item\":\"https:\\\/\\\/www.galerijamaticesrpske.rs\\\/en\\\/events\\\/\"},{\"@type\":\"ListItem\",\"position\":3,\"name\":\"50 godina posle \u2013 Ivan Karlavaris\"}]},{\"@type\":\"WebSite\",\"@id\":\"http:\\\/\\\/www.galerijamaticesrpske.rs\\\/#website\",\"url\":\"http:\\\/\\\/www.galerijamaticesrpske.rs\\\/\",\"name\":\"Galerija Matice srpske\",\"description\":\"Muzej srpske nacionalne umetnosti u Novom Sadu\",\"publisher\":{\"@id\":\"http:\\\/\\\/www.galerijamaticesrpske.rs\\\/#organization\"},\"potentialAction\":[{\"@type\":\"SearchAction\",\"target\":{\"@type\":\"EntryPoint\",\"urlTemplate\":\"http:\\\/\\\/www.galerijamaticesrpske.rs\\\/?s={search_term_string}\"},\"query-input\":{\"@type\":\"PropertyValueSpecification\",\"valueRequired\":true,\"valueName\":\"search_term_string\"}}],\"inLanguage\":\"sr-LAT\"},{\"@type\":\"Organization\",\"@id\":\"http:\\\/\\\/www.galerijamaticesrpske.rs\\\/#organization\",\"name\":\"Galerija Matice srpske\",\"url\":\"http:\\\/\\\/www.galerijamaticesrpske.rs\\\/\",\"logo\":{\"@type\":\"ImageObject\",\"inLanguage\":\"sr-LAT\",\"@id\":\"http:\\\/\\\/www.galerijamaticesrpske.rs\\\/#\\\/schema\\\/logo\\\/image\\\/\",\"url\":\"https:\\\/\\\/www.galerijamaticesrpske.rs\\\/wp-content\\\/uploads\\\/2021\\\/01\\\/gms-logo-za-sajt.svg\",\"contentUrl\":\"https:\\\/\\\/www.galerijamaticesrpske.rs\\\/wp-content\\\/uploads\\\/2021\\\/01\\\/gms-logo-za-sajt.svg\",\"width\":1,\"height\":1,\"caption\":\"Galerija Matice srpske\"},\"image\":{\"@id\":\"http:\\\/\\\/www.galerijamaticesrpske.rs\\\/#\\\/schema\\\/logo\\\/image\\\/\"}}]}<\/script>\n<!-- \/ Yoast SEO plugin. -->","yoast_head_json":{"title":"50 godina posle \u2013 Ivan Karlavaris | Galerija Matice srpske","description":"Galerija Matice srpske sa velikim zadovoljstvom prire\u0111uje izlo\u017ebu fotografija 50 godina posle autora Ivana Karlavarisa, fotografa, dizajnera fotografije, pedagoga i darodavca Galerije Matice srpske.","robots":{"index":"index","follow":"follow","max-snippet":"max-snippet:-1","max-image-preview":"max-image-preview:large","max-video-preview":"max-video-preview:-1"},"canonical":"https:\/\/www.galerijamaticesrpske.rs\/lat\/events\/50-godina-posle-ivan-karlavaris\/","og_locale":"en_US","og_type":"article","og_title":"50 godina posle \u2013 Ivan Karlavaris | Galerija Matice srpske","og_description":"Galerija Matice srpske sa velikim zadovoljstvom prire\u0111uje izlo\u017ebu fotografija 50 godina posle autora Ivana Karlavarisa, fotografa, dizajnera fotografije, pedagoga i darodavca Galerije Matice srpske.","og_url":"https:\/\/www.galerijamaticesrpske.rs\/lat\/events\/50-godina-posle-ivan-karlavaris\/","og_site_name":"Galerija Matice srpske","og_image":[{"width":2500,"height":1601,"url":"http:\/\/www.galerijamaticesrpske.rs\/wp-content\/uploads\/2026\/08\/14_1200x1200mm_obrada_compressed.jpg","type":"image\/jpeg"}],"twitter_card":"summary_large_image","twitter_misc":{"Est. reading time":"2 minutes"},"schema":{"@context":"https:\/\/schema.org","@graph":[{"@type":"WebPage","@id":"https:\/\/www.galerijamaticesrpske.rs\/lat\/events\/50-godina-posle-ivan-karlavaris\/","url":"https:\/\/www.galerijamaticesrpske.rs\/lat\/events\/50-godina-posle-ivan-karlavaris\/","name":"50 godina posle \u2013 Ivan Karlavaris | Galerija Matice srpske","isPartOf":{"@id":"http:\/\/www.galerijamaticesrpske.rs\/#website"},"primaryImageOfPage":{"@id":"https:\/\/www.galerijamaticesrpske.rs\/lat\/events\/50-godina-posle-ivan-karlavaris\/#primaryimage"},"image":{"@id":"https:\/\/www.galerijamaticesrpske.rs\/lat\/events\/50-godina-posle-ivan-karlavaris\/#primaryimage"},"thumbnailUrl":"https:\/\/www.galerijamaticesrpske.rs\/wp-content\/uploads\/2026\/08\/14_1200x1200mm_obrada_compressed.jpg","datePublished":"2026-08-27T08:32:41+00:00","description":"Galerija Matice srpske sa velikim zadovoljstvom prire\u0111uje izlo\u017ebu fotografija 50 godina posle autora Ivana Karlavarisa, fotografa, dizajnera fotografije, pedagoga i darodavca Galerije Matice srpske.","breadcrumb":{"@id":"https:\/\/www.galerijamaticesrpske.rs\/lat\/events\/50-godina-posle-ivan-karlavaris\/#breadcrumb"},"inLanguage":"sr-LAT","potentialAction":[{"@type":"ReadAction","target":["https:\/\/www.galerijamaticesrpske.rs\/lat\/events\/50-godina-posle-ivan-karlavaris\/"]}]},{"@type":"ImageObject","inLanguage":"sr-LAT","@id":"https:\/\/www.galerijamaticesrpske.rs\/lat\/events\/50-godina-posle-ivan-karlavaris\/#primaryimage","url":"https:\/\/www.galerijamaticesrpske.rs\/wp-content\/uploads\/2026\/08\/14_1200x1200mm_obrada_compressed.jpg","contentUrl":"https:\/\/www.galerijamaticesrpske.rs\/wp-content\/uploads\/2026\/08\/14_1200x1200mm_obrada_compressed.jpg","width":2500,"height":1601},{"@type":"BreadcrumbList","@id":"https:\/\/www.galerijamaticesrpske.rs\/lat\/events\/50-godina-posle-ivan-karlavaris\/#breadcrumb","itemListElement":[{"@type":"ListItem","position":1,"name":"\u041f\u043e\u0447\u0435\u0442\u043d\u0430","item":"https:\/\/www.galerijamaticesrpske.rs\/lat\/"},{"@type":"ListItem","position":2,"name":"Events","item":"https:\/\/www.galerijamaticesrpske.rs\/en\/events\/"},{"@type":"ListItem","position":3,"name":"50 godina posle \u2013 Ivan Karlavaris"}]},{"@type":"WebSite","@id":"http:\/\/www.galerijamaticesrpske.rs\/#website","url":"http:\/\/www.galerijamaticesrpske.rs\/","name":"Galerija Matice srpske","description":"Muzej srpske nacionalne umetnosti u Novom Sadu","publisher":{"@id":"http:\/\/www.galerijamaticesrpske.rs\/#organization"},"potentialAction":[{"@type":"SearchAction","target":{"@type":"EntryPoint","urlTemplate":"http:\/\/www.galerijamaticesrpske.rs\/?s={search_term_string}"},"query-input":{"@type":"PropertyValueSpecification","valueRequired":true,"valueName":"search_term_string"}}],"inLanguage":"sr-LAT"},{"@type":"Organization","@id":"http:\/\/www.galerijamaticesrpske.rs\/#organization","name":"Galerija Matice srpske","url":"http:\/\/www.galerijamaticesrpske.rs\/","logo":{"@type":"ImageObject","inLanguage":"sr-LAT","@id":"http:\/\/www.galerijamaticesrpske.rs\/#\/schema\/logo\/image\/","url":"https:\/\/www.galerijamaticesrpske.rs\/wp-content\/uploads\/2021\/01\/gms-logo-za-sajt.svg","contentUrl":"https:\/\/www.galerijamaticesrpske.rs\/wp-content\/uploads\/2021\/01\/gms-logo-za-sajt.svg","width":1,"height":1,"caption":"Galerija Matice srpske"},"image":{"@id":"http:\/\/www.galerijamaticesrpske.rs\/#\/schema\/logo\/image\/"}}]}},"_links":{"self":[{"href":"https:\/\/www.galerijamaticesrpske.rs\/lat\/wp-json\/wp\/v2\/mec-events\/17093","targetHints":{"allow":["GET"]}}],"collection":[{"href":"https:\/\/www.galerijamaticesrpske.rs\/lat\/wp-json\/wp\/v2\/mec-events"}],"about":[{"href":"https:\/\/www.galerijamaticesrpske.rs\/lat\/wp-json\/wp\/v2\/types\/mec-events"}],"author":[{"embeddable":true,"href":"https:\/\/www.galerijamaticesrpske.rs\/lat\/wp-json\/wp\/v2\/users\/2"}],"replies":[{"embeddable":true,"href":"https:\/\/www.galerijamaticesrpske.rs\/lat\/wp-json\/wp\/v2\/comments?post=17093"}],"wp:featuredmedia":[{"embeddable":true,"href":"https:\/\/www.galerijamaticesrpske.rs\/lat\/wp-json\/wp\/v2\/media\/17092"}],"wp:attachment":[{"href":"https:\/\/www.galerijamaticesrpske.rs\/lat\/wp-json\/wp\/v2\/media?parent=17093"}],"wp:term":[{"taxonomy":"post_tag","embeddable":true,"href":"https:\/\/www.galerijamaticesrpske.rs\/lat\/wp-json\/wp\/v2\/tags?post=17093"},{"taxonomy":"mec_category","embeddable":true,"href":"https:\/\/www.galerijamaticesrpske.rs\/lat\/wp-json\/wp\/v2\/mec_category?post=17093"}],"curies":[{"name":"wp","href":"https:\/\/api.w.org\/{rel}","templated":true}]}}