{"id":17174,"date":"2026-09-01T10:52:58","date_gmt":"2026-09-01T10:52:58","guid":{"rendered":"https:\/\/www.galerijamaticesrpske.rs\/?post_type=mec-events&#038;p=17174"},"modified":"2026-09-01T10:52:58","modified_gmt":"2026-09-01T10:52:58","slug":"granicni-prostori-karlovacke-mitropolije","status":"publish","type":"mec-events","link":"https:\/\/www.galerijamaticesrpske.rs\/lat\/events\/granicni-prostori-karlovacke-mitropolije\/","title":{"rendered":"Grani\u010dni prostori Karlova\u010dke mitropolije"},"content":{"rendered":"<p>Prate\u0107i program izlo\u017ebe\u00a0<a href=\"https:\/\/www.galerijamaticesrpske.rs\/lat\/events\/umetnost-u-sluzbi-vere-sjaj-i-slava-karlovacke-mitropolije\/\"><em><strong>Umetnost u slu\u017ebi vere: sjaj i slava Karlova\u010dke mitropolije<\/strong><\/em><\/a><\/p>\n<p>Ukoliko je u osamnaestom veku postojao prostor zasnovan na pojmu grani\u010dnosti, onda je to svakako bila Karlova\u010dka mitropoliija u okviru Habzbur\u0161ke carevine. Osnovana 1690. godine, kada se deo srpskog stanovni\u0161tva sklonio od Otomanskog terora, Karlova\u010dka mitropoliija je od samog po\u010detka predstavljala neku vrstu me\u0111uprostora<b>:<\/b>\u00a0pravoslavni posed u okviru katoli\u010dke carevine, zemlja koja nikad u su\u0161tini nije posedovala teritoriju na kojoj se nalazila,\u00a0<i>etnija<\/i>\u00a0stalno u opasnosti da bude asimilovana u katoli\u010dku ve\u0107inu, Mitropolija je bila primorana da stalno iznova smi\u0161lja razloge svog postojanja \u00a0i da stvara nove zakonitosti koje su bile privremene koliko i njena prolazna slava.<\/p>\n<p>Predavanje dr\u017ei: <strong>prof. dr Jelena Todorovi\u0107<\/strong>, Fakultet likovnih umetnosti, Beograd<\/p>\n","protected":false},"excerpt":{"rendered":"<p>Prate\u0107i program izlo\u017ebe\u00a0Umetnost u slu\u017ebi vere: sjaj i slava Karlova\u010dke mitropolije Ukoliko je u osamnaestom veku postojao prostor zasnovan na pojmu grani\u010dnosti, onda je to svakako bila Karlova\u010dka mitropoliija u okviru Habzbur\u0161ke carevine. Osnovana 1690. godine, kada se deo srpskog stanovni\u0161tva sklonio od Otomanskog terora, Karlova\u010dka mitropoliija je od samog po\u010detka predstavljala neku vrstu me\u0111uprostora:\u00a0pravoslavni<\/p>\n","protected":false},"author":2,"featured_media":16788,"comment_status":"closed","ping_status":"closed","template":"","tags":[],"mec_category":[107],"class_list":["post-17174","mec-events","type-mec-events","status-publish","has-post-thumbnail","hentry","mec_category-predavanja"],"acf":[],"yoast_head":"<!-- This site is optimized with the Yoast SEO plugin v28.4 - https:\/\/yoast.com\/product\/yoast-seo-wordpress\/ -->\n<title>Grani\u010dni prostori Karlova\u010dke mitropolije | Galerija Matice srpske<\/title>\n<meta name=\"description\" content=\"Ukoliko je u osamnaestom veku postojao prostor zasnovan na pojmu grani\u010dnosti, onda je to svakako bila Karlova\u010dka mitropoliija u okviru Habzbur\u0161ke carevine.\" \/>\n<meta name=\"robots\" content=\"index, follow, max-snippet:-1, max-image-preview:large, max-video-preview:-1\" \/>\n<link rel=\"canonical\" href=\"http:\/\/www.galerijamaticesrpske.rs\/lat\/events\/granicni-prostori-karlovacke-mitropolije\/\" \/>\n<meta property=\"og:locale\" content=\"en_US\" \/>\n<meta property=\"og:type\" content=\"article\" \/>\n<meta property=\"og:title\" content=\"Grani\u010dni prostori Karlova\u010dke mitropolije | Galerija Matice srpske\" \/>\n<meta property=\"og:description\" content=\"Ukoliko je u osamnaestom veku postojao prostor zasnovan na pojmu grani\u010dnosti, onda je to svakako bila Karlova\u010dka mitropoliija u okviru Habzbur\u0161ke carevine.\" \/>\n<meta property=\"og:url\" content=\"http:\/\/www.galerijamaticesrpske.rs\/lat\/events\/granicni-prostori-karlovacke-mitropolije\/\" \/>\n<meta property=\"og:site_name\" content=\"Galerija Matice srpske\" \/>\n<meta property=\"og:image\" content=\"http:\/\/www.galerijamaticesrpske.rs\/wp-content\/uploads\/2026\/06\/baner_1920x1080.jpg\" \/>\n\t<meta property=\"og:image:width\" content=\"1920\" \/>\n\t<meta property=\"og:image:height\" content=\"1080\" \/>\n\t<meta property=\"og:image:type\" content=\"image\/jpeg\" \/>\n<meta name=\"twitter:card\" content=\"summary_large_image\" \/>\n<meta name=\"twitter:label1\" content=\"Est. reading time\" \/>\n\t<meta name=\"twitter:data1\" content=\"1 minute\" \/>\n<script type=\"application\/ld+json\" class=\"yoast-schema-graph\">{\"@context\":\"https:\\\/\\\/schema.org\",\"@graph\":[{\"@type\":\"WebPage\",\"@id\":\"http:\\\/\\\/www.galerijamaticesrpske.rs\\\/lat\\\/events\\\/granicni-prostori-karlovacke-mitropolije\\\/\",\"url\":\"http:\\\/\\\/www.galerijamaticesrpske.rs\\\/lat\\\/events\\\/granicni-prostori-karlovacke-mitropolije\\\/\",\"name\":\"Grani\u010dni prostori Karlova\u010dke mitropolije | Galerija Matice srpske\",\"isPartOf\":{\"@id\":\"https:\\\/\\\/www.galerijamaticesrpske.rs\\\/#website\"},\"primaryImageOfPage\":{\"@id\":\"http:\\\/\\\/www.galerijamaticesrpske.rs\\\/lat\\\/events\\\/granicni-prostori-karlovacke-mitropolije\\\/#primaryimage\"},\"image\":{\"@id\":\"http:\\\/\\\/www.galerijamaticesrpske.rs\\\/lat\\\/events\\\/granicni-prostori-karlovacke-mitropolije\\\/#primaryimage\"},\"thumbnailUrl\":\"https:\\\/\\\/www.galerijamaticesrpske.rs\\\/wp-content\\\/uploads\\\/2026\\\/06\\\/baner_1920x1080.jpg\",\"datePublished\":\"2026-09-01T10:52:58+00:00\",\"description\":\"Ukoliko je u osamnaestom veku postojao prostor zasnovan na pojmu grani\u010dnosti, onda je to svakako bila Karlova\u010dka mitropoliija u okviru Habzbur\u0161ke carevine.\",\"breadcrumb\":{\"@id\":\"http:\\\/\\\/www.galerijamaticesrpske.rs\\\/lat\\\/events\\\/granicni-prostori-karlovacke-mitropolije\\\/#breadcrumb\"},\"inLanguage\":\"sr-LAT\",\"potentialAction\":[{\"@type\":\"ReadAction\",\"target\":[\"http:\\\/\\\/www.galerijamaticesrpske.rs\\\/lat\\\/events\\\/granicni-prostori-karlovacke-mitropolije\\\/\"]}]},{\"@type\":\"ImageObject\",\"inLanguage\":\"sr-LAT\",\"@id\":\"http:\\\/\\\/www.galerijamaticesrpske.rs\\\/lat\\\/events\\\/granicni-prostori-karlovacke-mitropolije\\\/#primaryimage\",\"url\":\"https:\\\/\\\/www.galerijamaticesrpske.rs\\\/wp-content\\\/uploads\\\/2026\\\/06\\\/baner_1920x1080.jpg\",\"contentUrl\":\"https:\\\/\\\/www.galerijamaticesrpske.rs\\\/wp-content\\\/uploads\\\/2026\\\/06\\\/baner_1920x1080.jpg\",\"width\":1920,\"height\":1080},{\"@type\":\"BreadcrumbList\",\"@id\":\"http:\\\/\\\/www.galerijamaticesrpske.rs\\\/lat\\\/events\\\/granicni-prostori-karlovacke-mitropolije\\\/#breadcrumb\",\"itemListElement\":[{\"@type\":\"ListItem\",\"position\":1,\"name\":\"\u041f\u043e\u0447\u0435\u0442\u043d\u0430\",\"item\":\"https:\\\/\\\/www.galerijamaticesrpske.rs\\\/lat\\\/\"},{\"@type\":\"ListItem\",\"position\":2,\"name\":\"Events\",\"item\":\"https:\\\/\\\/www.galerijamaticesrpske.rs\\\/events\\\/\"},{\"@type\":\"ListItem\",\"position\":3,\"name\":\"Grani\u010dni prostori Karlova\u010dke mitropolije\"}]},{\"@type\":\"WebSite\",\"@id\":\"https:\\\/\\\/www.galerijamaticesrpske.rs\\\/#website\",\"url\":\"https:\\\/\\\/www.galerijamaticesrpske.rs\\\/\",\"name\":\"Galerija Matice srpske\",\"description\":\"Muzej srpske nacionalne umetnosti u Novom Sadu\",\"publisher\":{\"@id\":\"https:\\\/\\\/www.galerijamaticesrpske.rs\\\/#organization\"},\"potentialAction\":[{\"@type\":\"SearchAction\",\"target\":{\"@type\":\"EntryPoint\",\"urlTemplate\":\"https:\\\/\\\/www.galerijamaticesrpske.rs\\\/?s={search_term_string}\"},\"query-input\":{\"@type\":\"PropertyValueSpecification\",\"valueRequired\":true,\"valueName\":\"search_term_string\"}}],\"inLanguage\":\"sr-LAT\"},{\"@type\":\"Organization\",\"@id\":\"https:\\\/\\\/www.galerijamaticesrpske.rs\\\/#organization\",\"name\":\"Galerija Matice srpske\",\"url\":\"https:\\\/\\\/www.galerijamaticesrpske.rs\\\/\",\"logo\":{\"@type\":\"ImageObject\",\"inLanguage\":\"sr-LAT\",\"@id\":\"https:\\\/\\\/www.galerijamaticesrpske.rs\\\/#\\\/schema\\\/logo\\\/image\\\/\",\"url\":\"https:\\\/\\\/www.galerijamaticesrpske.rs\\\/wp-content\\\/uploads\\\/2021\\\/01\\\/gms-logo-za-sajt.svg\",\"contentUrl\":\"https:\\\/\\\/www.galerijamaticesrpske.rs\\\/wp-content\\\/uploads\\\/2021\\\/01\\\/gms-logo-za-sajt.svg\",\"width\":1,\"height\":1,\"caption\":\"Galerija Matice srpske\"},\"image\":{\"@id\":\"https:\\\/\\\/www.galerijamaticesrpske.rs\\\/#\\\/schema\\\/logo\\\/image\\\/\"}}]}<\/script>\n<!-- \/ Yoast SEO plugin. -->","yoast_head_json":{"title":"Grani\u010dni prostori Karlova\u010dke mitropolije | Galerija Matice srpske","description":"Ukoliko je u osamnaestom veku postojao prostor zasnovan na pojmu grani\u010dnosti, onda je to svakako bila Karlova\u010dka mitropoliija u okviru Habzbur\u0161ke carevine.","robots":{"index":"index","follow":"follow","max-snippet":"max-snippet:-1","max-image-preview":"max-image-preview:large","max-video-preview":"max-video-preview:-1"},"canonical":"http:\/\/www.galerijamaticesrpske.rs\/lat\/events\/granicni-prostori-karlovacke-mitropolije\/","og_locale":"en_US","og_type":"article","og_title":"Grani\u010dni prostori Karlova\u010dke mitropolije | Galerija Matice srpske","og_description":"Ukoliko je u osamnaestom veku postojao prostor zasnovan na pojmu grani\u010dnosti, onda je to svakako bila Karlova\u010dka mitropoliija u okviru Habzbur\u0161ke carevine.","og_url":"http:\/\/www.galerijamaticesrpske.rs\/lat\/events\/granicni-prostori-karlovacke-mitropolije\/","og_site_name":"Galerija Matice srpske","og_image":[{"width":1920,"height":1080,"url":"http:\/\/www.galerijamaticesrpske.rs\/wp-content\/uploads\/2026\/06\/baner_1920x1080.jpg","type":"image\/jpeg"}],"twitter_card":"summary_large_image","twitter_misc":{"Est. reading time":"1 minute"},"schema":{"@context":"https:\/\/schema.org","@graph":[{"@type":"WebPage","@id":"http:\/\/www.galerijamaticesrpske.rs\/lat\/events\/granicni-prostori-karlovacke-mitropolije\/","url":"http:\/\/www.galerijamaticesrpske.rs\/lat\/events\/granicni-prostori-karlovacke-mitropolije\/","name":"Grani\u010dni prostori Karlova\u010dke mitropolije | Galerija Matice srpske","isPartOf":{"@id":"https:\/\/www.galerijamaticesrpske.rs\/#website"},"primaryImageOfPage":{"@id":"http:\/\/www.galerijamaticesrpske.rs\/lat\/events\/granicni-prostori-karlovacke-mitropolije\/#primaryimage"},"image":{"@id":"http:\/\/www.galerijamaticesrpske.rs\/lat\/events\/granicni-prostori-karlovacke-mitropolije\/#primaryimage"},"thumbnailUrl":"https:\/\/www.galerijamaticesrpske.rs\/wp-content\/uploads\/2026\/06\/baner_1920x1080.jpg","datePublished":"2026-09-01T10:52:58+00:00","description":"Ukoliko je u osamnaestom veku postojao prostor zasnovan na pojmu grani\u010dnosti, onda je to svakako bila Karlova\u010dka mitropoliija u okviru Habzbur\u0161ke carevine.","breadcrumb":{"@id":"http:\/\/www.galerijamaticesrpske.rs\/lat\/events\/granicni-prostori-karlovacke-mitropolije\/#breadcrumb"},"inLanguage":"sr-LAT","potentialAction":[{"@type":"ReadAction","target":["http:\/\/www.galerijamaticesrpske.rs\/lat\/events\/granicni-prostori-karlovacke-mitropolije\/"]}]},{"@type":"ImageObject","inLanguage":"sr-LAT","@id":"http:\/\/www.galerijamaticesrpske.rs\/lat\/events\/granicni-prostori-karlovacke-mitropolije\/#primaryimage","url":"https:\/\/www.galerijamaticesrpske.rs\/wp-content\/uploads\/2026\/06\/baner_1920x1080.jpg","contentUrl":"https:\/\/www.galerijamaticesrpske.rs\/wp-content\/uploads\/2026\/06\/baner_1920x1080.jpg","width":1920,"height":1080},{"@type":"BreadcrumbList","@id":"http:\/\/www.galerijamaticesrpske.rs\/lat\/events\/granicni-prostori-karlovacke-mitropolije\/#breadcrumb","itemListElement":[{"@type":"ListItem","position":1,"name":"\u041f\u043e\u0447\u0435\u0442\u043d\u0430","item":"https:\/\/www.galerijamaticesrpske.rs\/lat\/"},{"@type":"ListItem","position":2,"name":"Events","item":"https:\/\/www.galerijamaticesrpske.rs\/events\/"},{"@type":"ListItem","position":3,"name":"Grani\u010dni prostori Karlova\u010dke mitropolije"}]},{"@type":"WebSite","@id":"https:\/\/www.galerijamaticesrpske.rs\/#website","url":"https:\/\/www.galerijamaticesrpske.rs\/","name":"Galerija Matice srpske","description":"Muzej srpske nacionalne umetnosti u Novom Sadu","publisher":{"@id":"https:\/\/www.galerijamaticesrpske.rs\/#organization"},"potentialAction":[{"@type":"SearchAction","target":{"@type":"EntryPoint","urlTemplate":"https:\/\/www.galerijamaticesrpske.rs\/?s={search_term_string}"},"query-input":{"@type":"PropertyValueSpecification","valueRequired":true,"valueName":"search_term_string"}}],"inLanguage":"sr-LAT"},{"@type":"Organization","@id":"https:\/\/www.galerijamaticesrpske.rs\/#organization","name":"Galerija Matice srpske","url":"https:\/\/www.galerijamaticesrpske.rs\/","logo":{"@type":"ImageObject","inLanguage":"sr-LAT","@id":"https:\/\/www.galerijamaticesrpske.rs\/#\/schema\/logo\/image\/","url":"https:\/\/www.galerijamaticesrpske.rs\/wp-content\/uploads\/2021\/01\/gms-logo-za-sajt.svg","contentUrl":"https:\/\/www.galerijamaticesrpske.rs\/wp-content\/uploads\/2021\/01\/gms-logo-za-sajt.svg","width":1,"height":1,"caption":"Galerija Matice srpske"},"image":{"@id":"https:\/\/www.galerijamaticesrpske.rs\/#\/schema\/logo\/image\/"}}]}},"_links":{"self":[{"href":"https:\/\/www.galerijamaticesrpske.rs\/lat\/wp-json\/wp\/v2\/mec-events\/17174","targetHints":{"allow":["GET"]}}],"collection":[{"href":"https:\/\/www.galerijamaticesrpske.rs\/lat\/wp-json\/wp\/v2\/mec-events"}],"about":[{"href":"https:\/\/www.galerijamaticesrpske.rs\/lat\/wp-json\/wp\/v2\/types\/mec-events"}],"author":[{"embeddable":true,"href":"https:\/\/www.galerijamaticesrpske.rs\/lat\/wp-json\/wp\/v2\/users\/2"}],"replies":[{"embeddable":true,"href":"https:\/\/www.galerijamaticesrpske.rs\/lat\/wp-json\/wp\/v2\/comments?post=17174"}],"wp:featuredmedia":[{"embeddable":true,"href":"https:\/\/www.galerijamaticesrpske.rs\/lat\/wp-json\/wp\/v2\/media\/16788"}],"wp:attachment":[{"href":"https:\/\/www.galerijamaticesrpske.rs\/lat\/wp-json\/wp\/v2\/media?parent=17174"}],"wp:term":[{"taxonomy":"post_tag","embeddable":true,"href":"https:\/\/www.galerijamaticesrpske.rs\/lat\/wp-json\/wp\/v2\/tags?post=17174"},{"taxonomy":"mec_category","embeddable":true,"href":"https:\/\/www.galerijamaticesrpske.rs\/lat\/wp-json\/wp\/v2\/mec_category?post=17174"}],"curies":[{"name":"wp","href":"https:\/\/api.w.org\/{rel}","templated":true}]}}