{"id":4115,"date":"2021-04-06T20:30:57","date_gmt":"2021-04-06T20:30:57","guid":{"rendered":"https:\/\/www.galerijamaticesrpske.rs\/events\/iza-zavese-izlozba-idenititeti\/"},"modified":"2021-04-06T20:52:26","modified_gmt":"2021-04-06T20:52:26","slug":"iza-zavese-izlozba-idenititeti","status":"publish","type":"mec-events","link":"https:\/\/www.galerijamaticesrpske.rs\/lat\/events\/iza-zavese-izlozba-idenititeti\/","title":{"rendered":"\u201eIza zavese\u201c \u2013 izlo\u017eba Idenititet(i)"},"content":{"rendered":"\n<p><strong>Razgovor o pripremi muzejske izlo\u017ebe<\/strong><\/p>\n\n\n\n<p>Publika u muzeju ima priliku da vidi i u\u017eiva u postavkama i izlo\u017ebama koje su rezultat vi\u0161emese\u010dnog, pa \u010dak vi\u0161egodi\u0161njeg rada \u010ditavog tima muzeja. Kako se postavlja jedna izlo\u017eba, kako se pripremaju umetni\u010dka dela, koje sve dileme ima kustos pri osmi\u0161ljavanju i kreiranju izlo\u017ebe i na koji na\u010din su uklju\u010deni svi muzejski stru\u010dnjaci, neka su od pitanja koje \u0107e kroz razgovor predstaviti kustos i konzervator GMS. S idejom da upoznamo posetioce sa svim onim zanimljivim aktivnostima koje se de\u0161avaju \u201eiza zavese\u201c u Galeriji \u0107e biti odr\u017ean razgovor <em>\u201eIza zavese\u201c \u2013 izlo\u017eba \u201eIdenititet(i)\u201d<\/em>. Ovo \u0107e biti i jedinstvena prilika da posetioci vide novu izlo\u017ebu Galerije Matice srpske pre njenog zvani\u010dnog otvaranja.<\/p>\n\n\n\n<p>Vode: <strong>Nikola Ivanovi\u0107<\/strong>, kustos i <strong>Marijeta Sidovski<\/strong>, konzervatorka<\/p>\n\n\n\n<p>*Zbog epidemiolo\u0161kih mera, molimo posetioce da se za doga\u0111aj prijave putem nazna\u010denog linka.<\/p>\n","protected":false},"excerpt":{"rendered":"<p>Razgovor o pripremi muzejske izlo\u017ebe Publika u muzeju ima priliku da vidi i u\u017eiva u postavkama i izlo\u017ebama koje su rezultat vi\u0161emese\u010dnog, pa \u010dak vi\u0161egodi\u0161njeg rada \u010ditavog tima muzeja. Kako se postavlja jedna izlo\u017eba, kako se pripremaju umetni\u010dka dela, koje sve dileme ima kustos pri osmi\u0161ljavanju i kreiranju izlo\u017ebe i na koji na\u010din su uklju\u010deni<\/p>\n","protected":false},"author":1,"featured_media":4113,"comment_status":"closed","ping_status":"closed","template":"","tags":[],"mec_category":[111],"class_list":["post-4115","mec-events","type-mec-events","status-publish","has-post-thumbnail","hentry","mec_category-razgovori"],"acf":[],"yoast_head":"<!-- This site is optimized with the Yoast SEO plugin v27.3 - https:\/\/yoast.com\/product\/yoast-seo-wordpress\/ -->\n<title>\u201eIza zavese\u201c \u2013 izlo\u017eba Idenititet(i) | Galerija Matice srpske<\/title>\n<meta name=\"robots\" content=\"index, follow, max-snippet:-1, max-image-preview:large, max-video-preview:-1\" \/>\n<link rel=\"canonical\" href=\"http:\/\/www.galerijamaticesrpske.rs\/lat\/events\/iza-zavese-izlozba-idenititeti\/\" \/>\n<meta property=\"og:locale\" content=\"en_US\" \/>\n<meta property=\"og:type\" content=\"article\" \/>\n<meta property=\"og:title\" content=\"\u201eIza zavese\u201c \u2013 izlo\u017eba Idenititet(i) | Galerija Matice srpske\" \/>\n<meta property=\"og:description\" content=\"Razgovor o pripremi muzejske izlo\u017ebe Publika u muzeju ima priliku da vidi i u\u017eiva u postavkama i izlo\u017ebama koje su rezultat vi\u0161emese\u010dnog, pa \u010dak vi\u0161egodi\u0161njeg rada \u010ditavog tima muzeja. Kako se postavlja jedna izlo\u017eba, kako se pripremaju umetni\u010dka dela, koje sve dileme ima kustos pri osmi\u0161ljavanju i kreiranju izlo\u017ebe i na koji na\u010din su uklju\u010deni\" \/>\n<meta property=\"og:url\" content=\"http:\/\/www.galerijamaticesrpske.rs\/lat\/events\/iza-zavese-izlozba-idenititeti\/\" \/>\n<meta property=\"og:site_name\" content=\"Galerija Matice srpske\" \/>\n<meta property=\"article:modified_time\" content=\"2021-04-06T20:52:26+00:00\" \/>\n<meta property=\"og:image\" content=\"http:\/\/www.galerijamaticesrpske.rs\/wp-content\/uploads\/2021\/04\/16.4._izazavese-980.jpg\" \/>\n\t<meta property=\"og:image:width\" content=\"960\" \/>\n\t<meta property=\"og:image:height\" content=\"640\" \/>\n\t<meta property=\"og:image:type\" content=\"image\/jpeg\" \/>\n<meta name=\"twitter:card\" content=\"summary_large_image\" \/>\n<meta name=\"twitter:label1\" content=\"Est. reading time\" \/>\n\t<meta name=\"twitter:data1\" content=\"1 minute\" \/>\n<script type=\"application\/ld+json\" class=\"yoast-schema-graph\">{\"@context\":\"https:\\\/\\\/schema.org\",\"@graph\":[{\"@type\":\"WebPage\",\"@id\":\"http:\\\/\\\/www.galerijamaticesrpske.rs\\\/lat\\\/events\\\/iza-zavese-izlozba-idenititeti\\\/\",\"url\":\"http:\\\/\\\/www.galerijamaticesrpske.rs\\\/lat\\\/events\\\/iza-zavese-izlozba-idenititeti\\\/\",\"name\":\"\u201eIza zavese\u201c \u2013 izlo\u017eba Idenititet(i) | Galerija Matice srpske\",\"isPartOf\":{\"@id\":\"https:\\\/\\\/www.galerijamaticesrpske.rs\\\/#website\"},\"primaryImageOfPage\":{\"@id\":\"http:\\\/\\\/www.galerijamaticesrpske.rs\\\/lat\\\/events\\\/iza-zavese-izlozba-idenititeti\\\/#primaryimage\"},\"image\":{\"@id\":\"http:\\\/\\\/www.galerijamaticesrpske.rs\\\/lat\\\/events\\\/iza-zavese-izlozba-idenititeti\\\/#primaryimage\"},\"thumbnailUrl\":\"https:\\\/\\\/www.galerijamaticesrpske.rs\\\/wp-content\\\/uploads\\\/2021\\\/04\\\/16.4._izazavese-980.jpg\",\"datePublished\":\"2021-04-06T20:30:57+00:00\",\"dateModified\":\"2021-04-06T20:52:26+00:00\",\"breadcrumb\":{\"@id\":\"http:\\\/\\\/www.galerijamaticesrpske.rs\\\/lat\\\/events\\\/iza-zavese-izlozba-idenititeti\\\/#breadcrumb\"},\"inLanguage\":\"sr-LAT\",\"potentialAction\":[{\"@type\":\"ReadAction\",\"target\":[\"http:\\\/\\\/www.galerijamaticesrpske.rs\\\/lat\\\/events\\\/iza-zavese-izlozba-idenititeti\\\/\"]}]},{\"@type\":\"ImageObject\",\"inLanguage\":\"sr-LAT\",\"@id\":\"http:\\\/\\\/www.galerijamaticesrpske.rs\\\/lat\\\/events\\\/iza-zavese-izlozba-idenititeti\\\/#primaryimage\",\"url\":\"https:\\\/\\\/www.galerijamaticesrpske.rs\\\/wp-content\\\/uploads\\\/2021\\\/04\\\/16.4._izazavese-980.jpg\",\"contentUrl\":\"https:\\\/\\\/www.galerijamaticesrpske.rs\\\/wp-content\\\/uploads\\\/2021\\\/04\\\/16.4._izazavese-980.jpg\",\"width\":960,\"height\":640,\"caption\":\"\u201e\u0418\u0437\u0430 \u0437\u0430\u0432\u0435\u0441\u0435\u201c \u2013 \u0438\u0437\u043b\u043e\u0436\u0431\u0430 \u201e\u0418\u0434\u0435\u043d\u0438\u0442\u0438\u0442\u0435\u0442(\u0438)\u201d\"},{\"@type\":\"BreadcrumbList\",\"@id\":\"http:\\\/\\\/www.galerijamaticesrpske.rs\\\/lat\\\/events\\\/iza-zavese-izlozba-idenititeti\\\/#breadcrumb\",\"itemListElement\":[{\"@type\":\"ListItem\",\"position\":1,\"name\":\"\u041f\u043e\u0447\u0435\u0442\u043d\u0430\",\"item\":\"http:\\\/\\\/www.galerijamaticesrpske.rs\\\/lat\\\/\"},{\"@type\":\"ListItem\",\"position\":2,\"name\":\"Events\",\"item\":\"http:\\\/\\\/www.galerijamaticesrpske.rs\\\/lat\\\/events\\\/\"},{\"@type\":\"ListItem\",\"position\":3,\"name\":\"\u201eIza zavese\u201c \u2013 izlo\u017eba Idenititet(i)\"}]},{\"@type\":\"WebSite\",\"@id\":\"https:\\\/\\\/www.galerijamaticesrpske.rs\\\/#website\",\"url\":\"https:\\\/\\\/www.galerijamaticesrpske.rs\\\/\",\"name\":\"Galerija Matice srpske\",\"description\":\"Muzej srpske nacionalne umetnosti u Novom Sadu\",\"publisher\":{\"@id\":\"https:\\\/\\\/www.galerijamaticesrpske.rs\\\/#organization\"},\"potentialAction\":[{\"@type\":\"SearchAction\",\"target\":{\"@type\":\"EntryPoint\",\"urlTemplate\":\"https:\\\/\\\/www.galerijamaticesrpske.rs\\\/?s={search_term_string}\"},\"query-input\":{\"@type\":\"PropertyValueSpecification\",\"valueRequired\":true,\"valueName\":\"search_term_string\"}}],\"inLanguage\":\"sr-LAT\"},{\"@type\":\"Organization\",\"@id\":\"https:\\\/\\\/www.galerijamaticesrpske.rs\\\/#organization\",\"name\":\"Galerija Matice srpske\",\"url\":\"https:\\\/\\\/www.galerijamaticesrpske.rs\\\/\",\"logo\":{\"@type\":\"ImageObject\",\"inLanguage\":\"sr-LAT\",\"@id\":\"https:\\\/\\\/www.galerijamaticesrpske.rs\\\/#\\\/schema\\\/logo\\\/image\\\/\",\"url\":\"https:\\\/\\\/www.galerijamaticesrpske.rs\\\/wp-content\\\/uploads\\\/2021\\\/01\\\/gms-logo-za-sajt.svg\",\"contentUrl\":\"https:\\\/\\\/www.galerijamaticesrpske.rs\\\/wp-content\\\/uploads\\\/2021\\\/01\\\/gms-logo-za-sajt.svg\",\"width\":1,\"height\":1,\"caption\":\"Galerija Matice srpske\"},\"image\":{\"@id\":\"https:\\\/\\\/www.galerijamaticesrpske.rs\\\/#\\\/schema\\\/logo\\\/image\\\/\"}}]}<\/script>\n<!-- \/ Yoast SEO plugin. -->","yoast_head_json":{"title":"\u201eIza zavese\u201c \u2013 izlo\u017eba Idenititet(i) | Galerija Matice srpske","robots":{"index":"index","follow":"follow","max-snippet":"max-snippet:-1","max-image-preview":"max-image-preview:large","max-video-preview":"max-video-preview:-1"},"canonical":"http:\/\/www.galerijamaticesrpske.rs\/lat\/events\/iza-zavese-izlozba-idenititeti\/","og_locale":"en_US","og_type":"article","og_title":"\u201eIza zavese\u201c \u2013 izlo\u017eba Idenititet(i) | Galerija Matice srpske","og_description":"Razgovor o pripremi muzejske izlo\u017ebe Publika u muzeju ima priliku da vidi i u\u017eiva u postavkama i izlo\u017ebama koje su rezultat vi\u0161emese\u010dnog, pa \u010dak vi\u0161egodi\u0161njeg rada \u010ditavog tima muzeja. Kako se postavlja jedna izlo\u017eba, kako se pripremaju umetni\u010dka dela, koje sve dileme ima kustos pri osmi\u0161ljavanju i kreiranju izlo\u017ebe i na koji na\u010din su uklju\u010deni","og_url":"http:\/\/www.galerijamaticesrpske.rs\/lat\/events\/iza-zavese-izlozba-idenititeti\/","og_site_name":"Galerija Matice srpske","article_modified_time":"2021-04-06T20:52:26+00:00","og_image":[{"width":960,"height":640,"url":"http:\/\/www.galerijamaticesrpske.rs\/wp-content\/uploads\/2021\/04\/16.4._izazavese-980.jpg","type":"image\/jpeg"}],"twitter_card":"summary_large_image","twitter_misc":{"Est. reading time":"1 minute"},"schema":{"@context":"https:\/\/schema.org","@graph":[{"@type":"WebPage","@id":"http:\/\/www.galerijamaticesrpske.rs\/lat\/events\/iza-zavese-izlozba-idenititeti\/","url":"http:\/\/www.galerijamaticesrpske.rs\/lat\/events\/iza-zavese-izlozba-idenititeti\/","name":"\u201eIza zavese\u201c \u2013 izlo\u017eba Idenititet(i) | Galerija Matice srpske","isPartOf":{"@id":"https:\/\/www.galerijamaticesrpske.rs\/#website"},"primaryImageOfPage":{"@id":"http:\/\/www.galerijamaticesrpske.rs\/lat\/events\/iza-zavese-izlozba-idenititeti\/#primaryimage"},"image":{"@id":"http:\/\/www.galerijamaticesrpske.rs\/lat\/events\/iza-zavese-izlozba-idenititeti\/#primaryimage"},"thumbnailUrl":"https:\/\/www.galerijamaticesrpske.rs\/wp-content\/uploads\/2021\/04\/16.4._izazavese-980.jpg","datePublished":"2021-04-06T20:30:57+00:00","dateModified":"2021-04-06T20:52:26+00:00","breadcrumb":{"@id":"http:\/\/www.galerijamaticesrpske.rs\/lat\/events\/iza-zavese-izlozba-idenititeti\/#breadcrumb"},"inLanguage":"sr-LAT","potentialAction":[{"@type":"ReadAction","target":["http:\/\/www.galerijamaticesrpske.rs\/lat\/events\/iza-zavese-izlozba-idenititeti\/"]}]},{"@type":"ImageObject","inLanguage":"sr-LAT","@id":"http:\/\/www.galerijamaticesrpske.rs\/lat\/events\/iza-zavese-izlozba-idenititeti\/#primaryimage","url":"https:\/\/www.galerijamaticesrpske.rs\/wp-content\/uploads\/2021\/04\/16.4._izazavese-980.jpg","contentUrl":"https:\/\/www.galerijamaticesrpske.rs\/wp-content\/uploads\/2021\/04\/16.4._izazavese-980.jpg","width":960,"height":640,"caption":"\u201e\u0418\u0437\u0430 \u0437\u0430\u0432\u0435\u0441\u0435\u201c \u2013 \u0438\u0437\u043b\u043e\u0436\u0431\u0430 \u201e\u0418\u0434\u0435\u043d\u0438\u0442\u0438\u0442\u0435\u0442(\u0438)\u201d"},{"@type":"BreadcrumbList","@id":"http:\/\/www.galerijamaticesrpske.rs\/lat\/events\/iza-zavese-izlozba-idenititeti\/#breadcrumb","itemListElement":[{"@type":"ListItem","position":1,"name":"\u041f\u043e\u0447\u0435\u0442\u043d\u0430","item":"http:\/\/www.galerijamaticesrpske.rs\/lat\/"},{"@type":"ListItem","position":2,"name":"Events","item":"http:\/\/www.galerijamaticesrpske.rs\/lat\/events\/"},{"@type":"ListItem","position":3,"name":"\u201eIza zavese\u201c \u2013 izlo\u017eba Idenititet(i)"}]},{"@type":"WebSite","@id":"https:\/\/www.galerijamaticesrpske.rs\/#website","url":"https:\/\/www.galerijamaticesrpske.rs\/","name":"Galerija Matice srpske","description":"Muzej srpske nacionalne umetnosti u Novom Sadu","publisher":{"@id":"https:\/\/www.galerijamaticesrpske.rs\/#organization"},"potentialAction":[{"@type":"SearchAction","target":{"@type":"EntryPoint","urlTemplate":"https:\/\/www.galerijamaticesrpske.rs\/?s={search_term_string}"},"query-input":{"@type":"PropertyValueSpecification","valueRequired":true,"valueName":"search_term_string"}}],"inLanguage":"sr-LAT"},{"@type":"Organization","@id":"https:\/\/www.galerijamaticesrpske.rs\/#organization","name":"Galerija Matice srpske","url":"https:\/\/www.galerijamaticesrpske.rs\/","logo":{"@type":"ImageObject","inLanguage":"sr-LAT","@id":"https:\/\/www.galerijamaticesrpske.rs\/#\/schema\/logo\/image\/","url":"https:\/\/www.galerijamaticesrpske.rs\/wp-content\/uploads\/2021\/01\/gms-logo-za-sajt.svg","contentUrl":"https:\/\/www.galerijamaticesrpske.rs\/wp-content\/uploads\/2021\/01\/gms-logo-za-sajt.svg","width":1,"height":1,"caption":"Galerija Matice srpske"},"image":{"@id":"https:\/\/www.galerijamaticesrpske.rs\/#\/schema\/logo\/image\/"}}]}},"_links":{"self":[{"href":"https:\/\/www.galerijamaticesrpske.rs\/lat\/wp-json\/wp\/v2\/mec-events\/4115","targetHints":{"allow":["GET"]}}],"collection":[{"href":"https:\/\/www.galerijamaticesrpske.rs\/lat\/wp-json\/wp\/v2\/mec-events"}],"about":[{"href":"https:\/\/www.galerijamaticesrpske.rs\/lat\/wp-json\/wp\/v2\/types\/mec-events"}],"author":[{"embeddable":true,"href":"https:\/\/www.galerijamaticesrpske.rs\/lat\/wp-json\/wp\/v2\/users\/1"}],"replies":[{"embeddable":true,"href":"https:\/\/www.galerijamaticesrpske.rs\/lat\/wp-json\/wp\/v2\/comments?post=4115"}],"wp:featuredmedia":[{"embeddable":true,"href":"https:\/\/www.galerijamaticesrpske.rs\/lat\/wp-json\/wp\/v2\/media\/4113"}],"wp:attachment":[{"href":"https:\/\/www.galerijamaticesrpske.rs\/lat\/wp-json\/wp\/v2\/media?parent=4115"}],"wp:term":[{"taxonomy":"post_tag","embeddable":true,"href":"https:\/\/www.galerijamaticesrpske.rs\/lat\/wp-json\/wp\/v2\/tags?post=4115"},{"taxonomy":"mec_category","embeddable":true,"href":"https:\/\/www.galerijamaticesrpske.rs\/lat\/wp-json\/wp\/v2\/mec_category?post=4115"}],"curies":[{"name":"wp","href":"https:\/\/api.w.org\/{rel}","templated":true}]}}