{"id":4169,"date":"2021-04-09T19:37:15","date_gmt":"2021-04-09T19:37:15","guid":{"rendered":"https:\/\/www.galerijamaticesrpske.rs\/events\/identiteti\/"},"modified":"2021-05-05T11:40:57","modified_gmt":"2021-05-05T11:40:57","slug":"identiteti","status":"publish","type":"mec-events","link":"https:\/\/www.galerijamaticesrpske.rs\/lat\/events\/identiteti\/","title":{"rendered":"Identitet(i)"},"content":{"rendered":"\n<p><strong>Predstave \u017eena u srpskom slikarstvu (1918-1941)<\/strong><\/p>\n\n\n\n<p>\u010cini se da neprestano govorimo o identitetima. Svakodnevno. Da li je identitet va\u017ean, \u0161ta on uop\u0161te zna\u010di i kako uti\u010de na na\u0161e dru\u0161tvene odnose i interakcije? Kao vode\u0107e pitanje ove izlo\u017ebe pojam identiteta bi\u0107e preispitan kroz vizuelnu kulturu izme\u0111u dva svetska rata. Izlo\u017eba se bavi problemima razumevanja i reprezentacije nekoliko naj\u010de\u0161\u0107e spominjanih identiteta: nacionalog, klasnog, rodnog, seksualnog, ali i pitanjem konstruisanja sopstva unutar srpskog slikarstva. Ova pri\u010da poku\u0161aj je da se razume slo\u017eenost identitetskih odnosa na svim dru\u0161tvenim i umetni\u010dkim relacijama \u2013 privatnim, javnim, kolektivnim, li\u010dnim. Ona je putokaz kroz lavirint pozicija, uloga i stanja koje osoba zauzima u definisanju sebe i drugih, i poku\u0161aj da se odgovori na svevremenska gogenovska pitanja \u201eOdakle dolazimo? Ko smo? Kuda idemo?\u201d i mo\u017ee li nam umetnost pomo\u0107i da bolje razumemo sebe i svet oko sebe. Izlo\u017eba najpre preispituje nacionalni klasni, rodni i seksualni identitet, kao i pitanje percepcije sopstva i to putem 70 eksponata \u2013 umetni\u010dkih dela, fotografija i ilustracija iz \u010dasopisa, podeljenih u \u010detiri celine.<\/p>\n\n\n\n<figure class=\"wp-block-gallery alignwide columns-2 is-cropped\"><ul class=\"blocks-gallery-grid\"><li class=\"blocks-gallery-item\"><figure><a class=\"image-lightbox lightbox-gallery\" href=\"https:\/\/www.galerijamaticesrpske.rs\/wp-content\/uploads\/2021\/04\/dsc_0972_02.jpg\" title=\"\"><img loading=\"lazy\" decoding=\"async\" width=\"1024\" height=\"683\" src=\"https:\/\/www.galerijamaticesrpske.rs\/wp-content\/uploads\/2021\/04\/dsc_0972_02-1024x683.jpg\" alt=\"\u0418\u0414\u0415\u041d\u0422\u0418\u0422\u0415\u0422(\u0418) \u041f\u0440\u0435\u0434\u0441\u0442\u0430\u0432\u0435 \u0436\u0435\u043d\u0430 \u0443 \u0441\u0440\u043f\u0441\u043a\u043e\u043c \u0441\u043b\u0438\u043a\u0430\u0440\u0441\u0442\u0432\u0443 (1918-1941)\" data-id=\"4392\" data-full-url=\"https:\/\/www.galerijamaticesrpske.rs\/wp-content\/uploads\/2021\/04\/dsc_0972_02.jpg\" data-link=\"https:\/\/www.galerijamaticesrpske.rs\/lat\/events\/otvaranje-izlozbe-identiteti\/attachment\/dsc_0972_02-2\/#main\" class=\"wp-image-4392\" srcset=\"https:\/\/www.galerijamaticesrpske.rs\/wp-content\/uploads\/2021\/04\/dsc_0972_02-1024x683.jpg 1024w, https:\/\/www.galerijamaticesrpske.rs\/wp-content\/uploads\/2021\/04\/dsc_0972_02-300x200.jpg 300w, https:\/\/www.galerijamaticesrpske.rs\/wp-content\/uploads\/2021\/04\/dsc_0972_02-768x512.jpg 768w, https:\/\/www.galerijamaticesrpske.rs\/wp-content\/uploads\/2021\/04\/dsc_0972_02-391x260.jpg 391w, https:\/\/www.galerijamaticesrpske.rs\/wp-content\/uploads\/2021\/04\/dsc_0972_02.jpg 1080w\" sizes=\"auto, (max-width: 1024px) 100vw, 1024px\" \/><\/a><\/figure><\/li><li class=\"blocks-gallery-item\"><figure><a class=\"image-lightbox lightbox-gallery\" href=\"https:\/\/www.galerijamaticesrpske.rs\/wp-content\/uploads\/2021\/04\/dsc_0977_02-1024x683.jpg\" title=\"\"><img loading=\"lazy\" decoding=\"async\" width=\"1024\" height=\"683\" src=\"https:\/\/www.galerijamaticesrpske.rs\/wp-content\/uploads\/2021\/04\/dsc_0977_02-1024x683.jpg\" alt=\"\u0418\u0414\u0415\u041d\u0422\u0418\u0422\u0415\u0422(\u0418) \u041f\u0440\u0435\u0434\u0441\u0442\u0430\u0432\u0435 \u0436\u0435\u043d\u0430 \u0443 \u0441\u0440\u043f\u0441\u043a\u043e\u043c \u0441\u043b\u0438\u043a\u0430\u0440\u0441\u0442\u0432\u0443 (1918-1941)\" data-id=\"4397\" data-full-url=\"https:\/\/www.galerijamaticesrpske.rs\/wp-content\/uploads\/2021\/04\/dsc_0977_02.jpg\" data-link=\"https:\/\/www.galerijamaticesrpske.rs\/lat\/events\/otvaranje-izlozbe-identiteti\/attachment\/dsc_0977_02-2\/#main\" class=\"wp-image-4397\" srcset=\"https:\/\/www.galerijamaticesrpske.rs\/wp-content\/uploads\/2021\/04\/dsc_0977_02-1024x683.jpg 1024w, https:\/\/www.galerijamaticesrpske.rs\/wp-content\/uploads\/2021\/04\/dsc_0977_02-300x200.jpg 300w, https:\/\/www.galerijamaticesrpske.rs\/wp-content\/uploads\/2021\/04\/dsc_0977_02-768x512.jpg 768w, https:\/\/www.galerijamaticesrpske.rs\/wp-content\/uploads\/2021\/04\/dsc_0977_02-391x260.jpg 391w, https:\/\/www.galerijamaticesrpske.rs\/wp-content\/uploads\/2021\/04\/dsc_0977_02.jpg 1080w\" sizes=\"auto, (max-width: 1024px) 100vw, 1024px\" \/><\/a><\/figure><\/li><\/ul><\/figure>\n\n\n\n<p><strong><em>Nacionalno: Izme\u0111u Istoka i Zapada, tradicije i modernosti<\/em><\/strong><\/p>\n\n\n\n<p>Odabrana dela Paje Jovanovi\u0107a, Zore Petrovi\u0107 i Save \u0160umanovi\u0107a postaju vizuelni reprezenti konstrukcije amblematske i alegorijske slike kolektivnog sopstva i svesti o \u201enacionalnom, ali i dekonstrukcije evropske romanti\u010darske estetike i shvatanja Balkana kao \u201edalekog i egzoti\u010dnog sveta na granicama Orijenta\u201d.<\/p>\n\n\n\n<p><strong><em>Glumica kao moderna \u017eena: Pol, profesija, emancipacija<\/em><\/strong><\/p>\n\n\n\n<p>Kao vizuelna hronika jedne epohe portreti glumica Jovana Bijeli\u0107a i Veljka Stanojevi\u0107a odraz su sopstvenog, ali i kolektivnog shvatanja rodnog i profesionalnog identiteta \u2013 one su slikane pri\u010de o narastaju\u0107oj gra\u0111anskoj klasi, o ukusu srpskog dru\u0161tva, modi i sveukupnom vrednosnom sistemu jednog dru\u0161tva.<\/p>\n\n\n\n<p><strong><em>Kvir: Telo, rod i predstava<\/em><\/strong><\/p>\n\n\n\n<p>Jedna do drugih, dela Petra Dobrovi\u0107a, Ivana Radovi\u0107a i Zore Petrovi\u0107 oslikavaju teme, predstave i prostore koji su bili sredstvo preispitivanja vlastite seksualnosti, rodne pozicije i ose\u0107aja, ali i umetni\u010dke i ljudske slobode i slobodoumnosti koje nisu nu\u017eno morale imati veze sa li\u010dnim. Dvosmislenost, nedovr\u0161enost, nejasno\u0107a, nedefinisanost, povezuju ih u poku\u0161aju da se prepozna potencijalna kvir tema u srpskom slikarstvu izme\u0111u dva svetska rata.<\/p>\n\n\n\n<p><strong><em>Sopstvo: Sa ove i one strane proscenijuma<\/em><\/strong><\/p>\n\n\n\n<p>Kao iskazi dru\u0161tvenih, rodnih i profesionalnih uloga, ali i sredstvo mapiranja prolaznosti vremena, starenja, putovanja iz jednog u drugog sebe autoportreti Milene Pavlovi\u0107 Barili, Ljubice Cuce Soki\u0107, Zore Petrovi\u0107, Leposave Bele Pavlovi\u0107 i Jelisavete Petrovi\u0107 smelo zaokru\u017euju pri\u010du o identitetima, uz podse\u0107anje da je razumevanje razli\u010ditosti neophodna potreba za \u017eivot u boljoj stvarnosti.<\/p>\n\n\n\n<figure class=\"wp-block-gallery alignwide columns-2 is-cropped\"><ul class=\"blocks-gallery-grid\"><li class=\"blocks-gallery-item\"><figure><a class=\"image-lightbox lightbox-gallery\" href=\"https:\/\/www.galerijamaticesrpske.rs\/wp-content\/uploads\/2021\/04\/dsc_0985_02.jpg\" title=\"\"><img loading=\"lazy\" decoding=\"async\" width=\"1024\" height=\"683\" src=\"https:\/\/www.galerijamaticesrpske.rs\/wp-content\/uploads\/2021\/04\/dsc_0985_02-1024x683.jpg\" alt=\"\u0418\u0414\u0415\u041d\u0422\u0418\u0422\u0415\u0422(\u0418) \u041f\u0440\u0435\u0434\u0441\u0442\u0430\u0432\u0435 \u0436\u0435\u043d\u0430 \u0443 \u0441\u0440\u043f\u0441\u043a\u043e\u043c \u0441\u043b\u0438\u043a\u0430\u0440\u0441\u0442\u0432\u0443 (1918-1941)\" data-id=\"4402\" data-full-url=\"https:\/\/www.galerijamaticesrpske.rs\/wp-content\/uploads\/2021\/04\/dsc_0985_02.jpg\" data-link=\"https:\/\/www.galerijamaticesrpske.rs\/lat\/events\/otvaranje-izlozbe-identiteti\/attachment\/dsc_0985_02-2\/#main\" class=\"wp-image-4402\" srcset=\"https:\/\/www.galerijamaticesrpske.rs\/wp-content\/uploads\/2021\/04\/dsc_0985_02-1024x683.jpg 1024w, https:\/\/www.galerijamaticesrpske.rs\/wp-content\/uploads\/2021\/04\/dsc_0985_02-300x200.jpg 300w, https:\/\/www.galerijamaticesrpske.rs\/wp-content\/uploads\/2021\/04\/dsc_0985_02-768x512.jpg 768w, https:\/\/www.galerijamaticesrpske.rs\/wp-content\/uploads\/2021\/04\/dsc_0985_02-391x260.jpg 391w, https:\/\/www.galerijamaticesrpske.rs\/wp-content\/uploads\/2021\/04\/dsc_0985_02.jpg 1080w\" sizes=\"auto, (max-width: 1024px) 100vw, 1024px\" \/><\/a><\/figure><\/li><li class=\"blocks-gallery-item\"><figure><a class=\"image-lightbox lightbox-gallery\" href=\"https:\/\/www.galerijamaticesrpske.rs\/wp-content\/uploads\/2021\/04\/dsc_0986_02.jpg\" title=\"\"><img loading=\"lazy\" decoding=\"async\" width=\"1024\" height=\"683\" src=\"https:\/\/www.galerijamaticesrpske.rs\/wp-content\/uploads\/2021\/04\/dsc_0986_02-1024x683.jpg\" alt=\"\u0418\u0414\u0415\u041d\u0422\u0418\u0422\u0415\u0422(\u0418) \u041f\u0440\u0435\u0434\u0441\u0442\u0430\u0432\u0435 \u0436\u0435\u043d\u0430 \u0443 \u0441\u0440\u043f\u0441\u043a\u043e\u043c \u0441\u043b\u0438\u043a\u0430\u0440\u0441\u0442\u0432\u0443 (1918-1941)\" data-id=\"4407\" data-full-url=\"https:\/\/www.galerijamaticesrpske.rs\/wp-content\/uploads\/2021\/04\/dsc_0986_02.jpg\" data-link=\"https:\/\/www.galerijamaticesrpske.rs\/lat\/events\/otvaranje-izlozbe-identiteti\/attachment\/dsc_0986_02-2\/#main\" class=\"wp-image-4407\" srcset=\"https:\/\/www.galerijamaticesrpske.rs\/wp-content\/uploads\/2021\/04\/dsc_0986_02-1024x683.jpg 1024w, https:\/\/www.galerijamaticesrpske.rs\/wp-content\/uploads\/2021\/04\/dsc_0986_02-300x200.jpg 300w, https:\/\/www.galerijamaticesrpske.rs\/wp-content\/uploads\/2021\/04\/dsc_0986_02-768x512.jpg 768w, https:\/\/www.galerijamaticesrpske.rs\/wp-content\/uploads\/2021\/04\/dsc_0986_02-391x260.jpg 391w, https:\/\/www.galerijamaticesrpske.rs\/wp-content\/uploads\/2021\/04\/dsc_0986_02.jpg 1080w\" sizes=\"auto, (max-width: 1024px) 100vw, 1024px\" \/><\/a><\/figure><\/li><\/ul><\/figure>\n\n\n\n<p>Na kraju izlo\u017ebe predstavljena su tri portreta neidentifikovanih \u017eenskih osoba iz kolekcije Galerije Matice srpske, koja \u010dine osnovu za poseban interaktivni segment <strong><em>Budite i vi Sorentino<\/em>.<\/strong> Kao \u0161to su nepoznata lica na fotografijama inspirisala Paola Sorentina da sa\u010dini neverovatan niz pri\u010da o ljudima o kojima ne zna apsolutno ni\u0161ta, posetioci \u0107e imati priliku da posmatranjem portretisanih \u017eena stvore svoju kratku pri\u010du. Autor\/ka najbolje pri\u010de ovog muzejsko-literarnog konkursa bi\u0107e nagra\u0111en\/a kursom kreativnog pisanja.<\/p>\n\n\n\n<p>Izlo\u017eba je realizovana u saradnji sa Narodnim muzejem Srbije, Muzejem savremene umetnosti, Beograd, Muzejem grada Beograda, Ku\u0107om legata, Pozori\u0161nim muzejem Srbije, Galerijom Milene Pavlovi\u0107 Barili, Spomen-zbirkom Pavla Beljanskog i privatnim kolekcijama.<\/p>\n\n\n\n<p>Izlo\u017ebu prati srpsko-engleska publikacija, \u010diji je autor Nikola Ivanovi\u0107, kustos Galerije Matice srpske. Izlo\u017eba je realizovana pod pokroviteljstvom Ministarstva kulture i informisanja Republike Srbije i uz podr\u0161ku DDOR Novi Sad, kao i brojne medijske partnere (Radio-televizija Vojvodine, Radio 021, portal Nova S, Soho Adv. Solutions i Color Media Communication).<\/p>\n\n\n\n<hr class=\"wp-block-separator is-style-wide\"\/>\n\n\n\n<p><strong>Pogledajte virtuelnu turu za izlo\u017ebu &#8220;Identitet(i)&#8221;<\/strong><\/p>\n\n\n\n<iframe src=https:\/\/identiteti.360.rs\/ width=\"100%\" height=\"700px\" allowfullscreen=\"true\" webkitallowfullscreen=\"true\" mozallowfullscreen=\"true\" oallowfullscreen=\"true\" msallowfullscreen=\"true\" frameborder=\"0\" scrolling=\"no\" marginheight=\"0\" marginwidth=\"0\"> <\/iframe>\n","protected":false},"excerpt":{"rendered":"<p>Predstave \u017eena u srpskom slikarstvu (1918-1941) \u010cini se da neprestano govorimo o identitetima. Svakodnevno. Da li je identitet va\u017ean, \u0161ta on uop\u0161te zna\u010di i kako uti\u010de na na\u0161e dru\u0161tvene odnose i interakcije? Kao vode\u0107e pitanje ove izlo\u017ebe pojam identiteta bi\u0107e preispitan kroz vizuelnu kulturu izme\u0111u dva svetska rata. Izlo\u017eba se bavi problemima razumevanja i reprezentacije<\/p>\n","protected":false},"author":1,"featured_media":4164,"comment_status":"closed","ping_status":"closed","template":"","tags":[],"mec_category":[97],"class_list":["post-4169","mec-events","type-mec-events","status-publish","has-post-thumbnail","hentry","mec_category-izlozbe"],"acf":[],"yoast_head":"<!-- This site is optimized with the Yoast SEO plugin v27.3 - https:\/\/yoast.com\/product\/yoast-seo-wordpress\/ -->\n<title>Identitet(i) | Galerija Matice srpske<\/title>\n<meta name=\"robots\" content=\"index, follow, max-snippet:-1, max-image-preview:large, max-video-preview:-1\" \/>\n<link rel=\"canonical\" href=\"https:\/\/www.galerijamaticesrpske.rs\/lat\/events\/identiteti\/\" \/>\n<meta property=\"og:locale\" content=\"en_US\" \/>\n<meta property=\"og:type\" content=\"article\" \/>\n<meta property=\"og:title\" content=\"Identitet(i) | Galerija Matice srpske\" \/>\n<meta property=\"og:description\" content=\"Predstave \u017eena u srpskom slikarstvu (1918-1941) \u010cini se da neprestano govorimo o identitetima. Svakodnevno. Da li je identitet va\u017ean, \u0161ta on uop\u0161te zna\u010di i kako uti\u010de na na\u0161e dru\u0161tvene odnose i interakcije? Kao vode\u0107e pitanje ove izlo\u017ebe pojam identiteta bi\u0107e preispitan kroz vizuelnu kulturu izme\u0111u dva svetska rata. Izlo\u017eba se bavi problemima razumevanja i reprezentacije\" \/>\n<meta property=\"og:url\" content=\"https:\/\/www.galerijamaticesrpske.rs\/lat\/events\/identiteti\/\" \/>\n<meta property=\"og:site_name\" content=\"Galerija Matice srpske\" \/>\n<meta property=\"article:modified_time\" content=\"2021-05-05T11:40:57+00:00\" \/>\n<meta property=\"og:image\" content=\"https:\/\/www.galerijamaticesrpske.rs\/wp-content\/uploads\/2021\/04\/identiteti_ilustrcija-za-sajt_1400.jpg\" \/>\n\t<meta property=\"og:image:width\" content=\"1400\" \/>\n\t<meta property=\"og:image:height\" content=\"672\" \/>\n\t<meta property=\"og:image:type\" content=\"image\/jpeg\" \/>\n<meta name=\"twitter:card\" content=\"summary_large_image\" \/>\n<meta name=\"twitter:label1\" content=\"Est. reading time\" \/>\n\t<meta name=\"twitter:data1\" content=\"3 minutes\" \/>\n<script type=\"application\/ld+json\" class=\"yoast-schema-graph\">{\"@context\":\"https:\\\/\\\/schema.org\",\"@graph\":[{\"@type\":\"WebPage\",\"@id\":\"https:\\\/\\\/www.galerijamaticesrpske.rs\\\/lat\\\/events\\\/identiteti\\\/\",\"url\":\"https:\\\/\\\/www.galerijamaticesrpske.rs\\\/lat\\\/events\\\/identiteti\\\/\",\"name\":\"Identitet(i) | Galerija Matice srpske\",\"isPartOf\":{\"@id\":\"https:\\\/\\\/www.galerijamaticesrpske.rs\\\/#website\"},\"primaryImageOfPage\":{\"@id\":\"https:\\\/\\\/www.galerijamaticesrpske.rs\\\/lat\\\/events\\\/identiteti\\\/#primaryimage\"},\"image\":{\"@id\":\"https:\\\/\\\/www.galerijamaticesrpske.rs\\\/lat\\\/events\\\/identiteti\\\/#primaryimage\"},\"thumbnailUrl\":\"https:\\\/\\\/www.galerijamaticesrpske.rs\\\/wp-content\\\/uploads\\\/2021\\\/04\\\/identiteti_ilustrcija-za-sajt_1400.jpg\",\"datePublished\":\"2021-04-09T19:37:15+00:00\",\"dateModified\":\"2021-05-05T11:40:57+00:00\",\"breadcrumb\":{\"@id\":\"https:\\\/\\\/www.galerijamaticesrpske.rs\\\/lat\\\/events\\\/identiteti\\\/#breadcrumb\"},\"inLanguage\":\"sr-LAT\",\"potentialAction\":[{\"@type\":\"ReadAction\",\"target\":[\"https:\\\/\\\/www.galerijamaticesrpske.rs\\\/lat\\\/events\\\/identiteti\\\/\"]}]},{\"@type\":\"ImageObject\",\"inLanguage\":\"sr-LAT\",\"@id\":\"https:\\\/\\\/www.galerijamaticesrpske.rs\\\/lat\\\/events\\\/identiteti\\\/#primaryimage\",\"url\":\"https:\\\/\\\/www.galerijamaticesrpske.rs\\\/wp-content\\\/uploads\\\/2021\\\/04\\\/identiteti_ilustrcija-za-sajt_1400.jpg\",\"contentUrl\":\"https:\\\/\\\/www.galerijamaticesrpske.rs\\\/wp-content\\\/uploads\\\/2021\\\/04\\\/identiteti_ilustrcija-za-sajt_1400.jpg\",\"width\":1400,\"height\":672,\"caption\":\"\u0418\u0414\u0415\u041d\u0422\u0418\u0422\u0415\u0422(\u0418) \u041f\u0440\u0435\u0434\u0441\u0442\u0430\u0432\u0435 \u0436\u0435\u043d\u0430 \u0443 \u0441\u0440\u043f\u0441\u043a\u043e\u043c \u0441\u043b\u0438\u043a\u0430\u0440\u0441\u0442\u0432\u0443 (1918-1941)\"},{\"@type\":\"BreadcrumbList\",\"@id\":\"https:\\\/\\\/www.galerijamaticesrpske.rs\\\/lat\\\/events\\\/identiteti\\\/#breadcrumb\",\"itemListElement\":[{\"@type\":\"ListItem\",\"position\":1,\"name\":\"\u041f\u043e\u0447\u0435\u0442\u043d\u0430\",\"item\":\"http:\\\/\\\/www.galerijamaticesrpske.rs\\\/lat\\\/\"},{\"@type\":\"ListItem\",\"position\":2,\"name\":\"Events\",\"item\":\"http:\\\/\\\/www.galerijamaticesrpske.rs\\\/lat\\\/events\\\/\"},{\"@type\":\"ListItem\",\"position\":3,\"name\":\"Identitet(i)\"}]},{\"@type\":\"WebSite\",\"@id\":\"https:\\\/\\\/www.galerijamaticesrpske.rs\\\/#website\",\"url\":\"https:\\\/\\\/www.galerijamaticesrpske.rs\\\/\",\"name\":\"Galerija Matice srpske\",\"description\":\"Muzej srpske nacionalne umetnosti u Novom Sadu\",\"publisher\":{\"@id\":\"https:\\\/\\\/www.galerijamaticesrpske.rs\\\/#organization\"},\"potentialAction\":[{\"@type\":\"SearchAction\",\"target\":{\"@type\":\"EntryPoint\",\"urlTemplate\":\"https:\\\/\\\/www.galerijamaticesrpske.rs\\\/?s={search_term_string}\"},\"query-input\":{\"@type\":\"PropertyValueSpecification\",\"valueRequired\":true,\"valueName\":\"search_term_string\"}}],\"inLanguage\":\"sr-LAT\"},{\"@type\":\"Organization\",\"@id\":\"https:\\\/\\\/www.galerijamaticesrpske.rs\\\/#organization\",\"name\":\"Galerija Matice srpske\",\"url\":\"https:\\\/\\\/www.galerijamaticesrpske.rs\\\/\",\"logo\":{\"@type\":\"ImageObject\",\"inLanguage\":\"sr-LAT\",\"@id\":\"https:\\\/\\\/www.galerijamaticesrpske.rs\\\/#\\\/schema\\\/logo\\\/image\\\/\",\"url\":\"https:\\\/\\\/www.galerijamaticesrpske.rs\\\/wp-content\\\/uploads\\\/2021\\\/01\\\/gms-logo-za-sajt.svg\",\"contentUrl\":\"https:\\\/\\\/www.galerijamaticesrpske.rs\\\/wp-content\\\/uploads\\\/2021\\\/01\\\/gms-logo-za-sajt.svg\",\"width\":1,\"height\":1,\"caption\":\"Galerija Matice srpske\"},\"image\":{\"@id\":\"https:\\\/\\\/www.galerijamaticesrpske.rs\\\/#\\\/schema\\\/logo\\\/image\\\/\"}}]}<\/script>\n<!-- \/ Yoast SEO plugin. -->","yoast_head_json":{"title":"Identitet(i) | Galerija Matice srpske","robots":{"index":"index","follow":"follow","max-snippet":"max-snippet:-1","max-image-preview":"max-image-preview:large","max-video-preview":"max-video-preview:-1"},"canonical":"https:\/\/www.galerijamaticesrpske.rs\/lat\/events\/identiteti\/","og_locale":"en_US","og_type":"article","og_title":"Identitet(i) | Galerija Matice srpske","og_description":"Predstave \u017eena u srpskom slikarstvu (1918-1941) \u010cini se da neprestano govorimo o identitetima. Svakodnevno. Da li je identitet va\u017ean, \u0161ta on uop\u0161te zna\u010di i kako uti\u010de na na\u0161e dru\u0161tvene odnose i interakcije? Kao vode\u0107e pitanje ove izlo\u017ebe pojam identiteta bi\u0107e preispitan kroz vizuelnu kulturu izme\u0111u dva svetska rata. Izlo\u017eba se bavi problemima razumevanja i reprezentacije","og_url":"https:\/\/www.galerijamaticesrpske.rs\/lat\/events\/identiteti\/","og_site_name":"Galerija Matice srpske","article_modified_time":"2021-05-05T11:40:57+00:00","og_image":[{"width":1400,"height":672,"url":"https:\/\/www.galerijamaticesrpske.rs\/wp-content\/uploads\/2021\/04\/identiteti_ilustrcija-za-sajt_1400.jpg","type":"image\/jpeg"}],"twitter_card":"summary_large_image","twitter_misc":{"Est. reading time":"3 minutes"},"schema":{"@context":"https:\/\/schema.org","@graph":[{"@type":"WebPage","@id":"https:\/\/www.galerijamaticesrpske.rs\/lat\/events\/identiteti\/","url":"https:\/\/www.galerijamaticesrpske.rs\/lat\/events\/identiteti\/","name":"Identitet(i) | Galerija Matice srpske","isPartOf":{"@id":"https:\/\/www.galerijamaticesrpske.rs\/#website"},"primaryImageOfPage":{"@id":"https:\/\/www.galerijamaticesrpske.rs\/lat\/events\/identiteti\/#primaryimage"},"image":{"@id":"https:\/\/www.galerijamaticesrpske.rs\/lat\/events\/identiteti\/#primaryimage"},"thumbnailUrl":"https:\/\/www.galerijamaticesrpske.rs\/wp-content\/uploads\/2021\/04\/identiteti_ilustrcija-za-sajt_1400.jpg","datePublished":"2021-04-09T19:37:15+00:00","dateModified":"2021-05-05T11:40:57+00:00","breadcrumb":{"@id":"https:\/\/www.galerijamaticesrpske.rs\/lat\/events\/identiteti\/#breadcrumb"},"inLanguage":"sr-LAT","potentialAction":[{"@type":"ReadAction","target":["https:\/\/www.galerijamaticesrpske.rs\/lat\/events\/identiteti\/"]}]},{"@type":"ImageObject","inLanguage":"sr-LAT","@id":"https:\/\/www.galerijamaticesrpske.rs\/lat\/events\/identiteti\/#primaryimage","url":"https:\/\/www.galerijamaticesrpske.rs\/wp-content\/uploads\/2021\/04\/identiteti_ilustrcija-za-sajt_1400.jpg","contentUrl":"https:\/\/www.galerijamaticesrpske.rs\/wp-content\/uploads\/2021\/04\/identiteti_ilustrcija-za-sajt_1400.jpg","width":1400,"height":672,"caption":"\u0418\u0414\u0415\u041d\u0422\u0418\u0422\u0415\u0422(\u0418) \u041f\u0440\u0435\u0434\u0441\u0442\u0430\u0432\u0435 \u0436\u0435\u043d\u0430 \u0443 \u0441\u0440\u043f\u0441\u043a\u043e\u043c \u0441\u043b\u0438\u043a\u0430\u0440\u0441\u0442\u0432\u0443 (1918-1941)"},{"@type":"BreadcrumbList","@id":"https:\/\/www.galerijamaticesrpske.rs\/lat\/events\/identiteti\/#breadcrumb","itemListElement":[{"@type":"ListItem","position":1,"name":"\u041f\u043e\u0447\u0435\u0442\u043d\u0430","item":"http:\/\/www.galerijamaticesrpske.rs\/lat\/"},{"@type":"ListItem","position":2,"name":"Events","item":"http:\/\/www.galerijamaticesrpske.rs\/lat\/events\/"},{"@type":"ListItem","position":3,"name":"Identitet(i)"}]},{"@type":"WebSite","@id":"https:\/\/www.galerijamaticesrpske.rs\/#website","url":"https:\/\/www.galerijamaticesrpske.rs\/","name":"Galerija Matice srpske","description":"Muzej srpske nacionalne umetnosti u Novom Sadu","publisher":{"@id":"https:\/\/www.galerijamaticesrpske.rs\/#organization"},"potentialAction":[{"@type":"SearchAction","target":{"@type":"EntryPoint","urlTemplate":"https:\/\/www.galerijamaticesrpske.rs\/?s={search_term_string}"},"query-input":{"@type":"PropertyValueSpecification","valueRequired":true,"valueName":"search_term_string"}}],"inLanguage":"sr-LAT"},{"@type":"Organization","@id":"https:\/\/www.galerijamaticesrpske.rs\/#organization","name":"Galerija Matice srpske","url":"https:\/\/www.galerijamaticesrpske.rs\/","logo":{"@type":"ImageObject","inLanguage":"sr-LAT","@id":"https:\/\/www.galerijamaticesrpske.rs\/#\/schema\/logo\/image\/","url":"https:\/\/www.galerijamaticesrpske.rs\/wp-content\/uploads\/2021\/01\/gms-logo-za-sajt.svg","contentUrl":"https:\/\/www.galerijamaticesrpske.rs\/wp-content\/uploads\/2021\/01\/gms-logo-za-sajt.svg","width":1,"height":1,"caption":"Galerija Matice srpske"},"image":{"@id":"https:\/\/www.galerijamaticesrpske.rs\/#\/schema\/logo\/image\/"}}]}},"_links":{"self":[{"href":"https:\/\/www.galerijamaticesrpske.rs\/lat\/wp-json\/wp\/v2\/mec-events\/4169","targetHints":{"allow":["GET"]}}],"collection":[{"href":"https:\/\/www.galerijamaticesrpske.rs\/lat\/wp-json\/wp\/v2\/mec-events"}],"about":[{"href":"https:\/\/www.galerijamaticesrpske.rs\/lat\/wp-json\/wp\/v2\/types\/mec-events"}],"author":[{"embeddable":true,"href":"https:\/\/www.galerijamaticesrpske.rs\/lat\/wp-json\/wp\/v2\/users\/1"}],"replies":[{"embeddable":true,"href":"https:\/\/www.galerijamaticesrpske.rs\/lat\/wp-json\/wp\/v2\/comments?post=4169"}],"wp:featuredmedia":[{"embeddable":true,"href":"https:\/\/www.galerijamaticesrpske.rs\/lat\/wp-json\/wp\/v2\/media\/4164"}],"wp:attachment":[{"href":"https:\/\/www.galerijamaticesrpske.rs\/lat\/wp-json\/wp\/v2\/media?parent=4169"}],"wp:term":[{"taxonomy":"post_tag","embeddable":true,"href":"https:\/\/www.galerijamaticesrpske.rs\/lat\/wp-json\/wp\/v2\/tags?post=4169"},{"taxonomy":"mec_category","embeddable":true,"href":"https:\/\/www.galerijamaticesrpske.rs\/lat\/wp-json\/wp\/v2\/mec_category?post=4169"}],"curies":[{"name":"wp","href":"https:\/\/api.w.org\/{rel}","templated":true}]}}