{"id":4632,"date":"2021-04-30T06:15:57","date_gmt":"2021-04-30T06:15:57","guid":{"rendered":"https:\/\/www.galerijamaticesrpske.rs\/events\/da-li-slika-ima-manu-pa-se-krije-u-ormanu\/"},"modified":"2021-04-30T06:16:51","modified_gmt":"2021-04-30T06:16:51","slug":"da-li-slika-ima-manu-pa-se-krije-u-ormanu","status":"publish","type":"mec-events","link":"https:\/\/www.galerijamaticesrpske.rs\/lat\/events\/da-li-slika-ima-manu-pa-se-krije-u-ormanu\/","title":{"rendered":"Da li slika ima manu, pa se krije u ormanu?"},"content":{"rendered":"\n<p>Kreativna radionica za decu, ciklus <em>\u0160ta me sve \u010dini onim \u0161to jesam?<\/em><\/p>\n\n\n\n<p>Na na\u0161em poslednjem ovogodi\u0161njem dru\u017eenju, deca \u0107e posmatrati jednu sliku koja je ne\u0161to druga\u010dije izlo\u017eena od ostalih slika \u2013 u ormanu. Preuzimaju\u0107i uloge kustosa, koji osmi\u0161ljavaju izgled izlo\u017ebe, i konzervatora, koji poma\u017eu kustosima u postavljanju slika i predmeta u prostor izlo\u017ebe, osmisli\u0107e gde bi se jo\u0161 slike mogle izlo\u017eiti i kako bi se to moglo u\u010diniti. Zatim \u0107e opa\u017eati sliku u ormanu, <em>Portret slikarke Leposave St. Pavlovi\u0107<\/em> slikarke Zore Petrovi\u0107, razmi\u0161ljati za\u0161to je slikarka prikazana u mu\u0161koj ode\u0107i i da li je to razlog da bude u ormanu. Na kraju radionice, mali\u0161ani imaju zadatak da kroz crte\u017e prika\u017eu ne\u0161to \u0161to bi voleli da poka\u017eu drugima, ali su do sada to skrivali.<\/p>\n","protected":false},"excerpt":{"rendered":"<p>Kreativna radionica za decu, ciklus \u0160ta me sve \u010dini onim \u0161to jesam? Na na\u0161em poslednjem ovogodi\u0161njem dru\u017eenju, deca \u0107e posmatrati jednu sliku koja je ne\u0161to druga\u010dije izlo\u017eena od ostalih slika \u2013 u ormanu. Preuzimaju\u0107i uloge kustosa, koji osmi\u0161ljavaju izgled izlo\u017ebe, i konzervatora, koji poma\u017eu kustosima u postavljanju slika i predmeta u prostor izlo\u017ebe, osmisli\u0107e gde<\/p>\n","protected":false},"author":1,"featured_media":4559,"comment_status":"closed","ping_status":"closed","template":"","tags":[],"mec_category":[104],"class_list":["post-4632","mec-events","type-mec-events","status-publish","has-post-thumbnail","hentry","mec_category-kreativne-radionice-za-decu-subotom"],"acf":[],"yoast_head":"<!-- This site is optimized with the Yoast SEO plugin v27.3 - https:\/\/yoast.com\/product\/yoast-seo-wordpress\/ -->\n<title>Da li slika ima manu, pa se krije u ormanu? | Galerija Matice srpske<\/title>\n<meta name=\"robots\" content=\"index, follow, max-snippet:-1, max-image-preview:large, max-video-preview:-1\" \/>\n<link rel=\"canonical\" href=\"http:\/\/www.galerijamaticesrpske.rs\/lat\/events\/da-li-slika-ima-manu-pa-se-krije-u-ormanu\/\" \/>\n<meta property=\"og:locale\" content=\"en_US\" \/>\n<meta property=\"og:type\" content=\"article\" \/>\n<meta property=\"og:title\" content=\"Da li slika ima manu, pa se krije u ormanu? | Galerija Matice srpske\" \/>\n<meta property=\"og:description\" content=\"Kreativna radionica za decu, ciklus \u0160ta me sve \u010dini onim \u0161to jesam? Na na\u0161em poslednjem ovogodi\u0161njem dru\u017eenju, deca \u0107e posmatrati jednu sliku koja je ne\u0161to druga\u010dije izlo\u017eena od ostalih slika \u2013 u ormanu. Preuzimaju\u0107i uloge kustosa, koji osmi\u0161ljavaju izgled izlo\u017ebe, i konzervatora, koji poma\u017eu kustosima u postavljanju slika i predmeta u prostor izlo\u017ebe, osmisli\u0107e gde\" \/>\n<meta property=\"og:url\" content=\"http:\/\/www.galerijamaticesrpske.rs\/lat\/events\/da-li-slika-ima-manu-pa-se-krije-u-ormanu\/\" \/>\n<meta property=\"og:site_name\" content=\"Galerija Matice srpske\" \/>\n<meta property=\"article:modified_time\" content=\"2021-04-30T06:16:51+00:00\" \/>\n<meta property=\"og:image\" content=\"http:\/\/www.galerijamaticesrpske.rs\/wp-content\/uploads\/2021\/04\/8-15-22-i-29-maj_kreativne-radionice-za-decu.jpg\" \/>\n\t<meta property=\"og:image:width\" content=\"1080\" \/>\n\t<meta property=\"og:image:height\" content=\"720\" \/>\n\t<meta property=\"og:image:type\" content=\"image\/jpeg\" \/>\n<meta name=\"twitter:card\" content=\"summary_large_image\" \/>\n<meta name=\"twitter:label1\" content=\"Est. reading time\" \/>\n\t<meta name=\"twitter:data1\" content=\"1 minute\" \/>\n<script type=\"application\/ld+json\" class=\"yoast-schema-graph\">{\"@context\":\"https:\\\/\\\/schema.org\",\"@graph\":[{\"@type\":\"WebPage\",\"@id\":\"http:\\\/\\\/www.galerijamaticesrpske.rs\\\/lat\\\/events\\\/da-li-slika-ima-manu-pa-se-krije-u-ormanu\\\/\",\"url\":\"http:\\\/\\\/www.galerijamaticesrpske.rs\\\/lat\\\/events\\\/da-li-slika-ima-manu-pa-se-krije-u-ormanu\\\/\",\"name\":\"Da li slika ima manu, pa se krije u ormanu? | Galerija Matice srpske\",\"isPartOf\":{\"@id\":\"https:\\\/\\\/www.galerijamaticesrpske.rs\\\/#website\"},\"primaryImageOfPage\":{\"@id\":\"http:\\\/\\\/www.galerijamaticesrpske.rs\\\/lat\\\/events\\\/da-li-slika-ima-manu-pa-se-krije-u-ormanu\\\/#primaryimage\"},\"image\":{\"@id\":\"http:\\\/\\\/www.galerijamaticesrpske.rs\\\/lat\\\/events\\\/da-li-slika-ima-manu-pa-se-krije-u-ormanu\\\/#primaryimage\"},\"thumbnailUrl\":\"https:\\\/\\\/www.galerijamaticesrpske.rs\\\/wp-content\\\/uploads\\\/2021\\\/04\\\/8-15-22-i-29-maj_kreativne-radionice-za-decu.jpg\",\"datePublished\":\"2021-04-30T06:15:57+00:00\",\"dateModified\":\"2021-04-30T06:16:51+00:00\",\"breadcrumb\":{\"@id\":\"http:\\\/\\\/www.galerijamaticesrpske.rs\\\/lat\\\/events\\\/da-li-slika-ima-manu-pa-se-krije-u-ormanu\\\/#breadcrumb\"},\"inLanguage\":\"sr-LAT\",\"potentialAction\":[{\"@type\":\"ReadAction\",\"target\":[\"http:\\\/\\\/www.galerijamaticesrpske.rs\\\/lat\\\/events\\\/da-li-slika-ima-manu-pa-se-krije-u-ormanu\\\/\"]}]},{\"@type\":\"ImageObject\",\"inLanguage\":\"sr-LAT\",\"@id\":\"http:\\\/\\\/www.galerijamaticesrpske.rs\\\/lat\\\/events\\\/da-li-slika-ima-manu-pa-se-krije-u-ormanu\\\/#primaryimage\",\"url\":\"https:\\\/\\\/www.galerijamaticesrpske.rs\\\/wp-content\\\/uploads\\\/2021\\\/04\\\/8-15-22-i-29-maj_kreativne-radionice-za-decu.jpg\",\"contentUrl\":\"https:\\\/\\\/www.galerijamaticesrpske.rs\\\/wp-content\\\/uploads\\\/2021\\\/04\\\/8-15-22-i-29-maj_kreativne-radionice-za-decu.jpg\",\"width\":1080,\"height\":720,\"caption\":\"\u041a\u0440\u0435\u0430\u0442\u0438\u0432\u043d\u0430 \u0440\u0430\u0434\u0438\u043e\u043d\u0438\u0446\u0430 \u0437\u0430 \u0434\u0435\u0446\u0443, \u0446\u0438\u043a\u043b\u0443\u0441 \u0428\u0442\u0430 \u043c\u0435 \u0441\u0432\u0435 \u0447\u0438\u043d\u0438 \u043e\u043d\u0438\u043c \u0448\u0442\u043e \u0458\u0435\u0441\u0430\u043c?\"},{\"@type\":\"BreadcrumbList\",\"@id\":\"http:\\\/\\\/www.galerijamaticesrpske.rs\\\/lat\\\/events\\\/da-li-slika-ima-manu-pa-se-krije-u-ormanu\\\/#breadcrumb\",\"itemListElement\":[{\"@type\":\"ListItem\",\"position\":1,\"name\":\"\u041f\u043e\u0447\u0435\u0442\u043d\u0430\",\"item\":\"http:\\\/\\\/www.galerijamaticesrpske.rs\\\/lat\\\/\"},{\"@type\":\"ListItem\",\"position\":2,\"name\":\"Events\",\"item\":\"http:\\\/\\\/www.galerijamaticesrpske.rs\\\/lat\\\/events\\\/\"},{\"@type\":\"ListItem\",\"position\":3,\"name\":\"Da li slika ima manu, pa se krije u ormanu?\"}]},{\"@type\":\"WebSite\",\"@id\":\"https:\\\/\\\/www.galerijamaticesrpske.rs\\\/#website\",\"url\":\"https:\\\/\\\/www.galerijamaticesrpske.rs\\\/\",\"name\":\"Galerija Matice srpske\",\"description\":\"Muzej srpske nacionalne umetnosti u Novom Sadu\",\"publisher\":{\"@id\":\"https:\\\/\\\/www.galerijamaticesrpske.rs\\\/#organization\"},\"potentialAction\":[{\"@type\":\"SearchAction\",\"target\":{\"@type\":\"EntryPoint\",\"urlTemplate\":\"https:\\\/\\\/www.galerijamaticesrpske.rs\\\/?s={search_term_string}\"},\"query-input\":{\"@type\":\"PropertyValueSpecification\",\"valueRequired\":true,\"valueName\":\"search_term_string\"}}],\"inLanguage\":\"sr-LAT\"},{\"@type\":\"Organization\",\"@id\":\"https:\\\/\\\/www.galerijamaticesrpske.rs\\\/#organization\",\"name\":\"Galerija Matice srpske\",\"url\":\"https:\\\/\\\/www.galerijamaticesrpske.rs\\\/\",\"logo\":{\"@type\":\"ImageObject\",\"inLanguage\":\"sr-LAT\",\"@id\":\"https:\\\/\\\/www.galerijamaticesrpske.rs\\\/#\\\/schema\\\/logo\\\/image\\\/\",\"url\":\"https:\\\/\\\/www.galerijamaticesrpske.rs\\\/wp-content\\\/uploads\\\/2021\\\/01\\\/gms-logo-za-sajt.svg\",\"contentUrl\":\"https:\\\/\\\/www.galerijamaticesrpske.rs\\\/wp-content\\\/uploads\\\/2021\\\/01\\\/gms-logo-za-sajt.svg\",\"width\":1,\"height\":1,\"caption\":\"Galerija Matice srpske\"},\"image\":{\"@id\":\"https:\\\/\\\/www.galerijamaticesrpske.rs\\\/#\\\/schema\\\/logo\\\/image\\\/\"}}]}<\/script>\n<!-- \/ Yoast SEO plugin. -->","yoast_head_json":{"title":"Da li slika ima manu, pa se krije u ormanu? | Galerija Matice srpske","robots":{"index":"index","follow":"follow","max-snippet":"max-snippet:-1","max-image-preview":"max-image-preview:large","max-video-preview":"max-video-preview:-1"},"canonical":"http:\/\/www.galerijamaticesrpske.rs\/lat\/events\/da-li-slika-ima-manu-pa-se-krije-u-ormanu\/","og_locale":"en_US","og_type":"article","og_title":"Da li slika ima manu, pa se krije u ormanu? | Galerija Matice srpske","og_description":"Kreativna radionica za decu, ciklus \u0160ta me sve \u010dini onim \u0161to jesam? Na na\u0161em poslednjem ovogodi\u0161njem dru\u017eenju, deca \u0107e posmatrati jednu sliku koja je ne\u0161to druga\u010dije izlo\u017eena od ostalih slika \u2013 u ormanu. Preuzimaju\u0107i uloge kustosa, koji osmi\u0161ljavaju izgled izlo\u017ebe, i konzervatora, koji poma\u017eu kustosima u postavljanju slika i predmeta u prostor izlo\u017ebe, osmisli\u0107e gde","og_url":"http:\/\/www.galerijamaticesrpske.rs\/lat\/events\/da-li-slika-ima-manu-pa-se-krije-u-ormanu\/","og_site_name":"Galerija Matice srpske","article_modified_time":"2021-04-30T06:16:51+00:00","og_image":[{"width":1080,"height":720,"url":"http:\/\/www.galerijamaticesrpske.rs\/wp-content\/uploads\/2021\/04\/8-15-22-i-29-maj_kreativne-radionice-za-decu.jpg","type":"image\/jpeg"}],"twitter_card":"summary_large_image","twitter_misc":{"Est. reading time":"1 minute"},"schema":{"@context":"https:\/\/schema.org","@graph":[{"@type":"WebPage","@id":"http:\/\/www.galerijamaticesrpske.rs\/lat\/events\/da-li-slika-ima-manu-pa-se-krije-u-ormanu\/","url":"http:\/\/www.galerijamaticesrpske.rs\/lat\/events\/da-li-slika-ima-manu-pa-se-krije-u-ormanu\/","name":"Da li slika ima manu, pa se krije u ormanu? | Galerija Matice srpske","isPartOf":{"@id":"https:\/\/www.galerijamaticesrpske.rs\/#website"},"primaryImageOfPage":{"@id":"http:\/\/www.galerijamaticesrpske.rs\/lat\/events\/da-li-slika-ima-manu-pa-se-krije-u-ormanu\/#primaryimage"},"image":{"@id":"http:\/\/www.galerijamaticesrpske.rs\/lat\/events\/da-li-slika-ima-manu-pa-se-krije-u-ormanu\/#primaryimage"},"thumbnailUrl":"https:\/\/www.galerijamaticesrpske.rs\/wp-content\/uploads\/2021\/04\/8-15-22-i-29-maj_kreativne-radionice-za-decu.jpg","datePublished":"2021-04-30T06:15:57+00:00","dateModified":"2021-04-30T06:16:51+00:00","breadcrumb":{"@id":"http:\/\/www.galerijamaticesrpske.rs\/lat\/events\/da-li-slika-ima-manu-pa-se-krije-u-ormanu\/#breadcrumb"},"inLanguage":"sr-LAT","potentialAction":[{"@type":"ReadAction","target":["http:\/\/www.galerijamaticesrpske.rs\/lat\/events\/da-li-slika-ima-manu-pa-se-krije-u-ormanu\/"]}]},{"@type":"ImageObject","inLanguage":"sr-LAT","@id":"http:\/\/www.galerijamaticesrpske.rs\/lat\/events\/da-li-slika-ima-manu-pa-se-krije-u-ormanu\/#primaryimage","url":"https:\/\/www.galerijamaticesrpske.rs\/wp-content\/uploads\/2021\/04\/8-15-22-i-29-maj_kreativne-radionice-za-decu.jpg","contentUrl":"https:\/\/www.galerijamaticesrpske.rs\/wp-content\/uploads\/2021\/04\/8-15-22-i-29-maj_kreativne-radionice-za-decu.jpg","width":1080,"height":720,"caption":"\u041a\u0440\u0435\u0430\u0442\u0438\u0432\u043d\u0430 \u0440\u0430\u0434\u0438\u043e\u043d\u0438\u0446\u0430 \u0437\u0430 \u0434\u0435\u0446\u0443, \u0446\u0438\u043a\u043b\u0443\u0441 \u0428\u0442\u0430 \u043c\u0435 \u0441\u0432\u0435 \u0447\u0438\u043d\u0438 \u043e\u043d\u0438\u043c \u0448\u0442\u043e \u0458\u0435\u0441\u0430\u043c?"},{"@type":"BreadcrumbList","@id":"http:\/\/www.galerijamaticesrpske.rs\/lat\/events\/da-li-slika-ima-manu-pa-se-krije-u-ormanu\/#breadcrumb","itemListElement":[{"@type":"ListItem","position":1,"name":"\u041f\u043e\u0447\u0435\u0442\u043d\u0430","item":"http:\/\/www.galerijamaticesrpske.rs\/lat\/"},{"@type":"ListItem","position":2,"name":"Events","item":"http:\/\/www.galerijamaticesrpske.rs\/lat\/events\/"},{"@type":"ListItem","position":3,"name":"Da li slika ima manu, pa se krije u ormanu?"}]},{"@type":"WebSite","@id":"https:\/\/www.galerijamaticesrpske.rs\/#website","url":"https:\/\/www.galerijamaticesrpske.rs\/","name":"Galerija Matice srpske","description":"Muzej srpske nacionalne umetnosti u Novom Sadu","publisher":{"@id":"https:\/\/www.galerijamaticesrpske.rs\/#organization"},"potentialAction":[{"@type":"SearchAction","target":{"@type":"EntryPoint","urlTemplate":"https:\/\/www.galerijamaticesrpske.rs\/?s={search_term_string}"},"query-input":{"@type":"PropertyValueSpecification","valueRequired":true,"valueName":"search_term_string"}}],"inLanguage":"sr-LAT"},{"@type":"Organization","@id":"https:\/\/www.galerijamaticesrpske.rs\/#organization","name":"Galerija Matice srpske","url":"https:\/\/www.galerijamaticesrpske.rs\/","logo":{"@type":"ImageObject","inLanguage":"sr-LAT","@id":"https:\/\/www.galerijamaticesrpske.rs\/#\/schema\/logo\/image\/","url":"https:\/\/www.galerijamaticesrpske.rs\/wp-content\/uploads\/2021\/01\/gms-logo-za-sajt.svg","contentUrl":"https:\/\/www.galerijamaticesrpske.rs\/wp-content\/uploads\/2021\/01\/gms-logo-za-sajt.svg","width":1,"height":1,"caption":"Galerija Matice srpske"},"image":{"@id":"https:\/\/www.galerijamaticesrpske.rs\/#\/schema\/logo\/image\/"}}]}},"_links":{"self":[{"href":"https:\/\/www.galerijamaticesrpske.rs\/lat\/wp-json\/wp\/v2\/mec-events\/4632","targetHints":{"allow":["GET"]}}],"collection":[{"href":"https:\/\/www.galerijamaticesrpske.rs\/lat\/wp-json\/wp\/v2\/mec-events"}],"about":[{"href":"https:\/\/www.galerijamaticesrpske.rs\/lat\/wp-json\/wp\/v2\/types\/mec-events"}],"author":[{"embeddable":true,"href":"https:\/\/www.galerijamaticesrpske.rs\/lat\/wp-json\/wp\/v2\/users\/1"}],"replies":[{"embeddable":true,"href":"https:\/\/www.galerijamaticesrpske.rs\/lat\/wp-json\/wp\/v2\/comments?post=4632"}],"wp:featuredmedia":[{"embeddable":true,"href":"https:\/\/www.galerijamaticesrpske.rs\/lat\/wp-json\/wp\/v2\/media\/4559"}],"wp:attachment":[{"href":"https:\/\/www.galerijamaticesrpske.rs\/lat\/wp-json\/wp\/v2\/media?parent=4632"}],"wp:term":[{"taxonomy":"post_tag","embeddable":true,"href":"https:\/\/www.galerijamaticesrpske.rs\/lat\/wp-json\/wp\/v2\/tags?post=4632"},{"taxonomy":"mec_category","embeddable":true,"href":"https:\/\/www.galerijamaticesrpske.rs\/lat\/wp-json\/wp\/v2\/mec_category?post=4632"}],"curies":[{"name":"wp","href":"https:\/\/api.w.org\/{rel}","templated":true}]}}