{"id":4802,"date":"2021-05-27T12:57:41","date_gmt":"2021-05-27T12:57:41","guid":{"rendered":"https:\/\/www.galerijamaticesrpske.rs\/events\/moda-i-identitet\/"},"modified":"2021-05-27T13:19:18","modified_gmt":"2021-05-27T13:19:18","slug":"moda-i-identitet","status":"publish","type":"mec-events","link":"https:\/\/www.galerijamaticesrpske.rs\/lat\/events\/moda-i-identitet\/","title":{"rendered":"Moda i identitet"},"content":{"rendered":"\n<p>Razgovor u okviru prate\u0107eg programa izlo\u017ebe\u00a0<em><a href=\"https:\/\/www.galerijamaticesrpske.rs\/lat\/events\/identiteti\/\" data-type=\"mec-events\" data-id=\"4169\">Identitet(i)<\/a><\/em><\/p>\n\n\n\n<p>Kako garderoba nije samo utilitaran komad tkanine ve\u0107 jedna od vizuelnih sredstava reprezentacije najrazli\u010ditijih identiteta, ona predstavlja odraz mi\u0161ljenja i pona\u0161anja, ne samo pojedinca nego dru\u0161tva uop\u0161te. Razgovor \u0107e biti posve\u0107en aktuelnim modnim trendovima izme\u0111u dva rata, na\u010dinima na koje se ona menjala i redefinisala stereotipne rodne pozicije u dru\u0161tvu. Kakve izazove donose razli\u010diti modni trendovi u pogledu telesnih i rodnih identifikacija nekad i sada; kako prevazi\u0107i stereotipe i osvojiti sopstvenu slobodu bi\u0107e vode\u0107a pitanja ovog dijaloga.<\/p>\n\n\n\n<p>Govore: <strong>Zaga KalMar<\/strong>, modna dizajnerka i <strong>Nikola Ivanovi\u0107<\/strong>, autor izlo\u017ebe<\/p>\n","protected":false},"excerpt":{"rendered":"<p>Razgovor u okviru prate\u0107eg programa izlo\u017ebe\u00a0Identitet(i) Kako garderoba nije samo utilitaran komad tkanine ve\u0107 jedna od vizuelnih sredstava reprezentacije najrazli\u010ditijih identiteta, ona predstavlja odraz mi\u0161ljenja i pona\u0161anja, ne samo pojedinca nego dru\u0161tva uop\u0161te. Razgovor \u0107e biti posve\u0107en aktuelnim modnim trendovima izme\u0111u dva rata, na\u010dinima na koje se ona menjala i redefinisala stereotipne rodne pozicije u<\/p>\n","protected":false},"author":1,"featured_media":4801,"comment_status":"closed","ping_status":"closed","template":"","tags":[],"mec_category":[111],"class_list":["post-4802","mec-events","type-mec-events","status-publish","has-post-thumbnail","hentry","mec_category-razgovori"],"acf":[],"yoast_head":"<!-- This site is optimized with the Yoast SEO plugin v27.3 - https:\/\/yoast.com\/product\/yoast-seo-wordpress\/ -->\n<title>Moda i identitet | Galerija Matice srpske<\/title>\n<meta name=\"robots\" content=\"index, follow, max-snippet:-1, max-image-preview:large, max-video-preview:-1\" \/>\n<link rel=\"canonical\" href=\"https:\/\/www.galerijamaticesrpske.rs\/lat\/events\/moda-i-identitet\/\" \/>\n<meta property=\"og:locale\" content=\"en_US\" \/>\n<meta property=\"og:type\" content=\"article\" \/>\n<meta property=\"og:title\" content=\"Moda i identitet | Galerija Matice srpske\" \/>\n<meta property=\"og:description\" content=\"Razgovor u okviru prate\u0107eg programa izlo\u017ebe\u00a0Identitet(i) Kako garderoba nije samo utilitaran komad tkanine ve\u0107 jedna od vizuelnih sredstava reprezentacije najrazli\u010ditijih identiteta, ona predstavlja odraz mi\u0161ljenja i pona\u0161anja, ne samo pojedinca nego dru\u0161tva uop\u0161te. Razgovor \u0107e biti posve\u0107en aktuelnim modnim trendovima izme\u0111u dva rata, na\u010dinima na koje se ona menjala i redefinisala stereotipne rodne pozicije u\" \/>\n<meta property=\"og:url\" content=\"https:\/\/www.galerijamaticesrpske.rs\/lat\/events\/moda-i-identitet\/\" \/>\n<meta property=\"og:site_name\" content=\"Galerija Matice srpske\" \/>\n<meta property=\"article:modified_time\" content=\"2021-05-27T13:19:18+00:00\" \/>\n<meta property=\"og:image\" content=\"https:\/\/www.galerijamaticesrpske.rs\/wp-content\/uploads\/2021\/05\/960-jovan-bijelic-portret-dare-milosevic-1931.-muzej-pozorisne-umetnosti-srbije.jpg\" \/>\n\t<meta property=\"og:image:width\" content=\"960\" \/>\n\t<meta property=\"og:image:height\" content=\"500\" \/>\n\t<meta property=\"og:image:type\" content=\"image\/jpeg\" \/>\n<meta name=\"twitter:card\" content=\"summary_large_image\" \/>\n<meta name=\"twitter:label1\" content=\"Est. reading time\" \/>\n\t<meta name=\"twitter:data1\" content=\"1 minute\" \/>\n<script type=\"application\/ld+json\" class=\"yoast-schema-graph\">{\"@context\":\"https:\\\/\\\/schema.org\",\"@graph\":[{\"@type\":\"WebPage\",\"@id\":\"https:\\\/\\\/www.galerijamaticesrpske.rs\\\/lat\\\/events\\\/moda-i-identitet\\\/\",\"url\":\"https:\\\/\\\/www.galerijamaticesrpske.rs\\\/lat\\\/events\\\/moda-i-identitet\\\/\",\"name\":\"Moda i identitet | Galerija Matice srpske\",\"isPartOf\":{\"@id\":\"https:\\\/\\\/www.galerijamaticesrpske.rs\\\/#website\"},\"primaryImageOfPage\":{\"@id\":\"https:\\\/\\\/www.galerijamaticesrpske.rs\\\/lat\\\/events\\\/moda-i-identitet\\\/#primaryimage\"},\"image\":{\"@id\":\"https:\\\/\\\/www.galerijamaticesrpske.rs\\\/lat\\\/events\\\/moda-i-identitet\\\/#primaryimage\"},\"thumbnailUrl\":\"https:\\\/\\\/www.galerijamaticesrpske.rs\\\/wp-content\\\/uploads\\\/2021\\\/05\\\/960-jovan-bijelic-portret-dare-milosevic-1931.-muzej-pozorisne-umetnosti-srbije.jpg\",\"datePublished\":\"2021-05-27T12:57:41+00:00\",\"dateModified\":\"2021-05-27T13:19:18+00:00\",\"breadcrumb\":{\"@id\":\"https:\\\/\\\/www.galerijamaticesrpske.rs\\\/lat\\\/events\\\/moda-i-identitet\\\/#breadcrumb\"},\"inLanguage\":\"sr-LAT\",\"potentialAction\":[{\"@type\":\"ReadAction\",\"target\":[\"https:\\\/\\\/www.galerijamaticesrpske.rs\\\/lat\\\/events\\\/moda-i-identitet\\\/\"]}]},{\"@type\":\"ImageObject\",\"inLanguage\":\"sr-LAT\",\"@id\":\"https:\\\/\\\/www.galerijamaticesrpske.rs\\\/lat\\\/events\\\/moda-i-identitet\\\/#primaryimage\",\"url\":\"https:\\\/\\\/www.galerijamaticesrpske.rs\\\/wp-content\\\/uploads\\\/2021\\\/05\\\/960-jovan-bijelic-portret-dare-milosevic-1931.-muzej-pozorisne-umetnosti-srbije.jpg\",\"contentUrl\":\"https:\\\/\\\/www.galerijamaticesrpske.rs\\\/wp-content\\\/uploads\\\/2021\\\/05\\\/960-jovan-bijelic-portret-dare-milosevic-1931.-muzej-pozorisne-umetnosti-srbije.jpg\",\"width\":960,\"height\":500,\"caption\":\"\u041c\u043e\u0434\u0430 \u0438 \u0438\u0434\u0435\u043d\u0442\u0438\u0442\u0435\u0442\"},{\"@type\":\"BreadcrumbList\",\"@id\":\"https:\\\/\\\/www.galerijamaticesrpske.rs\\\/lat\\\/events\\\/moda-i-identitet\\\/#breadcrumb\",\"itemListElement\":[{\"@type\":\"ListItem\",\"position\":1,\"name\":\"\u041f\u043e\u0447\u0435\u0442\u043d\u0430\",\"item\":\"http:\\\/\\\/www.galerijamaticesrpske.rs\\\/lat\\\/\"},{\"@type\":\"ListItem\",\"position\":2,\"name\":\"Events\",\"item\":\"http:\\\/\\\/www.galerijamaticesrpske.rs\\\/lat\\\/events\\\/\"},{\"@type\":\"ListItem\",\"position\":3,\"name\":\"Moda i identitet\"}]},{\"@type\":\"WebSite\",\"@id\":\"https:\\\/\\\/www.galerijamaticesrpske.rs\\\/#website\",\"url\":\"https:\\\/\\\/www.galerijamaticesrpske.rs\\\/\",\"name\":\"Galerija Matice srpske\",\"description\":\"Muzej srpske nacionalne umetnosti u Novom Sadu\",\"publisher\":{\"@id\":\"https:\\\/\\\/www.galerijamaticesrpske.rs\\\/#organization\"},\"potentialAction\":[{\"@type\":\"SearchAction\",\"target\":{\"@type\":\"EntryPoint\",\"urlTemplate\":\"https:\\\/\\\/www.galerijamaticesrpske.rs\\\/?s={search_term_string}\"},\"query-input\":{\"@type\":\"PropertyValueSpecification\",\"valueRequired\":true,\"valueName\":\"search_term_string\"}}],\"inLanguage\":\"sr-LAT\"},{\"@type\":\"Organization\",\"@id\":\"https:\\\/\\\/www.galerijamaticesrpske.rs\\\/#organization\",\"name\":\"Galerija Matice srpske\",\"url\":\"https:\\\/\\\/www.galerijamaticesrpske.rs\\\/\",\"logo\":{\"@type\":\"ImageObject\",\"inLanguage\":\"sr-LAT\",\"@id\":\"https:\\\/\\\/www.galerijamaticesrpske.rs\\\/#\\\/schema\\\/logo\\\/image\\\/\",\"url\":\"https:\\\/\\\/www.galerijamaticesrpske.rs\\\/wp-content\\\/uploads\\\/2021\\\/01\\\/gms-logo-za-sajt.svg\",\"contentUrl\":\"https:\\\/\\\/www.galerijamaticesrpske.rs\\\/wp-content\\\/uploads\\\/2021\\\/01\\\/gms-logo-za-sajt.svg\",\"width\":1,\"height\":1,\"caption\":\"Galerija Matice srpske\"},\"image\":{\"@id\":\"https:\\\/\\\/www.galerijamaticesrpske.rs\\\/#\\\/schema\\\/logo\\\/image\\\/\"}}]}<\/script>\n<!-- \/ Yoast SEO plugin. -->","yoast_head_json":{"title":"Moda i identitet | Galerija Matice srpske","robots":{"index":"index","follow":"follow","max-snippet":"max-snippet:-1","max-image-preview":"max-image-preview:large","max-video-preview":"max-video-preview:-1"},"canonical":"https:\/\/www.galerijamaticesrpske.rs\/lat\/events\/moda-i-identitet\/","og_locale":"en_US","og_type":"article","og_title":"Moda i identitet | Galerija Matice srpske","og_description":"Razgovor u okviru prate\u0107eg programa izlo\u017ebe\u00a0Identitet(i) Kako garderoba nije samo utilitaran komad tkanine ve\u0107 jedna od vizuelnih sredstava reprezentacije najrazli\u010ditijih identiteta, ona predstavlja odraz mi\u0161ljenja i pona\u0161anja, ne samo pojedinca nego dru\u0161tva uop\u0161te. Razgovor \u0107e biti posve\u0107en aktuelnim modnim trendovima izme\u0111u dva rata, na\u010dinima na koje se ona menjala i redefinisala stereotipne rodne pozicije u","og_url":"https:\/\/www.galerijamaticesrpske.rs\/lat\/events\/moda-i-identitet\/","og_site_name":"Galerija Matice srpske","article_modified_time":"2021-05-27T13:19:18+00:00","og_image":[{"width":960,"height":500,"url":"https:\/\/www.galerijamaticesrpske.rs\/wp-content\/uploads\/2021\/05\/960-jovan-bijelic-portret-dare-milosevic-1931.-muzej-pozorisne-umetnosti-srbije.jpg","type":"image\/jpeg"}],"twitter_card":"summary_large_image","twitter_misc":{"Est. reading time":"1 minute"},"schema":{"@context":"https:\/\/schema.org","@graph":[{"@type":"WebPage","@id":"https:\/\/www.galerijamaticesrpske.rs\/lat\/events\/moda-i-identitet\/","url":"https:\/\/www.galerijamaticesrpske.rs\/lat\/events\/moda-i-identitet\/","name":"Moda i identitet | Galerija Matice srpske","isPartOf":{"@id":"https:\/\/www.galerijamaticesrpske.rs\/#website"},"primaryImageOfPage":{"@id":"https:\/\/www.galerijamaticesrpske.rs\/lat\/events\/moda-i-identitet\/#primaryimage"},"image":{"@id":"https:\/\/www.galerijamaticesrpske.rs\/lat\/events\/moda-i-identitet\/#primaryimage"},"thumbnailUrl":"https:\/\/www.galerijamaticesrpske.rs\/wp-content\/uploads\/2021\/05\/960-jovan-bijelic-portret-dare-milosevic-1931.-muzej-pozorisne-umetnosti-srbije.jpg","datePublished":"2021-05-27T12:57:41+00:00","dateModified":"2021-05-27T13:19:18+00:00","breadcrumb":{"@id":"https:\/\/www.galerijamaticesrpske.rs\/lat\/events\/moda-i-identitet\/#breadcrumb"},"inLanguage":"sr-LAT","potentialAction":[{"@type":"ReadAction","target":["https:\/\/www.galerijamaticesrpske.rs\/lat\/events\/moda-i-identitet\/"]}]},{"@type":"ImageObject","inLanguage":"sr-LAT","@id":"https:\/\/www.galerijamaticesrpske.rs\/lat\/events\/moda-i-identitet\/#primaryimage","url":"https:\/\/www.galerijamaticesrpske.rs\/wp-content\/uploads\/2021\/05\/960-jovan-bijelic-portret-dare-milosevic-1931.-muzej-pozorisne-umetnosti-srbije.jpg","contentUrl":"https:\/\/www.galerijamaticesrpske.rs\/wp-content\/uploads\/2021\/05\/960-jovan-bijelic-portret-dare-milosevic-1931.-muzej-pozorisne-umetnosti-srbije.jpg","width":960,"height":500,"caption":"\u041c\u043e\u0434\u0430 \u0438 \u0438\u0434\u0435\u043d\u0442\u0438\u0442\u0435\u0442"},{"@type":"BreadcrumbList","@id":"https:\/\/www.galerijamaticesrpske.rs\/lat\/events\/moda-i-identitet\/#breadcrumb","itemListElement":[{"@type":"ListItem","position":1,"name":"\u041f\u043e\u0447\u0435\u0442\u043d\u0430","item":"http:\/\/www.galerijamaticesrpske.rs\/lat\/"},{"@type":"ListItem","position":2,"name":"Events","item":"http:\/\/www.galerijamaticesrpske.rs\/lat\/events\/"},{"@type":"ListItem","position":3,"name":"Moda i identitet"}]},{"@type":"WebSite","@id":"https:\/\/www.galerijamaticesrpske.rs\/#website","url":"https:\/\/www.galerijamaticesrpske.rs\/","name":"Galerija Matice srpske","description":"Muzej srpske nacionalne umetnosti u Novom Sadu","publisher":{"@id":"https:\/\/www.galerijamaticesrpske.rs\/#organization"},"potentialAction":[{"@type":"SearchAction","target":{"@type":"EntryPoint","urlTemplate":"https:\/\/www.galerijamaticesrpske.rs\/?s={search_term_string}"},"query-input":{"@type":"PropertyValueSpecification","valueRequired":true,"valueName":"search_term_string"}}],"inLanguage":"sr-LAT"},{"@type":"Organization","@id":"https:\/\/www.galerijamaticesrpske.rs\/#organization","name":"Galerija Matice srpske","url":"https:\/\/www.galerijamaticesrpske.rs\/","logo":{"@type":"ImageObject","inLanguage":"sr-LAT","@id":"https:\/\/www.galerijamaticesrpske.rs\/#\/schema\/logo\/image\/","url":"https:\/\/www.galerijamaticesrpske.rs\/wp-content\/uploads\/2021\/01\/gms-logo-za-sajt.svg","contentUrl":"https:\/\/www.galerijamaticesrpske.rs\/wp-content\/uploads\/2021\/01\/gms-logo-za-sajt.svg","width":1,"height":1,"caption":"Galerija Matice srpske"},"image":{"@id":"https:\/\/www.galerijamaticesrpske.rs\/#\/schema\/logo\/image\/"}}]}},"_links":{"self":[{"href":"https:\/\/www.galerijamaticesrpske.rs\/lat\/wp-json\/wp\/v2\/mec-events\/4802","targetHints":{"allow":["GET"]}}],"collection":[{"href":"https:\/\/www.galerijamaticesrpske.rs\/lat\/wp-json\/wp\/v2\/mec-events"}],"about":[{"href":"https:\/\/www.galerijamaticesrpske.rs\/lat\/wp-json\/wp\/v2\/types\/mec-events"}],"author":[{"embeddable":true,"href":"https:\/\/www.galerijamaticesrpske.rs\/lat\/wp-json\/wp\/v2\/users\/1"}],"replies":[{"embeddable":true,"href":"https:\/\/www.galerijamaticesrpske.rs\/lat\/wp-json\/wp\/v2\/comments?post=4802"}],"wp:featuredmedia":[{"embeddable":true,"href":"https:\/\/www.galerijamaticesrpske.rs\/lat\/wp-json\/wp\/v2\/media\/4801"}],"wp:attachment":[{"href":"https:\/\/www.galerijamaticesrpske.rs\/lat\/wp-json\/wp\/v2\/media?parent=4802"}],"wp:term":[{"taxonomy":"post_tag","embeddable":true,"href":"https:\/\/www.galerijamaticesrpske.rs\/lat\/wp-json\/wp\/v2\/tags?post=4802"},{"taxonomy":"mec_category","embeddable":true,"href":"https:\/\/www.galerijamaticesrpske.rs\/lat\/wp-json\/wp\/v2\/mec_category?post=4802"}],"curies":[{"name":"wp","href":"https:\/\/api.w.org\/{rel}","templated":true}]}}