{"id":4878,"date":"2021-06-09T15:04:40","date_gmt":"2021-06-09T15:04:40","guid":{"rendered":"https:\/\/www.galerijamaticesrpske.rs\/events\/urbani-biodiverzitet-kao-deo-nove-kulture\/"},"modified":"2021-06-09T15:08:27","modified_gmt":"2021-06-09T15:08:27","slug":"urbani-biodiverzitet-kao-deo-nove-kulture","status":"publish","type":"mec-events","link":"https:\/\/www.galerijamaticesrpske.rs\/lat\/events\/urbani-biodiverzitet-kao-deo-nove-kulture\/","title":{"rendered":"Urbani biodiverzitet kao deo nove kulture"},"content":{"rendered":"\n<p>Predavanje i kreativna radionica za decu<\/p>\n\n\n\n<p>Projekat <em>BiodiverCities<\/em> bi\u0107e predstavljen u vrtu Galerije Matice srpske, sa ciljem da podstakne slede\u0107a pitanja: Za\u0161to gradovi danas predstavljaju klju\u010dne \u010dinioce u promeni globalne slike na\u0161e planete? Koja je uloga urbanog biodiverziteta? Da li mo\u017eemo zajedno da kreiramo novu kulturu \u017eivljenja u gradovima? I ko nam na tom putu mo\u017ee pomo\u0107i? Danica La\u0107arac, arhitekta i projektni menad\u017eer Nacionalne asocijacije zelenih krovova Srbije, upozna\u0107e vas sa projektom i najaviti aktivnosti koje tokom leta slede, a \u010diji ste najva\u017eniji u\u010desnici ba\u0161 vi \u2013 Novosa\u0111ani i Novosa\u0111anke!<\/p>\n\n\n\n<p>Posebno, obilaskom izlo\u017ebe <em><a href=\"https:\/\/www.galerijamaticesrpske.rs\/lat\/events\/identiteti\/\" data-type=\"mec-events\" data-id=\"4169\">Identitet(i). Predstave \u017eena u srpskom slikarstvu (1918\u20131941)<\/a><\/em>, kroz koju \u0107e vas sprovesti kustos Galerije Matice srpske i autor izlo\u017ebe Nikola Ivanovi\u0107, \u017eelimo da podstaknemo pitanje \u0161ireg konteksta diverziteta, sagledavanja i prihvatanja raznolikosti kao potencijala i nemerljive vrednosti svakolikog \u017eivota koji nas okru\u017euje. Tako\u0111e, najmla\u0111i posetioci ovog doga\u0111aja ima\u0107e priliku da u\u017eivaju u kreativnoj radionici <em>Zeleni gradovi<\/em> u De\u010djoj sobi i Parku skulptura od 11.00 do 12.30 sati.<\/p>\n\n\n\n<p>Projekat <em>BiodiverCities<\/em> se tokom 2021. i 2022. godine odvija u deset gradova Evrope (Lajden, Palma, Valongo, Stavanger, Viljnus, Sofija, Maribor, Novi Sad, Palermo i Regalbuto, Oslo, Vareze i Lisabon) sa ciljem da se kroz direktno povezivanje sa stanovnicima grada defini\u0161u klju\u010dna pitanja u kontekstu \u017eivotnog okru\u017eenja i kvaliteta \u017eivota u gradu.<\/p>\n\n\n\n<p>Program vode: <strong>Danica La\u0107arac<\/strong>, arhitekta, <strong>Nikola Ivanovi\u0107<\/strong>, kustos GMS, <strong>Jelena Bobi\u0107<\/strong>, muzejska edukatorka i \u010dlanice De\u010dje ekolo\u0161ke akademije.<\/p>\n","protected":false},"excerpt":{"rendered":"<p>Predavanje i kreativna radionica za decu Projekat BiodiverCities bi\u0107e predstavljen u vrtu Galerije Matice srpske, sa ciljem da podstakne slede\u0107a pitanja: Za\u0161to gradovi danas predstavljaju klju\u010dne \u010dinioce u promeni globalne slike na\u0161e planete? Koja je uloga urbanog biodiverziteta? Da li mo\u017eemo zajedno da kreiramo novu kulturu \u017eivljenja u gradovima? I ko nam na tom putu<\/p>\n","protected":false},"author":1,"featured_media":4876,"comment_status":"closed","ping_status":"closed","template":"","tags":[],"mec_category":[104,107],"class_list":["post-4878","mec-events","type-mec-events","status-publish","has-post-thumbnail","hentry","mec_category-kreativne-radionice-za-decu-subotom","mec_category-predavanja"],"acf":[],"yoast_head":"<!-- This site is optimized with the Yoast SEO plugin v27.3 - https:\/\/yoast.com\/product\/yoast-seo-wordpress\/ -->\n<title>Urbani biodiverzitet kao deo nove kulture | Galerija Matice srpske<\/title>\n<meta name=\"robots\" content=\"index, follow, max-snippet:-1, max-image-preview:large, max-video-preview:-1\" \/>\n<link rel=\"canonical\" href=\"http:\/\/www.galerijamaticesrpske.rs\/lat\/events\/urbani-biodiverzitet-kao-deo-nove-kulture\/\" \/>\n<meta property=\"og:locale\" content=\"en_US\" \/>\n<meta property=\"og:type\" content=\"article\" \/>\n<meta property=\"og:title\" content=\"Urbani biodiverzitet kao deo nove kulture | Galerija Matice srpske\" \/>\n<meta property=\"og:description\" content=\"Predavanje i kreativna radionica za decu Projekat BiodiverCities bi\u0107e predstavljen u vrtu Galerije Matice srpske, sa ciljem da podstakne slede\u0107a pitanja: Za\u0161to gradovi danas predstavljaju klju\u010dne \u010dinioce u promeni globalne slike na\u0161e planete? Koja je uloga urbanog biodiverziteta? Da li mo\u017eemo zajedno da kreiramo novu kulturu \u017eivljenja u gradovima? I ko nam na tom putu\" \/>\n<meta property=\"og:url\" content=\"http:\/\/www.galerijamaticesrpske.rs\/lat\/events\/urbani-biodiverzitet-kao-deo-nove-kulture\/\" \/>\n<meta property=\"og:site_name\" content=\"Galerija Matice srpske\" \/>\n<meta property=\"article:modified_time\" content=\"2021-06-09T15:08:27+00:00\" \/>\n<meta property=\"og:image\" content=\"http:\/\/www.galerijamaticesrpske.rs\/wp-content\/uploads\/2021\/06\/12.6.2021.-biodiverzitet.jpg\" \/>\n\t<meta property=\"og:image:width\" content=\"960\" \/>\n\t<meta property=\"og:image:height\" content=\"500\" \/>\n\t<meta property=\"og:image:type\" content=\"image\/jpeg\" \/>\n<meta name=\"twitter:card\" content=\"summary_large_image\" \/>\n<meta name=\"twitter:label1\" content=\"Est. reading time\" \/>\n\t<meta name=\"twitter:data1\" content=\"1 minute\" \/>\n<script type=\"application\/ld+json\" class=\"yoast-schema-graph\">{\"@context\":\"https:\\\/\\\/schema.org\",\"@graph\":[{\"@type\":\"WebPage\",\"@id\":\"http:\\\/\\\/www.galerijamaticesrpske.rs\\\/lat\\\/events\\\/urbani-biodiverzitet-kao-deo-nove-kulture\\\/\",\"url\":\"http:\\\/\\\/www.galerijamaticesrpske.rs\\\/lat\\\/events\\\/urbani-biodiverzitet-kao-deo-nove-kulture\\\/\",\"name\":\"Urbani biodiverzitet kao deo nove kulture | Galerija Matice srpske\",\"isPartOf\":{\"@id\":\"https:\\\/\\\/www.galerijamaticesrpske.rs\\\/#website\"},\"primaryImageOfPage\":{\"@id\":\"http:\\\/\\\/www.galerijamaticesrpske.rs\\\/lat\\\/events\\\/urbani-biodiverzitet-kao-deo-nove-kulture\\\/#primaryimage\"},\"image\":{\"@id\":\"http:\\\/\\\/www.galerijamaticesrpske.rs\\\/lat\\\/events\\\/urbani-biodiverzitet-kao-deo-nove-kulture\\\/#primaryimage\"},\"thumbnailUrl\":\"https:\\\/\\\/www.galerijamaticesrpske.rs\\\/wp-content\\\/uploads\\\/2021\\\/06\\\/12.6.2021.-biodiverzitet.jpg\",\"datePublished\":\"2021-06-09T15:04:40+00:00\",\"dateModified\":\"2021-06-09T15:08:27+00:00\",\"breadcrumb\":{\"@id\":\"http:\\\/\\\/www.galerijamaticesrpske.rs\\\/lat\\\/events\\\/urbani-biodiverzitet-kao-deo-nove-kulture\\\/#breadcrumb\"},\"inLanguage\":\"sr-LAT\",\"potentialAction\":[{\"@type\":\"ReadAction\",\"target\":[\"http:\\\/\\\/www.galerijamaticesrpske.rs\\\/lat\\\/events\\\/urbani-biodiverzitet-kao-deo-nove-kulture\\\/\"]}]},{\"@type\":\"ImageObject\",\"inLanguage\":\"sr-LAT\",\"@id\":\"http:\\\/\\\/www.galerijamaticesrpske.rs\\\/lat\\\/events\\\/urbani-biodiverzitet-kao-deo-nove-kulture\\\/#primaryimage\",\"url\":\"https:\\\/\\\/www.galerijamaticesrpske.rs\\\/wp-content\\\/uploads\\\/2021\\\/06\\\/12.6.2021.-biodiverzitet.jpg\",\"contentUrl\":\"https:\\\/\\\/www.galerijamaticesrpske.rs\\\/wp-content\\\/uploads\\\/2021\\\/06\\\/12.6.2021.-biodiverzitet.jpg\",\"width\":960,\"height\":500,\"caption\":\"\u0423\u0440\u0431\u0430\u043d\u0438 \u0431\u0438\u043e\u0434\u0438\u0432\u0435\u0440\u0437\u0438\u0442\u0435\u0442 \u043a\u0430\u043e \u0434\u0435\u043e \u043d\u043e\u0432\u0435 \u043a\u0443\u043b\u0442\u0443\u0440\u0435\"},{\"@type\":\"BreadcrumbList\",\"@id\":\"http:\\\/\\\/www.galerijamaticesrpske.rs\\\/lat\\\/events\\\/urbani-biodiverzitet-kao-deo-nove-kulture\\\/#breadcrumb\",\"itemListElement\":[{\"@type\":\"ListItem\",\"position\":1,\"name\":\"\u041f\u043e\u0447\u0435\u0442\u043d\u0430\",\"item\":\"http:\\\/\\\/www.galerijamaticesrpske.rs\\\/lat\\\/\"},{\"@type\":\"ListItem\",\"position\":2,\"name\":\"Events\",\"item\":\"http:\\\/\\\/www.galerijamaticesrpske.rs\\\/lat\\\/events\\\/\"},{\"@type\":\"ListItem\",\"position\":3,\"name\":\"Urbani biodiverzitet kao deo nove kulture\"}]},{\"@type\":\"WebSite\",\"@id\":\"https:\\\/\\\/www.galerijamaticesrpske.rs\\\/#website\",\"url\":\"https:\\\/\\\/www.galerijamaticesrpske.rs\\\/\",\"name\":\"Galerija Matice srpske\",\"description\":\"Muzej srpske nacionalne umetnosti u Novom Sadu\",\"publisher\":{\"@id\":\"https:\\\/\\\/www.galerijamaticesrpske.rs\\\/#organization\"},\"potentialAction\":[{\"@type\":\"SearchAction\",\"target\":{\"@type\":\"EntryPoint\",\"urlTemplate\":\"https:\\\/\\\/www.galerijamaticesrpske.rs\\\/?s={search_term_string}\"},\"query-input\":{\"@type\":\"PropertyValueSpecification\",\"valueRequired\":true,\"valueName\":\"search_term_string\"}}],\"inLanguage\":\"sr-LAT\"},{\"@type\":\"Organization\",\"@id\":\"https:\\\/\\\/www.galerijamaticesrpske.rs\\\/#organization\",\"name\":\"Galerija Matice srpske\",\"url\":\"https:\\\/\\\/www.galerijamaticesrpske.rs\\\/\",\"logo\":{\"@type\":\"ImageObject\",\"inLanguage\":\"sr-LAT\",\"@id\":\"https:\\\/\\\/www.galerijamaticesrpske.rs\\\/#\\\/schema\\\/logo\\\/image\\\/\",\"url\":\"https:\\\/\\\/www.galerijamaticesrpske.rs\\\/wp-content\\\/uploads\\\/2021\\\/01\\\/gms-logo-za-sajt.svg\",\"contentUrl\":\"https:\\\/\\\/www.galerijamaticesrpske.rs\\\/wp-content\\\/uploads\\\/2021\\\/01\\\/gms-logo-za-sajt.svg\",\"width\":1,\"height\":1,\"caption\":\"Galerija Matice srpske\"},\"image\":{\"@id\":\"https:\\\/\\\/www.galerijamaticesrpske.rs\\\/#\\\/schema\\\/logo\\\/image\\\/\"}}]}<\/script>\n<!-- \/ Yoast SEO plugin. -->","yoast_head_json":{"title":"Urbani biodiverzitet kao deo nove kulture | Galerija Matice srpske","robots":{"index":"index","follow":"follow","max-snippet":"max-snippet:-1","max-image-preview":"max-image-preview:large","max-video-preview":"max-video-preview:-1"},"canonical":"http:\/\/www.galerijamaticesrpske.rs\/lat\/events\/urbani-biodiverzitet-kao-deo-nove-kulture\/","og_locale":"en_US","og_type":"article","og_title":"Urbani biodiverzitet kao deo nove kulture | Galerija Matice srpske","og_description":"Predavanje i kreativna radionica za decu Projekat BiodiverCities bi\u0107e predstavljen u vrtu Galerije Matice srpske, sa ciljem da podstakne slede\u0107a pitanja: Za\u0161to gradovi danas predstavljaju klju\u010dne \u010dinioce u promeni globalne slike na\u0161e planete? Koja je uloga urbanog biodiverziteta? Da li mo\u017eemo zajedno da kreiramo novu kulturu \u017eivljenja u gradovima? I ko nam na tom putu","og_url":"http:\/\/www.galerijamaticesrpske.rs\/lat\/events\/urbani-biodiverzitet-kao-deo-nove-kulture\/","og_site_name":"Galerija Matice srpske","article_modified_time":"2021-06-09T15:08:27+00:00","og_image":[{"width":960,"height":500,"url":"http:\/\/www.galerijamaticesrpske.rs\/wp-content\/uploads\/2021\/06\/12.6.2021.-biodiverzitet.jpg","type":"image\/jpeg"}],"twitter_card":"summary_large_image","twitter_misc":{"Est. reading time":"1 minute"},"schema":{"@context":"https:\/\/schema.org","@graph":[{"@type":"WebPage","@id":"http:\/\/www.galerijamaticesrpske.rs\/lat\/events\/urbani-biodiverzitet-kao-deo-nove-kulture\/","url":"http:\/\/www.galerijamaticesrpske.rs\/lat\/events\/urbani-biodiverzitet-kao-deo-nove-kulture\/","name":"Urbani biodiverzitet kao deo nove kulture | Galerija Matice srpske","isPartOf":{"@id":"https:\/\/www.galerijamaticesrpske.rs\/#website"},"primaryImageOfPage":{"@id":"http:\/\/www.galerijamaticesrpske.rs\/lat\/events\/urbani-biodiverzitet-kao-deo-nove-kulture\/#primaryimage"},"image":{"@id":"http:\/\/www.galerijamaticesrpske.rs\/lat\/events\/urbani-biodiverzitet-kao-deo-nove-kulture\/#primaryimage"},"thumbnailUrl":"https:\/\/www.galerijamaticesrpske.rs\/wp-content\/uploads\/2021\/06\/12.6.2021.-biodiverzitet.jpg","datePublished":"2021-06-09T15:04:40+00:00","dateModified":"2021-06-09T15:08:27+00:00","breadcrumb":{"@id":"http:\/\/www.galerijamaticesrpske.rs\/lat\/events\/urbani-biodiverzitet-kao-deo-nove-kulture\/#breadcrumb"},"inLanguage":"sr-LAT","potentialAction":[{"@type":"ReadAction","target":["http:\/\/www.galerijamaticesrpske.rs\/lat\/events\/urbani-biodiverzitet-kao-deo-nove-kulture\/"]}]},{"@type":"ImageObject","inLanguage":"sr-LAT","@id":"http:\/\/www.galerijamaticesrpske.rs\/lat\/events\/urbani-biodiverzitet-kao-deo-nove-kulture\/#primaryimage","url":"https:\/\/www.galerijamaticesrpske.rs\/wp-content\/uploads\/2021\/06\/12.6.2021.-biodiverzitet.jpg","contentUrl":"https:\/\/www.galerijamaticesrpske.rs\/wp-content\/uploads\/2021\/06\/12.6.2021.-biodiverzitet.jpg","width":960,"height":500,"caption":"\u0423\u0440\u0431\u0430\u043d\u0438 \u0431\u0438\u043e\u0434\u0438\u0432\u0435\u0440\u0437\u0438\u0442\u0435\u0442 \u043a\u0430\u043e \u0434\u0435\u043e \u043d\u043e\u0432\u0435 \u043a\u0443\u043b\u0442\u0443\u0440\u0435"},{"@type":"BreadcrumbList","@id":"http:\/\/www.galerijamaticesrpske.rs\/lat\/events\/urbani-biodiverzitet-kao-deo-nove-kulture\/#breadcrumb","itemListElement":[{"@type":"ListItem","position":1,"name":"\u041f\u043e\u0447\u0435\u0442\u043d\u0430","item":"http:\/\/www.galerijamaticesrpske.rs\/lat\/"},{"@type":"ListItem","position":2,"name":"Events","item":"http:\/\/www.galerijamaticesrpske.rs\/lat\/events\/"},{"@type":"ListItem","position":3,"name":"Urbani biodiverzitet kao deo nove kulture"}]},{"@type":"WebSite","@id":"https:\/\/www.galerijamaticesrpske.rs\/#website","url":"https:\/\/www.galerijamaticesrpske.rs\/","name":"Galerija Matice srpske","description":"Muzej srpske nacionalne umetnosti u Novom Sadu","publisher":{"@id":"https:\/\/www.galerijamaticesrpske.rs\/#organization"},"potentialAction":[{"@type":"SearchAction","target":{"@type":"EntryPoint","urlTemplate":"https:\/\/www.galerijamaticesrpske.rs\/?s={search_term_string}"},"query-input":{"@type":"PropertyValueSpecification","valueRequired":true,"valueName":"search_term_string"}}],"inLanguage":"sr-LAT"},{"@type":"Organization","@id":"https:\/\/www.galerijamaticesrpske.rs\/#organization","name":"Galerija Matice srpske","url":"https:\/\/www.galerijamaticesrpske.rs\/","logo":{"@type":"ImageObject","inLanguage":"sr-LAT","@id":"https:\/\/www.galerijamaticesrpske.rs\/#\/schema\/logo\/image\/","url":"https:\/\/www.galerijamaticesrpske.rs\/wp-content\/uploads\/2021\/01\/gms-logo-za-sajt.svg","contentUrl":"https:\/\/www.galerijamaticesrpske.rs\/wp-content\/uploads\/2021\/01\/gms-logo-za-sajt.svg","width":1,"height":1,"caption":"Galerija Matice srpske"},"image":{"@id":"https:\/\/www.galerijamaticesrpske.rs\/#\/schema\/logo\/image\/"}}]}},"_links":{"self":[{"href":"https:\/\/www.galerijamaticesrpske.rs\/lat\/wp-json\/wp\/v2\/mec-events\/4878","targetHints":{"allow":["GET"]}}],"collection":[{"href":"https:\/\/www.galerijamaticesrpske.rs\/lat\/wp-json\/wp\/v2\/mec-events"}],"about":[{"href":"https:\/\/www.galerijamaticesrpske.rs\/lat\/wp-json\/wp\/v2\/types\/mec-events"}],"author":[{"embeddable":true,"href":"https:\/\/www.galerijamaticesrpske.rs\/lat\/wp-json\/wp\/v2\/users\/1"}],"replies":[{"embeddable":true,"href":"https:\/\/www.galerijamaticesrpske.rs\/lat\/wp-json\/wp\/v2\/comments?post=4878"}],"wp:featuredmedia":[{"embeddable":true,"href":"https:\/\/www.galerijamaticesrpske.rs\/lat\/wp-json\/wp\/v2\/media\/4876"}],"wp:attachment":[{"href":"https:\/\/www.galerijamaticesrpske.rs\/lat\/wp-json\/wp\/v2\/media?parent=4878"}],"wp:term":[{"taxonomy":"post_tag","embeddable":true,"href":"https:\/\/www.galerijamaticesrpske.rs\/lat\/wp-json\/wp\/v2\/tags?post=4878"},{"taxonomy":"mec_category","embeddable":true,"href":"https:\/\/www.galerijamaticesrpske.rs\/lat\/wp-json\/wp\/v2\/mec_category?post=4878"}],"curies":[{"name":"wp","href":"https:\/\/api.w.org\/{rel}","templated":true}]}}