{"id":5366,"date":"2021-09-07T11:46:44","date_gmt":"2021-09-07T11:46:44","guid":{"rendered":"https:\/\/www.galerijamaticesrpske.rs\/?post_type=mec-events&#038;p=5366"},"modified":"2021-09-07T11:46:46","modified_gmt":"2021-09-07T11:46:46","slug":"autorsko-vodenje-kroz-izlozbu-kaleidoskop","status":"publish","type":"mec-events","link":"https:\/\/www.galerijamaticesrpske.rs\/lat\/events\/autorsko-vodenje-kroz-izlozbu-kaleidoskop\/","title":{"rendered":"Autorsko vo\u0111enje kroz izlo\u017ebu Kaleidoskop"},"content":{"rendered":"\n<p>Prate\u0107i program izlo\u017ebe <em><a href=\"https:\/\/www.galerijamaticesrpske.rs\/lat\/events\/kaleidoskop-umetnik-kolekcionar-kriticar\/\">Kaleidoskop. Umetnik &#8211; kolekcionar &#8211; kriti\u010dar<\/a><\/em><\/p>\n\n\n\n<p>Povodom novootvorene izlo\u017ebe <em>Kaleidoskop. Umetnik \u2013 kolekcionar \u2013 kriti\u010dar<\/em> u Galeriji Matice srpske ovog petka bi\u0107e prire\u0111eno autorsko vo\u0111enje.<\/p>\n\n\n\n<p>Autori \u0107e predstaviti osnovnu ideju izlo\u017ebe koja je podeljena na tri povezana segmenta, a koji ukazuju na kaleidoskop muzejske delatnosti. U okviru prvog segmenta \u2013 <em>Kolekcionari<\/em> bi\u0107e istaknut zna\u010daj zbirke crte\u017ea i radova na papiru koju odlikuje raznovrsnost umetnika i autorskih koncepcija. Tuma\u010denjem drugog segmenta <em>Umetnik<\/em> bi\u0107e predstavljen umetni\u010dki rad Dragana Stojkova, slikara duge karijere, dok \u0107e tre\u0107i segement <em>Kriti\u010dar<\/em> biti posve\u0107en radu istori\u010dara umetnosti, kustosa i konzervatora Ratomira Kuli\u0107a, autora knjige <em>Smrt umetnosti i reanimacija kulture<\/em> koja je izlo\u017eena kao eksponat na izlo\u017ebi.<\/p>\n\n\n\n<p>Kroz izlo\u017ebu vode: <strong>dr Tijana Palkovljevi\u0107 Bugarski<\/strong>, upravnica Galerije Matice srpske, <strong>dr Sne\u017eana Mi\u0161i\u0107<\/strong>, muzejska savetnica i <strong>mr Danilo Vuksanovi\u0107<\/strong>, vi\u0161i konzervator.<\/p>\n\n\n\n<p><\/p>\n","protected":false},"excerpt":{"rendered":"<p>Prate\u0107i program izlo\u017ebe Kaleidoskop. Umetnik &#8211; kolekcionar &#8211; kriti\u010dar Povodom novootvorene izlo\u017ebe Kaleidoskop. Umetnik \u2013 kolekcionar \u2013 kriti\u010dar u Galeriji Matice srpske ovog petka bi\u0107e prire\u0111eno autorsko vo\u0111enje. Autori \u0107e predstaviti osnovnu ideju izlo\u017ebe koja je podeljena na tri povezana segmenta, a koji ukazuju na kaleidoskop muzejske delatnosti. U okviru prvog segmenta \u2013 Kolekcionari bi\u0107e<\/p>\n","protected":false},"author":2,"featured_media":5365,"comment_status":"closed","ping_status":"closed","template":"","tags":[],"mec_category":[100],"class_list":["post-5366","mec-events","type-mec-events","status-publish","has-post-thumbnail","hentry","mec_category-vodjenja-kroz-aktuelne-izlozbe"],"acf":[],"yoast_head":"<!-- This site is optimized with the Yoast SEO plugin v27.3 - https:\/\/yoast.com\/product\/yoast-seo-wordpress\/ -->\n<title>Autorsko vo\u0111enje kroz izlo\u017ebu Kaleidoskop | Galerija Matice srpske<\/title>\n<meta name=\"robots\" content=\"index, follow, max-snippet:-1, max-image-preview:large, max-video-preview:-1\" \/>\n<link rel=\"canonical\" href=\"https:\/\/www.galerijamaticesrpske.rs\/lat\/events\/autorsko-vodenje-kroz-izlozbu-kaleidoskop\/\" \/>\n<meta property=\"og:locale\" content=\"en_US\" \/>\n<meta property=\"og:type\" content=\"article\" \/>\n<meta property=\"og:title\" content=\"Autorsko vo\u0111enje kroz izlo\u017ebu Kaleidoskop | Galerija Matice srpske\" \/>\n<meta property=\"og:description\" content=\"Prate\u0107i program izlo\u017ebe Kaleidoskop. Umetnik &#8211; kolekcionar &#8211; kriti\u010dar Povodom novootvorene izlo\u017ebe Kaleidoskop. Umetnik \u2013 kolekcionar \u2013 kriti\u010dar u Galeriji Matice srpske ovog petka bi\u0107e prire\u0111eno autorsko vo\u0111enje. Autori \u0107e predstaviti osnovnu ideju izlo\u017ebe koja je podeljena na tri povezana segmenta, a koji ukazuju na kaleidoskop muzejske delatnosti. U okviru prvog segmenta \u2013 Kolekcionari bi\u0107e\" \/>\n<meta property=\"og:url\" content=\"https:\/\/www.galerijamaticesrpske.rs\/lat\/events\/autorsko-vodenje-kroz-izlozbu-kaleidoskop\/\" \/>\n<meta property=\"og:site_name\" content=\"Galerija Matice srpske\" \/>\n<meta property=\"article:modified_time\" content=\"2021-09-07T11:46:46+00:00\" \/>\n<meta property=\"og:image\" content=\"https:\/\/www.galerijamaticesrpske.rs\/wp-content\/uploads\/2021\/09\/dsc_0195-scaled.jpg\" \/>\n\t<meta property=\"og:image:width\" content=\"2560\" \/>\n\t<meta property=\"og:image:height\" content=\"1708\" \/>\n\t<meta property=\"og:image:type\" content=\"image\/jpeg\" \/>\n<meta name=\"twitter:card\" content=\"summary_large_image\" \/>\n<meta name=\"twitter:label1\" content=\"Est. reading time\" \/>\n\t<meta name=\"twitter:data1\" content=\"1 minute\" \/>\n<script type=\"application\/ld+json\" class=\"yoast-schema-graph\">{\"@context\":\"https:\\\/\\\/schema.org\",\"@graph\":[{\"@type\":\"WebPage\",\"@id\":\"https:\\\/\\\/www.galerijamaticesrpske.rs\\\/lat\\\/events\\\/autorsko-vodenje-kroz-izlozbu-kaleidoskop\\\/\",\"url\":\"https:\\\/\\\/www.galerijamaticesrpske.rs\\\/lat\\\/events\\\/autorsko-vodenje-kroz-izlozbu-kaleidoskop\\\/\",\"name\":\"Autorsko vo\u0111enje kroz izlo\u017ebu Kaleidoskop | Galerija Matice srpske\",\"isPartOf\":{\"@id\":\"https:\\\/\\\/www.galerijamaticesrpske.rs\\\/#website\"},\"primaryImageOfPage\":{\"@id\":\"https:\\\/\\\/www.galerijamaticesrpske.rs\\\/lat\\\/events\\\/autorsko-vodenje-kroz-izlozbu-kaleidoskop\\\/#primaryimage\"},\"image\":{\"@id\":\"https:\\\/\\\/www.galerijamaticesrpske.rs\\\/lat\\\/events\\\/autorsko-vodenje-kroz-izlozbu-kaleidoskop\\\/#primaryimage\"},\"thumbnailUrl\":\"https:\\\/\\\/www.galerijamaticesrpske.rs\\\/wp-content\\\/uploads\\\/2021\\\/09\\\/dsc_0195-scaled.jpg\",\"datePublished\":\"2021-09-07T11:46:44+00:00\",\"dateModified\":\"2021-09-07T11:46:46+00:00\",\"breadcrumb\":{\"@id\":\"https:\\\/\\\/www.galerijamaticesrpske.rs\\\/lat\\\/events\\\/autorsko-vodenje-kroz-izlozbu-kaleidoskop\\\/#breadcrumb\"},\"inLanguage\":\"sr-LAT\",\"potentialAction\":[{\"@type\":\"ReadAction\",\"target\":[\"https:\\\/\\\/www.galerijamaticesrpske.rs\\\/lat\\\/events\\\/autorsko-vodenje-kroz-izlozbu-kaleidoskop\\\/\"]}]},{\"@type\":\"ImageObject\",\"inLanguage\":\"sr-LAT\",\"@id\":\"https:\\\/\\\/www.galerijamaticesrpske.rs\\\/lat\\\/events\\\/autorsko-vodenje-kroz-izlozbu-kaleidoskop\\\/#primaryimage\",\"url\":\"https:\\\/\\\/www.galerijamaticesrpske.rs\\\/wp-content\\\/uploads\\\/2021\\\/09\\\/dsc_0195-scaled.jpg\",\"contentUrl\":\"https:\\\/\\\/www.galerijamaticesrpske.rs\\\/wp-content\\\/uploads\\\/2021\\\/09\\\/dsc_0195-scaled.jpg\",\"width\":2560,\"height\":1708},{\"@type\":\"BreadcrumbList\",\"@id\":\"https:\\\/\\\/www.galerijamaticesrpske.rs\\\/lat\\\/events\\\/autorsko-vodenje-kroz-izlozbu-kaleidoskop\\\/#breadcrumb\",\"itemListElement\":[{\"@type\":\"ListItem\",\"position\":1,\"name\":\"\u041f\u043e\u0447\u0435\u0442\u043d\u0430\",\"item\":\"http:\\\/\\\/www.galerijamaticesrpske.rs\\\/lat\\\/\"},{\"@type\":\"ListItem\",\"position\":2,\"name\":\"Events\",\"item\":\"http:\\\/\\\/www.galerijamaticesrpske.rs\\\/lat\\\/events\\\/\"},{\"@type\":\"ListItem\",\"position\":3,\"name\":\"Autorsko vo\u0111enje kroz izlo\u017ebu Kaleidoskop\"}]},{\"@type\":\"WebSite\",\"@id\":\"https:\\\/\\\/www.galerijamaticesrpske.rs\\\/#website\",\"url\":\"https:\\\/\\\/www.galerijamaticesrpske.rs\\\/\",\"name\":\"Galerija Matice srpske\",\"description\":\"Muzej srpske nacionalne umetnosti u Novom Sadu\",\"publisher\":{\"@id\":\"https:\\\/\\\/www.galerijamaticesrpske.rs\\\/#organization\"},\"potentialAction\":[{\"@type\":\"SearchAction\",\"target\":{\"@type\":\"EntryPoint\",\"urlTemplate\":\"https:\\\/\\\/www.galerijamaticesrpske.rs\\\/?s={search_term_string}\"},\"query-input\":{\"@type\":\"PropertyValueSpecification\",\"valueRequired\":true,\"valueName\":\"search_term_string\"}}],\"inLanguage\":\"sr-LAT\"},{\"@type\":\"Organization\",\"@id\":\"https:\\\/\\\/www.galerijamaticesrpske.rs\\\/#organization\",\"name\":\"Galerija Matice srpske\",\"url\":\"https:\\\/\\\/www.galerijamaticesrpske.rs\\\/\",\"logo\":{\"@type\":\"ImageObject\",\"inLanguage\":\"sr-LAT\",\"@id\":\"https:\\\/\\\/www.galerijamaticesrpske.rs\\\/#\\\/schema\\\/logo\\\/image\\\/\",\"url\":\"https:\\\/\\\/www.galerijamaticesrpske.rs\\\/wp-content\\\/uploads\\\/2021\\\/01\\\/gms-logo-za-sajt.svg\",\"contentUrl\":\"https:\\\/\\\/www.galerijamaticesrpske.rs\\\/wp-content\\\/uploads\\\/2021\\\/01\\\/gms-logo-za-sajt.svg\",\"width\":1,\"height\":1,\"caption\":\"Galerija Matice srpske\"},\"image\":{\"@id\":\"https:\\\/\\\/www.galerijamaticesrpske.rs\\\/#\\\/schema\\\/logo\\\/image\\\/\"}}]}<\/script>\n<!-- \/ Yoast SEO plugin. -->","yoast_head_json":{"title":"Autorsko vo\u0111enje kroz izlo\u017ebu Kaleidoskop | Galerija Matice srpske","robots":{"index":"index","follow":"follow","max-snippet":"max-snippet:-1","max-image-preview":"max-image-preview:large","max-video-preview":"max-video-preview:-1"},"canonical":"https:\/\/www.galerijamaticesrpske.rs\/lat\/events\/autorsko-vodenje-kroz-izlozbu-kaleidoskop\/","og_locale":"en_US","og_type":"article","og_title":"Autorsko vo\u0111enje kroz izlo\u017ebu Kaleidoskop | Galerija Matice srpske","og_description":"Prate\u0107i program izlo\u017ebe Kaleidoskop. Umetnik &#8211; kolekcionar &#8211; kriti\u010dar Povodom novootvorene izlo\u017ebe Kaleidoskop. Umetnik \u2013 kolekcionar \u2013 kriti\u010dar u Galeriji Matice srpske ovog petka bi\u0107e prire\u0111eno autorsko vo\u0111enje. Autori \u0107e predstaviti osnovnu ideju izlo\u017ebe koja je podeljena na tri povezana segmenta, a koji ukazuju na kaleidoskop muzejske delatnosti. U okviru prvog segmenta \u2013 Kolekcionari bi\u0107e","og_url":"https:\/\/www.galerijamaticesrpske.rs\/lat\/events\/autorsko-vodenje-kroz-izlozbu-kaleidoskop\/","og_site_name":"Galerija Matice srpske","article_modified_time":"2021-09-07T11:46:46+00:00","og_image":[{"width":2560,"height":1708,"url":"https:\/\/www.galerijamaticesrpske.rs\/wp-content\/uploads\/2021\/09\/dsc_0195-scaled.jpg","type":"image\/jpeg"}],"twitter_card":"summary_large_image","twitter_misc":{"Est. reading time":"1 minute"},"schema":{"@context":"https:\/\/schema.org","@graph":[{"@type":"WebPage","@id":"https:\/\/www.galerijamaticesrpske.rs\/lat\/events\/autorsko-vodenje-kroz-izlozbu-kaleidoskop\/","url":"https:\/\/www.galerijamaticesrpske.rs\/lat\/events\/autorsko-vodenje-kroz-izlozbu-kaleidoskop\/","name":"Autorsko vo\u0111enje kroz izlo\u017ebu Kaleidoskop | Galerija Matice srpske","isPartOf":{"@id":"https:\/\/www.galerijamaticesrpske.rs\/#website"},"primaryImageOfPage":{"@id":"https:\/\/www.galerijamaticesrpske.rs\/lat\/events\/autorsko-vodenje-kroz-izlozbu-kaleidoskop\/#primaryimage"},"image":{"@id":"https:\/\/www.galerijamaticesrpske.rs\/lat\/events\/autorsko-vodenje-kroz-izlozbu-kaleidoskop\/#primaryimage"},"thumbnailUrl":"https:\/\/www.galerijamaticesrpske.rs\/wp-content\/uploads\/2021\/09\/dsc_0195-scaled.jpg","datePublished":"2021-09-07T11:46:44+00:00","dateModified":"2021-09-07T11:46:46+00:00","breadcrumb":{"@id":"https:\/\/www.galerijamaticesrpske.rs\/lat\/events\/autorsko-vodenje-kroz-izlozbu-kaleidoskop\/#breadcrumb"},"inLanguage":"sr-LAT","potentialAction":[{"@type":"ReadAction","target":["https:\/\/www.galerijamaticesrpske.rs\/lat\/events\/autorsko-vodenje-kroz-izlozbu-kaleidoskop\/"]}]},{"@type":"ImageObject","inLanguage":"sr-LAT","@id":"https:\/\/www.galerijamaticesrpske.rs\/lat\/events\/autorsko-vodenje-kroz-izlozbu-kaleidoskop\/#primaryimage","url":"https:\/\/www.galerijamaticesrpske.rs\/wp-content\/uploads\/2021\/09\/dsc_0195-scaled.jpg","contentUrl":"https:\/\/www.galerijamaticesrpske.rs\/wp-content\/uploads\/2021\/09\/dsc_0195-scaled.jpg","width":2560,"height":1708},{"@type":"BreadcrumbList","@id":"https:\/\/www.galerijamaticesrpske.rs\/lat\/events\/autorsko-vodenje-kroz-izlozbu-kaleidoskop\/#breadcrumb","itemListElement":[{"@type":"ListItem","position":1,"name":"\u041f\u043e\u0447\u0435\u0442\u043d\u0430","item":"http:\/\/www.galerijamaticesrpske.rs\/lat\/"},{"@type":"ListItem","position":2,"name":"Events","item":"http:\/\/www.galerijamaticesrpske.rs\/lat\/events\/"},{"@type":"ListItem","position":3,"name":"Autorsko vo\u0111enje kroz izlo\u017ebu Kaleidoskop"}]},{"@type":"WebSite","@id":"https:\/\/www.galerijamaticesrpske.rs\/#website","url":"https:\/\/www.galerijamaticesrpske.rs\/","name":"Galerija Matice srpske","description":"Muzej srpske nacionalne umetnosti u Novom Sadu","publisher":{"@id":"https:\/\/www.galerijamaticesrpske.rs\/#organization"},"potentialAction":[{"@type":"SearchAction","target":{"@type":"EntryPoint","urlTemplate":"https:\/\/www.galerijamaticesrpske.rs\/?s={search_term_string}"},"query-input":{"@type":"PropertyValueSpecification","valueRequired":true,"valueName":"search_term_string"}}],"inLanguage":"sr-LAT"},{"@type":"Organization","@id":"https:\/\/www.galerijamaticesrpske.rs\/#organization","name":"Galerija Matice srpske","url":"https:\/\/www.galerijamaticesrpske.rs\/","logo":{"@type":"ImageObject","inLanguage":"sr-LAT","@id":"https:\/\/www.galerijamaticesrpske.rs\/#\/schema\/logo\/image\/","url":"https:\/\/www.galerijamaticesrpske.rs\/wp-content\/uploads\/2021\/01\/gms-logo-za-sajt.svg","contentUrl":"https:\/\/www.galerijamaticesrpske.rs\/wp-content\/uploads\/2021\/01\/gms-logo-za-sajt.svg","width":1,"height":1,"caption":"Galerija Matice srpske"},"image":{"@id":"https:\/\/www.galerijamaticesrpske.rs\/#\/schema\/logo\/image\/"}}]}},"_links":{"self":[{"href":"https:\/\/www.galerijamaticesrpske.rs\/lat\/wp-json\/wp\/v2\/mec-events\/5366","targetHints":{"allow":["GET"]}}],"collection":[{"href":"https:\/\/www.galerijamaticesrpske.rs\/lat\/wp-json\/wp\/v2\/mec-events"}],"about":[{"href":"https:\/\/www.galerijamaticesrpske.rs\/lat\/wp-json\/wp\/v2\/types\/mec-events"}],"author":[{"embeddable":true,"href":"https:\/\/www.galerijamaticesrpske.rs\/lat\/wp-json\/wp\/v2\/users\/2"}],"replies":[{"embeddable":true,"href":"https:\/\/www.galerijamaticesrpske.rs\/lat\/wp-json\/wp\/v2\/comments?post=5366"}],"wp:featuredmedia":[{"embeddable":true,"href":"https:\/\/www.galerijamaticesrpske.rs\/lat\/wp-json\/wp\/v2\/media\/5365"}],"wp:attachment":[{"href":"https:\/\/www.galerijamaticesrpske.rs\/lat\/wp-json\/wp\/v2\/media?parent=5366"}],"wp:term":[{"taxonomy":"post_tag","embeddable":true,"href":"https:\/\/www.galerijamaticesrpske.rs\/lat\/wp-json\/wp\/v2\/tags?post=5366"},{"taxonomy":"mec_category","embeddable":true,"href":"https:\/\/www.galerijamaticesrpske.rs\/lat\/wp-json\/wp\/v2\/mec_category?post=5366"}],"curies":[{"name":"wp","href":"https:\/\/api.w.org\/{rel}","templated":true}]}}