{"id":6116,"date":"2021-12-15T13:28:56","date_gmt":"2021-12-15T13:28:56","guid":{"rendered":"https:\/\/www.galerijamaticesrpske.rs\/?post_type=mec-events&#038;p=6116"},"modified":"2021-12-15T13:28:58","modified_gmt":"2021-12-15T13:28:58","slug":"otvaranje-izlozbe-novosadani-biraju","status":"publish","type":"mec-events","link":"https:\/\/www.galerijamaticesrpske.rs\/lat\/events\/otvaranje-izlozbe-novosadani-biraju\/","title":{"rendered":"Otvaranje izlo\u017ebe NOVOSA\u0110ANI BIRAJU"},"content":{"rendered":"\n<p><strong>Izlo\u017eba <em>Novosa\u0111ani biraju<\/em><\/strong>, kojom Galerija Matice srpske zapo\u010dinje godinu Evropske prestonice kulture, sve\u010dano se otvara <strong>17. decembra<\/strong> <strong>simboli\u010dno u 20.22 sati u Stalnoj postavci GMS<\/strong>. Na otvaranju izlo\u017ebe pozdravnu re\u010d \u0107e uputiti <strong>dr Tijana Palkovljevi\u0107 Bugarski<\/strong>, upravnica Galerije Matice srpske i <strong>Vladimir Kopicl<\/strong>, knji\u017eevnik, dok \u0107e izlo\u017ebu <strong>sve\u010dano otvoriti u\u010desnici projekta<\/strong>.<\/p>\n\n\n\n<p>Polaze\u0107i od \u010dinjenice da grad oblikuju gra\u0111ani, njihovo poreklo, nasle\u0111e, navike i opredeljenja, a da muzej jeste mesto kolektivnog pam\u0107enja koji sakuplja i \u010duva razli\u010dite \u017eivotne pri\u010de pojedinaca, odlu\u010dili smo se da otvorimo svoju kolekciju i ponudimo je sugra\u0111anima da kroz umetni\u010dka dela u na\u0161em prostoru ispri\u010daju pri\u010du o sebi i svom gradu. Birali smo ih nehotice, razmi\u0161ljaju\u0107i o njima kao pojedincima razli\u010ditih profesija koji su na razli\u010dite na\u010dine vezani za Novi Sad, ali i na\u0161u ustanovu. Radi se o Novosa\u0111anima, akterima u razli\u010ditim oblastima kulture, obrazovanja, nauke i privrede, razli\u010ditih nacionalnosti i veroispovesti i kao takvi pokazuju raznolikost svojstvenu Novom Sadu. Pozvali smo ih da, \u0161etaju\u0107i kroz depoe, gledaju slike na panoima, skulpture na policama, crte\u017ee i grafike u muzejskim ormanima da osete brojnost i raznovrsnost nasle\u0111a koje \u010duvamo pod krovom Galerije Matice srpske i pru\u017eimo im priliku da tu prona\u0111u sebe. \u017deleli smo da prepletemo li\u010dno i op\u0161te, pojedinca i grad, umetni\u010dko delo i mogu\u0107u poruku koju ono nosi u savremenom trenutku, a kao rezultat tog dru\u017eenja nastala je izlo\u017eba&nbsp;<em>Novosa\u0111ani biraju<\/em>.<\/p>\n\n\n\n<p>Izlo\u017eba je pri\u010da Novosa\u0111ana o njihovom \u017eivotu, detinjstvu i \u017eeljama reflektovana kroz odabrana dela iz Galerijskog depoa. Realizacijom ove izlo\u017ebe i odabirom ovakvog modela predstavljanja kolekcije, \u017eeleli smo da poka\u017eemo da je muzej mesto za sve, a da prostor Galerije i njena kolekcija, vi\u0111eni o\u010dima gra\u0111ana, mogu biti jedna od mogu\u0107ih slika nacionalne likovne umetnosti novijeg doba.<\/p>\n\n\n\n<p>Na izlo\u017ebi je prikazano 41 umetni\u010dko delo iz kolekcije Galerije koje su birali: Miljana Pavlovi\u0107, Igor \u0106uji\u0107, Ranko Rajovi\u0107, Robert \u010coban, Dragana Zgonjanin Bosi\u0107, Agota Vitkai-Ku\u010dera, Slobodan Trkulja i Nikodima Trkulja, Andrej \u0160ibanov, Marija Stobord \u0160ibanova, Dejan \u0106ur\u010di\u0107, Jasmina Vuka\u0161inovi\u0107, Zaga KalMar, Danijela Ivanovi\u0107, Viktor Til, Milesa Milinkovi\u0107, Du\u0161ko Stojanovi\u0107, Maja Bo\u0161ki\u0107, Pavle Sekeru\u0161, Milorad Sto\u0161ljevi\u0107, Vera Kopicl, Andrija Nikitovi\u0107, Uro\u0161 Krstin, Mihail Duda\u0161, Vitomirka Trebovac, Aleksandar Dujin, Bo\u0161ko Lu\u010dar, Predrag Bogovac, Andrija Geri\u0107, Vladimir Kopicl, Zorica Peji\u0107, Tijana Prodanovi\u0107, Gvozden Perkovi\u0107, Marija Vasi\u0107, Aleksandar Frank, Oto Horvat, Emina Salai Elor, Savo Ili\u0107, Jasmina i Nemanja Kova\u010di\u0107, Bojana Karavidi\u0107, Vesna Latinovi\u0107 i Mom\u010dilo Popov.<\/p>\n\n\n\n<p>Izlo\u017ebu prati srpsko-engleski katalog sa tekstovima dr Tijane Palkovljevi\u0107 Bugarski, upravnice GMS, Vladimira Kopicla, knji\u017eevnika i Milice Milo\u0161evi\u0107, koordinatorke projekta, kao i sa izjavama svih u\u010desnika projekta.<\/p>\n\n\n\n<p>Projekat i izlo\u017ebu&nbsp;<em>Novosa\u0111ani biraju<\/em>&nbsp;omogu\u0107ilo je Ministarstvo kulture i informisanja Republike Srbije, Gradska uprava za kulturu i Fondacija \u201eNovi Sad \u2013 Evropska prestonica kulture\u201d.<\/p>\n","protected":false},"excerpt":{"rendered":"<p>Izlo\u017eba Novosa\u0111ani biraju, kojom Galerija Matice srpske zapo\u010dinje godinu Evropske prestonice kulture, sve\u010dano se otvara 17. decembra simboli\u010dno u 20.22 sati u Stalnoj postavci GMS. Na otvaranju izlo\u017ebe pozdravnu re\u010d \u0107e uputiti dr Tijana Palkovljevi\u0107 Bugarski, upravnica Galerije Matice srpske i Vladimir Kopicl, knji\u017eevnik, dok \u0107e izlo\u017ebu sve\u010dano otvoriti u\u010desnici projekta. Polaze\u0107i od \u010dinjenice da<\/p>\n","protected":false},"author":2,"featured_media":6075,"comment_status":"closed","ping_status":"closed","template":"","tags":[],"mec_category":[97],"class_list":["post-6116","mec-events","type-mec-events","status-publish","has-post-thumbnail","hentry","mec_category-izlozbe"],"acf":[],"yoast_head":"<!-- This site is optimized with the Yoast SEO plugin v27.3 - https:\/\/yoast.com\/product\/yoast-seo-wordpress\/ -->\n<title>Otvaranje izlo\u017ebe NOVOSA\u0110ANI BIRAJU | Galerija Matice srpske<\/title>\n<meta name=\"robots\" content=\"index, follow, max-snippet:-1, max-image-preview:large, max-video-preview:-1\" \/>\n<link rel=\"canonical\" href=\"https:\/\/www.galerijamaticesrpske.rs\/lat\/events\/otvaranje-izlozbe-novosadani-biraju\/\" \/>\n<meta property=\"og:locale\" content=\"en_US\" \/>\n<meta property=\"og:type\" content=\"article\" \/>\n<meta property=\"og:title\" content=\"Otvaranje izlo\u017ebe NOVOSA\u0110ANI BIRAJU | Galerija Matice srpske\" \/>\n<meta property=\"og:description\" content=\"Izlo\u017eba Novosa\u0111ani biraju, kojom Galerija Matice srpske zapo\u010dinje godinu Evropske prestonice kulture, sve\u010dano se otvara 17. decembra simboli\u010dno u 20.22 sati u Stalnoj postavci GMS. Na otvaranju izlo\u017ebe pozdravnu re\u010d \u0107e uputiti dr Tijana Palkovljevi\u0107 Bugarski, upravnica Galerije Matice srpske i Vladimir Kopicl, knji\u017eevnik, dok \u0107e izlo\u017ebu sve\u010dano otvoriti u\u010desnici projekta. Polaze\u0107i od \u010dinjenice da\" \/>\n<meta property=\"og:url\" content=\"https:\/\/www.galerijamaticesrpske.rs\/lat\/events\/otvaranje-izlozbe-novosadani-biraju\/\" \/>\n<meta property=\"og:site_name\" content=\"Galerija Matice srpske\" \/>\n<meta property=\"article:modified_time\" content=\"2021-12-15T13:28:58+00:00\" \/>\n<meta property=\"og:image\" content=\"https:\/\/www.galerijamaticesrpske.rs\/wp-content\/uploads\/2021\/12\/gms-novosadjani-biraju-web-kalendar-scaled.jpg\" \/>\n\t<meta property=\"og:image:width\" content=\"2560\" \/>\n\t<meta property=\"og:image:height\" content=\"1382\" \/>\n\t<meta property=\"og:image:type\" content=\"image\/jpeg\" \/>\n<meta name=\"twitter:card\" content=\"summary_large_image\" \/>\n<meta name=\"twitter:label1\" content=\"Est. reading time\" \/>\n\t<meta name=\"twitter:data1\" content=\"3 minutes\" \/>\n<script type=\"application\/ld+json\" class=\"yoast-schema-graph\">{\"@context\":\"https:\\\/\\\/schema.org\",\"@graph\":[{\"@type\":\"WebPage\",\"@id\":\"https:\\\/\\\/www.galerijamaticesrpske.rs\\\/lat\\\/events\\\/otvaranje-izlozbe-novosadani-biraju\\\/\",\"url\":\"https:\\\/\\\/www.galerijamaticesrpske.rs\\\/lat\\\/events\\\/otvaranje-izlozbe-novosadani-biraju\\\/\",\"name\":\"Otvaranje izlo\u017ebe NOVOSA\u0110ANI BIRAJU | Galerija Matice srpske\",\"isPartOf\":{\"@id\":\"https:\\\/\\\/www.galerijamaticesrpske.rs\\\/#website\"},\"primaryImageOfPage\":{\"@id\":\"https:\\\/\\\/www.galerijamaticesrpske.rs\\\/lat\\\/events\\\/otvaranje-izlozbe-novosadani-biraju\\\/#primaryimage\"},\"image\":{\"@id\":\"https:\\\/\\\/www.galerijamaticesrpske.rs\\\/lat\\\/events\\\/otvaranje-izlozbe-novosadani-biraju\\\/#primaryimage\"},\"thumbnailUrl\":\"https:\\\/\\\/www.galerijamaticesrpske.rs\\\/wp-content\\\/uploads\\\/2021\\\/12\\\/gms-novosadjani-biraju-web-kalendar-scaled.jpg\",\"datePublished\":\"2021-12-15T13:28:56+00:00\",\"dateModified\":\"2021-12-15T13:28:58+00:00\",\"breadcrumb\":{\"@id\":\"https:\\\/\\\/www.galerijamaticesrpske.rs\\\/lat\\\/events\\\/otvaranje-izlozbe-novosadani-biraju\\\/#breadcrumb\"},\"inLanguage\":\"sr-LAT\",\"potentialAction\":[{\"@type\":\"ReadAction\",\"target\":[\"https:\\\/\\\/www.galerijamaticesrpske.rs\\\/lat\\\/events\\\/otvaranje-izlozbe-novosadani-biraju\\\/\"]}]},{\"@type\":\"ImageObject\",\"inLanguage\":\"sr-LAT\",\"@id\":\"https:\\\/\\\/www.galerijamaticesrpske.rs\\\/lat\\\/events\\\/otvaranje-izlozbe-novosadani-biraju\\\/#primaryimage\",\"url\":\"https:\\\/\\\/www.galerijamaticesrpske.rs\\\/wp-content\\\/uploads\\\/2021\\\/12\\\/gms-novosadjani-biraju-web-kalendar-scaled.jpg\",\"contentUrl\":\"https:\\\/\\\/www.galerijamaticesrpske.rs\\\/wp-content\\\/uploads\\\/2021\\\/12\\\/gms-novosadjani-biraju-web-kalendar-scaled.jpg\",\"width\":2560,\"height\":1382},{\"@type\":\"BreadcrumbList\",\"@id\":\"https:\\\/\\\/www.galerijamaticesrpske.rs\\\/lat\\\/events\\\/otvaranje-izlozbe-novosadani-biraju\\\/#breadcrumb\",\"itemListElement\":[{\"@type\":\"ListItem\",\"position\":1,\"name\":\"\u041f\u043e\u0447\u0435\u0442\u043d\u0430\",\"item\":\"http:\\\/\\\/www.galerijamaticesrpske.rs\\\/lat\\\/\"},{\"@type\":\"ListItem\",\"position\":2,\"name\":\"Events\",\"item\":\"http:\\\/\\\/www.galerijamaticesrpske.rs\\\/lat\\\/events\\\/\"},{\"@type\":\"ListItem\",\"position\":3,\"name\":\"Otvaranje izlo\u017ebe NOVOSA\u0110ANI BIRAJU\"}]},{\"@type\":\"WebSite\",\"@id\":\"https:\\\/\\\/www.galerijamaticesrpske.rs\\\/#website\",\"url\":\"https:\\\/\\\/www.galerijamaticesrpske.rs\\\/\",\"name\":\"Galerija Matice srpske\",\"description\":\"Muzej srpske nacionalne umetnosti u Novom Sadu\",\"publisher\":{\"@id\":\"https:\\\/\\\/www.galerijamaticesrpske.rs\\\/#organization\"},\"potentialAction\":[{\"@type\":\"SearchAction\",\"target\":{\"@type\":\"EntryPoint\",\"urlTemplate\":\"https:\\\/\\\/www.galerijamaticesrpske.rs\\\/?s={search_term_string}\"},\"query-input\":{\"@type\":\"PropertyValueSpecification\",\"valueRequired\":true,\"valueName\":\"search_term_string\"}}],\"inLanguage\":\"sr-LAT\"},{\"@type\":\"Organization\",\"@id\":\"https:\\\/\\\/www.galerijamaticesrpske.rs\\\/#organization\",\"name\":\"Galerija Matice srpske\",\"url\":\"https:\\\/\\\/www.galerijamaticesrpske.rs\\\/\",\"logo\":{\"@type\":\"ImageObject\",\"inLanguage\":\"sr-LAT\",\"@id\":\"https:\\\/\\\/www.galerijamaticesrpske.rs\\\/#\\\/schema\\\/logo\\\/image\\\/\",\"url\":\"https:\\\/\\\/www.galerijamaticesrpske.rs\\\/wp-content\\\/uploads\\\/2021\\\/01\\\/gms-logo-za-sajt.svg\",\"contentUrl\":\"https:\\\/\\\/www.galerijamaticesrpske.rs\\\/wp-content\\\/uploads\\\/2021\\\/01\\\/gms-logo-za-sajt.svg\",\"width\":1,\"height\":1,\"caption\":\"Galerija Matice srpske\"},\"image\":{\"@id\":\"https:\\\/\\\/www.galerijamaticesrpske.rs\\\/#\\\/schema\\\/logo\\\/image\\\/\"}}]}<\/script>\n<!-- \/ Yoast SEO plugin. -->","yoast_head_json":{"title":"Otvaranje izlo\u017ebe NOVOSA\u0110ANI BIRAJU | Galerija Matice srpske","robots":{"index":"index","follow":"follow","max-snippet":"max-snippet:-1","max-image-preview":"max-image-preview:large","max-video-preview":"max-video-preview:-1"},"canonical":"https:\/\/www.galerijamaticesrpske.rs\/lat\/events\/otvaranje-izlozbe-novosadani-biraju\/","og_locale":"en_US","og_type":"article","og_title":"Otvaranje izlo\u017ebe NOVOSA\u0110ANI BIRAJU | Galerija Matice srpske","og_description":"Izlo\u017eba Novosa\u0111ani biraju, kojom Galerija Matice srpske zapo\u010dinje godinu Evropske prestonice kulture, sve\u010dano se otvara 17. decembra simboli\u010dno u 20.22 sati u Stalnoj postavci GMS. Na otvaranju izlo\u017ebe pozdravnu re\u010d \u0107e uputiti dr Tijana Palkovljevi\u0107 Bugarski, upravnica Galerije Matice srpske i Vladimir Kopicl, knji\u017eevnik, dok \u0107e izlo\u017ebu sve\u010dano otvoriti u\u010desnici projekta. Polaze\u0107i od \u010dinjenice da","og_url":"https:\/\/www.galerijamaticesrpske.rs\/lat\/events\/otvaranje-izlozbe-novosadani-biraju\/","og_site_name":"Galerija Matice srpske","article_modified_time":"2021-12-15T13:28:58+00:00","og_image":[{"width":2560,"height":1382,"url":"https:\/\/www.galerijamaticesrpske.rs\/wp-content\/uploads\/2021\/12\/gms-novosadjani-biraju-web-kalendar-scaled.jpg","type":"image\/jpeg"}],"twitter_card":"summary_large_image","twitter_misc":{"Est. reading time":"3 minutes"},"schema":{"@context":"https:\/\/schema.org","@graph":[{"@type":"WebPage","@id":"https:\/\/www.galerijamaticesrpske.rs\/lat\/events\/otvaranje-izlozbe-novosadani-biraju\/","url":"https:\/\/www.galerijamaticesrpske.rs\/lat\/events\/otvaranje-izlozbe-novosadani-biraju\/","name":"Otvaranje izlo\u017ebe NOVOSA\u0110ANI BIRAJU | Galerija Matice srpske","isPartOf":{"@id":"https:\/\/www.galerijamaticesrpske.rs\/#website"},"primaryImageOfPage":{"@id":"https:\/\/www.galerijamaticesrpske.rs\/lat\/events\/otvaranje-izlozbe-novosadani-biraju\/#primaryimage"},"image":{"@id":"https:\/\/www.galerijamaticesrpske.rs\/lat\/events\/otvaranje-izlozbe-novosadani-biraju\/#primaryimage"},"thumbnailUrl":"https:\/\/www.galerijamaticesrpske.rs\/wp-content\/uploads\/2021\/12\/gms-novosadjani-biraju-web-kalendar-scaled.jpg","datePublished":"2021-12-15T13:28:56+00:00","dateModified":"2021-12-15T13:28:58+00:00","breadcrumb":{"@id":"https:\/\/www.galerijamaticesrpske.rs\/lat\/events\/otvaranje-izlozbe-novosadani-biraju\/#breadcrumb"},"inLanguage":"sr-LAT","potentialAction":[{"@type":"ReadAction","target":["https:\/\/www.galerijamaticesrpske.rs\/lat\/events\/otvaranje-izlozbe-novosadani-biraju\/"]}]},{"@type":"ImageObject","inLanguage":"sr-LAT","@id":"https:\/\/www.galerijamaticesrpske.rs\/lat\/events\/otvaranje-izlozbe-novosadani-biraju\/#primaryimage","url":"https:\/\/www.galerijamaticesrpske.rs\/wp-content\/uploads\/2021\/12\/gms-novosadjani-biraju-web-kalendar-scaled.jpg","contentUrl":"https:\/\/www.galerijamaticesrpske.rs\/wp-content\/uploads\/2021\/12\/gms-novosadjani-biraju-web-kalendar-scaled.jpg","width":2560,"height":1382},{"@type":"BreadcrumbList","@id":"https:\/\/www.galerijamaticesrpske.rs\/lat\/events\/otvaranje-izlozbe-novosadani-biraju\/#breadcrumb","itemListElement":[{"@type":"ListItem","position":1,"name":"\u041f\u043e\u0447\u0435\u0442\u043d\u0430","item":"http:\/\/www.galerijamaticesrpske.rs\/lat\/"},{"@type":"ListItem","position":2,"name":"Events","item":"http:\/\/www.galerijamaticesrpske.rs\/lat\/events\/"},{"@type":"ListItem","position":3,"name":"Otvaranje izlo\u017ebe NOVOSA\u0110ANI BIRAJU"}]},{"@type":"WebSite","@id":"https:\/\/www.galerijamaticesrpske.rs\/#website","url":"https:\/\/www.galerijamaticesrpske.rs\/","name":"Galerija Matice srpske","description":"Muzej srpske nacionalne umetnosti u Novom Sadu","publisher":{"@id":"https:\/\/www.galerijamaticesrpske.rs\/#organization"},"potentialAction":[{"@type":"SearchAction","target":{"@type":"EntryPoint","urlTemplate":"https:\/\/www.galerijamaticesrpske.rs\/?s={search_term_string}"},"query-input":{"@type":"PropertyValueSpecification","valueRequired":true,"valueName":"search_term_string"}}],"inLanguage":"sr-LAT"},{"@type":"Organization","@id":"https:\/\/www.galerijamaticesrpske.rs\/#organization","name":"Galerija Matice srpske","url":"https:\/\/www.galerijamaticesrpske.rs\/","logo":{"@type":"ImageObject","inLanguage":"sr-LAT","@id":"https:\/\/www.galerijamaticesrpske.rs\/#\/schema\/logo\/image\/","url":"https:\/\/www.galerijamaticesrpske.rs\/wp-content\/uploads\/2021\/01\/gms-logo-za-sajt.svg","contentUrl":"https:\/\/www.galerijamaticesrpske.rs\/wp-content\/uploads\/2021\/01\/gms-logo-za-sajt.svg","width":1,"height":1,"caption":"Galerija Matice srpske"},"image":{"@id":"https:\/\/www.galerijamaticesrpske.rs\/#\/schema\/logo\/image\/"}}]}},"_links":{"self":[{"href":"https:\/\/www.galerijamaticesrpske.rs\/lat\/wp-json\/wp\/v2\/mec-events\/6116","targetHints":{"allow":["GET"]}}],"collection":[{"href":"https:\/\/www.galerijamaticesrpske.rs\/lat\/wp-json\/wp\/v2\/mec-events"}],"about":[{"href":"https:\/\/www.galerijamaticesrpske.rs\/lat\/wp-json\/wp\/v2\/types\/mec-events"}],"author":[{"embeddable":true,"href":"https:\/\/www.galerijamaticesrpske.rs\/lat\/wp-json\/wp\/v2\/users\/2"}],"replies":[{"embeddable":true,"href":"https:\/\/www.galerijamaticesrpske.rs\/lat\/wp-json\/wp\/v2\/comments?post=6116"}],"wp:featuredmedia":[{"embeddable":true,"href":"https:\/\/www.galerijamaticesrpske.rs\/lat\/wp-json\/wp\/v2\/media\/6075"}],"wp:attachment":[{"href":"https:\/\/www.galerijamaticesrpske.rs\/lat\/wp-json\/wp\/v2\/media?parent=6116"}],"wp:term":[{"taxonomy":"post_tag","embeddable":true,"href":"https:\/\/www.galerijamaticesrpske.rs\/lat\/wp-json\/wp\/v2\/tags?post=6116"},{"taxonomy":"mec_category","embeddable":true,"href":"https:\/\/www.galerijamaticesrpske.rs\/lat\/wp-json\/wp\/v2\/mec_category?post=6116"}],"curies":[{"name":"wp","href":"https:\/\/api.w.org\/{rel}","templated":true}]}}