{"id":6411,"date":"2022-02-10T19:59:00","date_gmt":"2022-02-10T19:59:00","guid":{"rendered":"https:\/\/www.galerijamaticesrpske.rs\/?post_type=mec-events&#038;p=6411"},"modified":"2022-05-04T13:12:03","modified_gmt":"2022-05-04T13:12:03","slug":"migracije-u-umetnosti-umetnost-migracija","status":"publish","type":"mec-events","link":"https:\/\/www.galerijamaticesrpske.rs\/lat\/events\/migracije-u-umetnosti-umetnost-migracija\/","title":{"rendered":"Migracije u umetnosti &#8211; umetnost migracija"},"content":{"rendered":"<p>Pred novosadskom javnosti prvi put su na jednom mestu prikazana dela vode\u0107ih imena nacionalne umetnosti Uro\u0161a Predi\u0107a i Paje Jovanovi\u0107a, velikana evropske umetnosti El Greka, Elizabet Vi\u017ee Lebren i Marka \u0160agala, kao i savremenih umetnika Mladena Miljanovi\u0107a, Vladana Jeremi\u0107a, Rene Redle, Safeta Zeca i Taus Maka\u010deve.<\/p>\n<p>Izlo\u017eba <em>Migracije u umetnosti<\/em><em> \u2013<\/em> <em>u<\/em><em>metnost migracija<\/em> istra\u017euje fenomen dru\u0161tvenih migracija preispituju\u0107i istorijski i savremeni kontekst, kao i razloge i efekte migracija na dru\u0161tva i pojedince. Ideja izlo\u017ebe je da, u vremenu aktuelne svetske migracione krize, poku\u0161a da posmatra, ispituje i razume ovaj fenomen koji poga\u0111a svako stanovni\u0161tvo i pokre\u0107e mnoga eti\u010dka i kulturolo\u0161ka pitanja. Rade\u0107i na razli\u010ditim nivoima \u2013 vremenskom, prostornom, eti\u010dkom i mnogim drugim, izlo\u017eba pru\u017ea mogu\u0107nost da kroz jezik umetnosti preispitate svoje stavove i stavove dru\u0161tva, pa \u010dak civilizacijske izazove u XXI veku. Cilj izlo\u017ebe nije da ponudi odre\u0111ene stavove povodom fenomena migracija, ve\u0107 da kroz selekciju reprezentativnih i zanimljivih primera umetni\u010dkog stvarala\u0161tva kreira prostor za dru\u0161tveni dijalog o fenomenu, suo\u010davaju\u0107i se sa pojmovima poput straha, (odsustva) empatije, (ne)razumevanja, kontradiktornosti i ljudskosti.<\/p>\n<p>Autorski tim izlo\u017ebe \u010dine: mr Danilo Vuksanovi\u0107, Jelena Ognjanovi\u0107 i Luka Kuli\u0107. Izlo\u017ebu prati istoimeni katalog, kao i publikacija <em>(Po)gledi ka migracijama. Eseji o fenomenu<\/em> autora dr Alekseja Ki\u0161juhasa, dr Branka Be\u0161lina, mr Danila Vuksanovi\u0107a, dr Sandra Debona, Jelene Ognjanovi\u0107, Luke Kuli\u0107a i dr Vladimira Gvozdena.<\/p>\n<p>Izlo\u017eba je nastala u saradnji sa Dr\u017eavnom galerijom \u201eTretjakov\u201d, Dr\u017eavnim muzejem lepih umetnosti \u201ePu\u0161kin\u201d, Narodnom galerijom Slovenije, Narodnim muzejem u Beogradu, Narodnim muzejem Pan\u010devo, kao i umetnicima Taus Maka\u010devom, Safetom Zecem, Mladenom Miljanovi\u0107em, Vladanom Jeremi\u0107em i Renom Redle.<\/p>\n<p>Realizovana je u okviru programskog luka <em>Seobe<\/em> Evropske prestonice kulture, a njeno odr\u017eavanje omogu\u0107ili su Ministarstvo kulture i informisanja Republike Srbije, Fondacija \u201eNovi Sad \u2013 Evropska prestonica kulture\u201d i Pokrajinski sekretarijat za kulturu, javno informisanje i odnose sa verskim zajednicama.<\/p>\n<p>Prijatelji izlo\u017ebe su: KARE Design, Jugoslovenska kinoteka, Narodna biblioteka Srbije, AVL Projekt, JMU Radio-televizija Vojvodine, Radio 021, Radio AS FM, Radion Beseda, Naxi Planeta radio, portal NOVA S, Gradske info i Color Press Group.<\/p>\n","protected":false},"excerpt":{"rendered":"<p>Pred novosadskom javnosti prvi put su na jednom mestu prikazana dela vode\u0107ih imena nacionalne umetnosti Uro\u0161a Predi\u0107a i Paje Jovanovi\u0107a, velikana evropske umetnosti El Greka, Elizabet Vi\u017ee Lebren i Marka \u0160agala, kao i savremenih umetnika Mladena Miljanovi\u0107a, Vladana Jeremi\u0107a, Rene Redle, Safeta Zeca i Taus Maka\u010deve. Izlo\u017eba Migracije u umetnosti \u2013 umetnost migracija istra\u017euje fenomen<\/p>\n","protected":false},"author":2,"featured_media":6408,"comment_status":"closed","ping_status":"closed","template":"","tags":[],"mec_category":[97],"class_list":["post-6411","mec-events","type-mec-events","status-publish","has-post-thumbnail","hentry","mec_category-izlozbe"],"acf":[],"yoast_head":"<!-- This site is optimized with the Yoast SEO plugin v27.3 - https:\/\/yoast.com\/product\/yoast-seo-wordpress\/ -->\n<title>Migracije u umetnosti - umetnost migracija | Galerija Matice srpske<\/title>\n<meta name=\"robots\" content=\"index, follow, max-snippet:-1, max-image-preview:large, max-video-preview:-1\" \/>\n<link rel=\"canonical\" href=\"https:\/\/www.galerijamaticesrpske.rs\/lat\/events\/migracije-u-umetnosti-umetnost-migracija\/\" \/>\n<meta property=\"og:locale\" content=\"en_US\" \/>\n<meta property=\"og:type\" content=\"article\" \/>\n<meta property=\"og:title\" content=\"Migracije u umetnosti - umetnost migracija | Galerija Matice srpske\" \/>\n<meta property=\"og:description\" content=\"Pred novosadskom javnosti prvi put su na jednom mestu prikazana dela vode\u0107ih imena nacionalne umetnosti Uro\u0161a Predi\u0107a i Paje Jovanovi\u0107a, velikana evropske umetnosti El Greka, Elizabet Vi\u017ee Lebren i Marka \u0160agala, kao i savremenih umetnika Mladena Miljanovi\u0107a, Vladana Jeremi\u0107a, Rene Redle, Safeta Zeca i Taus Maka\u010deve. Izlo\u017eba Migracije u umetnosti \u2013 umetnost migracija istra\u017euje fenomen\" \/>\n<meta property=\"og:url\" content=\"https:\/\/www.galerijamaticesrpske.rs\/lat\/events\/migracije-u-umetnosti-umetnost-migracija\/\" \/>\n<meta property=\"og:site_name\" content=\"Galerija Matice srpske\" \/>\n<meta property=\"article:modified_time\" content=\"2022-05-04T13:12:03+00:00\" \/>\n<meta property=\"og:image\" content=\"https:\/\/www.galerijamaticesrpske.rs\/wp-content\/uploads\/2022\/02\/9.-fb_event_1920x1080-scaled.jpg\" \/>\n\t<meta property=\"og:image:width\" content=\"2560\" \/>\n\t<meta property=\"og:image:height\" content=\"1440\" \/>\n\t<meta property=\"og:image:type\" content=\"image\/jpeg\" \/>\n<meta name=\"twitter:card\" content=\"summary_large_image\" \/>\n<meta name=\"twitter:label1\" content=\"Est. reading time\" \/>\n\t<meta name=\"twitter:data1\" content=\"2 minutes\" \/>\n<script type=\"application\/ld+json\" class=\"yoast-schema-graph\">{\"@context\":\"https:\\\/\\\/schema.org\",\"@graph\":[{\"@type\":\"WebPage\",\"@id\":\"https:\\\/\\\/www.galerijamaticesrpske.rs\\\/lat\\\/events\\\/migracije-u-umetnosti-umetnost-migracija\\\/\",\"url\":\"https:\\\/\\\/www.galerijamaticesrpske.rs\\\/lat\\\/events\\\/migracije-u-umetnosti-umetnost-migracija\\\/\",\"name\":\"Migracije u umetnosti - umetnost migracija | Galerija Matice srpske\",\"isPartOf\":{\"@id\":\"https:\\\/\\\/www.galerijamaticesrpske.rs\\\/#website\"},\"primaryImageOfPage\":{\"@id\":\"https:\\\/\\\/www.galerijamaticesrpske.rs\\\/lat\\\/events\\\/migracije-u-umetnosti-umetnost-migracija\\\/#primaryimage\"},\"image\":{\"@id\":\"https:\\\/\\\/www.galerijamaticesrpske.rs\\\/lat\\\/events\\\/migracije-u-umetnosti-umetnost-migracija\\\/#primaryimage\"},\"thumbnailUrl\":\"https:\\\/\\\/www.galerijamaticesrpske.rs\\\/wp-content\\\/uploads\\\/2022\\\/02\\\/9.-fb_event_1920x1080-scaled.jpg\",\"datePublished\":\"2022-02-10T19:59:00+00:00\",\"dateModified\":\"2022-05-04T13:12:03+00:00\",\"breadcrumb\":{\"@id\":\"https:\\\/\\\/www.galerijamaticesrpske.rs\\\/lat\\\/events\\\/migracije-u-umetnosti-umetnost-migracija\\\/#breadcrumb\"},\"inLanguage\":\"sr-LAT\",\"potentialAction\":[{\"@type\":\"ReadAction\",\"target\":[\"https:\\\/\\\/www.galerijamaticesrpske.rs\\\/lat\\\/events\\\/migracije-u-umetnosti-umetnost-migracija\\\/\"]}]},{\"@type\":\"ImageObject\",\"inLanguage\":\"sr-LAT\",\"@id\":\"https:\\\/\\\/www.galerijamaticesrpske.rs\\\/lat\\\/events\\\/migracije-u-umetnosti-umetnost-migracija\\\/#primaryimage\",\"url\":\"https:\\\/\\\/www.galerijamaticesrpske.rs\\\/wp-content\\\/uploads\\\/2022\\\/02\\\/9.-fb_event_1920x1080-scaled.jpg\",\"contentUrl\":\"https:\\\/\\\/www.galerijamaticesrpske.rs\\\/wp-content\\\/uploads\\\/2022\\\/02\\\/9.-fb_event_1920x1080-scaled.jpg\",\"width\":2560,\"height\":1440},{\"@type\":\"BreadcrumbList\",\"@id\":\"https:\\\/\\\/www.galerijamaticesrpske.rs\\\/lat\\\/events\\\/migracije-u-umetnosti-umetnost-migracija\\\/#breadcrumb\",\"itemListElement\":[{\"@type\":\"ListItem\",\"position\":1,\"name\":\"\u041f\u043e\u0447\u0435\u0442\u043d\u0430\",\"item\":\"http:\\\/\\\/www.galerijamaticesrpske.rs\\\/lat\\\/\"},{\"@type\":\"ListItem\",\"position\":2,\"name\":\"Events\",\"item\":\"http:\\\/\\\/www.galerijamaticesrpske.rs\\\/lat\\\/events\\\/\"},{\"@type\":\"ListItem\",\"position\":3,\"name\":\"Migracije u umetnosti &#8211; umetnost migracija\"}]},{\"@type\":\"WebSite\",\"@id\":\"https:\\\/\\\/www.galerijamaticesrpske.rs\\\/#website\",\"url\":\"https:\\\/\\\/www.galerijamaticesrpske.rs\\\/\",\"name\":\"Galerija Matice srpske\",\"description\":\"Muzej srpske nacionalne umetnosti u Novom Sadu\",\"publisher\":{\"@id\":\"https:\\\/\\\/www.galerijamaticesrpske.rs\\\/#organization\"},\"potentialAction\":[{\"@type\":\"SearchAction\",\"target\":{\"@type\":\"EntryPoint\",\"urlTemplate\":\"https:\\\/\\\/www.galerijamaticesrpske.rs\\\/?s={search_term_string}\"},\"query-input\":{\"@type\":\"PropertyValueSpecification\",\"valueRequired\":true,\"valueName\":\"search_term_string\"}}],\"inLanguage\":\"sr-LAT\"},{\"@type\":\"Organization\",\"@id\":\"https:\\\/\\\/www.galerijamaticesrpske.rs\\\/#organization\",\"name\":\"Galerija Matice srpske\",\"url\":\"https:\\\/\\\/www.galerijamaticesrpske.rs\\\/\",\"logo\":{\"@type\":\"ImageObject\",\"inLanguage\":\"sr-LAT\",\"@id\":\"https:\\\/\\\/www.galerijamaticesrpske.rs\\\/#\\\/schema\\\/logo\\\/image\\\/\",\"url\":\"https:\\\/\\\/www.galerijamaticesrpske.rs\\\/wp-content\\\/uploads\\\/2021\\\/01\\\/gms-logo-za-sajt.svg\",\"contentUrl\":\"https:\\\/\\\/www.galerijamaticesrpske.rs\\\/wp-content\\\/uploads\\\/2021\\\/01\\\/gms-logo-za-sajt.svg\",\"width\":1,\"height\":1,\"caption\":\"Galerija Matice srpske\"},\"image\":{\"@id\":\"https:\\\/\\\/www.galerijamaticesrpske.rs\\\/#\\\/schema\\\/logo\\\/image\\\/\"}}]}<\/script>\n<!-- \/ Yoast SEO plugin. -->","yoast_head_json":{"title":"Migracije u umetnosti - umetnost migracija | Galerija Matice srpske","robots":{"index":"index","follow":"follow","max-snippet":"max-snippet:-1","max-image-preview":"max-image-preview:large","max-video-preview":"max-video-preview:-1"},"canonical":"https:\/\/www.galerijamaticesrpske.rs\/lat\/events\/migracije-u-umetnosti-umetnost-migracija\/","og_locale":"en_US","og_type":"article","og_title":"Migracije u umetnosti - umetnost migracija | Galerija Matice srpske","og_description":"Pred novosadskom javnosti prvi put su na jednom mestu prikazana dela vode\u0107ih imena nacionalne umetnosti Uro\u0161a Predi\u0107a i Paje Jovanovi\u0107a, velikana evropske umetnosti El Greka, Elizabet Vi\u017ee Lebren i Marka \u0160agala, kao i savremenih umetnika Mladena Miljanovi\u0107a, Vladana Jeremi\u0107a, Rene Redle, Safeta Zeca i Taus Maka\u010deve. Izlo\u017eba Migracije u umetnosti \u2013 umetnost migracija istra\u017euje fenomen","og_url":"https:\/\/www.galerijamaticesrpske.rs\/lat\/events\/migracije-u-umetnosti-umetnost-migracija\/","og_site_name":"Galerija Matice srpske","article_modified_time":"2022-05-04T13:12:03+00:00","og_image":[{"width":2560,"height":1440,"url":"https:\/\/www.galerijamaticesrpske.rs\/wp-content\/uploads\/2022\/02\/9.-fb_event_1920x1080-scaled.jpg","type":"image\/jpeg"}],"twitter_card":"summary_large_image","twitter_misc":{"Est. reading time":"2 minutes"},"schema":{"@context":"https:\/\/schema.org","@graph":[{"@type":"WebPage","@id":"https:\/\/www.galerijamaticesrpske.rs\/lat\/events\/migracije-u-umetnosti-umetnost-migracija\/","url":"https:\/\/www.galerijamaticesrpske.rs\/lat\/events\/migracije-u-umetnosti-umetnost-migracija\/","name":"Migracije u umetnosti - umetnost migracija | Galerija Matice srpske","isPartOf":{"@id":"https:\/\/www.galerijamaticesrpske.rs\/#website"},"primaryImageOfPage":{"@id":"https:\/\/www.galerijamaticesrpske.rs\/lat\/events\/migracije-u-umetnosti-umetnost-migracija\/#primaryimage"},"image":{"@id":"https:\/\/www.galerijamaticesrpske.rs\/lat\/events\/migracije-u-umetnosti-umetnost-migracija\/#primaryimage"},"thumbnailUrl":"https:\/\/www.galerijamaticesrpske.rs\/wp-content\/uploads\/2022\/02\/9.-fb_event_1920x1080-scaled.jpg","datePublished":"2022-02-10T19:59:00+00:00","dateModified":"2022-05-04T13:12:03+00:00","breadcrumb":{"@id":"https:\/\/www.galerijamaticesrpske.rs\/lat\/events\/migracije-u-umetnosti-umetnost-migracija\/#breadcrumb"},"inLanguage":"sr-LAT","potentialAction":[{"@type":"ReadAction","target":["https:\/\/www.galerijamaticesrpske.rs\/lat\/events\/migracije-u-umetnosti-umetnost-migracija\/"]}]},{"@type":"ImageObject","inLanguage":"sr-LAT","@id":"https:\/\/www.galerijamaticesrpske.rs\/lat\/events\/migracije-u-umetnosti-umetnost-migracija\/#primaryimage","url":"https:\/\/www.galerijamaticesrpske.rs\/wp-content\/uploads\/2022\/02\/9.-fb_event_1920x1080-scaled.jpg","contentUrl":"https:\/\/www.galerijamaticesrpske.rs\/wp-content\/uploads\/2022\/02\/9.-fb_event_1920x1080-scaled.jpg","width":2560,"height":1440},{"@type":"BreadcrumbList","@id":"https:\/\/www.galerijamaticesrpske.rs\/lat\/events\/migracije-u-umetnosti-umetnost-migracija\/#breadcrumb","itemListElement":[{"@type":"ListItem","position":1,"name":"\u041f\u043e\u0447\u0435\u0442\u043d\u0430","item":"http:\/\/www.galerijamaticesrpske.rs\/lat\/"},{"@type":"ListItem","position":2,"name":"Events","item":"http:\/\/www.galerijamaticesrpske.rs\/lat\/events\/"},{"@type":"ListItem","position":3,"name":"Migracije u umetnosti &#8211; umetnost migracija"}]},{"@type":"WebSite","@id":"https:\/\/www.galerijamaticesrpske.rs\/#website","url":"https:\/\/www.galerijamaticesrpske.rs\/","name":"Galerija Matice srpske","description":"Muzej srpske nacionalne umetnosti u Novom Sadu","publisher":{"@id":"https:\/\/www.galerijamaticesrpske.rs\/#organization"},"potentialAction":[{"@type":"SearchAction","target":{"@type":"EntryPoint","urlTemplate":"https:\/\/www.galerijamaticesrpske.rs\/?s={search_term_string}"},"query-input":{"@type":"PropertyValueSpecification","valueRequired":true,"valueName":"search_term_string"}}],"inLanguage":"sr-LAT"},{"@type":"Organization","@id":"https:\/\/www.galerijamaticesrpske.rs\/#organization","name":"Galerija Matice srpske","url":"https:\/\/www.galerijamaticesrpske.rs\/","logo":{"@type":"ImageObject","inLanguage":"sr-LAT","@id":"https:\/\/www.galerijamaticesrpske.rs\/#\/schema\/logo\/image\/","url":"https:\/\/www.galerijamaticesrpske.rs\/wp-content\/uploads\/2021\/01\/gms-logo-za-sajt.svg","contentUrl":"https:\/\/www.galerijamaticesrpske.rs\/wp-content\/uploads\/2021\/01\/gms-logo-za-sajt.svg","width":1,"height":1,"caption":"Galerija Matice srpske"},"image":{"@id":"https:\/\/www.galerijamaticesrpske.rs\/#\/schema\/logo\/image\/"}}]}},"_links":{"self":[{"href":"https:\/\/www.galerijamaticesrpske.rs\/lat\/wp-json\/wp\/v2\/mec-events\/6411","targetHints":{"allow":["GET"]}}],"collection":[{"href":"https:\/\/www.galerijamaticesrpske.rs\/lat\/wp-json\/wp\/v2\/mec-events"}],"about":[{"href":"https:\/\/www.galerijamaticesrpske.rs\/lat\/wp-json\/wp\/v2\/types\/mec-events"}],"author":[{"embeddable":true,"href":"https:\/\/www.galerijamaticesrpske.rs\/lat\/wp-json\/wp\/v2\/users\/2"}],"replies":[{"embeddable":true,"href":"https:\/\/www.galerijamaticesrpske.rs\/lat\/wp-json\/wp\/v2\/comments?post=6411"}],"wp:featuredmedia":[{"embeddable":true,"href":"https:\/\/www.galerijamaticesrpske.rs\/lat\/wp-json\/wp\/v2\/media\/6408"}],"wp:attachment":[{"href":"https:\/\/www.galerijamaticesrpske.rs\/lat\/wp-json\/wp\/v2\/media?parent=6411"}],"wp:term":[{"taxonomy":"post_tag","embeddable":true,"href":"https:\/\/www.galerijamaticesrpske.rs\/lat\/wp-json\/wp\/v2\/tags?post=6411"},{"taxonomy":"mec_category","embeddable":true,"href":"https:\/\/www.galerijamaticesrpske.rs\/lat\/wp-json\/wp\/v2\/mec_category?post=6411"}],"curies":[{"name":"wp","href":"https:\/\/api.w.org\/{rel}","templated":true}]}}