{"id":8528,"date":"2022-04-18T08:48:17","date_gmt":"2022-04-18T08:48:17","guid":{"rendered":"https:\/\/www.galerijamaticesrpske.rs\/?post_type=mec-events&#038;p=8528"},"modified":"2022-05-04T12:56:15","modified_gmt":"2022-05-04T12:56:15","slug":"projekcija-filma-covek-koji-je-prodao-svoju-kozu-2","status":"publish","type":"mec-events","link":"https:\/\/www.galerijamaticesrpske.rs\/lat\/events\/projekcija-filma-covek-koji-je-prodao-svoju-kozu-2\/","title":{"rendered":"Projekcija filma \u201e\u010covek koji je prodao svoju ko\u017eu\u201d"},"content":{"rendered":"<p>Prate\u0107i program izlo\u017ebe\u00a0<a href=\"https:\/\/www.galerijamaticesrpske.rs\/lat\/events\/migracije-u-umetnosti-umetnost-migracija\/\"><em>Migracije u umetnosti \u2013 umetnost migracija<\/em><\/a><\/p>\n<p>U filmu u kome jednu od glavnih uloga igra Monika Belu\u010di, pri\u010da prati mladog, emotivnog i povremeno impulsivnog Sirijca, Sama, koji je napustio svoju zemlju i oti\u0161ao u Liban be\u017ee\u0107i od rata. Da bi mogao da otputuje u Evropu i zapo\u010dne \u017eivot sa devojkom koju neizmerno voli, prihvata da bude model mladom i blaziranom savremenom umetniku kome dozvoljava da mu istetovira cela le\u0111a. Pretvoriv\u0161i svoje telo u presti\u017eni umetni\u010dki komad, Sam \u0107e shvatiti da ga je njegova odluka odvela do svega osim slobode. Kako ka\u017ee mlada rediteljka, Tuni\u017eanka Ben Hania, ovaj film je susret dva sveta koji se pro\u017eimaju, a upravljani su potpuno razli\u010ditim kodovima. Sa jedne strane imamo svet elite u kom je sloboda klju\u010dni pojam, a na drugoj strani svet pre\u017eivljavanja koji zavisi od trenutnih doga\u0111aja i bez mnogo slobode izbora.<\/p>\n<p>Re\u017eija:\u00a0<strong>Kauter Ben Hania<\/strong>; \u017eanr: drama; trajanje: 104 minuta; proizvodnja: Tunis, Francuska, Belgija, Nema\u010dka, \u0160vedska, Turska<\/p>\n","protected":false},"excerpt":{"rendered":"<p>Prate\u0107i program izlo\u017ebe\u00a0Migracije u umetnosti \u2013 umetnost migracija U filmu u kome jednu od glavnih uloga igra Monika Belu\u010di, pri\u010da prati mladog, emotivnog i povremeno impulsivnog Sirijca, Sama, koji je napustio svoju zemlju i oti\u0161ao u Liban be\u017ee\u0107i od rata. Da bi mogao da otputuje u Evropu i zapo\u010dne \u017eivot sa devojkom koju neizmerno voli,<\/p>\n","protected":false},"author":2,"featured_media":8529,"comment_status":"closed","ping_status":"closed","template":"","tags":[],"mec_category":[108],"class_list":["post-8528","mec-events","type-mec-events","status-publish","has-post-thumbnail","hentry","mec_category-projekcije-filmova"],"acf":[],"yoast_head":"<!-- This site is optimized with the Yoast SEO plugin v27.3 - https:\/\/yoast.com\/product\/yoast-seo-wordpress\/ -->\n<title>Projekcija filma \u201e\u010covek koji je prodao svoju ko\u017eu\u201d | Galerija Matice srpske<\/title>\n<meta name=\"robots\" content=\"index, follow, max-snippet:-1, max-image-preview:large, max-video-preview:-1\" \/>\n<link rel=\"canonical\" href=\"https:\/\/www.galerijamaticesrpske.rs\/lat\/events\/projekcija-filma-covek-koji-je-prodao-svoju-kozu-2\/\" \/>\n<meta property=\"og:locale\" content=\"en_US\" \/>\n<meta property=\"og:type\" content=\"article\" \/>\n<meta property=\"og:title\" content=\"Projekcija filma \u201e\u010covek koji je prodao svoju ko\u017eu\u201d | Galerija Matice srpske\" \/>\n<meta property=\"og:description\" content=\"Prate\u0107i program izlo\u017ebe\u00a0Migracije u umetnosti \u2013 umetnost migracija U filmu u kome jednu od glavnih uloga igra Monika Belu\u010di, pri\u010da prati mladog, emotivnog i povremeno impulsivnog Sirijca, Sama, koji je napustio svoju zemlju i oti\u0161ao u Liban be\u017ee\u0107i od rata. Da bi mogao da otputuje u Evropu i zapo\u010dne \u017eivot sa devojkom koju neizmerno voli,\" \/>\n<meta property=\"og:url\" content=\"https:\/\/www.galerijamaticesrpske.rs\/lat\/events\/projekcija-filma-covek-koji-je-prodao-svoju-kozu-2\/\" \/>\n<meta property=\"og:site_name\" content=\"Galerija Matice srpske\" \/>\n<meta property=\"article:modified_time\" content=\"2022-05-04T12:56:15+00:00\" \/>\n<meta property=\"og:image\" content=\"https:\/\/www.galerijamaticesrpske.rs\/wp-content\/uploads\/2022\/04\/covek-koji-je-prodao-svoju-kozu.jpg\" \/>\n\t<meta property=\"og:image:width\" content=\"960\" \/>\n\t<meta property=\"og:image:height\" content=\"540\" \/>\n\t<meta property=\"og:image:type\" content=\"image\/jpeg\" \/>\n<meta name=\"twitter:card\" content=\"summary_large_image\" \/>\n<meta name=\"twitter:label1\" content=\"Est. reading time\" \/>\n\t<meta name=\"twitter:data1\" content=\"1 minute\" \/>\n<script type=\"application\/ld+json\" class=\"yoast-schema-graph\">{\"@context\":\"https:\\\/\\\/schema.org\",\"@graph\":[{\"@type\":\"WebPage\",\"@id\":\"https:\\\/\\\/www.galerijamaticesrpske.rs\\\/lat\\\/events\\\/projekcija-filma-covek-koji-je-prodao-svoju-kozu-2\\\/\",\"url\":\"https:\\\/\\\/www.galerijamaticesrpske.rs\\\/lat\\\/events\\\/projekcija-filma-covek-koji-je-prodao-svoju-kozu-2\\\/\",\"name\":\"Projekcija filma \u201e\u010covek koji je prodao svoju ko\u017eu\u201d | Galerija Matice srpske\",\"isPartOf\":{\"@id\":\"https:\\\/\\\/www.galerijamaticesrpske.rs\\\/#website\"},\"primaryImageOfPage\":{\"@id\":\"https:\\\/\\\/www.galerijamaticesrpske.rs\\\/lat\\\/events\\\/projekcija-filma-covek-koji-je-prodao-svoju-kozu-2\\\/#primaryimage\"},\"image\":{\"@id\":\"https:\\\/\\\/www.galerijamaticesrpske.rs\\\/lat\\\/events\\\/projekcija-filma-covek-koji-je-prodao-svoju-kozu-2\\\/#primaryimage\"},\"thumbnailUrl\":\"https:\\\/\\\/www.galerijamaticesrpske.rs\\\/wp-content\\\/uploads\\\/2022\\\/04\\\/covek-koji-je-prodao-svoju-kozu.jpg\",\"datePublished\":\"2022-04-18T08:48:17+00:00\",\"dateModified\":\"2022-05-04T12:56:15+00:00\",\"breadcrumb\":{\"@id\":\"https:\\\/\\\/www.galerijamaticesrpske.rs\\\/lat\\\/events\\\/projekcija-filma-covek-koji-je-prodao-svoju-kozu-2\\\/#breadcrumb\"},\"inLanguage\":\"sr-LAT\",\"potentialAction\":[{\"@type\":\"ReadAction\",\"target\":[\"https:\\\/\\\/www.galerijamaticesrpske.rs\\\/lat\\\/events\\\/projekcija-filma-covek-koji-je-prodao-svoju-kozu-2\\\/\"]}]},{\"@type\":\"ImageObject\",\"inLanguage\":\"sr-LAT\",\"@id\":\"https:\\\/\\\/www.galerijamaticesrpske.rs\\\/lat\\\/events\\\/projekcija-filma-covek-koji-je-prodao-svoju-kozu-2\\\/#primaryimage\",\"url\":\"https:\\\/\\\/www.galerijamaticesrpske.rs\\\/wp-content\\\/uploads\\\/2022\\\/04\\\/covek-koji-je-prodao-svoju-kozu.jpg\",\"contentUrl\":\"https:\\\/\\\/www.galerijamaticesrpske.rs\\\/wp-content\\\/uploads\\\/2022\\\/04\\\/covek-koji-je-prodao-svoju-kozu.jpg\",\"width\":960,\"height\":540},{\"@type\":\"BreadcrumbList\",\"@id\":\"https:\\\/\\\/www.galerijamaticesrpske.rs\\\/lat\\\/events\\\/projekcija-filma-covek-koji-je-prodao-svoju-kozu-2\\\/#breadcrumb\",\"itemListElement\":[{\"@type\":\"ListItem\",\"position\":1,\"name\":\"\u041f\u043e\u0447\u0435\u0442\u043d\u0430\",\"item\":\"http:\\\/\\\/www.galerijamaticesrpske.rs\\\/lat\\\/\"},{\"@type\":\"ListItem\",\"position\":2,\"name\":\"Events\",\"item\":\"http:\\\/\\\/www.galerijamaticesrpske.rs\\\/lat\\\/events\\\/\"},{\"@type\":\"ListItem\",\"position\":3,\"name\":\"Projekcija filma \u201e\u010covek koji je prodao svoju ko\u017eu\u201d\"}]},{\"@type\":\"WebSite\",\"@id\":\"https:\\\/\\\/www.galerijamaticesrpske.rs\\\/#website\",\"url\":\"https:\\\/\\\/www.galerijamaticesrpske.rs\\\/\",\"name\":\"Galerija Matice srpske\",\"description\":\"Muzej srpske nacionalne umetnosti u Novom Sadu\",\"publisher\":{\"@id\":\"https:\\\/\\\/www.galerijamaticesrpske.rs\\\/#organization\"},\"potentialAction\":[{\"@type\":\"SearchAction\",\"target\":{\"@type\":\"EntryPoint\",\"urlTemplate\":\"https:\\\/\\\/www.galerijamaticesrpske.rs\\\/?s={search_term_string}\"},\"query-input\":{\"@type\":\"PropertyValueSpecification\",\"valueRequired\":true,\"valueName\":\"search_term_string\"}}],\"inLanguage\":\"sr-LAT\"},{\"@type\":\"Organization\",\"@id\":\"https:\\\/\\\/www.galerijamaticesrpske.rs\\\/#organization\",\"name\":\"Galerija Matice srpske\",\"url\":\"https:\\\/\\\/www.galerijamaticesrpske.rs\\\/\",\"logo\":{\"@type\":\"ImageObject\",\"inLanguage\":\"sr-LAT\",\"@id\":\"https:\\\/\\\/www.galerijamaticesrpske.rs\\\/#\\\/schema\\\/logo\\\/image\\\/\",\"url\":\"https:\\\/\\\/www.galerijamaticesrpske.rs\\\/wp-content\\\/uploads\\\/2021\\\/01\\\/gms-logo-za-sajt.svg\",\"contentUrl\":\"https:\\\/\\\/www.galerijamaticesrpske.rs\\\/wp-content\\\/uploads\\\/2021\\\/01\\\/gms-logo-za-sajt.svg\",\"width\":1,\"height\":1,\"caption\":\"Galerija Matice srpske\"},\"image\":{\"@id\":\"https:\\\/\\\/www.galerijamaticesrpske.rs\\\/#\\\/schema\\\/logo\\\/image\\\/\"}}]}<\/script>\n<!-- \/ Yoast SEO plugin. -->","yoast_head_json":{"title":"Projekcija filma \u201e\u010covek koji je prodao svoju ko\u017eu\u201d | Galerija Matice srpske","robots":{"index":"index","follow":"follow","max-snippet":"max-snippet:-1","max-image-preview":"max-image-preview:large","max-video-preview":"max-video-preview:-1"},"canonical":"https:\/\/www.galerijamaticesrpske.rs\/lat\/events\/projekcija-filma-covek-koji-je-prodao-svoju-kozu-2\/","og_locale":"en_US","og_type":"article","og_title":"Projekcija filma \u201e\u010covek koji je prodao svoju ko\u017eu\u201d | Galerija Matice srpske","og_description":"Prate\u0107i program izlo\u017ebe\u00a0Migracije u umetnosti \u2013 umetnost migracija U filmu u kome jednu od glavnih uloga igra Monika Belu\u010di, pri\u010da prati mladog, emotivnog i povremeno impulsivnog Sirijca, Sama, koji je napustio svoju zemlju i oti\u0161ao u Liban be\u017ee\u0107i od rata. Da bi mogao da otputuje u Evropu i zapo\u010dne \u017eivot sa devojkom koju neizmerno voli,","og_url":"https:\/\/www.galerijamaticesrpske.rs\/lat\/events\/projekcija-filma-covek-koji-je-prodao-svoju-kozu-2\/","og_site_name":"Galerija Matice srpske","article_modified_time":"2022-05-04T12:56:15+00:00","og_image":[{"width":960,"height":540,"url":"https:\/\/www.galerijamaticesrpske.rs\/wp-content\/uploads\/2022\/04\/covek-koji-je-prodao-svoju-kozu.jpg","type":"image\/jpeg"}],"twitter_card":"summary_large_image","twitter_misc":{"Est. reading time":"1 minute"},"schema":{"@context":"https:\/\/schema.org","@graph":[{"@type":"WebPage","@id":"https:\/\/www.galerijamaticesrpske.rs\/lat\/events\/projekcija-filma-covek-koji-je-prodao-svoju-kozu-2\/","url":"https:\/\/www.galerijamaticesrpske.rs\/lat\/events\/projekcija-filma-covek-koji-je-prodao-svoju-kozu-2\/","name":"Projekcija filma \u201e\u010covek koji je prodao svoju ko\u017eu\u201d | Galerija Matice srpske","isPartOf":{"@id":"https:\/\/www.galerijamaticesrpske.rs\/#website"},"primaryImageOfPage":{"@id":"https:\/\/www.galerijamaticesrpske.rs\/lat\/events\/projekcija-filma-covek-koji-je-prodao-svoju-kozu-2\/#primaryimage"},"image":{"@id":"https:\/\/www.galerijamaticesrpske.rs\/lat\/events\/projekcija-filma-covek-koji-je-prodao-svoju-kozu-2\/#primaryimage"},"thumbnailUrl":"https:\/\/www.galerijamaticesrpske.rs\/wp-content\/uploads\/2022\/04\/covek-koji-je-prodao-svoju-kozu.jpg","datePublished":"2022-04-18T08:48:17+00:00","dateModified":"2022-05-04T12:56:15+00:00","breadcrumb":{"@id":"https:\/\/www.galerijamaticesrpske.rs\/lat\/events\/projekcija-filma-covek-koji-je-prodao-svoju-kozu-2\/#breadcrumb"},"inLanguage":"sr-LAT","potentialAction":[{"@type":"ReadAction","target":["https:\/\/www.galerijamaticesrpske.rs\/lat\/events\/projekcija-filma-covek-koji-je-prodao-svoju-kozu-2\/"]}]},{"@type":"ImageObject","inLanguage":"sr-LAT","@id":"https:\/\/www.galerijamaticesrpske.rs\/lat\/events\/projekcija-filma-covek-koji-je-prodao-svoju-kozu-2\/#primaryimage","url":"https:\/\/www.galerijamaticesrpske.rs\/wp-content\/uploads\/2022\/04\/covek-koji-je-prodao-svoju-kozu.jpg","contentUrl":"https:\/\/www.galerijamaticesrpske.rs\/wp-content\/uploads\/2022\/04\/covek-koji-je-prodao-svoju-kozu.jpg","width":960,"height":540},{"@type":"BreadcrumbList","@id":"https:\/\/www.galerijamaticesrpske.rs\/lat\/events\/projekcija-filma-covek-koji-je-prodao-svoju-kozu-2\/#breadcrumb","itemListElement":[{"@type":"ListItem","position":1,"name":"\u041f\u043e\u0447\u0435\u0442\u043d\u0430","item":"http:\/\/www.galerijamaticesrpske.rs\/lat\/"},{"@type":"ListItem","position":2,"name":"Events","item":"http:\/\/www.galerijamaticesrpske.rs\/lat\/events\/"},{"@type":"ListItem","position":3,"name":"Projekcija filma \u201e\u010covek koji je prodao svoju ko\u017eu\u201d"}]},{"@type":"WebSite","@id":"https:\/\/www.galerijamaticesrpske.rs\/#website","url":"https:\/\/www.galerijamaticesrpske.rs\/","name":"Galerija Matice srpske","description":"Muzej srpske nacionalne umetnosti u Novom Sadu","publisher":{"@id":"https:\/\/www.galerijamaticesrpske.rs\/#organization"},"potentialAction":[{"@type":"SearchAction","target":{"@type":"EntryPoint","urlTemplate":"https:\/\/www.galerijamaticesrpske.rs\/?s={search_term_string}"},"query-input":{"@type":"PropertyValueSpecification","valueRequired":true,"valueName":"search_term_string"}}],"inLanguage":"sr-LAT"},{"@type":"Organization","@id":"https:\/\/www.galerijamaticesrpske.rs\/#organization","name":"Galerija Matice srpske","url":"https:\/\/www.galerijamaticesrpske.rs\/","logo":{"@type":"ImageObject","inLanguage":"sr-LAT","@id":"https:\/\/www.galerijamaticesrpske.rs\/#\/schema\/logo\/image\/","url":"https:\/\/www.galerijamaticesrpske.rs\/wp-content\/uploads\/2021\/01\/gms-logo-za-sajt.svg","contentUrl":"https:\/\/www.galerijamaticesrpske.rs\/wp-content\/uploads\/2021\/01\/gms-logo-za-sajt.svg","width":1,"height":1,"caption":"Galerija Matice srpske"},"image":{"@id":"https:\/\/www.galerijamaticesrpske.rs\/#\/schema\/logo\/image\/"}}]}},"_links":{"self":[{"href":"https:\/\/www.galerijamaticesrpske.rs\/lat\/wp-json\/wp\/v2\/mec-events\/8528","targetHints":{"allow":["GET"]}}],"collection":[{"href":"https:\/\/www.galerijamaticesrpske.rs\/lat\/wp-json\/wp\/v2\/mec-events"}],"about":[{"href":"https:\/\/www.galerijamaticesrpske.rs\/lat\/wp-json\/wp\/v2\/types\/mec-events"}],"author":[{"embeddable":true,"href":"https:\/\/www.galerijamaticesrpske.rs\/lat\/wp-json\/wp\/v2\/users\/2"}],"replies":[{"embeddable":true,"href":"https:\/\/www.galerijamaticesrpske.rs\/lat\/wp-json\/wp\/v2\/comments?post=8528"}],"wp:featuredmedia":[{"embeddable":true,"href":"https:\/\/www.galerijamaticesrpske.rs\/lat\/wp-json\/wp\/v2\/media\/8529"}],"wp:attachment":[{"href":"https:\/\/www.galerijamaticesrpske.rs\/lat\/wp-json\/wp\/v2\/media?parent=8528"}],"wp:term":[{"taxonomy":"post_tag","embeddable":true,"href":"https:\/\/www.galerijamaticesrpske.rs\/lat\/wp-json\/wp\/v2\/tags?post=8528"},{"taxonomy":"mec_category","embeddable":true,"href":"https:\/\/www.galerijamaticesrpske.rs\/lat\/wp-json\/wp\/v2\/mec_category?post=8528"}],"curies":[{"name":"wp","href":"https:\/\/api.w.org\/{rel}","templated":true}]}}