{"id":9974,"date":"2022-06-20T12:22:56","date_gmt":"2022-06-20T12:22:56","guid":{"rendered":"https:\/\/www.galerijamaticesrpske.rs\/?post_type=mec-events&#038;p=9974"},"modified":"2022-06-27T12:15:59","modified_gmt":"2022-06-27T12:15:59","slug":"leto-na-trgu-galerija-razglednice-iz-raja","status":"publish","type":"mec-events","link":"https:\/\/www.galerijamaticesrpske.rs\/lat\/events\/leto-na-trgu-galerija-razglednice-iz-raja\/","title":{"rendered":"Leto na Trgu galerija \u2013 \u201eRazglednice iz raja\u201c"},"content":{"rendered":"<p>Umetnica <strong>Du\u0161ka Male\u0161evi\u0107<\/strong>, poreklom iz Novog Sada, koja vi\u0161e od dve decenije \u017eivi i radi na Malti, predstavi\u0107e svoj fotografski rad kroz projekat Razglednice iz raja, koji je posle vi\u0161e izlo\u017ebi rezultirao knjigom. Ovaj projekat je rezultat vi\u0161egodi\u0161njeg dokumentarnog foto-rada koji je za inspiraciju imao Maltu. Borave\u0107i me\u0111u relikvijama i simbolima ovog jedinstvenog i kontradiktornog ostrva, ona nagla\u0161ava prolaznost, dokumentuje dilentatizam koji uzmi\u010de, i tako preispituje sudbinu ovog drevnog arhipelaga, dok se otiskuje u budu\u0107nost. Du\u0161ka dokumentuje protivre\u010dnosti ostrva rastrganog izme\u0111u drevne tradicije i blistavog svetla nove budu\u0107nosti kao evropske dr\u017eave.<\/p>\n","protected":false},"excerpt":{"rendered":"<p>Umetnica Du\u0161ka Male\u0161evi\u0107, poreklom iz Novog Sada, koja vi\u0161e od dve decenije \u017eivi i radi na Malti, predstavi\u0107e svoj fotografski rad kroz projekat Razglednice iz raja, koji je posle vi\u0161e izlo\u017ebi rezultirao knjigom. Ovaj projekat je rezultat vi\u0161egodi\u0161njeg dokumentarnog foto-rada koji je za inspiraciju imao Maltu. Borave\u0107i me\u0111u relikvijama i simbolima ovog jedinstvenog i kontradiktornog<\/p>\n","protected":false},"author":2,"featured_media":9947,"comment_status":"closed","ping_status":"closed","template":"","tags":[],"mec_category":[105],"class_list":["post-9974","mec-events","type-mec-events","status-publish","has-post-thumbnail","hentry","mec_category-manifestacije"],"acf":[],"yoast_head":"<!-- This site is optimized with the Yoast SEO plugin v27.3 - https:\/\/yoast.com\/product\/yoast-seo-wordpress\/ -->\n<title>Leto na Trgu galerija \u2013 \u201eRazglednice iz raja\u201c | Galerija Matice srpske<\/title>\n<meta name=\"description\" content=\"Umetnica Du\u0161ka Male\u0161evi\u0107, poreklom iz Novog Sada, koja vi\u0161e od dve decenije \u017eivi iradi na Malti, predstavi\u0107e svoj fotografski rad kroz projekat Razglednice iz raja, koji je posle vi\u0161e izlo\u017ebi rezultirao knjigom.\" \/>\n<meta name=\"robots\" content=\"index, follow, max-snippet:-1, max-image-preview:large, max-video-preview:-1\" \/>\n<link rel=\"canonical\" href=\"http:\/\/www.galerijamaticesrpske.rs\/lat\/events\/leto-na-trgu-galerija-razglednice-iz-raja\/\" \/>\n<meta property=\"og:locale\" content=\"en_US\" \/>\n<meta property=\"og:type\" content=\"article\" \/>\n<meta property=\"og:title\" content=\"Leto na Trgu galerija \u2013 \u201eRazglednice iz raja\u201c | Galerija Matice srpske\" \/>\n<meta property=\"og:description\" content=\"Umetnica Du\u0161ka Male\u0161evi\u0107, poreklom iz Novog Sada, koja vi\u0161e od dve decenije \u017eivi iradi na Malti, predstavi\u0107e svoj fotografski rad kroz projekat Razglednice iz raja, koji je posle vi\u0161e izlo\u017ebi rezultirao knjigom.\" \/>\n<meta property=\"og:url\" content=\"http:\/\/www.galerijamaticesrpske.rs\/lat\/events\/leto-na-trgu-galerija-razglednice-iz-raja\/\" \/>\n<meta property=\"og:site_name\" content=\"Galerija Matice srpske\" \/>\n<meta property=\"article:modified_time\" content=\"2022-06-27T12:15:59+00:00\" \/>\n<meta property=\"og:image\" content=\"http:\/\/www.galerijamaticesrpske.rs\/wp-content\/uploads\/2022\/06\/baner.jpg\" \/>\n\t<meta property=\"og:image:width\" content=\"1483\" \/>\n\t<meta property=\"og:image:height\" content=\"800\" \/>\n\t<meta property=\"og:image:type\" content=\"image\/jpeg\" \/>\n<meta name=\"twitter:card\" content=\"summary_large_image\" \/>\n<meta name=\"twitter:label1\" content=\"Est. reading time\" \/>\n\t<meta name=\"twitter:data1\" content=\"1 minute\" \/>\n<script type=\"application\/ld+json\" class=\"yoast-schema-graph\">{\"@context\":\"https:\\\/\\\/schema.org\",\"@graph\":[{\"@type\":\"WebPage\",\"@id\":\"http:\\\/\\\/www.galerijamaticesrpske.rs\\\/lat\\\/events\\\/leto-na-trgu-galerija-razglednice-iz-raja\\\/\",\"url\":\"http:\\\/\\\/www.galerijamaticesrpske.rs\\\/lat\\\/events\\\/leto-na-trgu-galerija-razglednice-iz-raja\\\/\",\"name\":\"Leto na Trgu galerija \u2013 \u201eRazglednice iz raja\u201c | Galerija Matice srpske\",\"isPartOf\":{\"@id\":\"https:\\\/\\\/www.galerijamaticesrpske.rs\\\/#website\"},\"primaryImageOfPage\":{\"@id\":\"http:\\\/\\\/www.galerijamaticesrpske.rs\\\/lat\\\/events\\\/leto-na-trgu-galerija-razglednice-iz-raja\\\/#primaryimage\"},\"image\":{\"@id\":\"http:\\\/\\\/www.galerijamaticesrpske.rs\\\/lat\\\/events\\\/leto-na-trgu-galerija-razglednice-iz-raja\\\/#primaryimage\"},\"thumbnailUrl\":\"https:\\\/\\\/www.galerijamaticesrpske.rs\\\/wp-content\\\/uploads\\\/2022\\\/06\\\/baner.jpg\",\"datePublished\":\"2022-06-20T12:22:56+00:00\",\"dateModified\":\"2022-06-27T12:15:59+00:00\",\"description\":\"Umetnica Du\u0161ka Male\u0161evi\u0107, poreklom iz Novog Sada, koja vi\u0161e od dve decenije \u017eivi iradi na Malti, predstavi\u0107e svoj fotografski rad kroz projekat Razglednice iz raja, koji je posle vi\u0161e izlo\u017ebi rezultirao knjigom.\",\"breadcrumb\":{\"@id\":\"http:\\\/\\\/www.galerijamaticesrpske.rs\\\/lat\\\/events\\\/leto-na-trgu-galerija-razglednice-iz-raja\\\/#breadcrumb\"},\"inLanguage\":\"sr-LAT\",\"potentialAction\":[{\"@type\":\"ReadAction\",\"target\":[\"http:\\\/\\\/www.galerijamaticesrpske.rs\\\/lat\\\/events\\\/leto-na-trgu-galerija-razglednice-iz-raja\\\/\"]}]},{\"@type\":\"ImageObject\",\"inLanguage\":\"sr-LAT\",\"@id\":\"http:\\\/\\\/www.galerijamaticesrpske.rs\\\/lat\\\/events\\\/leto-na-trgu-galerija-razglednice-iz-raja\\\/#primaryimage\",\"url\":\"https:\\\/\\\/www.galerijamaticesrpske.rs\\\/wp-content\\\/uploads\\\/2022\\\/06\\\/baner.jpg\",\"contentUrl\":\"https:\\\/\\\/www.galerijamaticesrpske.rs\\\/wp-content\\\/uploads\\\/2022\\\/06\\\/baner.jpg\",\"width\":1483,\"height\":800,\"caption\":\"Tokyo, Japan- september 20, 2018: Panoramic view of an incredible interactive hall in the Mori Digital Art Museum full of people enjoying the exhibition\"},{\"@type\":\"BreadcrumbList\",\"@id\":\"http:\\\/\\\/www.galerijamaticesrpske.rs\\\/lat\\\/events\\\/leto-na-trgu-galerija-razglednice-iz-raja\\\/#breadcrumb\",\"itemListElement\":[{\"@type\":\"ListItem\",\"position\":1,\"name\":\"\u041f\u043e\u0447\u0435\u0442\u043d\u0430\",\"item\":\"http:\\\/\\\/www.galerijamaticesrpske.rs\\\/lat\\\/\"},{\"@type\":\"ListItem\",\"position\":2,\"name\":\"Events\",\"item\":\"http:\\\/\\\/www.galerijamaticesrpske.rs\\\/lat\\\/events\\\/\"},{\"@type\":\"ListItem\",\"position\":3,\"name\":\"Leto na Trgu galerija \u2013 \u201eRazglednice iz raja\u201c\"}]},{\"@type\":\"WebSite\",\"@id\":\"https:\\\/\\\/www.galerijamaticesrpske.rs\\\/#website\",\"url\":\"https:\\\/\\\/www.galerijamaticesrpske.rs\\\/\",\"name\":\"Galerija Matice srpske\",\"description\":\"Muzej srpske nacionalne umetnosti u Novom Sadu\",\"publisher\":{\"@id\":\"https:\\\/\\\/www.galerijamaticesrpske.rs\\\/#organization\"},\"potentialAction\":[{\"@type\":\"SearchAction\",\"target\":{\"@type\":\"EntryPoint\",\"urlTemplate\":\"https:\\\/\\\/www.galerijamaticesrpske.rs\\\/?s={search_term_string}\"},\"query-input\":{\"@type\":\"PropertyValueSpecification\",\"valueRequired\":true,\"valueName\":\"search_term_string\"}}],\"inLanguage\":\"sr-LAT\"},{\"@type\":\"Organization\",\"@id\":\"https:\\\/\\\/www.galerijamaticesrpske.rs\\\/#organization\",\"name\":\"Galerija Matice srpske\",\"url\":\"https:\\\/\\\/www.galerijamaticesrpske.rs\\\/\",\"logo\":{\"@type\":\"ImageObject\",\"inLanguage\":\"sr-LAT\",\"@id\":\"https:\\\/\\\/www.galerijamaticesrpske.rs\\\/#\\\/schema\\\/logo\\\/image\\\/\",\"url\":\"https:\\\/\\\/www.galerijamaticesrpske.rs\\\/wp-content\\\/uploads\\\/2021\\\/01\\\/gms-logo-za-sajt.svg\",\"contentUrl\":\"https:\\\/\\\/www.galerijamaticesrpske.rs\\\/wp-content\\\/uploads\\\/2021\\\/01\\\/gms-logo-za-sajt.svg\",\"width\":1,\"height\":1,\"caption\":\"Galerija Matice srpske\"},\"image\":{\"@id\":\"https:\\\/\\\/www.galerijamaticesrpske.rs\\\/#\\\/schema\\\/logo\\\/image\\\/\"}}]}<\/script>\n<!-- \/ Yoast SEO plugin. -->","yoast_head_json":{"title":"Leto na Trgu galerija \u2013 \u201eRazglednice iz raja\u201c | Galerija Matice srpske","description":"Umetnica Du\u0161ka Male\u0161evi\u0107, poreklom iz Novog Sada, koja vi\u0161e od dve decenije \u017eivi iradi na Malti, predstavi\u0107e svoj fotografski rad kroz projekat Razglednice iz raja, koji je posle vi\u0161e izlo\u017ebi rezultirao knjigom.","robots":{"index":"index","follow":"follow","max-snippet":"max-snippet:-1","max-image-preview":"max-image-preview:large","max-video-preview":"max-video-preview:-1"},"canonical":"http:\/\/www.galerijamaticesrpske.rs\/lat\/events\/leto-na-trgu-galerija-razglednice-iz-raja\/","og_locale":"en_US","og_type":"article","og_title":"Leto na Trgu galerija \u2013 \u201eRazglednice iz raja\u201c | Galerija Matice srpske","og_description":"Umetnica Du\u0161ka Male\u0161evi\u0107, poreklom iz Novog Sada, koja vi\u0161e od dve decenije \u017eivi iradi na Malti, predstavi\u0107e svoj fotografski rad kroz projekat Razglednice iz raja, koji je posle vi\u0161e izlo\u017ebi rezultirao knjigom.","og_url":"http:\/\/www.galerijamaticesrpske.rs\/lat\/events\/leto-na-trgu-galerija-razglednice-iz-raja\/","og_site_name":"Galerija Matice srpske","article_modified_time":"2022-06-27T12:15:59+00:00","og_image":[{"width":1483,"height":800,"url":"http:\/\/www.galerijamaticesrpske.rs\/wp-content\/uploads\/2022\/06\/baner.jpg","type":"image\/jpeg"}],"twitter_card":"summary_large_image","twitter_misc":{"Est. reading time":"1 minute"},"schema":{"@context":"https:\/\/schema.org","@graph":[{"@type":"WebPage","@id":"http:\/\/www.galerijamaticesrpske.rs\/lat\/events\/leto-na-trgu-galerija-razglednice-iz-raja\/","url":"http:\/\/www.galerijamaticesrpske.rs\/lat\/events\/leto-na-trgu-galerija-razglednice-iz-raja\/","name":"Leto na Trgu galerija \u2013 \u201eRazglednice iz raja\u201c | Galerija Matice srpske","isPartOf":{"@id":"https:\/\/www.galerijamaticesrpske.rs\/#website"},"primaryImageOfPage":{"@id":"http:\/\/www.galerijamaticesrpske.rs\/lat\/events\/leto-na-trgu-galerija-razglednice-iz-raja\/#primaryimage"},"image":{"@id":"http:\/\/www.galerijamaticesrpske.rs\/lat\/events\/leto-na-trgu-galerija-razglednice-iz-raja\/#primaryimage"},"thumbnailUrl":"https:\/\/www.galerijamaticesrpske.rs\/wp-content\/uploads\/2022\/06\/baner.jpg","datePublished":"2022-06-20T12:22:56+00:00","dateModified":"2022-06-27T12:15:59+00:00","description":"Umetnica Du\u0161ka Male\u0161evi\u0107, poreklom iz Novog Sada, koja vi\u0161e od dve decenije \u017eivi iradi na Malti, predstavi\u0107e svoj fotografski rad kroz projekat Razglednice iz raja, koji je posle vi\u0161e izlo\u017ebi rezultirao knjigom.","breadcrumb":{"@id":"http:\/\/www.galerijamaticesrpske.rs\/lat\/events\/leto-na-trgu-galerija-razglednice-iz-raja\/#breadcrumb"},"inLanguage":"sr-LAT","potentialAction":[{"@type":"ReadAction","target":["http:\/\/www.galerijamaticesrpske.rs\/lat\/events\/leto-na-trgu-galerija-razglednice-iz-raja\/"]}]},{"@type":"ImageObject","inLanguage":"sr-LAT","@id":"http:\/\/www.galerijamaticesrpske.rs\/lat\/events\/leto-na-trgu-galerija-razglednice-iz-raja\/#primaryimage","url":"https:\/\/www.galerijamaticesrpske.rs\/wp-content\/uploads\/2022\/06\/baner.jpg","contentUrl":"https:\/\/www.galerijamaticesrpske.rs\/wp-content\/uploads\/2022\/06\/baner.jpg","width":1483,"height":800,"caption":"Tokyo, Japan- september 20, 2018: Panoramic view of an incredible interactive hall in the Mori Digital Art Museum full of people enjoying the exhibition"},{"@type":"BreadcrumbList","@id":"http:\/\/www.galerijamaticesrpske.rs\/lat\/events\/leto-na-trgu-galerija-razglednice-iz-raja\/#breadcrumb","itemListElement":[{"@type":"ListItem","position":1,"name":"\u041f\u043e\u0447\u0435\u0442\u043d\u0430","item":"http:\/\/www.galerijamaticesrpske.rs\/lat\/"},{"@type":"ListItem","position":2,"name":"Events","item":"http:\/\/www.galerijamaticesrpske.rs\/lat\/events\/"},{"@type":"ListItem","position":3,"name":"Leto na Trgu galerija \u2013 \u201eRazglednice iz raja\u201c"}]},{"@type":"WebSite","@id":"https:\/\/www.galerijamaticesrpske.rs\/#website","url":"https:\/\/www.galerijamaticesrpske.rs\/","name":"Galerija Matice srpske","description":"Muzej srpske nacionalne umetnosti u Novom Sadu","publisher":{"@id":"https:\/\/www.galerijamaticesrpske.rs\/#organization"},"potentialAction":[{"@type":"SearchAction","target":{"@type":"EntryPoint","urlTemplate":"https:\/\/www.galerijamaticesrpske.rs\/?s={search_term_string}"},"query-input":{"@type":"PropertyValueSpecification","valueRequired":true,"valueName":"search_term_string"}}],"inLanguage":"sr-LAT"},{"@type":"Organization","@id":"https:\/\/www.galerijamaticesrpske.rs\/#organization","name":"Galerija Matice srpske","url":"https:\/\/www.galerijamaticesrpske.rs\/","logo":{"@type":"ImageObject","inLanguage":"sr-LAT","@id":"https:\/\/www.galerijamaticesrpske.rs\/#\/schema\/logo\/image\/","url":"https:\/\/www.galerijamaticesrpske.rs\/wp-content\/uploads\/2021\/01\/gms-logo-za-sajt.svg","contentUrl":"https:\/\/www.galerijamaticesrpske.rs\/wp-content\/uploads\/2021\/01\/gms-logo-za-sajt.svg","width":1,"height":1,"caption":"Galerija Matice srpske"},"image":{"@id":"https:\/\/www.galerijamaticesrpske.rs\/#\/schema\/logo\/image\/"}}]}},"_links":{"self":[{"href":"https:\/\/www.galerijamaticesrpske.rs\/lat\/wp-json\/wp\/v2\/mec-events\/9974","targetHints":{"allow":["GET"]}}],"collection":[{"href":"https:\/\/www.galerijamaticesrpske.rs\/lat\/wp-json\/wp\/v2\/mec-events"}],"about":[{"href":"https:\/\/www.galerijamaticesrpske.rs\/lat\/wp-json\/wp\/v2\/types\/mec-events"}],"author":[{"embeddable":true,"href":"https:\/\/www.galerijamaticesrpske.rs\/lat\/wp-json\/wp\/v2\/users\/2"}],"replies":[{"embeddable":true,"href":"https:\/\/www.galerijamaticesrpske.rs\/lat\/wp-json\/wp\/v2\/comments?post=9974"}],"wp:featuredmedia":[{"embeddable":true,"href":"https:\/\/www.galerijamaticesrpske.rs\/lat\/wp-json\/wp\/v2\/media\/9947"}],"wp:attachment":[{"href":"https:\/\/www.galerijamaticesrpske.rs\/lat\/wp-json\/wp\/v2\/media?parent=9974"}],"wp:term":[{"taxonomy":"post_tag","embeddable":true,"href":"https:\/\/www.galerijamaticesrpske.rs\/lat\/wp-json\/wp\/v2\/tags?post=9974"},{"taxonomy":"mec_category","embeddable":true,"href":"https:\/\/www.galerijamaticesrpske.rs\/lat\/wp-json\/wp\/v2\/mec_category?post=9974"}],"curies":[{"name":"wp","href":"https:\/\/api.w.org\/{rel}","templated":true}]}}