{"id":9982,"date":"2022-06-20T12:53:51","date_gmt":"2022-06-20T12:53:51","guid":{"rendered":"https:\/\/www.galerijamaticesrpske.rs\/?post_type=mec-events&#038;p=9982"},"modified":"2022-06-20T12:53:51","modified_gmt":"2022-06-20T12:53:51","slug":"leto-na-trgu-galerija-choreochroma-projekcija-performansa-i-dj-nastup","status":"publish","type":"mec-events","link":"https:\/\/www.galerijamaticesrpske.rs\/lat\/events\/leto-na-trgu-galerija-choreochroma-projekcija-performansa-i-dj-nastup\/","title":{"rendered":"Leto na Trgu galerija \u2013 ChoreoChroma: projekcija performansa i DJ nastup"},"content":{"rendered":"<p>Nakon premijere performansa<em> ChoreoChroma<\/em> u sklopu programa EPK \u2013 E\u0161 sir Alzet (Luksemburg) krajem jula 2022, Leto na Trgu galerija bi\u0107e sve\u010dano zatvoreno prikazivanjem snimka ovog umetni\u010dkog nastupa Plesnog udru\u017eenja \u201eLucoda\u201c inspirisanog slikom <em>Doru\u010dak na travi<\/em> Save \u0160umanovi\u0107a iz kolekcije Pavla Beljanskog. Savremena umetni\u010dka interpretacija realizovana je kroz spajanje plesnog i likovnog izraza, u okviru me\u0111unarodnog projekta istoimenog naziva, podr\u017eanog od strane dve EPK \u2013 Novi Sad i E\u0161 sir Alzet i saradnju Spomen-zbirke Pavla Beljanskog, udru\u017eenja \u201eLucoda\u201c i Fondacije \u201eBewegend Beeld\u201c (Roterdam). Nakon projekcije sve\u010dano zatvaranje manifestacije upotpuni\u0107e DJ nastup Aleksandra Mladenovi\u0107a.<\/p>\n","protected":false},"excerpt":{"rendered":"<p>Nakon premijere performansa ChoreoChroma u sklopu programa EPK \u2013 E\u0161 sir Alzet (Luksemburg) krajem jula 2022, Leto na Trgu galerija bi\u0107e sve\u010dano zatvoreno prikazivanjem snimka ovog umetni\u010dkog nastupa Plesnog udru\u017eenja \u201eLucoda\u201c inspirisanog slikom Doru\u010dak na travi Save \u0160umanovi\u0107a iz kolekcije Pavla Beljanskog. Savremena umetni\u010dka interpretacija realizovana je kroz spajanje plesnog i likovnog izraza, u okviru<\/p>\n","protected":false},"author":2,"featured_media":9947,"comment_status":"closed","ping_status":"closed","template":"","tags":[],"mec_category":[105],"class_list":["post-9982","mec-events","type-mec-events","status-publish","has-post-thumbnail","hentry","mec_category-manifestacije"],"acf":[],"yoast_head":"<!-- This site is optimized with the Yoast SEO plugin v27.3 - https:\/\/yoast.com\/product\/yoast-seo-wordpress\/ -->\n<title>Leto na Trgu galerija \u2013 ChoreoChroma: projekcija performansa i DJ nastup | Galerija Matice srpske<\/title>\n<meta name=\"description\" content=\"Nakon premijere performansa ChoreoChroma u sklopu programa EPK \u2013 E\u0161 sir Alzet (Luksemburg) krajem jula 2022, Leto na Trgu galerija bi\u0107e sve\u010dano zatvoreno prikazivanjem snimka ovog umetni\u010dkog nastupa Plesnog udru\u017eenja \u201eLucoda\u201c inspirisanog slikom Doru\u010dak na travi Save \u0160umanovi\u0107a iz kolekcije Pavla Beljanskog.\" \/>\n<meta name=\"robots\" content=\"index, follow, max-snippet:-1, max-image-preview:large, max-video-preview:-1\" \/>\n<link rel=\"canonical\" href=\"https:\/\/www.galerijamaticesrpske.rs\/lat\/events\/leto-na-trgu-galerija-choreochroma-projekcija-performansa-i-dj-nastup\/\" \/>\n<meta property=\"og:locale\" content=\"en_US\" \/>\n<meta property=\"og:type\" content=\"article\" \/>\n<meta property=\"og:title\" content=\"Leto na Trgu galerija \u2013 ChoreoChroma: projekcija performansa i DJ nastup | Galerija Matice srpske\" \/>\n<meta property=\"og:description\" content=\"Nakon premijere performansa ChoreoChroma u sklopu programa EPK \u2013 E\u0161 sir Alzet (Luksemburg) krajem jula 2022, Leto na Trgu galerija bi\u0107e sve\u010dano zatvoreno prikazivanjem snimka ovog umetni\u010dkog nastupa Plesnog udru\u017eenja \u201eLucoda\u201c inspirisanog slikom Doru\u010dak na travi Save \u0160umanovi\u0107a iz kolekcije Pavla Beljanskog.\" \/>\n<meta property=\"og:url\" content=\"https:\/\/www.galerijamaticesrpske.rs\/lat\/events\/leto-na-trgu-galerija-choreochroma-projekcija-performansa-i-dj-nastup\/\" \/>\n<meta property=\"og:site_name\" content=\"Galerija Matice srpske\" \/>\n<meta property=\"og:image\" content=\"https:\/\/www.galerijamaticesrpske.rs\/wp-content\/uploads\/2022\/06\/baner.jpg\" \/>\n\t<meta property=\"og:image:width\" content=\"1483\" \/>\n\t<meta property=\"og:image:height\" content=\"800\" \/>\n\t<meta property=\"og:image:type\" content=\"image\/jpeg\" \/>\n<meta name=\"twitter:card\" content=\"summary_large_image\" \/>\n<meta name=\"twitter:label1\" content=\"Est. reading time\" \/>\n\t<meta name=\"twitter:data1\" content=\"1 minute\" \/>\n<script type=\"application\/ld+json\" class=\"yoast-schema-graph\">{\"@context\":\"https:\\\/\\\/schema.org\",\"@graph\":[{\"@type\":\"WebPage\",\"@id\":\"https:\\\/\\\/www.galerijamaticesrpske.rs\\\/lat\\\/events\\\/leto-na-trgu-galerija-choreochroma-projekcija-performansa-i-dj-nastup\\\/\",\"url\":\"https:\\\/\\\/www.galerijamaticesrpske.rs\\\/lat\\\/events\\\/leto-na-trgu-galerija-choreochroma-projekcija-performansa-i-dj-nastup\\\/\",\"name\":\"Leto na Trgu galerija \u2013 ChoreoChroma: projekcija performansa i DJ nastup | Galerija Matice srpske\",\"isPartOf\":{\"@id\":\"http:\\\/\\\/www.galerijamaticesrpske.rs\\\/#website\"},\"primaryImageOfPage\":{\"@id\":\"https:\\\/\\\/www.galerijamaticesrpske.rs\\\/lat\\\/events\\\/leto-na-trgu-galerija-choreochroma-projekcija-performansa-i-dj-nastup\\\/#primaryimage\"},\"image\":{\"@id\":\"https:\\\/\\\/www.galerijamaticesrpske.rs\\\/lat\\\/events\\\/leto-na-trgu-galerija-choreochroma-projekcija-performansa-i-dj-nastup\\\/#primaryimage\"},\"thumbnailUrl\":\"https:\\\/\\\/www.galerijamaticesrpske.rs\\\/wp-content\\\/uploads\\\/2022\\\/06\\\/baner.jpg\",\"datePublished\":\"2022-06-20T12:53:51+00:00\",\"description\":\"Nakon premijere performansa ChoreoChroma u sklopu programa EPK \u2013 E\u0161 sir Alzet (Luksemburg) krajem jula 2022, Leto na Trgu galerija bi\u0107e sve\u010dano zatvoreno prikazivanjem snimka ovog umetni\u010dkog nastupa Plesnog udru\u017eenja \u201eLucoda\u201c inspirisanog slikom Doru\u010dak na travi Save \u0160umanovi\u0107a iz kolekcije Pavla Beljanskog.\",\"breadcrumb\":{\"@id\":\"https:\\\/\\\/www.galerijamaticesrpske.rs\\\/lat\\\/events\\\/leto-na-trgu-galerija-choreochroma-projekcija-performansa-i-dj-nastup\\\/#breadcrumb\"},\"inLanguage\":\"sr-LAT\",\"potentialAction\":[{\"@type\":\"ReadAction\",\"target\":[\"https:\\\/\\\/www.galerijamaticesrpske.rs\\\/lat\\\/events\\\/leto-na-trgu-galerija-choreochroma-projekcija-performansa-i-dj-nastup\\\/\"]}]},{\"@type\":\"ImageObject\",\"inLanguage\":\"sr-LAT\",\"@id\":\"https:\\\/\\\/www.galerijamaticesrpske.rs\\\/lat\\\/events\\\/leto-na-trgu-galerija-choreochroma-projekcija-performansa-i-dj-nastup\\\/#primaryimage\",\"url\":\"https:\\\/\\\/www.galerijamaticesrpske.rs\\\/wp-content\\\/uploads\\\/2022\\\/06\\\/baner.jpg\",\"contentUrl\":\"https:\\\/\\\/www.galerijamaticesrpske.rs\\\/wp-content\\\/uploads\\\/2022\\\/06\\\/baner.jpg\",\"width\":1483,\"height\":800,\"caption\":\"Tokyo, Japan- september 20, 2018: Panoramic view of an incredible interactive hall in the Mori Digital Art Museum full of people enjoying the exhibition\"},{\"@type\":\"BreadcrumbList\",\"@id\":\"https:\\\/\\\/www.galerijamaticesrpske.rs\\\/lat\\\/events\\\/leto-na-trgu-galerija-choreochroma-projekcija-performansa-i-dj-nastup\\\/#breadcrumb\",\"itemListElement\":[{\"@type\":\"ListItem\",\"position\":1,\"name\":\"\u041f\u043e\u0447\u0435\u0442\u043d\u0430\",\"item\":\"http:\\\/\\\/www.galerijamaticesrpske.rs\\\/lat\\\/\"},{\"@type\":\"ListItem\",\"position\":2,\"name\":\"Events\",\"item\":\"http:\\\/\\\/www.galerijamaticesrpske.rs\\\/lat\\\/events\\\/\"},{\"@type\":\"ListItem\",\"position\":3,\"name\":\"Leto na Trgu galerija \u2013 ChoreoChroma: projekcija performansa i DJ nastup\"}]},{\"@type\":\"WebSite\",\"@id\":\"http:\\\/\\\/www.galerijamaticesrpske.rs\\\/#website\",\"url\":\"http:\\\/\\\/www.galerijamaticesrpske.rs\\\/\",\"name\":\"Galerija Matice srpske\",\"description\":\"Muzej srpske nacionalne umetnosti u Novom Sadu\",\"publisher\":{\"@id\":\"http:\\\/\\\/www.galerijamaticesrpske.rs\\\/#organization\"},\"potentialAction\":[{\"@type\":\"SearchAction\",\"target\":{\"@type\":\"EntryPoint\",\"urlTemplate\":\"http:\\\/\\\/www.galerijamaticesrpske.rs\\\/?s={search_term_string}\"},\"query-input\":{\"@type\":\"PropertyValueSpecification\",\"valueRequired\":true,\"valueName\":\"search_term_string\"}}],\"inLanguage\":\"sr-LAT\"},{\"@type\":\"Organization\",\"@id\":\"http:\\\/\\\/www.galerijamaticesrpske.rs\\\/#organization\",\"name\":\"Galerija Matice srpske\",\"url\":\"http:\\\/\\\/www.galerijamaticesrpske.rs\\\/\",\"logo\":{\"@type\":\"ImageObject\",\"inLanguage\":\"sr-LAT\",\"@id\":\"http:\\\/\\\/www.galerijamaticesrpske.rs\\\/#\\\/schema\\\/logo\\\/image\\\/\",\"url\":\"https:\\\/\\\/www.galerijamaticesrpske.rs\\\/wp-content\\\/uploads\\\/2021\\\/01\\\/gms-logo-za-sajt.svg\",\"contentUrl\":\"https:\\\/\\\/www.galerijamaticesrpske.rs\\\/wp-content\\\/uploads\\\/2021\\\/01\\\/gms-logo-za-sajt.svg\",\"width\":1,\"height\":1,\"caption\":\"Galerija Matice srpske\"},\"image\":{\"@id\":\"http:\\\/\\\/www.galerijamaticesrpske.rs\\\/#\\\/schema\\\/logo\\\/image\\\/\"}}]}<\/script>\n<!-- \/ Yoast SEO plugin. -->","yoast_head_json":{"title":"Leto na Trgu galerija \u2013 ChoreoChroma: projekcija performansa i DJ nastup | Galerija Matice srpske","description":"Nakon premijere performansa ChoreoChroma u sklopu programa EPK \u2013 E\u0161 sir Alzet (Luksemburg) krajem jula 2022, Leto na Trgu galerija bi\u0107e sve\u010dano zatvoreno prikazivanjem snimka ovog umetni\u010dkog nastupa Plesnog udru\u017eenja \u201eLucoda\u201c inspirisanog slikom Doru\u010dak na travi Save \u0160umanovi\u0107a iz kolekcije Pavla Beljanskog.","robots":{"index":"index","follow":"follow","max-snippet":"max-snippet:-1","max-image-preview":"max-image-preview:large","max-video-preview":"max-video-preview:-1"},"canonical":"https:\/\/www.galerijamaticesrpske.rs\/lat\/events\/leto-na-trgu-galerija-choreochroma-projekcija-performansa-i-dj-nastup\/","og_locale":"en_US","og_type":"article","og_title":"Leto na Trgu galerija \u2013 ChoreoChroma: projekcija performansa i DJ nastup | Galerija Matice srpske","og_description":"Nakon premijere performansa ChoreoChroma u sklopu programa EPK \u2013 E\u0161 sir Alzet (Luksemburg) krajem jula 2022, Leto na Trgu galerija bi\u0107e sve\u010dano zatvoreno prikazivanjem snimka ovog umetni\u010dkog nastupa Plesnog udru\u017eenja \u201eLucoda\u201c inspirisanog slikom Doru\u010dak na travi Save \u0160umanovi\u0107a iz kolekcije Pavla Beljanskog.","og_url":"https:\/\/www.galerijamaticesrpske.rs\/lat\/events\/leto-na-trgu-galerija-choreochroma-projekcija-performansa-i-dj-nastup\/","og_site_name":"Galerija Matice srpske","og_image":[{"width":1483,"height":800,"url":"https:\/\/www.galerijamaticesrpske.rs\/wp-content\/uploads\/2022\/06\/baner.jpg","type":"image\/jpeg"}],"twitter_card":"summary_large_image","twitter_misc":{"Est. reading time":"1 minute"},"schema":{"@context":"https:\/\/schema.org","@graph":[{"@type":"WebPage","@id":"https:\/\/www.galerijamaticesrpske.rs\/lat\/events\/leto-na-trgu-galerija-choreochroma-projekcija-performansa-i-dj-nastup\/","url":"https:\/\/www.galerijamaticesrpske.rs\/lat\/events\/leto-na-trgu-galerija-choreochroma-projekcija-performansa-i-dj-nastup\/","name":"Leto na Trgu galerija \u2013 ChoreoChroma: projekcija performansa i DJ nastup | Galerija Matice srpske","isPartOf":{"@id":"http:\/\/www.galerijamaticesrpske.rs\/#website"},"primaryImageOfPage":{"@id":"https:\/\/www.galerijamaticesrpske.rs\/lat\/events\/leto-na-trgu-galerija-choreochroma-projekcija-performansa-i-dj-nastup\/#primaryimage"},"image":{"@id":"https:\/\/www.galerijamaticesrpske.rs\/lat\/events\/leto-na-trgu-galerija-choreochroma-projekcija-performansa-i-dj-nastup\/#primaryimage"},"thumbnailUrl":"https:\/\/www.galerijamaticesrpske.rs\/wp-content\/uploads\/2022\/06\/baner.jpg","datePublished":"2022-06-20T12:53:51+00:00","description":"Nakon premijere performansa ChoreoChroma u sklopu programa EPK \u2013 E\u0161 sir Alzet (Luksemburg) krajem jula 2022, Leto na Trgu galerija bi\u0107e sve\u010dano zatvoreno prikazivanjem snimka ovog umetni\u010dkog nastupa Plesnog udru\u017eenja \u201eLucoda\u201c inspirisanog slikom Doru\u010dak na travi Save \u0160umanovi\u0107a iz kolekcije Pavla Beljanskog.","breadcrumb":{"@id":"https:\/\/www.galerijamaticesrpske.rs\/lat\/events\/leto-na-trgu-galerija-choreochroma-projekcija-performansa-i-dj-nastup\/#breadcrumb"},"inLanguage":"sr-LAT","potentialAction":[{"@type":"ReadAction","target":["https:\/\/www.galerijamaticesrpske.rs\/lat\/events\/leto-na-trgu-galerija-choreochroma-projekcija-performansa-i-dj-nastup\/"]}]},{"@type":"ImageObject","inLanguage":"sr-LAT","@id":"https:\/\/www.galerijamaticesrpske.rs\/lat\/events\/leto-na-trgu-galerija-choreochroma-projekcija-performansa-i-dj-nastup\/#primaryimage","url":"https:\/\/www.galerijamaticesrpske.rs\/wp-content\/uploads\/2022\/06\/baner.jpg","contentUrl":"https:\/\/www.galerijamaticesrpske.rs\/wp-content\/uploads\/2022\/06\/baner.jpg","width":1483,"height":800,"caption":"Tokyo, Japan- september 20, 2018: Panoramic view of an incredible interactive hall in the Mori Digital Art Museum full of people enjoying the exhibition"},{"@type":"BreadcrumbList","@id":"https:\/\/www.galerijamaticesrpske.rs\/lat\/events\/leto-na-trgu-galerija-choreochroma-projekcija-performansa-i-dj-nastup\/#breadcrumb","itemListElement":[{"@type":"ListItem","position":1,"name":"\u041f\u043e\u0447\u0435\u0442\u043d\u0430","item":"http:\/\/www.galerijamaticesrpske.rs\/lat\/"},{"@type":"ListItem","position":2,"name":"Events","item":"http:\/\/www.galerijamaticesrpske.rs\/lat\/events\/"},{"@type":"ListItem","position":3,"name":"Leto na Trgu galerija \u2013 ChoreoChroma: projekcija performansa i DJ nastup"}]},{"@type":"WebSite","@id":"http:\/\/www.galerijamaticesrpske.rs\/#website","url":"http:\/\/www.galerijamaticesrpske.rs\/","name":"Galerija Matice srpske","description":"Muzej srpske nacionalne umetnosti u Novom Sadu","publisher":{"@id":"http:\/\/www.galerijamaticesrpske.rs\/#organization"},"potentialAction":[{"@type":"SearchAction","target":{"@type":"EntryPoint","urlTemplate":"http:\/\/www.galerijamaticesrpske.rs\/?s={search_term_string}"},"query-input":{"@type":"PropertyValueSpecification","valueRequired":true,"valueName":"search_term_string"}}],"inLanguage":"sr-LAT"},{"@type":"Organization","@id":"http:\/\/www.galerijamaticesrpske.rs\/#organization","name":"Galerija Matice srpske","url":"http:\/\/www.galerijamaticesrpske.rs\/","logo":{"@type":"ImageObject","inLanguage":"sr-LAT","@id":"http:\/\/www.galerijamaticesrpske.rs\/#\/schema\/logo\/image\/","url":"https:\/\/www.galerijamaticesrpske.rs\/wp-content\/uploads\/2021\/01\/gms-logo-za-sajt.svg","contentUrl":"https:\/\/www.galerijamaticesrpske.rs\/wp-content\/uploads\/2021\/01\/gms-logo-za-sajt.svg","width":1,"height":1,"caption":"Galerija Matice srpske"},"image":{"@id":"http:\/\/www.galerijamaticesrpske.rs\/#\/schema\/logo\/image\/"}}]}},"_links":{"self":[{"href":"https:\/\/www.galerijamaticesrpske.rs\/lat\/wp-json\/wp\/v2\/mec-events\/9982","targetHints":{"allow":["GET"]}}],"collection":[{"href":"https:\/\/www.galerijamaticesrpske.rs\/lat\/wp-json\/wp\/v2\/mec-events"}],"about":[{"href":"https:\/\/www.galerijamaticesrpske.rs\/lat\/wp-json\/wp\/v2\/types\/mec-events"}],"author":[{"embeddable":true,"href":"https:\/\/www.galerijamaticesrpske.rs\/lat\/wp-json\/wp\/v2\/users\/2"}],"replies":[{"embeddable":true,"href":"https:\/\/www.galerijamaticesrpske.rs\/lat\/wp-json\/wp\/v2\/comments?post=9982"}],"wp:featuredmedia":[{"embeddable":true,"href":"https:\/\/www.galerijamaticesrpske.rs\/lat\/wp-json\/wp\/v2\/media\/9947"}],"wp:attachment":[{"href":"https:\/\/www.galerijamaticesrpske.rs\/lat\/wp-json\/wp\/v2\/media?parent=9982"}],"wp:term":[{"taxonomy":"post_tag","embeddable":true,"href":"https:\/\/www.galerijamaticesrpske.rs\/lat\/wp-json\/wp\/v2\/tags?post=9982"},{"taxonomy":"mec_category","embeddable":true,"href":"https:\/\/www.galerijamaticesrpske.rs\/lat\/wp-json\/wp\/v2\/mec_category?post=9982"}],"curies":[{"name":"wp","href":"https:\/\/api.w.org\/{rel}","templated":true}]}}