{"id":13809,"date":"2024-11-14T11:29:31","date_gmt":"2024-11-14T11:29:31","guid":{"rendered":"https:\/\/www.galerijamaticesrpske.rs\/stalna-postavka-gms\/utocista-covek-i-okruzenje\/"},"modified":"2024-11-16T23:12:27","modified_gmt":"2024-11-16T23:12:27","slug":"utocista-covek-i-okruzenje","status":"publish","type":"page","link":"https:\/\/www.galerijamaticesrpske.rs\/lat\/stalna-postavka-gms\/utocista-covek-i-okruzenje\/","title":{"rendered":"Uto\u010di\u0161ta: \u010covek i okru\u017eenje"},"content":{"rendered":"\n\t<section class=\"section pb0\" id=\"section_1958178619\">\n\t\t<div class=\"section-bg fill\" >\n\t\t\t\t\t\t\t\t\t\n\t\t\t\n\n\t\t<\/div>\n\n\t\t\n\n\t\t<div class=\"section-content relative\">\n\t\t\t\n<div class=\"row align-center\"  id=\"row-1196512035\">\n\n\t<div id=\"col-682336293\" class=\"col medium-10 small-12 large-10\"  >\n\t\t\t\t<div class=\"col-inner text-center\"  >\n\t\t\t\n\t\t\t\n\t<div class=\"img has-hover maxwidth80 x md-x lg-x y md-y lg-y\" id=\"image_118224098\">\n\t\t\t\t\t\t\t\t<div class=\"img-inner dark\" style=\"margin:0px 0px 0 0px;\">\n\t\t\t<img decoding=\"async\" src=\"https:\/\/www.galerijamaticesrpske.rs\/wp-content\/uploads\/2020\/12\/gms-icon_blck.svg\" class=\"attachment-original size-original\" alt=\"GMS | icon\" \/>\t\t\t\t\t\t\n\t\t\t\t\t<\/div>\n\t\t\t\t\t\t\t\t\n<style>\n#image_118224098 {\n  width: 100%;\n}\n<\/style>\n\t<\/div>\n\t\n\t<div id=\"text-1435831566\" class=\"text\">\n\t\t\n<h1 class=\"title28\">Uto\u010di\u0161ta: \u010covek i okru\u017eenje<\/h1>\n\t\t\n<style>\n#text-1435831566 {\n  text-align: center;\n}\n<\/style>\n\t<\/div>\n\t\n\t\t<\/div>\n\t\t\t\t\n<style>\n#col-682336293 > .col-inner {\n  margin: 0px 0px 40px 0px;\n}\n<\/style>\n\t<\/div>\n\n\t\n\n\t<div id=\"col-1763488136\" class=\"col medium-10 small-12 large-10\"  >\n\t\t\t\t<div class=\"col-inner\"  >\n\t\t\t\n\t\t\t\n<p><strong>Dom<\/strong> je prostor \u017eivljenja, porodi\u010dnog okupljanja, mesto stvaranja i \u010duvanja se\u0107anja, granica izme\u0111u spolja\u0161njeg i unutra\u0161njeg sveta, privatnog i javnog.<\/p>\n<p>Vekovima je centralno mesto u domu zauzimalo ognji\u0161te, tradicionalni prostor okupljanja oko vatre, hrane i topline. U novije doba ta ta\u010dka zajedni\u010dkog boravljenja vi\u0161e klase postaje salon u kome se odvijaju i javni i privatni sadr\u017eaji aktivnosti porodi\u010dnog \u017eivota. Tokom XIX i po\u010detkom XX veka salon ili \u201evelika soba\u201c bio je najreprezentativniji deo doma. Tu su \u201eizlagane\u201c statusne porodi\u010dne dragocenosti, srebrnina, porcelan, ikone, porodi\u010dni potreti i umetni\u010dke slike. Bio je mesto obedovanja, proslava i potvr\u0111ivanja dru\u0161tvenog statusa. Tridesetih godina XX veka dom postaje inspiracija umetnicima. U srpskom slikarstvu javlja se pravac intimizam. Gra\u0111anski enterijeri postaju odaje spokoja gde su figure prepu\u0161tene mirnoj atmosferi i ti\u0161ini.<\/p>\n<p><strong>Priroda<\/strong> je za \u010doveka oduvek bila izvor \u017eivota, a pejza\u017e mnogo vi\u0161e od njenog uokvirenog ise\u010dka. U srpskoj umetnosti pejza\u017e se inicijalno pojavljuje kao pozadina religijskih i istorijskih kompozicija, da bi tek u XX veku postao samostalna tema. Pod uticajem evropskih modernista, srpski slikari izlaze iz ateljea i po\u010dinju da slikaju u pleneru. Rad u prirodi podst\u010de ih da prosvetle paletu i da slobodnim potezima \u010detkice hitro slikaju brze promene. U narativnom smislu pejza\u017e je mnogo vi\u0161e od predstave krajolika. To su slike li\u010dne istorije, vizije vlastite zemlje, predstave dru\u0161tvenih promena i iznu\u0111enih izme\u0161tanja.<\/p>\n<p>Tokom XX veka, modernizacija i progres srpskog dru\u0161tva, kao i brz industrijski razvoj, \u010desto su u umetnosti slavljeni prikazima gradili\u0161ta, fabrika i brodogradili\u0161ta. Kriti\u010dki glasovi su se re\u0111e \u010duli. Danas, ovi prizori izvesno imaju druga\u010dije zna\u010denje.<\/p>\n<p><strong>\u017divotinje<\/strong> su u umetnosti \u010desto bile deo idili\u010dnih prikaza prirode, predmet inspiracije i divljenja.\u00a0 Od najstarijih vremena kori\u0161\u0107ene su kao metafore ljudskih osobina i ose\u0107anja. Istovremeno, predstava \u017eivotinja u vizuelnoj kulturi mo\u017ee biti i oli\u010denje potrebe i poku\u0161aja \u010doveka da razume prirodu i da joj se pribli\u017ei.<\/p>\n\t\t<\/div>\n\t\t\t\t\n<style>\n#col-1763488136 > .col-inner {\n  padding: 0px 20px 0px 20px;\n}\n<\/style>\n\t<\/div>\n\n\t\n<\/div>\n<div class=\"row textimgboxnormal\"  id=\"row-911110152\">\n\n\t<div id=\"col-1343284001\" class=\"col medium-4 small-12 large-4\"  data-animate=\"fadeInUp\">\n\t\t\t\t<div class=\"col-inner\"  >\n\t\t\t\n\t\t\t\n\t<div class=\"box has-hover   has-hover box-text-bottom\" >\n\n\t\t<div class=\"box-image\" >\n\t\t\t\t\t\t<div class=\"\" >\n\t\t\t\t<img loading=\"lazy\" decoding=\"async\" width=\"1200\" height=\"989\" src=\"https:\/\/www.galerijamaticesrpske.rs\/wp-content\/uploads\/2024\/11\/beta-vukanovic-krsna-slava-1904.jpg\" class=\"attachment-original size-original\" alt=\"\u0411\u0435\u0442\u0430-\u0412\u0443\u043a\u0430\u043d\u043e\u0432\u0438\u045b,-\u041a\u0440\u0441\u043d\u0430-\u0441\u043b\u0430\u0432\u0430,-1904.\" srcset=\"https:\/\/www.galerijamaticesrpske.rs\/wp-content\/uploads\/2024\/11\/beta-vukanovic-krsna-slava-1904.jpg 1200w, https:\/\/www.galerijamaticesrpske.rs\/wp-content\/uploads\/2024\/11\/beta-vukanovic-krsna-slava-1904-300x247.jpg 300w, https:\/\/www.galerijamaticesrpske.rs\/wp-content\/uploads\/2024\/11\/beta-vukanovic-krsna-slava-1904-1024x844.jpg 1024w, https:\/\/www.galerijamaticesrpske.rs\/wp-content\/uploads\/2024\/11\/beta-vukanovic-krsna-slava-1904-768x633.jpg 768w\" sizes=\"auto, (max-width: 1200px) 100vw, 1200px\" \/>\t\t\t\t\t\t\t\t\t\t\t<\/div>\n\t\t\t\t\t<\/div>\n\n\t\t<div class=\"box-text text-left\" >\n\t\t\t<div class=\"box-text-inner\">\n\t\t\t\t\n<p>Beta Vukanovi\u0107<br \/><em>Krsna slava<\/em>, 1904.<\/p>\n\t\t\t<\/div>\n\t\t<\/div>\n\t<\/div>\n\t\n\t<div id=\"gap-859165187\" class=\"gap-element clearfix\" style=\"display:block; height:auto;\">\n\t\t\n<style>\n#gap-859165187 {\n  padding-top: 30px;\n}\n<\/style>\n\t<\/div>\n\t\n\t<div class=\"box has-hover   has-hover box-text-bottom\" >\n\n\t\t<div class=\"box-image\" >\n\t\t\t\t\t\t<div class=\"\" >\n\t\t\t\t<img loading=\"lazy\" decoding=\"async\" width=\"1142\" height=\"1400\" src=\"https:\/\/www.galerijamaticesrpske.rs\/wp-content\/uploads\/2024\/11\/jovan-bijelic-portret-porodice-vojinovic-1938.jpg\" class=\"attachment-original size-original\" alt=\"\u0408\u043e\u0432\u0430\u043d-\u0411\u0438\u0458\u0435\u043b\u0438\u045b,-\u041f\u043e\u0440\u0442\u0440\u0435\u0442-\u043f\u043e\u0440\u043e\u0434\u0438\u0446\u0435-\u0412\u043e\u0458\u0438\u043d\u043e\u0432\u0438\u045b,-1938.\" srcset=\"https:\/\/www.galerijamaticesrpske.rs\/wp-content\/uploads\/2024\/11\/jovan-bijelic-portret-porodice-vojinovic-1938.jpg 1142w, https:\/\/www.galerijamaticesrpske.rs\/wp-content\/uploads\/2024\/11\/jovan-bijelic-portret-porodice-vojinovic-1938-245x300.jpg 245w, https:\/\/www.galerijamaticesrpske.rs\/wp-content\/uploads\/2024\/11\/jovan-bijelic-portret-porodice-vojinovic-1938-835x1024.jpg 835w, https:\/\/www.galerijamaticesrpske.rs\/wp-content\/uploads\/2024\/11\/jovan-bijelic-portret-porodice-vojinovic-1938-768x942.jpg 768w\" sizes=\"auto, (max-width: 1142px) 100vw, 1142px\" \/>\t\t\t\t\t\t\t\t\t\t\t<\/div>\n\t\t\t\t\t<\/div>\n\n\t\t<div class=\"box-text text-left\" >\n\t\t\t<div class=\"box-text-inner\">\n\t\t\t\t\n<p>Jovan Bijeli\u0107<br \/><em>Portret porodice Vojinovi\u0107<\/em>, 1938.<\/p>\n\t\t\t<\/div>\n\t\t<\/div>\n\t<\/div>\n\t\n\t<div id=\"gap-70653915\" class=\"gap-element clearfix\" style=\"display:block; height:auto;\">\n\t\t\n<style>\n#gap-70653915 {\n  padding-top: 30px;\n}\n<\/style>\n\t<\/div>\n\t\n\t<div class=\"box has-hover   has-hover box-text-bottom\" >\n\n\t\t<div class=\"box-image\" >\n\t\t\t\t\t\t<div class=\"\" >\n\t\t\t\t<img loading=\"lazy\" decoding=\"async\" width=\"1200\" height=\"800\" src=\"https:\/\/www.galerijamaticesrpske.rs\/wp-content\/uploads\/2024\/11\/slavka-petrovic-sredovic-beli-medved-1956.jpg\" class=\"attachment-original size-original\" alt=\"\u0421\u043b\u0430\u0432\u043a\u0430-\u041f\u0435\u0442\u0440\u043e\u0432\u0438\u045b-\u0421\u0440\u0435\u0434\u043e\u0432\u0438\u045b,-\u0411\u0435\u043b\u0438-\u043c\u0435\u0434\u0432\u0435\u0434,-1956.\" srcset=\"https:\/\/www.galerijamaticesrpske.rs\/wp-content\/uploads\/2024\/11\/slavka-petrovic-sredovic-beli-medved-1956.jpg 1200w, https:\/\/www.galerijamaticesrpske.rs\/wp-content\/uploads\/2024\/11\/slavka-petrovic-sredovic-beli-medved-1956-300x200.jpg 300w, https:\/\/www.galerijamaticesrpske.rs\/wp-content\/uploads\/2024\/11\/slavka-petrovic-sredovic-beli-medved-1956-1024x683.jpg 1024w, https:\/\/www.galerijamaticesrpske.rs\/wp-content\/uploads\/2024\/11\/slavka-petrovic-sredovic-beli-medved-1956-768x512.jpg 768w, https:\/\/www.galerijamaticesrpske.rs\/wp-content\/uploads\/2024\/11\/slavka-petrovic-sredovic-beli-medved-1956-391x260.jpg 391w\" sizes=\"auto, (max-width: 1200px) 100vw, 1200px\" \/>\t\t\t\t\t\t\t\t\t\t\t<\/div>\n\t\t\t\t\t<\/div>\n\n\t\t<div class=\"box-text text-left\" >\n\t\t\t<div class=\"box-text-inner\">\n\t\t\t\t\n<p>Slavka Petrovi\u0107 Sredovi\u0107<br \/><em>Beli medved<\/em>, 1956.<\/p>\n\t\t\t<\/div>\n\t\t<\/div>\n\t<\/div>\n\t\n\t<div id=\"gap-610057487\" class=\"gap-element clearfix\" style=\"display:block; height:auto;\">\n\t\t\n<style>\n#gap-610057487 {\n  padding-top: 30px;\n}\n<\/style>\n\t<\/div>\n\t\n\t\t<\/div>\n\t\t\t\t\t<\/div>\n\n\t\n\n\t<div id=\"col-543844404\" class=\"col medium-4 small-12 large-4\"  data-animate=\"fadeInUp\">\n\t\t\t\t<div class=\"col-inner text-left\"  >\n\t\t\t\n\t\t\t\n\t<div class=\"box has-hover   has-hover box-text-bottom\" >\n\n\t\t<div class=\"box-image\" >\n\t\t\t\t\t\t<div class=\"\" >\n\t\t\t\t<img loading=\"lazy\" decoding=\"async\" width=\"1153\" height=\"1400\" src=\"https:\/\/www.galerijamaticesrpske.rs\/wp-content\/uploads\/2024\/11\/bogdan-suput-iz-kamenickog-parka-1939.jpg\" class=\"attachment-original size-original\" alt=\"\u0411\u043e\u0433\u0434\u0430\u043d-\u0428\u0443\u043f\u0443\u0442,-\u0418\u0437-\u041a\u0430\u043c\u0435\u043d\u0438\u0447\u043a\u043e\u0433-\u043f\u0430\u0440\u043a\u0430,-1939.\" srcset=\"https:\/\/www.galerijamaticesrpske.rs\/wp-content\/uploads\/2024\/11\/bogdan-suput-iz-kamenickog-parka-1939.jpg 1153w, https:\/\/www.galerijamaticesrpske.rs\/wp-content\/uploads\/2024\/11\/bogdan-suput-iz-kamenickog-parka-1939-247x300.jpg 247w, https:\/\/www.galerijamaticesrpske.rs\/wp-content\/uploads\/2024\/11\/bogdan-suput-iz-kamenickog-parka-1939-843x1024.jpg 843w, https:\/\/www.galerijamaticesrpske.rs\/wp-content\/uploads\/2024\/11\/bogdan-suput-iz-kamenickog-parka-1939-768x933.jpg 768w\" sizes=\"auto, (max-width: 1153px) 100vw, 1153px\" \/>\t\t\t\t\t\t\t\t\t\t\t<\/div>\n\t\t\t\t\t<\/div>\n\n\t\t<div class=\"box-text text-left\" >\n\t\t\t<div class=\"box-text-inner\">\n\t\t\t\t\n<p>Bogdan \u0160uput<br \/><em>Iz Kameni\u010dkog parka<\/em>, 1939.<\/p>\n\t\t\t<\/div>\n\t\t<\/div>\n\t<\/div>\n\t\n\t<div id=\"gap-408895377\" class=\"gap-element clearfix\" style=\"display:block; height:auto;\">\n\t\t\n<style>\n#gap-408895377 {\n  padding-top: 30px;\n}\n<\/style>\n\t<\/div>\n\t\n\t<div class=\"box has-hover   has-hover box-text-bottom\" >\n\n\t\t<div class=\"box-image\" >\n\t\t\t\t\t\t<div class=\"\" >\n\t\t\t\t<img loading=\"lazy\" decoding=\"async\" width=\"1123\" height=\"1400\" src=\"https:\/\/www.galerijamaticesrpske.rs\/wp-content\/uploads\/2024\/11\/marko-celebonovic-figura-u-enterijeru1934.jpg\" class=\"attachment-original size-original\" alt=\"\u041c\u0430\u0440\u043a\u043e-\u0427\u0435\u043b\u0435\u0431\u043e\u043d\u043e\u0432\u0438\u045b,-\u0424\u0438\u0433\u0443\u0440\u0430-\u0443-\u0435\u043d\u0442\u0435\u0440\u0438\u0458\u0435\u0440\u0443,1934.\" srcset=\"https:\/\/www.galerijamaticesrpske.rs\/wp-content\/uploads\/2024\/11\/marko-celebonovic-figura-u-enterijeru1934.jpg 1123w, https:\/\/www.galerijamaticesrpske.rs\/wp-content\/uploads\/2024\/11\/marko-celebonovic-figura-u-enterijeru1934-241x300.jpg 241w, https:\/\/www.galerijamaticesrpske.rs\/wp-content\/uploads\/2024\/11\/marko-celebonovic-figura-u-enterijeru1934-821x1024.jpg 821w, https:\/\/www.galerijamaticesrpske.rs\/wp-content\/uploads\/2024\/11\/marko-celebonovic-figura-u-enterijeru1934-768x957.jpg 768w\" sizes=\"auto, (max-width: 1123px) 100vw, 1123px\" \/>\t\t\t\t\t\t\t\t\t\t\t<\/div>\n\t\t\t\t\t<\/div>\n\n\t\t<div class=\"box-text text-left\" >\n\t\t\t<div class=\"box-text-inner\">\n\t\t\t\t\n<p>Marko \u010celebonovi\u0107<br \/><em>Figura u enterijeru<\/em>, 1934.<\/p>\n\t\t\t<\/div>\n\t\t<\/div>\n\t<\/div>\n\t\n\t<div id=\"gap-1757960869\" class=\"gap-element clearfix\" style=\"display:block; height:auto;\">\n\t\t\n<style>\n#gap-1757960869 {\n  padding-top: 30px;\n}\n<\/style>\n\t<\/div>\n\t\n\t\t<\/div>\n\t\t\t\t\t<\/div>\n\n\t\n\n\t<div id=\"col-321090215\" class=\"col medium-4 small-12 large-4\"  data-animate=\"fadeInUp\">\n\t\t\t\t<div class=\"col-inner text-left\"  >\n\t\t\t\n\t\t\t\n\t<div class=\"box has-hover   has-hover box-text-bottom\" >\n\n\t\t<div class=\"box-image\" >\n\t\t\t\t\t\t<div class=\"\" >\n\t\t\t\t<img loading=\"lazy\" decoding=\"async\" width=\"1200\" height=\"948\" src=\"https:\/\/www.galerijamaticesrpske.rs\/wp-content\/uploads\/2024\/11\/dimitrije-petrovic-vezuv-u-plamenu-1870.jpg\" class=\"attachment-original size-original\" alt=\"\u0414\u0438\u043c\u0438\u0442\u0440\u0438\u0458\u0435-\u041f\u0435\u0442\u0440\u043e\u0432\u0438\u045b,-\u0412\u0435\u0437\u0443\u0432-\u0443-\u043f\u043b\u0430\u043c\u0435\u043d\u0443,-1870.\" srcset=\"https:\/\/www.galerijamaticesrpske.rs\/wp-content\/uploads\/2024\/11\/dimitrije-petrovic-vezuv-u-plamenu-1870.jpg 1200w, https:\/\/www.galerijamaticesrpske.rs\/wp-content\/uploads\/2024\/11\/dimitrije-petrovic-vezuv-u-plamenu-1870-300x237.jpg 300w, https:\/\/www.galerijamaticesrpske.rs\/wp-content\/uploads\/2024\/11\/dimitrije-petrovic-vezuv-u-plamenu-1870-1024x809.jpg 1024w, https:\/\/www.galerijamaticesrpske.rs\/wp-content\/uploads\/2024\/11\/dimitrije-petrovic-vezuv-u-plamenu-1870-768x607.jpg 768w\" sizes=\"auto, (max-width: 1200px) 100vw, 1200px\" \/>\t\t\t\t\t\t\t\t\t\t\t<\/div>\n\t\t\t\t\t<\/div>\n\n\t\t<div class=\"box-text text-left\" >\n\t\t\t<div class=\"box-text-inner\">\n\t\t\t\t\n<p>Dimitrije Petrovi\u0107<br \/><em>Vezuv u plamenu<\/em>, 1870.<\/p>\n\t\t\t<\/div>\n\t\t<\/div>\n\t<\/div>\n\t\n\t<div id=\"gap-825161596\" class=\"gap-element clearfix\" style=\"display:block; height:auto;\">\n\t\t\n<style>\n#gap-825161596 {\n  padding-top: 30px;\n}\n<\/style>\n\t<\/div>\n\t\n\t<div class=\"box has-hover   has-hover box-text-bottom\" >\n\n\t\t<div class=\"box-image\" >\n\t\t\t\t\t\t<div class=\"\" >\n\t\t\t\t<img loading=\"lazy\" decoding=\"async\" width=\"1200\" height=\"905\" src=\"https:\/\/www.galerijamaticesrpske.rs\/wp-content\/uploads\/2024\/11\/milenko-serban-prolece-u-fruskoj-gori-1933.jpg\" class=\"attachment-original size-original\" alt=\"\u041c\u0438\u043b\u0435\u043d\u043a\u043e-\u0428\u0435\u0440\u0431\u0430\u043d,-\u041f\u0440\u043e\u043b\u0435\u045b\u0435-\u0443-\u0424\u0440\u0443\u0448\u043a\u043e\u0458-\u0433\u043e\u0440\u0438,-1933.\" srcset=\"https:\/\/www.galerijamaticesrpske.rs\/wp-content\/uploads\/2024\/11\/milenko-serban-prolece-u-fruskoj-gori-1933.jpg 1200w, https:\/\/www.galerijamaticesrpske.rs\/wp-content\/uploads\/2024\/11\/milenko-serban-prolece-u-fruskoj-gori-1933-300x226.jpg 300w, https:\/\/www.galerijamaticesrpske.rs\/wp-content\/uploads\/2024\/11\/milenko-serban-prolece-u-fruskoj-gori-1933-1024x772.jpg 1024w, https:\/\/www.galerijamaticesrpske.rs\/wp-content\/uploads\/2024\/11\/milenko-serban-prolece-u-fruskoj-gori-1933-768x579.jpg 768w\" sizes=\"auto, (max-width: 1200px) 100vw, 1200px\" \/>\t\t\t\t\t\t\t\t\t\t\t<\/div>\n\t\t\t\t\t<\/div>\n\n\t\t<div class=\"box-text text-left\" >\n\t\t\t<div class=\"box-text-inner\">\n\t\t\t\t\n<p>Milenko \u0160erban<br \/><em>Prole\u0107e u Fru\u0161koj gori<\/em>, 1933.<\/p>\n\t\t\t<\/div>\n\t\t<\/div>\n\t<\/div>\n\t\n\t<div id=\"gap-93128578\" class=\"gap-element clearfix\" style=\"display:block; height:auto;\">\n\t\t\n<style>\n#gap-93128578 {\n  padding-top: 30px;\n}\n<\/style>\n\t<\/div>\n\t\n\t<div class=\"box has-hover   has-hover box-text-bottom\" >\n\n\t\t<div class=\"box-image\" >\n\t\t\t\t\t\t<div class=\"\" >\n\t\t\t\t<img loading=\"lazy\" decoding=\"async\" width=\"1200\" height=\"970\" src=\"https:\/\/www.galerijamaticesrpske.rs\/wp-content\/uploads\/2024\/11\/petar-dobrovic-pejzaz-sa-morem-1927.jpg\" class=\"attachment-original size-original\" alt=\"\u041f\u0435\u0442\u0430\u0440-\u0414\u043e\u0431\u0440\u043e\u0432\u0438\u045b,-\u041f\u0435\u0458\u0437\u0430\u0436-\u0441\u0430-\u043c\u043e\u0440\u0435\u043c,-1927.\" srcset=\"https:\/\/www.galerijamaticesrpske.rs\/wp-content\/uploads\/2024\/11\/petar-dobrovic-pejzaz-sa-morem-1927.jpg 1200w, https:\/\/www.galerijamaticesrpske.rs\/wp-content\/uploads\/2024\/11\/petar-dobrovic-pejzaz-sa-morem-1927-300x243.jpg 300w, https:\/\/www.galerijamaticesrpske.rs\/wp-content\/uploads\/2024\/11\/petar-dobrovic-pejzaz-sa-morem-1927-1024x828.jpg 1024w, https:\/\/www.galerijamaticesrpske.rs\/wp-content\/uploads\/2024\/11\/petar-dobrovic-pejzaz-sa-morem-1927-768x621.jpg 768w\" sizes=\"auto, (max-width: 1200px) 100vw, 1200px\" \/>\t\t\t\t\t\t\t\t\t\t\t<\/div>\n\t\t\t\t\t<\/div>\n\n\t\t<div class=\"box-text text-left\" >\n\t\t\t<div class=\"box-text-inner\">\n\t\t\t\t\n<p>Petar Dobrovi\u0107<br \/><em>Pejza\u017e sa morem<\/em>, 1927.<\/p>\n\t\t\t<\/div>\n\t\t<\/div>\n\t<\/div>\n\t\n\t\t<\/div>\n\t\t\t\t\t<\/div>\n\n\t\n<\/div>\n\t\t<\/div>\n\n\t\t\n<style>\n#section_1958178619 {\n  padding-top: 50px;\n  padding-bottom: 50px;\n  background-color: rgb(246, 246, 246);\n}\n<\/style>\n\t<\/section>\n\t\n\n  <div class=\"banner has-hover\" id=\"banner-2129841131\">\n          <div class=\"banner-inner fill\">\n        <div class=\"banner-bg fill\" >\n                                                \n                    <\/div>\n\t\t\n        <div class=\"banner-layers container\">\n            <div class=\"fill banner-link\"><\/div>            \n\n   <div id=\"text-box-1827171187\" class=\"text-box banner-layer x50 md-x50 lg-x50 y10 md-y50 lg-y50 res-text\">\n                                <div class=\"text-box-content text \">\n              \n              <div class=\"text-inner text-center\">\n                  \n\n\t<div id=\"gap-2068089627\" class=\"gap-element clearfix hidden398\" style=\"display:block; height:auto;\">\n\t\t\n<style>\n#gap-2068089627 {\n  padding-top: 10px;\n}\n<\/style>\n\t<\/div>\n\t\n\n\t<div id=\"text-3273558284\" class=\"text fs16\">\n\t\t\n\n<h2 class=\"title36\">Posetite Galeriju Matice srpske<\/h2>\n<p>Do\u017eivite srpsku umetnost i u\u017eivajte u jedinstvenom ambijentu riznice nacionalne kulture.<\/p>\n\t\t\t<\/div>\n\t\n<a data-animate=\"fadeInUp\" href=\"\/lat\/pretraga-dogadjaja\/\" class=\"button primary is-smaller lowercase maxwidth360\" >\n\t\t<span>Aktuelno u Galeriji<\/span>\n\t<\/a>\n\n\n\t<div id=\"gap-354844772\" class=\"gap-element clearfix\" style=\"display:block; height:auto;\">\n\t\t\n<style>\n#gap-354844772 {\n  padding-top: 10px;\n}\n<\/style>\n\t<\/div>\n\t\n\n\n              <\/div>\n           <\/div>\n                            \n<style>\n#text-box-1827171187 {\n  width: 90%;\n}\n#text-box-1827171187 .text-box-content {\n  font-size: 100%;\n}\n@media (min-width:550px) {\n  #text-box-1827171187 {\n    width: 70%;\n  }\n}\n<\/style>\n    <\/div>\n \n\n        <\/div>\n      <\/div>\n\n            \n<style>\n#banner-2129841131 {\n  padding-top: 210px;\n  background-color: rgb(255, 255, 255);\n}\n@media (min-width:550px) {\n  #banner-2129841131 {\n    padding-top: 320px;\n  }\n}\n<\/style>\n  <\/div>\n\n\n","protected":false},"excerpt":{"rendered":"","protected":false},"author":1,"featured_media":0,"parent":2754,"menu_order":0,"comment_status":"closed","ping_status":"closed","template":"page-blank.php","meta":{"_acf_changed":false,"footnotes":""},"class_list":["post-13809","page","type-page","status-publish","hentry"],"acf":[],"yoast_head":"<!-- This site is optimized with the Yoast SEO plugin v27.3 - https:\/\/yoast.com\/product\/yoast-seo-wordpress\/ -->\n<title>Uto\u010di\u0161ta: \u010covek i okru\u017eenje | Galerija Matice srpske<\/title>\n<meta name=\"robots\" content=\"index, follow, max-snippet:-1, max-image-preview:large, max-video-preview:-1\" \/>\n<link rel=\"canonical\" href=\"http:\/\/www.galerijamaticesrpske.rs\/lat\/stalna-postavka-gms\/utocista-covek-i-okruzenje\/\" \/>\n<meta property=\"og:locale\" content=\"en_US\" \/>\n<meta property=\"og:type\" content=\"article\" \/>\n<meta property=\"og:title\" content=\"Uto\u010di\u0161ta: \u010covek i okru\u017eenje | Galerija Matice srpske\" \/>\n<meta property=\"og:url\" content=\"http:\/\/www.galerijamaticesrpske.rs\/lat\/stalna-postavka-gms\/utocista-covek-i-okruzenje\/\" \/>\n<meta property=\"og:site_name\" content=\"Galerija Matice srpske\" \/>\n<meta property=\"article:modified_time\" content=\"2024-11-16T23:12:27+00:00\" \/>\n<meta name=\"twitter:card\" content=\"summary_large_image\" \/>\n<meta name=\"twitter:label1\" content=\"Est. reading time\" \/>\n\t<meta name=\"twitter:data1\" content=\"3 minutes\" \/>\n<script type=\"application\/ld+json\" class=\"yoast-schema-graph\">{\"@context\":\"https:\\\/\\\/schema.org\",\"@graph\":[{\"@type\":\"WebPage\",\"@id\":\"http:\\\/\\\/www.galerijamaticesrpske.rs\\\/lat\\\/stalna-postavka-gms\\\/utocista-covek-i-okruzenje\\\/\",\"url\":\"http:\\\/\\\/www.galerijamaticesrpske.rs\\\/lat\\\/stalna-postavka-gms\\\/utocista-covek-i-okruzenje\\\/\",\"name\":\"Uto\u010di\u0161ta: \u010covek i okru\u017eenje | Galerija Matice srpske\",\"isPartOf\":{\"@id\":\"https:\\\/\\\/www.galerijamaticesrpske.rs\\\/#website\"},\"datePublished\":\"2024-11-14T11:29:31+00:00\",\"dateModified\":\"2024-11-16T23:12:27+00:00\",\"breadcrumb\":{\"@id\":\"http:\\\/\\\/www.galerijamaticesrpske.rs\\\/lat\\\/stalna-postavka-gms\\\/utocista-covek-i-okruzenje\\\/#breadcrumb\"},\"inLanguage\":\"sr-LAT\",\"potentialAction\":[{\"@type\":\"ReadAction\",\"target\":[\"http:\\\/\\\/www.galerijamaticesrpske.rs\\\/lat\\\/stalna-postavka-gms\\\/utocista-covek-i-okruzenje\\\/\"]}]},{\"@type\":\"BreadcrumbList\",\"@id\":\"http:\\\/\\\/www.galerijamaticesrpske.rs\\\/lat\\\/stalna-postavka-gms\\\/utocista-covek-i-okruzenje\\\/#breadcrumb\",\"itemListElement\":[{\"@type\":\"ListItem\",\"position\":1,\"name\":\"\u041f\u043e\u0447\u0435\u0442\u043d\u0430\",\"item\":\"http:\\\/\\\/www.galerijamaticesrpske.rs\\\/lat\\\/\"},{\"@type\":\"ListItem\",\"position\":2,\"name\":\"Stalna postavka\",\"item\":\"https:\\\/\\\/www.galerijamaticesrpske.rs\\\/lat\\\/stalna-postavka-gms\\\/\"},{\"@type\":\"ListItem\",\"position\":3,\"name\":\"Uto\u010di\u0161ta: \u010covek i okru\u017eenje\"}]},{\"@type\":\"WebSite\",\"@id\":\"https:\\\/\\\/www.galerijamaticesrpske.rs\\\/#website\",\"url\":\"https:\\\/\\\/www.galerijamaticesrpske.rs\\\/\",\"name\":\"Galerija Matice srpske\",\"description\":\"Muzej srpske nacionalne umetnosti u Novom Sadu\",\"publisher\":{\"@id\":\"https:\\\/\\\/www.galerijamaticesrpske.rs\\\/#organization\"},\"potentialAction\":[{\"@type\":\"SearchAction\",\"target\":{\"@type\":\"EntryPoint\",\"urlTemplate\":\"https:\\\/\\\/www.galerijamaticesrpske.rs\\\/?s={search_term_string}\"},\"query-input\":{\"@type\":\"PropertyValueSpecification\",\"valueRequired\":true,\"valueName\":\"search_term_string\"}}],\"inLanguage\":\"sr-LAT\"},{\"@type\":\"Organization\",\"@id\":\"https:\\\/\\\/www.galerijamaticesrpske.rs\\\/#organization\",\"name\":\"Galerija Matice srpske\",\"url\":\"https:\\\/\\\/www.galerijamaticesrpske.rs\\\/\",\"logo\":{\"@type\":\"ImageObject\",\"inLanguage\":\"sr-LAT\",\"@id\":\"https:\\\/\\\/www.galerijamaticesrpske.rs\\\/#\\\/schema\\\/logo\\\/image\\\/\",\"url\":\"https:\\\/\\\/www.galerijamaticesrpske.rs\\\/wp-content\\\/uploads\\\/2021\\\/01\\\/gms-logo-za-sajt.svg\",\"contentUrl\":\"https:\\\/\\\/www.galerijamaticesrpske.rs\\\/wp-content\\\/uploads\\\/2021\\\/01\\\/gms-logo-za-sajt.svg\",\"width\":1,\"height\":1,\"caption\":\"Galerija Matice srpske\"},\"image\":{\"@id\":\"https:\\\/\\\/www.galerijamaticesrpske.rs\\\/#\\\/schema\\\/logo\\\/image\\\/\"}}]}<\/script>\n<!-- \/ Yoast SEO plugin. -->","yoast_head_json":{"title":"Uto\u010di\u0161ta: \u010covek i okru\u017eenje | Galerija Matice srpske","robots":{"index":"index","follow":"follow","max-snippet":"max-snippet:-1","max-image-preview":"max-image-preview:large","max-video-preview":"max-video-preview:-1"},"canonical":"http:\/\/www.galerijamaticesrpske.rs\/lat\/stalna-postavka-gms\/utocista-covek-i-okruzenje\/","og_locale":"en_US","og_type":"article","og_title":"Uto\u010di\u0161ta: \u010covek i okru\u017eenje | Galerija Matice srpske","og_url":"http:\/\/www.galerijamaticesrpske.rs\/lat\/stalna-postavka-gms\/utocista-covek-i-okruzenje\/","og_site_name":"Galerija Matice srpske","article_modified_time":"2024-11-16T23:12:27+00:00","twitter_card":"summary_large_image","twitter_misc":{"Est. reading time":"3 minutes"},"schema":{"@context":"https:\/\/schema.org","@graph":[{"@type":"WebPage","@id":"http:\/\/www.galerijamaticesrpske.rs\/lat\/stalna-postavka-gms\/utocista-covek-i-okruzenje\/","url":"http:\/\/www.galerijamaticesrpske.rs\/lat\/stalna-postavka-gms\/utocista-covek-i-okruzenje\/","name":"Uto\u010di\u0161ta: \u010covek i okru\u017eenje | Galerija Matice srpske","isPartOf":{"@id":"https:\/\/www.galerijamaticesrpske.rs\/#website"},"datePublished":"2024-11-14T11:29:31+00:00","dateModified":"2024-11-16T23:12:27+00:00","breadcrumb":{"@id":"http:\/\/www.galerijamaticesrpske.rs\/lat\/stalna-postavka-gms\/utocista-covek-i-okruzenje\/#breadcrumb"},"inLanguage":"sr-LAT","potentialAction":[{"@type":"ReadAction","target":["http:\/\/www.galerijamaticesrpske.rs\/lat\/stalna-postavka-gms\/utocista-covek-i-okruzenje\/"]}]},{"@type":"BreadcrumbList","@id":"http:\/\/www.galerijamaticesrpske.rs\/lat\/stalna-postavka-gms\/utocista-covek-i-okruzenje\/#breadcrumb","itemListElement":[{"@type":"ListItem","position":1,"name":"\u041f\u043e\u0447\u0435\u0442\u043d\u0430","item":"http:\/\/www.galerijamaticesrpske.rs\/lat\/"},{"@type":"ListItem","position":2,"name":"Stalna postavka","item":"https:\/\/www.galerijamaticesrpske.rs\/lat\/stalna-postavka-gms\/"},{"@type":"ListItem","position":3,"name":"Uto\u010di\u0161ta: \u010covek i okru\u017eenje"}]},{"@type":"WebSite","@id":"https:\/\/www.galerijamaticesrpske.rs\/#website","url":"https:\/\/www.galerijamaticesrpske.rs\/","name":"Galerija Matice srpske","description":"Muzej srpske nacionalne umetnosti u Novom Sadu","publisher":{"@id":"https:\/\/www.galerijamaticesrpske.rs\/#organization"},"potentialAction":[{"@type":"SearchAction","target":{"@type":"EntryPoint","urlTemplate":"https:\/\/www.galerijamaticesrpske.rs\/?s={search_term_string}"},"query-input":{"@type":"PropertyValueSpecification","valueRequired":true,"valueName":"search_term_string"}}],"inLanguage":"sr-LAT"},{"@type":"Organization","@id":"https:\/\/www.galerijamaticesrpske.rs\/#organization","name":"Galerija Matice srpske","url":"https:\/\/www.galerijamaticesrpske.rs\/","logo":{"@type":"ImageObject","inLanguage":"sr-LAT","@id":"https:\/\/www.galerijamaticesrpske.rs\/#\/schema\/logo\/image\/","url":"https:\/\/www.galerijamaticesrpske.rs\/wp-content\/uploads\/2021\/01\/gms-logo-za-sajt.svg","contentUrl":"https:\/\/www.galerijamaticesrpske.rs\/wp-content\/uploads\/2021\/01\/gms-logo-za-sajt.svg","width":1,"height":1,"caption":"Galerija Matice srpske"},"image":{"@id":"https:\/\/www.galerijamaticesrpske.rs\/#\/schema\/logo\/image\/"}}]}},"_links":{"self":[{"href":"https:\/\/www.galerijamaticesrpske.rs\/lat\/wp-json\/wp\/v2\/pages\/13809","targetHints":{"allow":["GET"]}}],"collection":[{"href":"https:\/\/www.galerijamaticesrpske.rs\/lat\/wp-json\/wp\/v2\/pages"}],"about":[{"href":"https:\/\/www.galerijamaticesrpske.rs\/lat\/wp-json\/wp\/v2\/types\/page"}],"author":[{"embeddable":true,"href":"https:\/\/www.galerijamaticesrpske.rs\/lat\/wp-json\/wp\/v2\/users\/1"}],"replies":[{"embeddable":true,"href":"https:\/\/www.galerijamaticesrpske.rs\/lat\/wp-json\/wp\/v2\/comments?post=13809"}],"version-history":[{"count":2,"href":"https:\/\/www.galerijamaticesrpske.rs\/lat\/wp-json\/wp\/v2\/pages\/13809\/revisions"}],"predecessor-version":[{"id":13811,"href":"https:\/\/www.galerijamaticesrpske.rs\/lat\/wp-json\/wp\/v2\/pages\/13809\/revisions\/13811"}],"up":[{"embeddable":true,"href":"https:\/\/www.galerijamaticesrpske.rs\/lat\/wp-json\/wp\/v2\/pages\/2754"}],"wp:attachment":[{"href":"https:\/\/www.galerijamaticesrpske.rs\/lat\/wp-json\/wp\/v2\/media?parent=13809"}],"curies":[{"name":"wp","href":"https:\/\/api.w.org\/{rel}","templated":true}]}}