{"id":13896,"date":"2024-11-14T11:52:20","date_gmt":"2024-11-14T11:52:20","guid":{"rendered":"https:\/\/www.galerijamaticesrpske.rs\/stalna-postavka-gms\/tabu-telo-i-um\/"},"modified":"2024-11-16T22:59:43","modified_gmt":"2024-11-16T22:59:43","slug":"tabu-telo-i-um","status":"publish","type":"page","link":"https:\/\/www.galerijamaticesrpske.rs\/lat\/stalna-postavka-gms\/tabu-telo-i-um\/","title":{"rendered":"Tabu: Telo i um"},"content":{"rendered":"\n\t<section class=\"section pb0\" id=\"section_1366121958\">\n\t\t<div class=\"section-bg fill\" >\n\t\t\t\t\t\t\t\t\t\n\t\t\t\n\n\t\t<\/div>\n\n\t\t\n\n\t\t<div class=\"section-content relative\">\n\t\t\t\n<div class=\"row align-center\"  id=\"row-1960605651\">\n\n\t<div id=\"col-190924122\" class=\"col medium-10 small-12 large-10\"  >\n\t\t\t\t<div class=\"col-inner text-center\"  >\n\t\t\t\n\t\t\t\n\t<div class=\"img has-hover maxwidth80 x md-x lg-x y md-y lg-y\" id=\"image_1163329433\">\n\t\t\t\t\t\t\t\t<div class=\"img-inner dark\" style=\"margin:0px 0px 0 0px;\">\n\t\t\t<img decoding=\"async\" src=\"https:\/\/www.galerijamaticesrpske.rs\/wp-content\/uploads\/2020\/12\/gms-icon_blck.svg\" class=\"attachment-original size-original\" alt=\"GMS | icon\" \/>\t\t\t\t\t\t\n\t\t\t\t\t<\/div>\n\t\t\t\t\t\t\t\t\n<style>\n#image_1163329433 {\n  width: 100%;\n}\n<\/style>\n\t<\/div>\n\t\n\t<div id=\"text-3507338071\" class=\"text\">\n\t\t\n<h1 class=\"title28\">Tabu: Telo i um<\/h1>\n\t\t\n<style>\n#text-3507338071 {\n  text-align: center;\n}\n<\/style>\n\t<\/div>\n\t\n\t\t<\/div>\n\t\t\t\t\n<style>\n#col-190924122 > .col-inner {\n  margin: 0px 0px 40px 0px;\n}\n<\/style>\n\t<\/div>\n\n\t\n\n\t<div id=\"col-828387754\" class=\"col medium-10 small-12 large-10\"  >\n\t\t\t\t<div class=\"col-inner\"  >\n\t\t\t\n\t\t\t\n<p><strong>Telo<\/strong> je oduvek bilo predmet umetni\u010dkog interesovanja. Predstave obna\u017eenosti, u svojoj dugoj istoriji, slu\u017eile su od akademskih ve\u017ebi za studiju ljudske figure do slo\u017eenog simboli\u010dkog govora. Sve do modernisti\u010dkih umetni\u010dkih odstupanja, vekovima se te\u017eilo da se tema akta odvoji od ovozemaljske seksualnosti, eksplicitnog nagove\u0161taja telesnosti, eroti\u010dnosti ali i nesavr\u0161enosti. Po\u010detkom HH veka u srpskoj umetnosti po\u010dinje da se uo\u010dava modernisti\u010dko na\u010delo \u201eoslobo\u0111ene nagosti\u201c.<\/p>\n<p>Ko sam ja, ko su drugi, \u0161ta smo jedni drugima, kako se i za\u0161to i po \u010demu razlikujemo? <strong>Pitanje sopstva<\/strong> staro je koliko i \u010dovek. Razli\u010dite kulture, navike i potrebe odre\u0111ivale su \u0161ta dru\u0161tvo od pojedinca o\u010dekuje.<\/p>\n<p>Kroz ustaljene obrasce pona\u0161anja i \u017eivljenja oblikovana su o\u010dekivanja, ali i stereotipi. Marginalizovane dru\u0161tvene grupe poput nacionalnih manjina, osoba sa invaliditetom, razli\u010ditost uslovljena rodnim identitetom, starosnom dobi i klasom \u010desto su konstruisani razlozi za pritisak i nasilje dominantne dru\u0161tvene zajednice. Fotografije performansa MP_art, koji otvara pitanje odnosa pojedinca i sredine, u dijalogu su sa portretima srpske umetnosti XIX i XX veka.<\/p>\n<p>Kojim <strong>ose\u0107anjem<\/strong> biste opisali <em>Autoportret<\/em> Novaka Radoni\u0107a? A kojim skulpturu <em>Melanholija<\/em>? Kako predstaviti nevidljivo, kako oblikovati neopipljivo?<\/p>\n<p>Tokom vekova alegorijske predstave tuge, bola, straha ili sre\u0107e pozivale su na razmi\u0161ljanja o ose\u0107anjima. Od medicinskih definicija do romanti\u010darskog bunta umetnost je vizualizovala \u010dovekov slo\u017eeni emotivni sistem. Istovremeno, treba imati na umu da su se razli\u010dite epohe i kulture druga\u010dije odnosile prema ljudskim emocijama. Da li dok gledamo umetni\u010dke radove razmi\u0161ljamo ili ose\u0107amo?<\/p>\n<p><strong>Smrt.<\/strong> Ta izvesna neizvesnost svakog od nas javlja se kao kona\u010dni i neizbe\u017eni zavr\u0161etak \u010dovekovog zemnog \u017eivota, neuslovljen bogatstvom, dru\u0161tvenim ugledom, statusom ili mo\u0107i. Za\u0161to je ova prirodna pojava, koja pobu\u0111uje strah, teskobu, zabrinutost, ve\u010dita tema umetnika? U umetnosti smrt i ru\u017eno su \u010desto predstavljani kao suprotnosti \u017eivotu i lepoti. Ipak, hri\u0161\u0107anstvo u predstavama smrti nagove\u0161tava optimisti\u010dnu ideju spasenja. <\/p>\n\t\t<\/div>\n\t\t\t\t\n<style>\n#col-828387754 > .col-inner {\n  padding: 0px 20px 0px 20px;\n}\n<\/style>\n\t<\/div>\n\n\t\n<\/div>\n<div class=\"row textimgboxnormal\"  id=\"row-1743410625\">\n\n\t<div id=\"col-385302219\" class=\"col medium-4 small-12 large-4\"  data-animate=\"fadeInUp\">\n\t\t\t\t<div class=\"col-inner\"  >\n\t\t\t\n\t\t\t\n\t<div class=\"box has-hover   has-hover box-text-bottom\" >\n\n\t\t<div class=\"box-image\" >\n\t\t\t\t\t\t<div class=\"\" >\n\t\t\t\t<img loading=\"lazy\" decoding=\"async\" width=\"996\" height=\"1400\" src=\"https:\/\/www.galerijamaticesrpske.rs\/wp-content\/uploads\/2024\/11\/mp_art-mental-geto-inside-of-body-2004.jpg\" class=\"attachment-original size-original\" alt=\"MP_art, Mental geto, Inside of Body, 2004.\" srcset=\"https:\/\/www.galerijamaticesrpske.rs\/wp-content\/uploads\/2024\/11\/mp_art-mental-geto-inside-of-body-2004.jpg 996w, https:\/\/www.galerijamaticesrpske.rs\/wp-content\/uploads\/2024\/11\/mp_art-mental-geto-inside-of-body-2004-213x300.jpg 213w, https:\/\/www.galerijamaticesrpske.rs\/wp-content\/uploads\/2024\/11\/mp_art-mental-geto-inside-of-body-2004-729x1024.jpg 729w, https:\/\/www.galerijamaticesrpske.rs\/wp-content\/uploads\/2024\/11\/mp_art-mental-geto-inside-of-body-2004-768x1080.jpg 768w\" sizes=\"auto, (max-width: 996px) 100vw, 996px\" \/>\t\t\t\t\t\t\t\t\t\t\t<\/div>\n\t\t\t\t\t<\/div>\n\n\t\t<div class=\"box-text text-left\" >\n\t\t\t<div class=\"box-text-inner\">\n\t\t\t\t\n<p>MP_art<br \/>Mental geto,<em> Inside of Body<\/em>, 2004.<\/p>\n\t\t\t<\/div>\n\t\t<\/div>\n\t<\/div>\n\t\n\t<div id=\"gap-973759869\" class=\"gap-element clearfix\" style=\"display:block; height:auto;\">\n\t\t\n<style>\n#gap-973759869 {\n  padding-top: 30px;\n}\n<\/style>\n\t<\/div>\n\t\n\t<div class=\"box has-hover   has-hover box-text-bottom\" >\n\n\t\t<div class=\"box-image\" >\n\t\t\t\t\t\t<div class=\"\" >\n\t\t\t\t<img loading=\"lazy\" decoding=\"async\" width=\"1098\" height=\"1400\" src=\"https:\/\/www.galerijamaticesrpske.rs\/wp-content\/uploads\/2024\/11\/novak-radonjic-autoportret-1857-1858.jpg\" class=\"attachment-original size-original\" alt=\"\u041d\u043e\u0432\u0430\u043a-\u0420\u0430\u0434\u043e\u045a\u0438\u045b,-\u0410\u0443\u0442\u043e\u043f\u043e\u0440\u0442\u0440\u0435\u0442, 1857-1858.\" srcset=\"https:\/\/www.galerijamaticesrpske.rs\/wp-content\/uploads\/2024\/11\/novak-radonjic-autoportret-1857-1858.jpg 1098w, https:\/\/www.galerijamaticesrpske.rs\/wp-content\/uploads\/2024\/11\/novak-radonjic-autoportret-1857-1858-235x300.jpg 235w, https:\/\/www.galerijamaticesrpske.rs\/wp-content\/uploads\/2024\/11\/novak-radonjic-autoportret-1857-1858-803x1024.jpg 803w, https:\/\/www.galerijamaticesrpske.rs\/wp-content\/uploads\/2024\/11\/novak-radonjic-autoportret-1857-1858-768x979.jpg 768w\" sizes=\"auto, (max-width: 1098px) 100vw, 1098px\" \/>\t\t\t\t\t\t\t\t\t\t\t<\/div>\n\t\t\t\t\t<\/div>\n\n\t\t<div class=\"box-text text-left\" >\n\t\t\t<div class=\"box-text-inner\">\n\t\t\t\t\n<p>Novak Radonji\u0107<br \/><em>Autoportret<\/em>, 1857-1858.<\/p>\n\t\t\t<\/div>\n\t\t<\/div>\n\t<\/div>\n\t\n\t<div id=\"gap-597004148\" class=\"gap-element clearfix\" style=\"display:block; height:auto;\">\n\t\t\n<style>\n#gap-597004148 {\n  padding-top: 30px;\n}\n<\/style>\n\t<\/div>\n\t\n\t<div class=\"box has-hover   has-hover box-text-bottom\" >\n\n\t\t<div class=\"box-image\" >\n\t\t\t\t\t\t<div class=\"\" >\n\t\t\t\t<img loading=\"lazy\" decoding=\"async\" width=\"1200\" height=\"928\" src=\"https:\/\/www.galerijamaticesrpske.rs\/wp-content\/uploads\/2024\/11\/voja-trifunovic-lobanja-knjiga-i-kandilo-1927.jpg\" class=\"attachment-original size-original\" alt=\"\u0412\u043e\u0458\u0430-\u0422\u0440\u0438\u0444\u0443\u043d\u043e\u0432\u0438\u045b,-\u041b\u043e\u0431\u0430\u045a\u0430,-\u043a\u045a\u0438\u0433\u0430-\u0438-\u043a\u0430\u043d\u0434\u0438\u043b\u043e,-1927.\" srcset=\"https:\/\/www.galerijamaticesrpske.rs\/wp-content\/uploads\/2024\/11\/voja-trifunovic-lobanja-knjiga-i-kandilo-1927.jpg 1200w, https:\/\/www.galerijamaticesrpske.rs\/wp-content\/uploads\/2024\/11\/voja-trifunovic-lobanja-knjiga-i-kandilo-1927-300x232.jpg 300w, https:\/\/www.galerijamaticesrpske.rs\/wp-content\/uploads\/2024\/11\/voja-trifunovic-lobanja-knjiga-i-kandilo-1927-1024x792.jpg 1024w, https:\/\/www.galerijamaticesrpske.rs\/wp-content\/uploads\/2024\/11\/voja-trifunovic-lobanja-knjiga-i-kandilo-1927-768x594.jpg 768w\" sizes=\"auto, (max-width: 1200px) 100vw, 1200px\" \/>\t\t\t\t\t\t\t\t\t\t\t<\/div>\n\t\t\t\t\t<\/div>\n\n\t\t<div class=\"box-text text-left\" >\n\t\t\t<div class=\"box-text-inner\">\n\t\t\t\t\n<p>Voja Trifunovi\u0107<br \/><em>Lobanja, knjiga i kandilo<\/em>, 1927.<\/p>\n\t\t\t<\/div>\n\t\t<\/div>\n\t<\/div>\n\t\n\t<div id=\"gap-384311959\" class=\"gap-element clearfix\" style=\"display:block; height:auto;\">\n\t\t\n<style>\n#gap-384311959 {\n  padding-top: 30px;\n}\n<\/style>\n\t<\/div>\n\t\n\t\t<\/div>\n\t\t\t\t\t<\/div>\n\n\t\n\n\t<div id=\"col-843547214\" class=\"col medium-4 small-12 large-4\"  data-animate=\"fadeInUp\">\n\t\t\t\t<div class=\"col-inner text-left\"  >\n\t\t\t\n\t\t\t\n\t<div class=\"box has-hover   has-hover box-text-bottom\" >\n\n\t\t<div class=\"box-image\" >\n\t\t\t\t\t\t<div class=\"\" >\n\t\t\t\t<img loading=\"lazy\" decoding=\"async\" width=\"1061\" height=\"1400\" src=\"https:\/\/www.galerijamaticesrpske.rs\/wp-content\/uploads\/2024\/11\/josif-falta-starica-1892.jpg\" class=\"attachment-original size-original\" alt=\"\u0408\u043e\u0441\u0438\u0444 \u0424\u0430\u043b\u0442\u0430, \u0421\u0442\u0430\u0440\u0438\u0446\u0430, 1892.\" srcset=\"https:\/\/www.galerijamaticesrpske.rs\/wp-content\/uploads\/2024\/11\/josif-falta-starica-1892.jpg 1061w, https:\/\/www.galerijamaticesrpske.rs\/wp-content\/uploads\/2024\/11\/josif-falta-starica-1892-227x300.jpg 227w, https:\/\/www.galerijamaticesrpske.rs\/wp-content\/uploads\/2024\/11\/josif-falta-starica-1892-776x1024.jpg 776w, https:\/\/www.galerijamaticesrpske.rs\/wp-content\/uploads\/2024\/11\/josif-falta-starica-1892-768x1013.jpg 768w\" sizes=\"auto, (max-width: 1061px) 100vw, 1061px\" \/>\t\t\t\t\t\t\t\t\t\t\t<\/div>\n\t\t\t\t\t<\/div>\n\n\t\t<div class=\"box-text text-left\" >\n\t\t\t<div class=\"box-text-inner\">\n\t\t\t\t\n<p>Josif Falta<br \/><em>Starica<\/em>, 1892.<\/p>\n\t\t\t<\/div>\n\t\t<\/div>\n\t<\/div>\n\t\n\t<div id=\"gap-1562115482\" class=\"gap-element clearfix\" style=\"display:block; height:auto;\">\n\t\t\n<style>\n#gap-1562115482 {\n  padding-top: 30px;\n}\n<\/style>\n\t<\/div>\n\t\n\t<div class=\"box has-hover   has-hover box-text-bottom\" >\n\n\t\t<div class=\"box-image\" >\n\t\t\t\t\t\t<div class=\"\" >\n\t\t\t\t<img loading=\"lazy\" decoding=\"async\" width=\"1130\" height=\"1400\" src=\"https:\/\/www.galerijamaticesrpske.rs\/wp-content\/uploads\/2024\/11\/nikola-aleksic-umetnikova-supruga-u-casu-smrti-marijeta-aleksic-rodj.-stankic-1860-1870.jpg\" class=\"attachment-original size-original\" alt=\"\u041d\u0438\u043a\u043e\u043b\u0430-\u0410\u043b\u0435\u043a\u0441\u0438\u045b,-\u0423\u043c\u0435\u0442\u043d\u0438\u043a\u043e\u0432\u0430-\u0441\u0443\u043f\u0440\u0443\u0433\u0430-\u0443-\u0447\u0430\u0441\u0443-\u0441\u043c\u0440\u0442\u0438-(\u041c\u0430\u0440\u0438\u0458\u0435\u0442\u0430-\u0410\u043b\u0435\u043a\u0441\u0438\u045b-\u0440\u043e\u0452.-\u0421\u0442\u0430\u043d\u043a\u0438\u045b), 1860-1870.\" srcset=\"https:\/\/www.galerijamaticesrpske.rs\/wp-content\/uploads\/2024\/11\/nikola-aleksic-umetnikova-supruga-u-casu-smrti-marijeta-aleksic-rodj.-stankic-1860-1870.jpg 1130w, https:\/\/www.galerijamaticesrpske.rs\/wp-content\/uploads\/2024\/11\/nikola-aleksic-umetnikova-supruga-u-casu-smrti-marijeta-aleksic-rodj.-stankic-1860-1870-242x300.jpg 242w, https:\/\/www.galerijamaticesrpske.rs\/wp-content\/uploads\/2024\/11\/nikola-aleksic-umetnikova-supruga-u-casu-smrti-marijeta-aleksic-rodj.-stankic-1860-1870-827x1024.jpg 827w, https:\/\/www.galerijamaticesrpske.rs\/wp-content\/uploads\/2024\/11\/nikola-aleksic-umetnikova-supruga-u-casu-smrti-marijeta-aleksic-rodj.-stankic-1860-1870-768x952.jpg 768w\" sizes=\"auto, (max-width: 1130px) 100vw, 1130px\" \/>\t\t\t\t\t\t\t\t\t\t\t<\/div>\n\t\t\t\t\t<\/div>\n\n\t\t<div class=\"box-text text-left\" >\n\t\t\t<div class=\"box-text-inner\">\n\t\t\t\t\n<p>Nikola Aleksi\u0107<br \/><em>Umetnikova supruga u \u010dasu smrti (Marijeta Aleksi\u0107 ro\u0111. Stanki\u0107)<\/em>, 1860-1870.<\/p>\n\t\t\t<\/div>\n\t\t<\/div>\n\t<\/div>\n\t\n\t<div id=\"gap-683858237\" class=\"gap-element clearfix\" style=\"display:block; height:auto;\">\n\t\t\n<style>\n#gap-683858237 {\n  padding-top: 30px;\n}\n<\/style>\n\t<\/div>\n\t\n\t<div class=\"box has-hover   has-hover box-text-bottom\" >\n\n\t\t<div class=\"box-image\" >\n\t\t\t\t\t\t<div class=\"\" >\n\t\t\t\t<img loading=\"lazy\" decoding=\"async\" width=\"1200\" height=\"828\" src=\"https:\/\/www.galerijamaticesrpske.rs\/wp-content\/uploads\/2024\/11\/stevan-aleksic-zenski-akt-1920.jpg\" class=\"attachment-original size-original\" alt=\"\u0421\u0442\u0435\u0432\u0430\u043d-\u0410\u043b\u0435\u043a\u0441\u0438\u045b,-\u0416\u0435\u043d\u0441\u043a\u0438-\u0430\u043a\u0442,-1920.\" srcset=\"https:\/\/www.galerijamaticesrpske.rs\/wp-content\/uploads\/2024\/11\/stevan-aleksic-zenski-akt-1920.jpg 1200w, https:\/\/www.galerijamaticesrpske.rs\/wp-content\/uploads\/2024\/11\/stevan-aleksic-zenski-akt-1920-300x207.jpg 300w, https:\/\/www.galerijamaticesrpske.rs\/wp-content\/uploads\/2024\/11\/stevan-aleksic-zenski-akt-1920-1024x707.jpg 1024w, https:\/\/www.galerijamaticesrpske.rs\/wp-content\/uploads\/2024\/11\/stevan-aleksic-zenski-akt-1920-768x530.jpg 768w\" sizes=\"auto, (max-width: 1200px) 100vw, 1200px\" \/>\t\t\t\t\t\t\t\t\t\t\t<\/div>\n\t\t\t\t\t<\/div>\n\n\t\t<div class=\"box-text text-left\" >\n\t\t\t<div class=\"box-text-inner\">\n\t\t\t\t\n<p>Stevan Aleksi\u0107<br \/><em>\u017denski akt<\/em>, 1920.<\/p>\n\t\t\t<\/div>\n\t\t<\/div>\n\t<\/div>\n\t\n\t\t<\/div>\n\t\t\t\t\t<\/div>\n\n\t\n\n\t<div id=\"col-1239114563\" class=\"col medium-4 small-12 large-4\"  data-animate=\"fadeInUp\">\n\t\t\t\t<div class=\"col-inner text-left\"  >\n\t\t\t\n\t\t\t\n\t<div class=\"box has-hover   has-hover box-text-bottom\" >\n\n\t\t<div class=\"box-image\" >\n\t\t\t\t\t\t<div class=\"\" >\n\t\t\t\t<img loading=\"lazy\" decoding=\"async\" width=\"897\" height=\"1400\" src=\"https:\/\/www.galerijamaticesrpske.rs\/wp-content\/uploads\/2024\/11\/petar-dobrovic-mladic-u-vecernjem-pejzazu-1922.jpg\" class=\"attachment-original size-original\" alt=\"\u041f\u0435\u0442\u0430\u0440-\u0414\u043e\u0431\u0440\u043e\u0432\u0438\u045b,-\u041c\u043b\u0430\u0434\u0438\u045b-\u0443-\u0432\u0435\u0447\u0435\u0440\u045a\u0435\u043c-\u043f\u0435\u0458\u0437\u0430\u0436\u0443,-1922.\" srcset=\"https:\/\/www.galerijamaticesrpske.rs\/wp-content\/uploads\/2024\/11\/petar-dobrovic-mladic-u-vecernjem-pejzazu-1922.jpg 897w, https:\/\/www.galerijamaticesrpske.rs\/wp-content\/uploads\/2024\/11\/petar-dobrovic-mladic-u-vecernjem-pejzazu-1922-192x300.jpg 192w, https:\/\/www.galerijamaticesrpske.rs\/wp-content\/uploads\/2024\/11\/petar-dobrovic-mladic-u-vecernjem-pejzazu-1922-656x1024.jpg 656w, https:\/\/www.galerijamaticesrpske.rs\/wp-content\/uploads\/2024\/11\/petar-dobrovic-mladic-u-vecernjem-pejzazu-1922-768x1199.jpg 768w\" sizes=\"auto, (max-width: 897px) 100vw, 897px\" \/>\t\t\t\t\t\t\t\t\t\t\t<\/div>\n\t\t\t\t\t<\/div>\n\n\t\t<div class=\"box-text text-left\" >\n\t\t\t<div class=\"box-text-inner\">\n\t\t\t\t\n<p>Petar Dobrovi\u0107<br \/><em>Mladi\u0107 u ve\u010dernjem pejza\u017eu<\/em>, 1922.<\/p>\n\t\t\t<\/div>\n\t\t<\/div>\n\t<\/div>\n\t\n\t<div id=\"gap-704917701\" class=\"gap-element clearfix\" style=\"display:block; height:auto;\">\n\t\t\n<style>\n#gap-704917701 {\n  padding-top: 30px;\n}\n<\/style>\n\t<\/div>\n\t\n\t<div class=\"box has-hover   has-hover box-text-bottom\" >\n\n\t\t<div class=\"box-image\" >\n\t\t\t\t\t\t<div class=\"\" >\n\t\t\t\t<img loading=\"lazy\" decoding=\"async\" width=\"933\" height=\"1400\" src=\"https:\/\/www.galerijamaticesrpske.rs\/wp-content\/uploads\/2024\/11\/sava-sandic-melanholija-1977.jpg\" class=\"attachment-original size-original\" alt=\"\u0421\u0430\u0432\u0430-\u0421\u0430\u043d\u0434\u0438\u045b,-\u041c\u0435\u043b\u0430\u043d\u0445\u043e\u043b\u0438\u0458\u0430,-1977.\" srcset=\"https:\/\/www.galerijamaticesrpske.rs\/wp-content\/uploads\/2024\/11\/sava-sandic-melanholija-1977.jpg 933w, https:\/\/www.galerijamaticesrpske.rs\/wp-content\/uploads\/2024\/11\/sava-sandic-melanholija-1977-200x300.jpg 200w, https:\/\/www.galerijamaticesrpske.rs\/wp-content\/uploads\/2024\/11\/sava-sandic-melanholija-1977-682x1024.jpg 682w, https:\/\/www.galerijamaticesrpske.rs\/wp-content\/uploads\/2024\/11\/sava-sandic-melanholija-1977-768x1152.jpg 768w\" sizes=\"auto, (max-width: 933px) 100vw, 933px\" \/>\t\t\t\t\t\t\t\t\t\t\t<\/div>\n\t\t\t\t\t<\/div>\n\n\t\t<div class=\"box-text text-left\" >\n\t\t\t<div class=\"box-text-inner\">\n\t\t\t\t\n<p>Sava Sandi\u0107<br \/><em>Melanholija<\/em>, 1977.<\/p>\n\t\t\t<\/div>\n\t\t<\/div>\n\t<\/div>\n\t\n\t<div id=\"gap-1814896617\" class=\"gap-element clearfix\" style=\"display:block; height:auto;\">\n\t\t\n<style>\n#gap-1814896617 {\n  padding-top: 30px;\n}\n<\/style>\n\t<\/div>\n\t\n\t\t<\/div>\n\t\t\t\t\t<\/div>\n\n\t\n<\/div>\n\t\t<\/div>\n\n\t\t\n<style>\n#section_1366121958 {\n  padding-top: 50px;\n  padding-bottom: 50px;\n  background-color: rgb(246, 246, 246);\n}\n<\/style>\n\t<\/section>\n\t\n\n  <div class=\"banner has-hover\" id=\"banner-342667738\">\n          <div class=\"banner-inner fill\">\n        <div class=\"banner-bg fill\" >\n                                                \n                    <\/div>\n\t\t\n        <div class=\"banner-layers container\">\n            <div class=\"fill banner-link\"><\/div>            \n\n   <div id=\"text-box-514610935\" class=\"text-box banner-layer x50 md-x50 lg-x50 y10 md-y50 lg-y50 res-text\">\n                                <div class=\"text-box-content text \">\n              \n              <div class=\"text-inner text-center\">\n                  \n\n\t<div id=\"gap-775092004\" class=\"gap-element clearfix hidden398\" style=\"display:block; height:auto;\">\n\t\t\n<style>\n#gap-775092004 {\n  padding-top: 10px;\n}\n<\/style>\n\t<\/div>\n\t\n\n\t<div id=\"text-3789808567\" class=\"text fs16\">\n\t\t\n\n<h2 class=\"title36\">Posetite Galeriju Matice srpske<\/h2>\n<p>Do\u017eivite srpsku umetnost i u\u017eivajte u jedinstvenom ambijentu riznice nacionalne kulture.<\/p>\n\t\t\t<\/div>\n\t\n<a data-animate=\"fadeInUp\" href=\"\/lat\/pretraga-dogadjaja\/\" class=\"button primary is-smaller lowercase maxwidth360\" >\n\t\t<span>Aktuelno u Galeriji<\/span>\n\t<\/a>\n\n\n\t<div id=\"gap-1857300926\" class=\"gap-element clearfix\" style=\"display:block; height:auto;\">\n\t\t\n<style>\n#gap-1857300926 {\n  padding-top: 10px;\n}\n<\/style>\n\t<\/div>\n\t\n\n\n              <\/div>\n           <\/div>\n                            \n<style>\n#text-box-514610935 {\n  width: 90%;\n}\n#text-box-514610935 .text-box-content {\n  font-size: 100%;\n}\n@media (min-width:550px) {\n  #text-box-514610935 {\n    width: 70%;\n  }\n}\n<\/style>\n    <\/div>\n \n\n        <\/div>\n      <\/div>\n\n            \n<style>\n#banner-342667738 {\n  padding-top: 210px;\n  background-color: rgb(255, 255, 255);\n}\n@media (min-width:550px) {\n  #banner-342667738 {\n    padding-top: 320px;\n  }\n}\n<\/style>\n  <\/div>\n\n\n","protected":false},"excerpt":{"rendered":"","protected":false},"author":1,"featured_media":0,"parent":2754,"menu_order":0,"comment_status":"closed","ping_status":"closed","template":"page-blank.php","meta":{"_acf_changed":false,"footnotes":""},"class_list":["post-13896","page","type-page","status-publish","hentry"],"acf":[],"yoast_head":"<!-- This site is optimized with the Yoast SEO plugin v27.3 - https:\/\/yoast.com\/product\/yoast-seo-wordpress\/ -->\n<title>Tabu: Telo i um | Galerija Matice srpske<\/title>\n<meta name=\"robots\" content=\"index, follow, max-snippet:-1, max-image-preview:large, max-video-preview:-1\" \/>\n<link rel=\"canonical\" href=\"https:\/\/www.galerijamaticesrpske.rs\/lat\/stalna-postavka-gms\/tabu-telo-i-um\/\" \/>\n<meta property=\"og:locale\" content=\"en_US\" \/>\n<meta property=\"og:type\" content=\"article\" \/>\n<meta property=\"og:title\" content=\"Tabu: Telo i um | Galerija Matice srpske\" \/>\n<meta property=\"og:url\" content=\"https:\/\/www.galerijamaticesrpske.rs\/lat\/stalna-postavka-gms\/tabu-telo-i-um\/\" \/>\n<meta property=\"og:site_name\" content=\"Galerija Matice srpske\" \/>\n<meta property=\"article:modified_time\" content=\"2024-11-16T22:59:43+00:00\" \/>\n<meta name=\"twitter:card\" content=\"summary_large_image\" \/>\n<meta name=\"twitter:label1\" content=\"Est. reading time\" \/>\n\t<meta name=\"twitter:data1\" content=\"3 minutes\" \/>\n<script type=\"application\/ld+json\" class=\"yoast-schema-graph\">{\"@context\":\"https:\\\/\\\/schema.org\",\"@graph\":[{\"@type\":\"WebPage\",\"@id\":\"https:\\\/\\\/www.galerijamaticesrpske.rs\\\/lat\\\/stalna-postavka-gms\\\/tabu-telo-i-um\\\/\",\"url\":\"https:\\\/\\\/www.galerijamaticesrpske.rs\\\/lat\\\/stalna-postavka-gms\\\/tabu-telo-i-um\\\/\",\"name\":\"Tabu: Telo i um | Galerija Matice srpske\",\"isPartOf\":{\"@id\":\"https:\\\/\\\/www.galerijamaticesrpske.rs\\\/#website\"},\"datePublished\":\"2024-11-14T11:52:20+00:00\",\"dateModified\":\"2024-11-16T22:59:43+00:00\",\"breadcrumb\":{\"@id\":\"https:\\\/\\\/www.galerijamaticesrpske.rs\\\/lat\\\/stalna-postavka-gms\\\/tabu-telo-i-um\\\/#breadcrumb\"},\"inLanguage\":\"sr-LAT\",\"potentialAction\":[{\"@type\":\"ReadAction\",\"target\":[\"https:\\\/\\\/www.galerijamaticesrpske.rs\\\/lat\\\/stalna-postavka-gms\\\/tabu-telo-i-um\\\/\"]}]},{\"@type\":\"BreadcrumbList\",\"@id\":\"https:\\\/\\\/www.galerijamaticesrpske.rs\\\/lat\\\/stalna-postavka-gms\\\/tabu-telo-i-um\\\/#breadcrumb\",\"itemListElement\":[{\"@type\":\"ListItem\",\"position\":1,\"name\":\"\u041f\u043e\u0447\u0435\u0442\u043d\u0430\",\"item\":\"http:\\\/\\\/www.galerijamaticesrpske.rs\\\/lat\\\/\"},{\"@type\":\"ListItem\",\"position\":2,\"name\":\"Stalna postavka\",\"item\":\"https:\\\/\\\/www.galerijamaticesrpske.rs\\\/lat\\\/stalna-postavka-gms\\\/\"},{\"@type\":\"ListItem\",\"position\":3,\"name\":\"Tabu: Telo i um\"}]},{\"@type\":\"WebSite\",\"@id\":\"https:\\\/\\\/www.galerijamaticesrpske.rs\\\/#website\",\"url\":\"https:\\\/\\\/www.galerijamaticesrpske.rs\\\/\",\"name\":\"Galerija Matice srpske\",\"description\":\"Muzej srpske nacionalne umetnosti u Novom Sadu\",\"publisher\":{\"@id\":\"https:\\\/\\\/www.galerijamaticesrpske.rs\\\/#organization\"},\"potentialAction\":[{\"@type\":\"SearchAction\",\"target\":{\"@type\":\"EntryPoint\",\"urlTemplate\":\"https:\\\/\\\/www.galerijamaticesrpske.rs\\\/?s={search_term_string}\"},\"query-input\":{\"@type\":\"PropertyValueSpecification\",\"valueRequired\":true,\"valueName\":\"search_term_string\"}}],\"inLanguage\":\"sr-LAT\"},{\"@type\":\"Organization\",\"@id\":\"https:\\\/\\\/www.galerijamaticesrpske.rs\\\/#organization\",\"name\":\"Galerija Matice srpske\",\"url\":\"https:\\\/\\\/www.galerijamaticesrpske.rs\\\/\",\"logo\":{\"@type\":\"ImageObject\",\"inLanguage\":\"sr-LAT\",\"@id\":\"https:\\\/\\\/www.galerijamaticesrpske.rs\\\/#\\\/schema\\\/logo\\\/image\\\/\",\"url\":\"https:\\\/\\\/www.galerijamaticesrpske.rs\\\/wp-content\\\/uploads\\\/2021\\\/01\\\/gms-logo-za-sajt.svg\",\"contentUrl\":\"https:\\\/\\\/www.galerijamaticesrpske.rs\\\/wp-content\\\/uploads\\\/2021\\\/01\\\/gms-logo-za-sajt.svg\",\"width\":1,\"height\":1,\"caption\":\"Galerija Matice srpske\"},\"image\":{\"@id\":\"https:\\\/\\\/www.galerijamaticesrpske.rs\\\/#\\\/schema\\\/logo\\\/image\\\/\"}}]}<\/script>\n<!-- \/ Yoast SEO plugin. -->","yoast_head_json":{"title":"Tabu: Telo i um | Galerija Matice srpske","robots":{"index":"index","follow":"follow","max-snippet":"max-snippet:-1","max-image-preview":"max-image-preview:large","max-video-preview":"max-video-preview:-1"},"canonical":"https:\/\/www.galerijamaticesrpske.rs\/lat\/stalna-postavka-gms\/tabu-telo-i-um\/","og_locale":"en_US","og_type":"article","og_title":"Tabu: Telo i um | Galerija Matice srpske","og_url":"https:\/\/www.galerijamaticesrpske.rs\/lat\/stalna-postavka-gms\/tabu-telo-i-um\/","og_site_name":"Galerija Matice srpske","article_modified_time":"2024-11-16T22:59:43+00:00","twitter_card":"summary_large_image","twitter_misc":{"Est. reading time":"3 minutes"},"schema":{"@context":"https:\/\/schema.org","@graph":[{"@type":"WebPage","@id":"https:\/\/www.galerijamaticesrpske.rs\/lat\/stalna-postavka-gms\/tabu-telo-i-um\/","url":"https:\/\/www.galerijamaticesrpske.rs\/lat\/stalna-postavka-gms\/tabu-telo-i-um\/","name":"Tabu: Telo i um | Galerija Matice srpske","isPartOf":{"@id":"https:\/\/www.galerijamaticesrpske.rs\/#website"},"datePublished":"2024-11-14T11:52:20+00:00","dateModified":"2024-11-16T22:59:43+00:00","breadcrumb":{"@id":"https:\/\/www.galerijamaticesrpske.rs\/lat\/stalna-postavka-gms\/tabu-telo-i-um\/#breadcrumb"},"inLanguage":"sr-LAT","potentialAction":[{"@type":"ReadAction","target":["https:\/\/www.galerijamaticesrpske.rs\/lat\/stalna-postavka-gms\/tabu-telo-i-um\/"]}]},{"@type":"BreadcrumbList","@id":"https:\/\/www.galerijamaticesrpske.rs\/lat\/stalna-postavka-gms\/tabu-telo-i-um\/#breadcrumb","itemListElement":[{"@type":"ListItem","position":1,"name":"\u041f\u043e\u0447\u0435\u0442\u043d\u0430","item":"http:\/\/www.galerijamaticesrpske.rs\/lat\/"},{"@type":"ListItem","position":2,"name":"Stalna postavka","item":"https:\/\/www.galerijamaticesrpske.rs\/lat\/stalna-postavka-gms\/"},{"@type":"ListItem","position":3,"name":"Tabu: Telo i um"}]},{"@type":"WebSite","@id":"https:\/\/www.galerijamaticesrpske.rs\/#website","url":"https:\/\/www.galerijamaticesrpske.rs\/","name":"Galerija Matice srpske","description":"Muzej srpske nacionalne umetnosti u Novom Sadu","publisher":{"@id":"https:\/\/www.galerijamaticesrpske.rs\/#organization"},"potentialAction":[{"@type":"SearchAction","target":{"@type":"EntryPoint","urlTemplate":"https:\/\/www.galerijamaticesrpske.rs\/?s={search_term_string}"},"query-input":{"@type":"PropertyValueSpecification","valueRequired":true,"valueName":"search_term_string"}}],"inLanguage":"sr-LAT"},{"@type":"Organization","@id":"https:\/\/www.galerijamaticesrpske.rs\/#organization","name":"Galerija Matice srpske","url":"https:\/\/www.galerijamaticesrpske.rs\/","logo":{"@type":"ImageObject","inLanguage":"sr-LAT","@id":"https:\/\/www.galerijamaticesrpske.rs\/#\/schema\/logo\/image\/","url":"https:\/\/www.galerijamaticesrpske.rs\/wp-content\/uploads\/2021\/01\/gms-logo-za-sajt.svg","contentUrl":"https:\/\/www.galerijamaticesrpske.rs\/wp-content\/uploads\/2021\/01\/gms-logo-za-sajt.svg","width":1,"height":1,"caption":"Galerija Matice srpske"},"image":{"@id":"https:\/\/www.galerijamaticesrpske.rs\/#\/schema\/logo\/image\/"}}]}},"_links":{"self":[{"href":"https:\/\/www.galerijamaticesrpske.rs\/lat\/wp-json\/wp\/v2\/pages\/13896","targetHints":{"allow":["GET"]}}],"collection":[{"href":"https:\/\/www.galerijamaticesrpske.rs\/lat\/wp-json\/wp\/v2\/pages"}],"about":[{"href":"https:\/\/www.galerijamaticesrpske.rs\/lat\/wp-json\/wp\/v2\/types\/page"}],"author":[{"embeddable":true,"href":"https:\/\/www.galerijamaticesrpske.rs\/lat\/wp-json\/wp\/v2\/users\/1"}],"replies":[{"embeddable":true,"href":"https:\/\/www.galerijamaticesrpske.rs\/lat\/wp-json\/wp\/v2\/comments?post=13896"}],"version-history":[{"count":1,"href":"https:\/\/www.galerijamaticesrpske.rs\/lat\/wp-json\/wp\/v2\/pages\/13896\/revisions"}],"predecessor-version":[{"id":13897,"href":"https:\/\/www.galerijamaticesrpske.rs\/lat\/wp-json\/wp\/v2\/pages\/13896\/revisions\/13897"}],"up":[{"embeddable":true,"href":"https:\/\/www.galerijamaticesrpske.rs\/lat\/wp-json\/wp\/v2\/pages\/2754"}],"wp:attachment":[{"href":"https:\/\/www.galerijamaticesrpske.rs\/lat\/wp-json\/wp\/v2\/media?parent=13896"}],"curies":[{"name":"wp","href":"https:\/\/api.w.org\/{rel}","templated":true}]}}