{"id":3032,"date":"2020-12-27T01:43:21","date_gmt":"2020-12-27T01:43:21","guid":{"rendered":"https:\/\/www.galerijamaticesrpske.rs\/rec-upravnice\/"},"modified":"2021-02-26T15:36:25","modified_gmt":"2021-02-26T15:36:25","slug":"rec-upravnice","status":"publish","type":"page","link":"https:\/\/www.galerijamaticesrpske.rs\/lat\/rec-upravnice\/","title":{"rendered":"Re\u010d upravnice"},"content":{"rendered":"\n\n\t<section class=\"section pb0\" id=\"section_842948253\">\n\t\t<div class=\"section-bg fill\" >\n\t\t\t\t\t\t\t\t\t\n\t\t\t\n\n\t\t<\/div>\n\n\t\t\n\n\t\t<div class=\"section-content relative\">\n\t\t\t\n\n<div class=\"row\"  id=\"row-1482350686\">\n\n\n\t<div id=\"col-1756595219\" class=\"col small-12 large-12\"  >\n\t\t\t\t<div class=\"col-inner text-center\"  >\n\t\t\t\n\t\t\t\n\n\t<div class=\"img has-hover maxwidth80 x md-x lg-x y md-y lg-y\" id=\"image_1732437723\">\n\t\t\t\t\t\t\t\t<div class=\"img-inner dark\" style=\"margin:0px 0px 0 0px;\">\n\t\t\t<img decoding=\"async\" src=\"https:\/\/www.galerijamaticesrpske.rs\/wp-content\/uploads\/2020\/12\/gms-icon_blck.svg\" class=\"attachment-original size-original\" alt=\"GMS | icon\" \/>\t\t\t\t\t\t\n\t\t\t\t\t<\/div>\n\t\t\t\t\t\t\t\t\n<style>\n#image_1732437723 {\n  width: 100%;\n}\n<\/style>\n\t<\/div>\n\t\n\n\t<div id=\"text-1370281130\" class=\"text\">\n\t\t\n\n<h2 class=\"title36\">Pozdravna re\u010d upravnice<\/h2>\n<p class=\"quotetxt title21\"><span data-text-color=\"primary\"><em>Dr Tijana Palkovljevi\u0107 Bugarski<\/em><\/span><\/p>\n\t\t\n<style>\n#text-1370281130 {\n  text-align: center;\n}\n<\/style>\n\t<\/div>\n\t\n\n\t\t<\/div>\n\t\t\t\t\n<style>\n#col-1756595219 > .col-inner {\n  margin: 0px 0px 40px 0px;\n}\n<\/style>\n\t<\/div>\n\n\t\n\n<\/div>\n<div class=\"row align-middle align-center\"  id=\"row-1564028196\">\n\n\n\t<div id=\"col-907933687\" class=\"col maxwidth960 small-12 large-12\"  >\n\t\t\t\t<div class=\"col-inner\"  >\n\t\t\t\n\t\t\t\n\n<p>Galerija Matice srpske je muzej koji neprestano sanja. Ti snovi su po\u010deli od trenutka nastanka ideje da se pri Matici srpskoj osnuje muzej (Srpska narodna zbirka) u Budumpe\u0161ti 1847. godine, i nastavili se preko Mati\u010dinog preseljenja u Novi Sad 1864, otvaranja za javnost 1933. do preseljenja u sopstvenu zgradu 1958. godine. I kada se \u010dinilo da su svi snovi ostvareni otvaranjem stalne postavke u dana\u0161njoj zgradi i profesionalizacijom svih segmenata rada, istog trenutka po\u010deo je novi krug snova: kako uve\u0107ati kolekciju, kako prire\u0111ivati \u0161to kvalitetnije izlo\u017ebe, kako stru\u010dnije i dinami\u010dnije predstaviti razvoj i tokove nacionalne likovne umetnosti\u2026<\/p>\n<p>Danas, posle 173 godine delovanja mi i dalje sanjamo iste snove svojih prethodnika, ali i mnoge druge. Na\u0161a najve\u0107a snaga je jedinstvena <a href=\"\/lat\/o-kolekciji\/\"><strong>kolekcija<\/strong><\/a> umetni\u010dkih dela nastalih u rasponu od 16. do 21. veka. Na\u0161a najve\u0107a dostignu\u0107a su inovativni pristupi izlaganju, stvaranju narativa i prezentovanju nacionalne likovne umetnosti kroz <strong><a href=\"\/lat\/stalna-postavka-gms\/\">Stalnu postavku<\/a>, izlo\u017ebenu i izdava\u010dku aktivnost<\/strong>. Na\u0161 doprinos kulturi se\u0107anja ogleda se kroz profesionalni pristup brizi i za\u0161titi umetni\u010dkih dela i najnaprednije <a href=\"\/lat\/konzervacija-i-restauracija\/\"><strong>konzervatorsko-restauratorske<\/strong><\/a> postupke. Na\u0161e uva\u017eavanje pro\u0161losti kroz prizmu aktuelnog trenutka iskazujemo edicijom <strong>Tradicija i savremeno stvarala\u0161tvo<\/strong> uklju\u010divanjem savremenih umetnika u rad ustanove. Na\u0161u svest o va\u017enosti obrazovanja iskazujemo realizacijom brojnih <a href=\"\/lat\/programi-za-mlade\/\"><strong>edukativnih programa za decu i mlade<\/strong><\/a>. Na\u0161u te\u017enju da budemo deo \u0161ireg evropskog konteksta realizujemo kroz brojne <a href=\"\/lat\/medjunarodna-saradnja\/\"><strong>me\u0111unarodne saradnje<\/strong><\/a> sa evropskim muzejskim ustanovama, stru\u010dnjacima i stranim kulturnim centrima.<\/p>\n\n\t\t<\/div>\n\t\t\t\t\n<style>\n#col-907933687 > .col-inner {\n  padding: 0px 20px 0px 20px;\n}\n<\/style>\n\t<\/div>\n\n\t\n\n\t<div id=\"col-824156038\" class=\"col medium-6 small-12 large-6\"  >\n\t\t\t\t<div class=\"col-inner text-center\"  >\n\t\t\t\n\t\t\t\n\n\t<div class=\"img has-hover x md-x lg-x y md-y lg-y\" id=\"image_1042361311\">\n\t\t\t\t\t\t<div data-animate=\"fadeInLeft\">\t\t<div class=\"img-inner image-cover dark\" style=\"padding-top:320px;\">\n\t\t\t<img loading=\"lazy\" decoding=\"async\" width=\"960\" height=\"656\" src=\"https:\/\/www.galerijamaticesrpske.rs\/wp-content\/uploads\/2021\/01\/08-zgrada-gms.jpg\" class=\"attachment-original size-original\" alt=\"\" srcset=\"https:\/\/www.galerijamaticesrpske.rs\/wp-content\/uploads\/2021\/01\/08-zgrada-gms.jpg 960w, https:\/\/www.galerijamaticesrpske.rs\/wp-content\/uploads\/2021\/01\/08-zgrada-gms-300x205.jpg 300w, https:\/\/www.galerijamaticesrpske.rs\/wp-content\/uploads\/2021\/01\/08-zgrada-gms-768x525.jpg 768w\" sizes=\"auto, (max-width: 960px) 100vw, 960px\" \/>\t\t\t\t\t\t\n\t\t\t\t\t<\/div>\n\t\t<\/div>\t\t\t\t\t\t\n<style>\n#image_1042361311 {\n  width: 100%;\n}\n<\/style>\n\t<\/div>\n\t\n\n\n\t\t<\/div>\n\t\t\t\t\n<style>\n#col-824156038 > .col-inner {\n  padding: 0px 20px 10px 20px;\n}\n<\/style>\n\t<\/div>\n\n\t\n\n\t<div id=\"col-1733023911\" class=\"col medium-6 small-12 large-6\"  >\n\t\t\t\t<div class=\"col-inner text-center\"  >\n\t\t\t\n\t\t\t\n\n\t<div class=\"img has-hover x md-x lg-x y md-y lg-y\" id=\"image_1548850199\">\n\t\t\t\t\t\t<div data-animate=\"fadeInRight\">\t\t<div class=\"img-inner image-cover dark\" style=\"padding-top:320px;\">\n\t\t\t<img loading=\"lazy\" decoding=\"async\" width=\"1004\" height=\"700\" src=\"https:\/\/www.galerijamaticesrpske.rs\/wp-content\/uploads\/2020\/12\/galerija-matice-srpske.jpg\" class=\"attachment-original size-original\" alt=\"GMS | \u041c\u0438\u0441\u0438\u0458\u0430 \u0438 \u0432\u0438\u0437\u0438\u0458\u0430\" srcset=\"https:\/\/www.galerijamaticesrpske.rs\/wp-content\/uploads\/2020\/12\/galerija-matice-srpske.jpg 1004w, https:\/\/www.galerijamaticesrpske.rs\/wp-content\/uploads\/2020\/12\/galerija-matice-srpske-300x209.jpg 300w, https:\/\/www.galerijamaticesrpske.rs\/wp-content\/uploads\/2020\/12\/galerija-matice-srpske-768x535.jpg 768w\" sizes=\"auto, (max-width: 1004px) 100vw, 1004px\" \/>\t\t\t\t\t\t\n\t\t\t\t\t<\/div>\n\t\t<\/div>\t\t\t\t\t\t\n<style>\n#image_1548850199 {\n  width: 100%;\n}\n<\/style>\n\t<\/div>\n\t\n\n\n\t\t<\/div>\n\t\t\t\t\n<style>\n#col-1733023911 > .col-inner {\n  padding: 0px 20px 10px 20px;\n}\n<\/style>\n\t<\/div>\n\n\t\n\n\t<div id=\"col-1515007014\" class=\"col maxwidth960 small-12 large-12\"  >\n\t\t\t\t<div class=\"col-inner\"  >\n\t\t\t\n\t\t\t\n\n<p>Galerija Matice srpske, kao najstariji nacionalni umetni\u010dki muzej predstavlja ogledalo dr\u017eave i svojevrsni vitra\u017e istorijskih doga\u0111aja, umetni\u010dkih opredeljenja ali i stremljenja srpskih umetnika. Na\u0161a kolekcija ilustruje istoriju srpskog naroda, \u010duva se\u0107anje na doga\u0111aje s prostora na kojima je \u017eiveo, i predstavlja jedinstvenost umetni\u010dkih ideja i ideala koje je iznedrio. Istovremeno Galerija \u010duva se\u0107anje na pojedince: svoje osniva\u010de, kolekcionare, umetnike, upravnike, istra\u017eiva\u010de a posebno na darodavce koji su se svojim dobro\u010dinstvom upisali u istoriju na\u0161e ustanove i srpske kulture u celini. Mi smo ko\u0161nica unutar koje \u201ezuji\u201d divota umetni\u010dkih predmeta, narativa, ideja i stvaralaca, i pod \u010dijim krovom se brojnim aktivnostima javnosti predstavlja srpska likovna umetnost novijeg doba. Zajedni\u010dka posve\u0107enost na\u0161oj kulturnoj i umetni\u010dkoj misiji svakim novim projektom osna\u017euje nas u zajednici kojoj pripadamo a beskona\u010dnost novih planova ne daje nam da mirujemo.<\/p>\n<p>Istovremeno mi smo muzej koji slu\u0161a jer samo u kombinaciji na\u0161ih profesionalnih snova i oslu\u0161kivanja potreba dru\u0161tva, trenutka i publike mi postajemo relevantni u vremenu u kojem delujemo. Mi te\u017eimo da budemo mesto koje kroz umetnost pru\u017ea odgovore na brojna pitanja a ose\u0107aj pripadnosti naciji boji ose\u0107anjem po\u0161tovanja i ponosa.<\/p>\n<p>Trenutno sanjamo o jedinstvenoj prilici da damo \u0161to kreativniji doprinos projektu Novi Sad Evropska prestonica kulture 2022. godine kao mesto preplitanja evropske i nacionalne umetnosti, inovativnih pristupa i atraktivnih tema, vrhunske produkcije i kreativne participacije. Istovremeno, sanjamo o obele\u017eavanju 175. godi\u0161njice postojanja Galerije Matice srpske dostojne na\u0161ih prethodnika, na\u0161e istorije i kvaliteta kolekcije, o proslavi jubileja kojom \u0107emo ostaviti trag za generacije koje dolaze i biti istovremeno uzor i ponos nacije.<\/p>\n\n\t\t<\/div>\n\t\t\t\t\n<style>\n#col-1515007014 > .col-inner {\n  padding: 0px 20px 0px 20px;\n}\n<\/style>\n\t<\/div>\n\n\t\n\n\t<div id=\"col-1762815424\" class=\"col maxwidth960 small-12 large-12\"  >\n\t\t\t\t<div class=\"col-inner text-center\"  >\n\t\t\t\n\t\t\t\n\n\t<div id=\"text-2230942928\" class=\"text quotetxt playtitle\">\n\t\t\n\n<p><em>Po\u0161tuju\u0107i tradiciju, stvaramo tradiciju.<\/em><\/p>\n\t\t\n<style>\n#text-2230942928 {\n  text-align: center;\n}\n<\/style>\n\t<\/div>\n\t\n\n\t\t<\/div>\n\t\t\t\t\n<style>\n#col-1762815424 > .col-inner {\n  padding: 0px 20px 10px 20px;\n}\n<\/style>\n\t<\/div>\n\n\t\n\n<\/div>\n\n\t\t<\/div>\n\n\t\t\n<style>\n#section_842948253 {\n  padding-top: 50px;\n  padding-bottom: 50px;\n  background-color: rgb(246, 246, 246);\n}\n<\/style>\n\t<\/section>\n\t\n","protected":false},"excerpt":{"rendered":"","protected":false},"author":1,"featured_media":0,"parent":0,"menu_order":0,"comment_status":"closed","ping_status":"closed","template":"page-blank.php","meta":{"_acf_changed":false,"footnotes":""},"class_list":["post-3032","page","type-page","status-publish","hentry"],"acf":[],"yoast_head":"<!-- This site is optimized with the Yoast SEO plugin v27.3 - https:\/\/yoast.com\/product\/yoast-seo-wordpress\/ -->\n<title>Re\u010d upravnice | Galerija Matice srpske<\/title>\n<meta name=\"robots\" content=\"index, follow, max-snippet:-1, max-image-preview:large, max-video-preview:-1\" \/>\n<link rel=\"canonical\" href=\"https:\/\/www.galerijamaticesrpske.rs\/lat\/rec-upravnice\/\" \/>\n<meta property=\"og:locale\" content=\"en_US\" \/>\n<meta property=\"og:type\" content=\"article\" \/>\n<meta property=\"og:title\" content=\"Re\u010d upravnice | Galerija Matice srpske\" \/>\n<meta property=\"og:url\" content=\"https:\/\/www.galerijamaticesrpske.rs\/lat\/rec-upravnice\/\" \/>\n<meta property=\"og:site_name\" content=\"Galerija Matice srpske\" \/>\n<meta property=\"article:modified_time\" content=\"2021-02-26T15:36:25+00:00\" \/>\n<meta name=\"twitter:card\" content=\"summary_large_image\" \/>\n<meta name=\"twitter:label1\" content=\"Est. reading time\" \/>\n\t<meta name=\"twitter:data1\" content=\"3 minutes\" \/>\n<script type=\"application\/ld+json\" class=\"yoast-schema-graph\">{\"@context\":\"https:\\\/\\\/schema.org\",\"@graph\":[{\"@type\":\"WebPage\",\"@id\":\"https:\\\/\\\/www.galerijamaticesrpske.rs\\\/lat\\\/rec-upravnice\\\/\",\"url\":\"https:\\\/\\\/www.galerijamaticesrpske.rs\\\/lat\\\/rec-upravnice\\\/\",\"name\":\"Re\u010d upravnice | Galerija Matice srpske\",\"isPartOf\":{\"@id\":\"https:\\\/\\\/www.galerijamaticesrpske.rs\\\/#website\"},\"datePublished\":\"2020-12-27T01:43:21+00:00\",\"dateModified\":\"2021-02-26T15:36:25+00:00\",\"breadcrumb\":{\"@id\":\"https:\\\/\\\/www.galerijamaticesrpske.rs\\\/lat\\\/rec-upravnice\\\/#breadcrumb\"},\"inLanguage\":\"sr-LAT\",\"potentialAction\":[{\"@type\":\"ReadAction\",\"target\":[\"https:\\\/\\\/www.galerijamaticesrpske.rs\\\/lat\\\/rec-upravnice\\\/\"]}]},{\"@type\":\"BreadcrumbList\",\"@id\":\"https:\\\/\\\/www.galerijamaticesrpske.rs\\\/lat\\\/rec-upravnice\\\/#breadcrumb\",\"itemListElement\":[{\"@type\":\"ListItem\",\"position\":1,\"name\":\"\u041f\u043e\u0447\u0435\u0442\u043d\u0430\",\"item\":\"http:\\\/\\\/www.galerijamaticesrpske.rs\\\/lat\\\/\"},{\"@type\":\"ListItem\",\"position\":2,\"name\":\"Re\u010d upravnice\"}]},{\"@type\":\"WebSite\",\"@id\":\"https:\\\/\\\/www.galerijamaticesrpske.rs\\\/#website\",\"url\":\"https:\\\/\\\/www.galerijamaticesrpske.rs\\\/\",\"name\":\"Galerija Matice srpske\",\"description\":\"Muzej srpske nacionalne umetnosti u Novom Sadu\",\"publisher\":{\"@id\":\"https:\\\/\\\/www.galerijamaticesrpske.rs\\\/#organization\"},\"potentialAction\":[{\"@type\":\"SearchAction\",\"target\":{\"@type\":\"EntryPoint\",\"urlTemplate\":\"https:\\\/\\\/www.galerijamaticesrpske.rs\\\/?s={search_term_string}\"},\"query-input\":{\"@type\":\"PropertyValueSpecification\",\"valueRequired\":true,\"valueName\":\"search_term_string\"}}],\"inLanguage\":\"sr-LAT\"},{\"@type\":\"Organization\",\"@id\":\"https:\\\/\\\/www.galerijamaticesrpske.rs\\\/#organization\",\"name\":\"Galerija Matice srpske\",\"url\":\"https:\\\/\\\/www.galerijamaticesrpske.rs\\\/\",\"logo\":{\"@type\":\"ImageObject\",\"inLanguage\":\"sr-LAT\",\"@id\":\"https:\\\/\\\/www.galerijamaticesrpske.rs\\\/#\\\/schema\\\/logo\\\/image\\\/\",\"url\":\"https:\\\/\\\/www.galerijamaticesrpske.rs\\\/wp-content\\\/uploads\\\/2021\\\/01\\\/gms-logo-za-sajt.svg\",\"contentUrl\":\"https:\\\/\\\/www.galerijamaticesrpske.rs\\\/wp-content\\\/uploads\\\/2021\\\/01\\\/gms-logo-za-sajt.svg\",\"width\":1,\"height\":1,\"caption\":\"Galerija Matice srpske\"},\"image\":{\"@id\":\"https:\\\/\\\/www.galerijamaticesrpske.rs\\\/#\\\/schema\\\/logo\\\/image\\\/\"}}]}<\/script>\n<!-- \/ Yoast SEO plugin. -->","yoast_head_json":{"title":"Re\u010d upravnice | Galerija Matice srpske","robots":{"index":"index","follow":"follow","max-snippet":"max-snippet:-1","max-image-preview":"max-image-preview:large","max-video-preview":"max-video-preview:-1"},"canonical":"https:\/\/www.galerijamaticesrpske.rs\/lat\/rec-upravnice\/","og_locale":"en_US","og_type":"article","og_title":"Re\u010d upravnice | Galerija Matice srpske","og_url":"https:\/\/www.galerijamaticesrpske.rs\/lat\/rec-upravnice\/","og_site_name":"Galerija Matice srpske","article_modified_time":"2021-02-26T15:36:25+00:00","twitter_card":"summary_large_image","twitter_misc":{"Est. reading time":"3 minutes"},"schema":{"@context":"https:\/\/schema.org","@graph":[{"@type":"WebPage","@id":"https:\/\/www.galerijamaticesrpske.rs\/lat\/rec-upravnice\/","url":"https:\/\/www.galerijamaticesrpske.rs\/lat\/rec-upravnice\/","name":"Re\u010d upravnice | Galerija Matice srpske","isPartOf":{"@id":"https:\/\/www.galerijamaticesrpske.rs\/#website"},"datePublished":"2020-12-27T01:43:21+00:00","dateModified":"2021-02-26T15:36:25+00:00","breadcrumb":{"@id":"https:\/\/www.galerijamaticesrpske.rs\/lat\/rec-upravnice\/#breadcrumb"},"inLanguage":"sr-LAT","potentialAction":[{"@type":"ReadAction","target":["https:\/\/www.galerijamaticesrpske.rs\/lat\/rec-upravnice\/"]}]},{"@type":"BreadcrumbList","@id":"https:\/\/www.galerijamaticesrpske.rs\/lat\/rec-upravnice\/#breadcrumb","itemListElement":[{"@type":"ListItem","position":1,"name":"\u041f\u043e\u0447\u0435\u0442\u043d\u0430","item":"http:\/\/www.galerijamaticesrpske.rs\/lat\/"},{"@type":"ListItem","position":2,"name":"Re\u010d upravnice"}]},{"@type":"WebSite","@id":"https:\/\/www.galerijamaticesrpske.rs\/#website","url":"https:\/\/www.galerijamaticesrpske.rs\/","name":"Galerija Matice srpske","description":"Muzej srpske nacionalne umetnosti u Novom Sadu","publisher":{"@id":"https:\/\/www.galerijamaticesrpske.rs\/#organization"},"potentialAction":[{"@type":"SearchAction","target":{"@type":"EntryPoint","urlTemplate":"https:\/\/www.galerijamaticesrpske.rs\/?s={search_term_string}"},"query-input":{"@type":"PropertyValueSpecification","valueRequired":true,"valueName":"search_term_string"}}],"inLanguage":"sr-LAT"},{"@type":"Organization","@id":"https:\/\/www.galerijamaticesrpske.rs\/#organization","name":"Galerija Matice srpske","url":"https:\/\/www.galerijamaticesrpske.rs\/","logo":{"@type":"ImageObject","inLanguage":"sr-LAT","@id":"https:\/\/www.galerijamaticesrpske.rs\/#\/schema\/logo\/image\/","url":"https:\/\/www.galerijamaticesrpske.rs\/wp-content\/uploads\/2021\/01\/gms-logo-za-sajt.svg","contentUrl":"https:\/\/www.galerijamaticesrpske.rs\/wp-content\/uploads\/2021\/01\/gms-logo-za-sajt.svg","width":1,"height":1,"caption":"Galerija Matice srpske"},"image":{"@id":"https:\/\/www.galerijamaticesrpske.rs\/#\/schema\/logo\/image\/"}}]}},"_links":{"self":[{"href":"https:\/\/www.galerijamaticesrpske.rs\/lat\/wp-json\/wp\/v2\/pages\/3032","targetHints":{"allow":["GET"]}}],"collection":[{"href":"https:\/\/www.galerijamaticesrpske.rs\/lat\/wp-json\/wp\/v2\/pages"}],"about":[{"href":"https:\/\/www.galerijamaticesrpske.rs\/lat\/wp-json\/wp\/v2\/types\/page"}],"author":[{"embeddable":true,"href":"https:\/\/www.galerijamaticesrpske.rs\/lat\/wp-json\/wp\/v2\/users\/1"}],"replies":[{"embeddable":true,"href":"https:\/\/www.galerijamaticesrpske.rs\/lat\/wp-json\/wp\/v2\/comments?post=3032"}],"version-history":[{"count":1,"href":"https:\/\/www.galerijamaticesrpske.rs\/lat\/wp-json\/wp\/v2\/pages\/3032\/revisions"}],"predecessor-version":[{"id":3038,"href":"https:\/\/www.galerijamaticesrpske.rs\/lat\/wp-json\/wp\/v2\/pages\/3032\/revisions\/3038"}],"wp:attachment":[{"href":"https:\/\/www.galerijamaticesrpske.rs\/lat\/wp-json\/wp\/v2\/media?parent=3032"}],"curies":[{"name":"wp","href":"https:\/\/api.w.org\/{rel}","templated":true}]}}